{"id":4533,"date":"2023-07-12T10:54:06","date_gmt":"2023-07-12T08:54:06","guid":{"rendered":"https:\/\/www.integra-fragrances.com\/media-contatti\/"},"modified":"2025-11-25T17:43:30","modified_gmt":"2025-11-25T16:43:30","slug":"contacts-et-medias","status":"publish","type":"page","link":"https:\/\/www.integra-fragrances.com\/fr\/contacts-et-medias\/","title":{"rendered":"Contacts et m\u00e9dias"},"content":{"rendered":"\t\t<div data-elementor-type=\"wp-page\" data-elementor-id=\"4533\" class=\"elementor elementor-4533 elementor-44\" data-elementor-post-type=\"page\">\n\t\t\t\t<div class=\"elementor-element elementor-element-fa69f88 e-con-full e-flex e-con e-parent\" data-id=\"fa69f88\" data-element_type=\"container\" data-settings=\"{&quot;background_background&quot;:&quot;classic&quot;}\">\n\t\t<div class=\"elementor-element elementor-element-f5d4cca e-con-full e-flex e-con e-child\" data-id=\"f5d4cca\" data-element_type=\"container\" data-settings=\"{&quot;background_background&quot;:&quot;gradient&quot;}\">\n\t\t<div class=\"elementor-element elementor-element-b6ae6f7 e-flex e-con-boxed e-con e-child\" data-id=\"b6ae6f7\" data-element_type=\"container\">\n\t\t\t\t\t<div class=\"e-con-inner\">\n\t\t\t\t<div class=\"elementor-element elementor-element-3abe0cf elementor-widget elementor-widget-heading\" data-id=\"3abe0cf\" data-element_type=\"widget\" data-widget_type=\"heading.default\">\n\t\t\t\t<div class=\"elementor-widget-container\">\n\t\t\t\t\t<h1 class=\"elementor-heading-title elementor-size-default\">Contacts et m\u00e9dias<\/h1>\t\t\t\t<\/div>\n\t\t\t\t<\/div>\n\t\t\t\t\t<\/div>\n\t\t\t\t<\/div>\n\t\t\t\t<\/div>\n\t\t\t\t<\/div>\n\t\t<div class=\"elementor-element elementor-element-3f3b141 e-flex e-con-boxed e-con e-parent\" data-id=\"3f3b141\" data-element_type=\"container\" data-settings=\"{&quot;background_background&quot;:&quot;classic&quot;}\">\n\t\t\t\t\t<div class=\"e-con-inner\">\n\t\t<div class=\"elementor-element elementor-element-3bbf08e e-con-full e-flex e-con e-child\" data-id=\"3bbf08e\" data-element_type=\"container\">\n\t\t\t\t<div class=\"elementor-element elementor-element-d5c81ba elementor-widget elementor-widget-heading\" data-id=\"d5c81ba\" data-element_type=\"widget\" data-widget_type=\"heading.default\">\n\t\t\t\t<div class=\"elementor-widget-container\">\n\t\t\t\t\t<h3 class=\"elementor-heading-title elementor-size-default\">Actualit\u00e9s<\/h3>\t\t\t\t<\/div>\n\t\t\t\t<\/div>\n\t\t\t\t<div class=\"elementor-element elementor-element-d552347 elementor-widget__width-initial elementor-widget elementor-widget-heading\" data-id=\"d552347\" data-element_type=\"widget\" data-widget_type=\"heading.default\">\n\t\t\t\t<div class=\"elementor-widget-container\">\n\t\t\t\t\t<p class=\"elementor-heading-title elementor-size-default\">D\u00e9couvrez les nouveaut\u00e9s en mati\u00e8re de marketing olfactif, les exp\u00e9riences immersives et nos derniers projets.<\/p>\t\t\t\t<\/div>\n\t\t\t\t<\/div>\n\t\t\t\t<div class=\"elementor-element elementor-element-9785572 elementor-align-left elementor-widget elementor-widget-button\" data-id=\"9785572\" data-element_type=\"widget\" data-widget_type=\"button.default\">\n\t\t\t\t<div class=\"elementor-widget-container\">\n\t\t\t\t\t\t\t\t\t<div class=\"elementor-button-wrapper\">\n\t\t\t\t\t<a class=\"elementor-button elementor-button-link elementor-size-sm\" href=\"https:\/\/www.integra-fragrances.com\/fr\/actualites\/\">\n\t\t\t\t\t\t<span class=\"elementor-button-content-wrapper\">\n\t\t\t\t\t\t\t\t\t<span class=\"elementor-button-text\"> D\u00e9couvrez tout<\/span>\n\t\t\t\t\t<\/span>\n\t\t\t\t\t<\/a>\n\t\t\t\t<\/div>\n\t\t\t\t\t\t\t\t<\/div>\n\t\t\t\t<\/div>\n\t\t\t\t<\/div>\n\t\t<div class=\"elementor-element elementor-element-a23985c e-con-full e-flex e-con e-child\" data-id=\"a23985c\" data-element_type=\"container\">\n\t\t\t\t<div class=\"elementor-element elementor-element-eea481b elementor-widget__width-initial elementor-widget elementor-widget-heading\" data-id=\"eea481b\" data-element_type=\"widget\" data-widget_type=\"heading.default\">\n\t\t\t\t<div class=\"elementor-widget-container\">\n\t\t\t\t\t<span class=\"elementor-heading-title elementor-size-default\">Derni\u00e8res<\/span>\t\t\t\t<\/div>\n\t\t\t\t<\/div>\n\t\t\t\t<div class=\"elementor-element elementor-element-deb4beb elementor-grid-1 elementor-posts--align-center slide-gallery-alt slide-spacer elementor-grid-tablet-1 elementor-posts--thumbnail-top elementor-grid-mobile-1 elementor-invisible elementor-widget elementor-widget-posts\" data-id=\"deb4beb\" data-element_type=\"widget\" data-settings=\"{&quot;custom_post_slider&quot;:&quot;yes&quot;,&quot;custom_slides_to_show&quot;:&quot;2&quot;,&quot;custom_slides_to_scroll&quot;:&quot;1&quot;,&quot;custom_navigation&quot;:&quot;arrows&quot;,&quot;custom_columns&quot;:&quot;1&quot;,&quot;custom_row_gap&quot;:{&quot;unit&quot;:&quot;px&quot;,&quot;size&quot;:0,&quot;sizes&quot;:[]},&quot;custom_slide_gap&quot;:{&quot;unit&quot;:&quot;px&quot;,&quot;size&quot;:20,&quot;sizes&quot;:[]},&quot;custom_pause_on_hover&quot;:&quot;no&quot;,&quot;custom_autoplay&quot;:&quot;no&quot;,&quot;custom_infinite&quot;:&quot;no&quot;,&quot;custom_slides_to_show_tablet&quot;:&quot;1&quot;,&quot;custom_slides_to_show_mobile&quot;:&quot;1&quot;,&quot;custom_columns_tablet&quot;:&quot;1&quot;,&quot;_animation&quot;:&quot;fadeIn&quot;,&quot;_animation_delay&quot;:100,&quot;custom_columns_mobile&quot;:&quot;1&quot;,&quot;custom_row_gap_tablet&quot;:{&quot;unit&quot;:&quot;px&quot;,&quot;size&quot;:&quot;&quot;,&quot;sizes&quot;:[]},&quot;custom_row_gap_mobile&quot;:{&quot;unit&quot;:&quot;px&quot;,&quot;size&quot;:&quot;&quot;,&quot;sizes&quot;:[]},&quot;custom_autoplay_speed&quot;:5000,&quot;custom_speed&quot;:500,&quot;custom_direction&quot;:&quot;ltr&quot;}\" data-widget_type=\"posts.custom\">\n\t\t\t\t<div class=\"elementor-widget-container\">\n\t\t\t\t\t<div class=\"elementor-main-swiper swiper-container swiper\">      <div class=\"ecs-posts elementor-posts-container elementor-posts swiper-wrapper   elementor-posts--skin-custom\" data-settings=\"{&quot;current_page&quot;:1,&quot;max_num_pages&quot;:1,&quot;load_method&quot;:&quot;&quot;,&quot;widget_id&quot;:&quot;deb4beb&quot;,&quot;post_id&quot;:4533,&quot;theme_id&quot;:4533,&quot;change_url&quot;:false,&quot;reinit_js&quot;:&quot;&quot;}\">\n      \t\t<article id=\"post-8884\" class=\"elementor-post elementor-grid-item ecs-post-loop swiper-slide post-8884 post type-post status-publish format-standard has-post-thumbnail hentry category-non-classifiee\">\n\t\t<div class=\"ecs-link-wrapper\" data-href=\"https:\/\/www.integra-fragrances.com\/fr\/il-design-si-respira-vranjes-firenze-e-integra-fragrances-a-mondi-26-durante-la-mdw-2026\/\"   >\t\t<div data-elementor-type=\"loop\" data-elementor-id=\"4670\" class=\"elementor elementor-4670 elementor-1438 post-8884 post type-post status-publish format-standard has-post-thumbnail hentry category-non-classifiee\" data-elementor-post-type=\"elementor_library\">\n\t\t\t<div class=\"elementor-element elementor-element-9ef032c e-con-full e-flex e-con e-parent\" data-id=\"9ef032c\" data-element_type=\"container\" data-settings=\"{&quot;background_background&quot;:&quot;classic&quot;}\">\n\t\t\t\t<div class=\"elementor-element elementor-element-16fe76f elementor-widget elementor-widget-image\" data-id=\"16fe76f\" data-element_type=\"widget\" data-widget_type=\"image.default\">\n\t\t\t\t<div class=\"elementor-widget-container\">\n\t\t\t\t\t\t\t\t\t\t\t\t\t\t\t<img fetchpriority=\"high\" decoding=\"async\" width=\"1179\" height=\"1179\" src=\"https:\/\/www.integra-fragrances.com\/site\/wp-content\/uploads\/2026\/04\/VR-MDW.jpeg\" class=\"attachment-full size-full wp-image-8880\" alt=\"\" srcset=\"https:\/\/www.integra-fragrances.com\/site\/wp-content\/uploads\/2026\/04\/VR-MDW.jpeg 1179w, https:\/\/www.integra-fragrances.com\/site\/wp-content\/uploads\/2026\/04\/VR-MDW-300x300.jpeg 300w, https:\/\/www.integra-fragrances.com\/site\/wp-content\/uploads\/2026\/04\/VR-MDW-1024x1024.jpeg 1024w, https:\/\/www.integra-fragrances.com\/site\/wp-content\/uploads\/2026\/04\/VR-MDW-150x150.jpeg 150w, https:\/\/www.integra-fragrances.com\/site\/wp-content\/uploads\/2026\/04\/VR-MDW-768x768.jpeg 768w\" sizes=\"(max-width: 1179px) 100vw, 1179px\" \/>\t\t\t\t\t\t\t\t\t\t\t\t\t\t\t<\/div>\n\t\t\t\t<\/div>\n\t\t\t\t<div class=\"elementor-element elementor-element-770d205 elementor-widget elementor-widget-heading\" data-id=\"770d205\" data-element_type=\"widget\" data-widget_type=\"heading.default\">\n\t\t\t\t<div class=\"elementor-widget-container\">\n\t\t\t\t\t<h4 class=\"elementor-heading-title elementor-size-default\">20.04.2026<\/h4>\t\t\t\t<\/div>\n\t\t\t\t<\/div>\n\t\t\t\t<div class=\"elementor-element elementor-element-ceacd88 elementor-widget elementor-widget-heading\" data-id=\"ceacd88\" data-element_type=\"widget\" data-widget_type=\"heading.default\">\n\t\t\t\t<div class=\"elementor-widget-container\">\n\t\t\t\t\t<h4 class=\"elementor-heading-title elementor-size-default\">Le design se respire : Vranjes Firenze et Integra Fragrances \u00e0 MONDI\/26 pendant la MDW 2026.<\/h4>\t\t\t\t<\/div>\n\t\t\t\t<\/div>\n\t\t\t\t<div class=\"elementor-element elementor-element-ef57251 elementor-align-left elementor-widget elementor-widget-button\" data-id=\"ef57251\" data-element_type=\"widget\" data-widget_type=\"button.default\">\n\t\t\t\t<div class=\"elementor-widget-container\">\n\t\t\t\t\t\t\t\t\t<div class=\"elementor-button-wrapper\">\n\t\t\t\t\t<a class=\"elementor-button elementor-button-link elementor-size-sm\" href=\"https:\/\/www.integra-fragrances.com\/fr\/il-design-si-respira-vranjes-firenze-e-integra-fragrances-a-mondi-26-durante-la-mdw-2026\/\">\n\t\t\t\t\t\t<span class=\"elementor-button-content-wrapper\">\n\t\t\t\t\t\t\t\t\t<span class=\"elementor-button-text\">Lire plus<\/span>\n\t\t\t\t\t<\/span>\n\t\t\t\t\t<\/a>\n\t\t\t\t<\/div>\n\t\t\t\t\t\t\t\t<\/div>\n\t\t\t\t<\/div>\n\t\t\t\t<\/div>\n\t\t\t\t<\/div>\n\t\t<\/div>\t\t<\/article>\n\t\t\t\t<article id=\"post-8858\" class=\"elementor-post elementor-grid-item ecs-post-loop swiper-slide post-8858 post type-post status-publish format-standard has-post-thumbnail hentry category-non-classifiee\">\n\t\t<div class=\"ecs-link-wrapper\" data-href=\"https:\/\/www.integra-fragrances.com\/fr\/libertyne-la-fragranza-firmata-integra-fragrances-per-il-10-anniversario-della-giornata-del-profumo\/\"   >\t\t<div data-elementor-type=\"loop\" data-elementor-id=\"4670\" class=\"elementor elementor-4670 elementor-1438 post-8858 post type-post status-publish format-standard has-post-thumbnail hentry category-non-classifiee\" data-elementor-post-type=\"elementor_library\">\n\t\t\t<div class=\"elementor-element elementor-element-9ef032c e-con-full e-flex e-con e-parent\" data-id=\"9ef032c\" data-element_type=\"container\" data-settings=\"{&quot;background_background&quot;:&quot;classic&quot;}\">\n\t\t\t\t<div class=\"elementor-element elementor-element-16fe76f elementor-widget elementor-widget-image\" data-id=\"16fe76f\" data-element_type=\"widget\" data-widget_type=\"image.default\">\n\t\t\t\t<div class=\"elementor-widget-container\">\n\t\t\t\t\t\t\t\t\t\t\t\t\t\t\t<img decoding=\"async\" width=\"781\" height=\"781\" src=\"https:\/\/www.integra-fragrances.com\/site\/wp-content\/uploads\/2026\/03\/Fragrance-Day.jpg\" class=\"attachment-full size-full wp-image-8854\" alt=\"\" srcset=\"https:\/\/www.integra-fragrances.com\/site\/wp-content\/uploads\/2026\/03\/Fragrance-Day.jpg 781w, https:\/\/www.integra-fragrances.com\/site\/wp-content\/uploads\/2026\/03\/Fragrance-Day-300x300.jpg 300w, https:\/\/www.integra-fragrances.com\/site\/wp-content\/uploads\/2026\/03\/Fragrance-Day-150x150.jpg 150w, https:\/\/www.integra-fragrances.com\/site\/wp-content\/uploads\/2026\/03\/Fragrance-Day-768x768.jpg 768w\" sizes=\"(max-width: 781px) 100vw, 781px\" \/>\t\t\t\t\t\t\t\t\t\t\t\t\t\t\t<\/div>\n\t\t\t\t<\/div>\n\t\t\t\t<div class=\"elementor-element elementor-element-770d205 elementor-widget elementor-widget-heading\" data-id=\"770d205\" data-element_type=\"widget\" data-widget_type=\"heading.default\">\n\t\t\t\t<div class=\"elementor-widget-container\">\n\t\t\t\t\t<h4 class=\"elementor-heading-title elementor-size-default\">21.03.2026<\/h4>\t\t\t\t<\/div>\n\t\t\t\t<\/div>\n\t\t\t\t<div class=\"elementor-element elementor-element-ceacd88 elementor-widget elementor-widget-heading\" data-id=\"ceacd88\" data-element_type=\"widget\" data-widget_type=\"heading.default\">\n\t\t\t\t<div class=\"elementor-widget-container\">\n\t\t\t\t\t<h4 class=\"elementor-heading-title elementor-size-default\">\u201cLibertyne\u201d : le parfum sign\u00e9 Integra Fragrances pour le 10e anniversaire de la Journ\u00e9e du Parfum.<\/h4>\t\t\t\t<\/div>\n\t\t\t\t<\/div>\n\t\t\t\t<div class=\"elementor-element elementor-element-ef57251 elementor-align-left elementor-widget elementor-widget-button\" data-id=\"ef57251\" data-element_type=\"widget\" data-widget_type=\"button.default\">\n\t\t\t\t<div class=\"elementor-widget-container\">\n\t\t\t\t\t\t\t\t\t<div class=\"elementor-button-wrapper\">\n\t\t\t\t\t<a class=\"elementor-button elementor-button-link elementor-size-sm\" href=\"https:\/\/www.integra-fragrances.com\/fr\/libertyne-la-fragranza-firmata-integra-fragrances-per-il-10-anniversario-della-giornata-del-profumo\/\">\n\t\t\t\t\t\t<span class=\"elementor-button-content-wrapper\">\n\t\t\t\t\t\t\t\t\t<span class=\"elementor-button-text\">Lire plus<\/span>\n\t\t\t\t\t<\/span>\n\t\t\t\t\t<\/a>\n\t\t\t\t<\/div>\n\t\t\t\t\t\t\t\t<\/div>\n\t\t\t\t<\/div>\n\t\t\t\t<\/div>\n\t\t\t\t<\/div>\n\t\t<\/div>\t\t<\/article>\n\t\t\t\t<article id=\"post-8846\" class=\"elementor-post elementor-grid-item ecs-post-loop swiper-slide post-8846 post type-post status-publish format-standard has-post-thumbnail hentry category-non-classifiee\">\n\t\t<div class=\"ecs-link-wrapper\" data-href=\"https:\/\/www.integra-fragrances.com\/fr\/integra-fragrances-porta-la-sua-esperienza-olfattiva-al-summit-pambianco-hotellerie-2026\/\"   >\t\t<div data-elementor-type=\"loop\" data-elementor-id=\"4670\" class=\"elementor elementor-4670 elementor-1438 post-8846 post type-post status-publish format-standard has-post-thumbnail hentry category-non-classifiee\" data-elementor-post-type=\"elementor_library\">\n\t\t\t<div class=\"elementor-element elementor-element-9ef032c e-con-full e-flex e-con e-parent\" data-id=\"9ef032c\" data-element_type=\"container\" data-settings=\"{&quot;background_background&quot;:&quot;classic&quot;}\">\n\t\t\t\t<div class=\"elementor-element elementor-element-16fe76f elementor-widget elementor-widget-image\" data-id=\"16fe76f\" data-element_type=\"widget\" data-widget_type=\"image.default\">\n\t\t\t\t<div class=\"elementor-widget-container\">\n\t\t\t\t\t\t\t\t\t\t\t\t\t\t\t<img decoding=\"async\" width=\"683\" height=\"683\" src=\"https:\/\/www.integra-fragrances.com\/site\/wp-content\/uploads\/2026\/03\/Pambianco-Hotellerie-Palazzo-mezzanotte.jpg\" class=\"attachment-full size-full wp-image-8842\" alt=\"\" srcset=\"https:\/\/www.integra-fragrances.com\/site\/wp-content\/uploads\/2026\/03\/Pambianco-Hotellerie-Palazzo-mezzanotte.jpg 683w, https:\/\/www.integra-fragrances.com\/site\/wp-content\/uploads\/2026\/03\/Pambianco-Hotellerie-Palazzo-mezzanotte-300x300.jpg 300w, https:\/\/www.integra-fragrances.com\/site\/wp-content\/uploads\/2026\/03\/Pambianco-Hotellerie-Palazzo-mezzanotte-150x150.jpg 150w\" sizes=\"(max-width: 683px) 100vw, 683px\" \/>\t\t\t\t\t\t\t\t\t\t\t\t\t\t\t<\/div>\n\t\t\t\t<\/div>\n\t\t\t\t<div class=\"elementor-element elementor-element-770d205 elementor-widget elementor-widget-heading\" data-id=\"770d205\" data-element_type=\"widget\" data-widget_type=\"heading.default\">\n\t\t\t\t<div class=\"elementor-widget-container\">\n\t\t\t\t\t<h4 class=\"elementor-heading-title elementor-size-default\">09.03.2026<\/h4>\t\t\t\t<\/div>\n\t\t\t\t<\/div>\n\t\t\t\t<div class=\"elementor-element elementor-element-ceacd88 elementor-widget elementor-widget-heading\" data-id=\"ceacd88\" data-element_type=\"widget\" data-widget_type=\"heading.default\">\n\t\t\t\t<div class=\"elementor-widget-container\">\n\t\t\t\t\t<h4 class=\"elementor-heading-title elementor-size-default\">Integra Fragrances apporte son expertise olfactive au Summit Pambianco Hotellerie 2026.<\/h4>\t\t\t\t<\/div>\n\t\t\t\t<\/div>\n\t\t\t\t<div class=\"elementor-element elementor-element-ef57251 elementor-align-left elementor-widget elementor-widget-button\" data-id=\"ef57251\" data-element_type=\"widget\" data-widget_type=\"button.default\">\n\t\t\t\t<div class=\"elementor-widget-container\">\n\t\t\t\t\t\t\t\t\t<div class=\"elementor-button-wrapper\">\n\t\t\t\t\t<a class=\"elementor-button elementor-button-link elementor-size-sm\" href=\"https:\/\/www.integra-fragrances.com\/fr\/integra-fragrances-porta-la-sua-esperienza-olfattiva-al-summit-pambianco-hotellerie-2026\/\">\n\t\t\t\t\t\t<span class=\"elementor-button-content-wrapper\">\n\t\t\t\t\t\t\t\t\t<span class=\"elementor-button-text\">Lire plus<\/span>\n\t\t\t\t\t<\/span>\n\t\t\t\t\t<\/a>\n\t\t\t\t<\/div>\n\t\t\t\t\t\t\t\t<\/div>\n\t\t\t\t<\/div>\n\t\t\t\t<\/div>\n\t\t\t\t<\/div>\n\t\t<\/div>\t\t<\/article>\n\t\t\t\t<article id=\"post-8829\" class=\"elementor-post elementor-grid-item ecs-post-loop swiper-slide post-8829 post type-post status-publish format-standard has-post-thumbnail hentry category-non-classifiee\">\n\t\t<div class=\"ecs-link-wrapper\" data-href=\"https:\/\/www.integra-fragrances.com\/fr\/reggia-di-caserta-unesperienza-olfattiva-su-misura-per-immergere-gli-spettatori-nella-vita-delle-regine\/\"   >\t\t<div data-elementor-type=\"loop\" data-elementor-id=\"4670\" class=\"elementor elementor-4670 elementor-1438 post-8829 post type-post status-publish format-standard has-post-thumbnail hentry category-non-classifiee\" data-elementor-post-type=\"elementor_library\">\n\t\t\t<div class=\"elementor-element elementor-element-9ef032c e-con-full e-flex e-con e-parent\" data-id=\"9ef032c\" data-element_type=\"container\" data-settings=\"{&quot;background_background&quot;:&quot;classic&quot;}\">\n\t\t\t\t<div class=\"elementor-element elementor-element-16fe76f elementor-widget elementor-widget-image\" data-id=\"16fe76f\" data-element_type=\"widget\" data-widget_type=\"image.default\">\n\t\t\t\t<div class=\"elementor-widget-container\">\n\t\t\t\t\t\t\t\t\t\t\t\t\t\t\t<img loading=\"lazy\" decoding=\"async\" width=\"683\" height=\"683\" src=\"https:\/\/www.integra-fragrances.com\/site\/wp-content\/uploads\/2026\/03\/reggia-di-caserta.webp\" class=\"attachment-full size-full wp-image-8825\" alt=\"\" srcset=\"https:\/\/www.integra-fragrances.com\/site\/wp-content\/uploads\/2026\/03\/reggia-di-caserta.webp 683w, https:\/\/www.integra-fragrances.com\/site\/wp-content\/uploads\/2026\/03\/reggia-di-caserta-300x300.webp 300w, https:\/\/www.integra-fragrances.com\/site\/wp-content\/uploads\/2026\/03\/reggia-di-caserta-150x150.webp 150w\" sizes=\"(max-width: 683px) 100vw, 683px\" \/>\t\t\t\t\t\t\t\t\t\t\t\t\t\t\t<\/div>\n\t\t\t\t<\/div>\n\t\t\t\t<div class=\"elementor-element elementor-element-770d205 elementor-widget elementor-widget-heading\" data-id=\"770d205\" data-element_type=\"widget\" data-widget_type=\"heading.default\">\n\t\t\t\t<div class=\"elementor-widget-container\">\n\t\t\t\t\t<h4 class=\"elementor-heading-title elementor-size-default\">03.03.2026<\/h4>\t\t\t\t<\/div>\n\t\t\t\t<\/div>\n\t\t\t\t<div class=\"elementor-element elementor-element-ceacd88 elementor-widget elementor-widget-heading\" data-id=\"ceacd88\" data-element_type=\"widget\" data-widget_type=\"heading.default\">\n\t\t\t\t<div class=\"elementor-widget-container\">\n\t\t\t\t\t<h4 class=\"elementor-heading-title elementor-size-default\">Palais de Caserte : une exp\u00e9rience olfactive sur mesure pour plonger les visiteurs dans la vie des Reines.<\/h4>\t\t\t\t<\/div>\n\t\t\t\t<\/div>\n\t\t\t\t<div class=\"elementor-element elementor-element-ef57251 elementor-align-left elementor-widget elementor-widget-button\" data-id=\"ef57251\" data-element_type=\"widget\" data-widget_type=\"button.default\">\n\t\t\t\t<div class=\"elementor-widget-container\">\n\t\t\t\t\t\t\t\t\t<div class=\"elementor-button-wrapper\">\n\t\t\t\t\t<a class=\"elementor-button elementor-button-link elementor-size-sm\" href=\"https:\/\/www.integra-fragrances.com\/fr\/reggia-di-caserta-unesperienza-olfattiva-su-misura-per-immergere-gli-spettatori-nella-vita-delle-regine\/\">\n\t\t\t\t\t\t<span class=\"elementor-button-content-wrapper\">\n\t\t\t\t\t\t\t\t\t<span class=\"elementor-button-text\">Lire plus<\/span>\n\t\t\t\t\t<\/span>\n\t\t\t\t\t<\/a>\n\t\t\t\t<\/div>\n\t\t\t\t\t\t\t\t<\/div>\n\t\t\t\t<\/div>\n\t\t\t\t<\/div>\n\t\t\t\t<\/div>\n\t\t<\/div>\t\t<\/article>\n\t\t\t\t<article id=\"post-8817\" class=\"elementor-post elementor-grid-item ecs-post-loop swiper-slide post-8817 post type-post status-publish format-standard has-post-thumbnail hentry category-non-classifiee\">\n\t\t<div class=\"ecs-link-wrapper\" data-href=\"https:\/\/www.integra-fragrances.com\/fr\/gallerie-ditalia-milano-ospita-unesperienza-olfattiva-ispirata-allarte-neoclassica\/\"   >\t\t<div data-elementor-type=\"loop\" data-elementor-id=\"4670\" class=\"elementor elementor-4670 elementor-1438 post-8817 post type-post status-publish format-standard has-post-thumbnail hentry category-non-classifiee\" data-elementor-post-type=\"elementor_library\">\n\t\t\t<div class=\"elementor-element elementor-element-9ef032c e-con-full e-flex e-con e-parent\" data-id=\"9ef032c\" data-element_type=\"container\" data-settings=\"{&quot;background_background&quot;:&quot;classic&quot;}\">\n\t\t\t\t<div class=\"elementor-element elementor-element-16fe76f elementor-widget elementor-widget-image\" data-id=\"16fe76f\" data-element_type=\"widget\" data-widget_type=\"image.default\">\n\t\t\t\t<div class=\"elementor-widget-container\">\n\t\t\t\t\t\t\t\t\t\t\t\t\t\t\t<img loading=\"lazy\" decoding=\"async\" width=\"3647\" height=\"3647\" src=\"https:\/\/www.integra-fragrances.com\/site\/wp-content\/uploads\/2026\/02\/MILANO-GALLERIE_ALLESTIMENTO.jpg\" class=\"attachment-full size-full wp-image-8813\" alt=\"\" srcset=\"https:\/\/www.integra-fragrances.com\/site\/wp-content\/uploads\/2026\/02\/MILANO-GALLERIE_ALLESTIMENTO.jpg 3647w, https:\/\/www.integra-fragrances.com\/site\/wp-content\/uploads\/2026\/02\/MILANO-GALLERIE_ALLESTIMENTO-300x300.jpg 300w, https:\/\/www.integra-fragrances.com\/site\/wp-content\/uploads\/2026\/02\/MILANO-GALLERIE_ALLESTIMENTO-1024x1024.jpg 1024w, https:\/\/www.integra-fragrances.com\/site\/wp-content\/uploads\/2026\/02\/MILANO-GALLERIE_ALLESTIMENTO-150x150.jpg 150w, https:\/\/www.integra-fragrances.com\/site\/wp-content\/uploads\/2026\/02\/MILANO-GALLERIE_ALLESTIMENTO-768x768.jpg 768w, https:\/\/www.integra-fragrances.com\/site\/wp-content\/uploads\/2026\/02\/MILANO-GALLERIE_ALLESTIMENTO-1536x1536.jpg 1536w, https:\/\/www.integra-fragrances.com\/site\/wp-content\/uploads\/2026\/02\/MILANO-GALLERIE_ALLESTIMENTO-2048x2048.jpg 2048w\" sizes=\"(max-width: 3647px) 100vw, 3647px\" \/>\t\t\t\t\t\t\t\t\t\t\t\t\t\t\t<\/div>\n\t\t\t\t<\/div>\n\t\t\t\t<div class=\"elementor-element elementor-element-770d205 elementor-widget elementor-widget-heading\" data-id=\"770d205\" data-element_type=\"widget\" data-widget_type=\"heading.default\">\n\t\t\t\t<div class=\"elementor-widget-container\">\n\t\t\t\t\t<h4 class=\"elementor-heading-title elementor-size-default\">23.02.2026<\/h4>\t\t\t\t<\/div>\n\t\t\t\t<\/div>\n\t\t\t\t<div class=\"elementor-element elementor-element-ceacd88 elementor-widget elementor-widget-heading\" data-id=\"ceacd88\" data-element_type=\"widget\" data-widget_type=\"heading.default\">\n\t\t\t\t<div class=\"elementor-widget-container\">\n\t\t\t\t\t<h4 class=\"elementor-heading-title elementor-size-default\">Gallerie d\u2019Italia \u2013 Milan accueille une exp\u00e9rience olfactive inspir\u00e9e de l\u2019art n\u00e9oclassique.<\/h4>\t\t\t\t<\/div>\n\t\t\t\t<\/div>\n\t\t\t\t<div class=\"elementor-element elementor-element-ef57251 elementor-align-left elementor-widget elementor-widget-button\" data-id=\"ef57251\" data-element_type=\"widget\" data-widget_type=\"button.default\">\n\t\t\t\t<div class=\"elementor-widget-container\">\n\t\t\t\t\t\t\t\t\t<div class=\"elementor-button-wrapper\">\n\t\t\t\t\t<a class=\"elementor-button elementor-button-link elementor-size-sm\" href=\"https:\/\/www.integra-fragrances.com\/fr\/gallerie-ditalia-milano-ospita-unesperienza-olfattiva-ispirata-allarte-neoclassica\/\">\n\t\t\t\t\t\t<span class=\"elementor-button-content-wrapper\">\n\t\t\t\t\t\t\t\t\t<span class=\"elementor-button-text\">Lire plus<\/span>\n\t\t\t\t\t<\/span>\n\t\t\t\t\t<\/a>\n\t\t\t\t<\/div>\n\t\t\t\t\t\t\t\t<\/div>\n\t\t\t\t<\/div>\n\t\t\t\t<\/div>\n\t\t\t\t<\/div>\n\t\t<\/div>\t\t<\/article>\n\t\t\t\t<article id=\"post-8779\" class=\"elementor-post elementor-grid-item ecs-post-loop swiper-slide post-8779 post type-post status-publish format-standard has-post-thumbnail hentry category-non-classifiee\">\n\t\t<div class=\"ecs-link-wrapper\" data-href=\"https:\/\/www.integra-fragrances.com\/fr\/integra-fragrances-firma-lidentita-olfattiva-di-sellier-a-londra-in-brompton-road-e-motcomb-street\/\"   >\t\t<div data-elementor-type=\"loop\" data-elementor-id=\"4670\" class=\"elementor elementor-4670 elementor-1438 post-8779 post type-post status-publish format-standard has-post-thumbnail hentry category-non-classifiee\" data-elementor-post-type=\"elementor_library\">\n\t\t\t<div class=\"elementor-element elementor-element-9ef032c e-con-full e-flex e-con e-parent\" data-id=\"9ef032c\" data-element_type=\"container\" data-settings=\"{&quot;background_background&quot;:&quot;classic&quot;}\">\n\t\t\t\t<div class=\"elementor-element elementor-element-16fe76f elementor-widget elementor-widget-image\" data-id=\"16fe76f\" data-element_type=\"widget\" data-widget_type=\"image.default\">\n\t\t\t\t<div class=\"elementor-widget-container\">\n\t\t\t\t\t\t\t\t\t\t\t\t\t\t\t<img loading=\"lazy\" decoding=\"async\" width=\"800\" height=\"800\" src=\"https:\/\/www.integra-fragrances.com\/site\/wp-content\/uploads\/2025\/12\/Sellier.jpg\" class=\"attachment-full size-full wp-image-8777\" alt=\"\" srcset=\"https:\/\/www.integra-fragrances.com\/site\/wp-content\/uploads\/2025\/12\/Sellier.jpg 800w, https:\/\/www.integra-fragrances.com\/site\/wp-content\/uploads\/2025\/12\/Sellier-300x300.jpg 300w, https:\/\/www.integra-fragrances.com\/site\/wp-content\/uploads\/2025\/12\/Sellier-150x150.jpg 150w, https:\/\/www.integra-fragrances.com\/site\/wp-content\/uploads\/2025\/12\/Sellier-768x768.jpg 768w\" sizes=\"(max-width: 800px) 100vw, 800px\" \/>\t\t\t\t\t\t\t\t\t\t\t\t\t\t\t<\/div>\n\t\t\t\t<\/div>\n\t\t\t\t<div class=\"elementor-element elementor-element-770d205 elementor-widget elementor-widget-heading\" data-id=\"770d205\" data-element_type=\"widget\" data-widget_type=\"heading.default\">\n\t\t\t\t<div class=\"elementor-widget-container\">\n\t\t\t\t\t<h4 class=\"elementor-heading-title elementor-size-default\">01.12.2025<\/h4>\t\t\t\t<\/div>\n\t\t\t\t<\/div>\n\t\t\t\t<div class=\"elementor-element elementor-element-ceacd88 elementor-widget elementor-widget-heading\" data-id=\"ceacd88\" data-element_type=\"widget\" data-widget_type=\"heading.default\">\n\t\t\t\t<div class=\"elementor-widget-container\">\n\t\t\t\t\t<h4 class=\"elementor-heading-title elementor-size-default\">Integra Fragrances signe l\u2019identit\u00e9 olfactive sur mesure pour Sellier \u00e0 Brompton Road et Motcomb Street \u00e0 Londres.<\/h4>\t\t\t\t<\/div>\n\t\t\t\t<\/div>\n\t\t\t\t<div class=\"elementor-element elementor-element-ef57251 elementor-align-left elementor-widget elementor-widget-button\" data-id=\"ef57251\" data-element_type=\"widget\" data-widget_type=\"button.default\">\n\t\t\t\t<div class=\"elementor-widget-container\">\n\t\t\t\t\t\t\t\t\t<div class=\"elementor-button-wrapper\">\n\t\t\t\t\t<a class=\"elementor-button elementor-button-link elementor-size-sm\" href=\"https:\/\/www.integra-fragrances.com\/fr\/integra-fragrances-firma-lidentita-olfattiva-di-sellier-a-londra-in-brompton-road-e-motcomb-street\/\">\n\t\t\t\t\t\t<span class=\"elementor-button-content-wrapper\">\n\t\t\t\t\t\t\t\t\t<span class=\"elementor-button-text\">Lire plus<\/span>\n\t\t\t\t\t<\/span>\n\t\t\t\t\t<\/a>\n\t\t\t\t<\/div>\n\t\t\t\t\t\t\t\t<\/div>\n\t\t\t\t<\/div>\n\t\t\t\t<\/div>\n\t\t\t\t<\/div>\n\t\t<\/div>\t\t<\/article>\n\t\t\t\t<article id=\"post-8528\" class=\"elementor-post elementor-grid-item ecs-post-loop swiper-slide post-8528 post type-post status-publish format-standard has-post-thumbnail hentry category-non-classifiee\">\n\t\t<div class=\"ecs-link-wrapper\" data-href=\"https:\/\/www.integra-fragrances.com\/fr\/integra-fragrances-firma-lesperienza-olfattiva-della-luxury-hospitality-conference-2025\/\"   >\t\t<div data-elementor-type=\"loop\" data-elementor-id=\"4670\" class=\"elementor elementor-4670 elementor-1438 post-8528 post type-post status-publish format-standard has-post-thumbnail hentry category-non-classifiee\" data-elementor-post-type=\"elementor_library\">\n\t\t\t<div class=\"elementor-element elementor-element-9ef032c e-con-full e-flex e-con e-parent\" data-id=\"9ef032c\" data-element_type=\"container\" data-settings=\"{&quot;background_background&quot;:&quot;classic&quot;}\">\n\t\t\t\t<div class=\"elementor-element elementor-element-16fe76f elementor-widget elementor-widget-image\" data-id=\"16fe76f\" data-element_type=\"widget\" data-widget_type=\"image.default\">\n\t\t\t\t<div class=\"elementor-widget-container\">\n\t\t\t\t\t\t\t\t\t\t\t\t\t\t\t<img loading=\"lazy\" decoding=\"async\" width=\"3888\" height=\"3888\" src=\"https:\/\/www.integra-fragrances.com\/site\/wp-content\/uploads\/2025\/11\/1P4A9766.jpg\" class=\"attachment-full size-full wp-image-8717\" alt=\"\" srcset=\"https:\/\/www.integra-fragrances.com\/site\/wp-content\/uploads\/2025\/11\/1P4A9766.jpg 3888w, https:\/\/www.integra-fragrances.com\/site\/wp-content\/uploads\/2025\/11\/1P4A9766-300x300.jpg 300w, https:\/\/www.integra-fragrances.com\/site\/wp-content\/uploads\/2025\/11\/1P4A9766-1024x1024.jpg 1024w, https:\/\/www.integra-fragrances.com\/site\/wp-content\/uploads\/2025\/11\/1P4A9766-150x150.jpg 150w, https:\/\/www.integra-fragrances.com\/site\/wp-content\/uploads\/2025\/11\/1P4A9766-768x768.jpg 768w, https:\/\/www.integra-fragrances.com\/site\/wp-content\/uploads\/2025\/11\/1P4A9766-1536x1536.jpg 1536w, https:\/\/www.integra-fragrances.com\/site\/wp-content\/uploads\/2025\/11\/1P4A9766-2048x2048.jpg 2048w\" sizes=\"(max-width: 3888px) 100vw, 3888px\" \/>\t\t\t\t\t\t\t\t\t\t\t\t\t\t\t<\/div>\n\t\t\t\t<\/div>\n\t\t\t\t<div class=\"elementor-element elementor-element-770d205 elementor-widget elementor-widget-heading\" data-id=\"770d205\" data-element_type=\"widget\" data-widget_type=\"heading.default\">\n\t\t\t\t<div class=\"elementor-widget-container\">\n\t\t\t\t\t<h4 class=\"elementor-heading-title elementor-size-default\">13.10.2025<\/h4>\t\t\t\t<\/div>\n\t\t\t\t<\/div>\n\t\t\t\t<div class=\"elementor-element elementor-element-ceacd88 elementor-widget elementor-widget-heading\" data-id=\"ceacd88\" data-element_type=\"widget\" data-widget_type=\"heading.default\">\n\t\t\t\t<div class=\"elementor-widget-container\">\n\t\t\t\t\t<h4 class=\"elementor-heading-title elementor-size-default\">Integra Fragrances signe l\u2019exp\u00e9rience olfactive de la Luxury Hospitality Conference 2025.<\/h4>\t\t\t\t<\/div>\n\t\t\t\t<\/div>\n\t\t\t\t<div class=\"elementor-element elementor-element-ef57251 elementor-align-left elementor-widget elementor-widget-button\" data-id=\"ef57251\" data-element_type=\"widget\" data-widget_type=\"button.default\">\n\t\t\t\t<div class=\"elementor-widget-container\">\n\t\t\t\t\t\t\t\t\t<div class=\"elementor-button-wrapper\">\n\t\t\t\t\t<a class=\"elementor-button elementor-button-link elementor-size-sm\" href=\"https:\/\/www.integra-fragrances.com\/fr\/integra-fragrances-firma-lesperienza-olfattiva-della-luxury-hospitality-conference-2025\/\">\n\t\t\t\t\t\t<span class=\"elementor-button-content-wrapper\">\n\t\t\t\t\t\t\t\t\t<span class=\"elementor-button-text\">Lire plus<\/span>\n\t\t\t\t\t<\/span>\n\t\t\t\t\t<\/a>\n\t\t\t\t<\/div>\n\t\t\t\t\t\t\t\t<\/div>\n\t\t\t\t<\/div>\n\t\t\t\t<\/div>\n\t\t\t\t<\/div>\n\t\t<\/div>\t\t<\/article>\n\t\t\t\t<article id=\"post-8402\" class=\"elementor-post elementor-grid-item ecs-post-loop swiper-slide post-8402 post type-post status-publish format-standard has-post-thumbnail hentry category-non-classifiee\">\n\t\t<div class=\"ecs-link-wrapper\" data-href=\"https:\/\/www.integra-fragrances.com\/fr\/il-profumo-va-in-scena-un-viaggio-sensoriale-per-il-teatro-nazionale-di-genova\/\"   >\t\t<div data-elementor-type=\"loop\" data-elementor-id=\"4670\" class=\"elementor elementor-4670 elementor-1438 post-8402 post type-post status-publish format-standard has-post-thumbnail hentry category-non-classifiee\" data-elementor-post-type=\"elementor_library\">\n\t\t\t<div class=\"elementor-element elementor-element-9ef032c e-con-full e-flex e-con e-parent\" data-id=\"9ef032c\" data-element_type=\"container\" data-settings=\"{&quot;background_background&quot;:&quot;classic&quot;}\">\n\t\t\t\t<div class=\"elementor-element elementor-element-16fe76f elementor-widget elementor-widget-image\" data-id=\"16fe76f\" data-element_type=\"widget\" data-widget_type=\"image.default\">\n\t\t\t\t<div class=\"elementor-widget-container\">\n\t\t\t\t\t\t\t\t\t\t\t\t\t\t\t<img loading=\"lazy\" decoding=\"async\" width=\"1453\" height=\"1453\" src=\"https:\/\/www.integra-fragrances.com\/site\/wp-content\/uploads\/2025\/10\/Teatro-Ivo-Chiesa-sala-rinnovata-9753-ph-Matilde-Pisani.jpg\" class=\"attachment-full size-full wp-image-8398\" alt=\"\" srcset=\"https:\/\/www.integra-fragrances.com\/site\/wp-content\/uploads\/2025\/10\/Teatro-Ivo-Chiesa-sala-rinnovata-9753-ph-Matilde-Pisani.jpg 1453w, https:\/\/www.integra-fragrances.com\/site\/wp-content\/uploads\/2025\/10\/Teatro-Ivo-Chiesa-sala-rinnovata-9753-ph-Matilde-Pisani-300x300.jpg 300w, https:\/\/www.integra-fragrances.com\/site\/wp-content\/uploads\/2025\/10\/Teatro-Ivo-Chiesa-sala-rinnovata-9753-ph-Matilde-Pisani-1024x1024.jpg 1024w, https:\/\/www.integra-fragrances.com\/site\/wp-content\/uploads\/2025\/10\/Teatro-Ivo-Chiesa-sala-rinnovata-9753-ph-Matilde-Pisani-150x150.jpg 150w, https:\/\/www.integra-fragrances.com\/site\/wp-content\/uploads\/2025\/10\/Teatro-Ivo-Chiesa-sala-rinnovata-9753-ph-Matilde-Pisani-768x768.jpg 768w\" sizes=\"(max-width: 1453px) 100vw, 1453px\" \/>\t\t\t\t\t\t\t\t\t\t\t\t\t\t\t<\/div>\n\t\t\t\t<\/div>\n\t\t\t\t<div class=\"elementor-element elementor-element-770d205 elementor-widget elementor-widget-heading\" data-id=\"770d205\" data-element_type=\"widget\" data-widget_type=\"heading.default\">\n\t\t\t\t<div class=\"elementor-widget-container\">\n\t\t\t\t\t<h4 class=\"elementor-heading-title elementor-size-default\">08.10.2025<\/h4>\t\t\t\t<\/div>\n\t\t\t\t<\/div>\n\t\t\t\t<div class=\"elementor-element elementor-element-ceacd88 elementor-widget elementor-widget-heading\" data-id=\"ceacd88\" data-element_type=\"widget\" data-widget_type=\"heading.default\">\n\t\t\t\t<div class=\"elementor-widget-container\">\n\t\t\t\t\t<h4 class=\"elementor-heading-title elementor-size-default\">Le parfum monte sur sc\u00e8ne : un voyage sensoriel pour le Teatro Nazionale di Genova.<\/h4>\t\t\t\t<\/div>\n\t\t\t\t<\/div>\n\t\t\t\t<div class=\"elementor-element elementor-element-ef57251 elementor-align-left elementor-widget elementor-widget-button\" data-id=\"ef57251\" data-element_type=\"widget\" data-widget_type=\"button.default\">\n\t\t\t\t<div class=\"elementor-widget-container\">\n\t\t\t\t\t\t\t\t\t<div class=\"elementor-button-wrapper\">\n\t\t\t\t\t<a class=\"elementor-button elementor-button-link elementor-size-sm\" href=\"https:\/\/www.integra-fragrances.com\/fr\/il-profumo-va-in-scena-un-viaggio-sensoriale-per-il-teatro-nazionale-di-genova\/\">\n\t\t\t\t\t\t<span class=\"elementor-button-content-wrapper\">\n\t\t\t\t\t\t\t\t\t<span class=\"elementor-button-text\">Lire plus<\/span>\n\t\t\t\t\t<\/span>\n\t\t\t\t\t<\/a>\n\t\t\t\t<\/div>\n\t\t\t\t\t\t\t\t<\/div>\n\t\t\t\t<\/div>\n\t\t\t\t<\/div>\n\t\t\t\t<\/div>\n\t\t<\/div>\t\t<\/article>\n\t\t\t\t<article id=\"post-8709\" class=\"elementor-post elementor-grid-item ecs-post-loop swiper-slide post-8709 post type-post status-publish format-standard has-post-thumbnail hentry category-non-classifiee\">\n\t\t<div class=\"ecs-link-wrapper\" data-href=\"https:\/\/www.integra-fragrances.com\/fr\/lhotel-gabrielli-di-venezia-entra-a-far-parte-delle-destinazioni-starhotels-collezione-profumate-da-integra-fragrances\/\"   >\t\t<div data-elementor-type=\"loop\" data-elementor-id=\"4670\" class=\"elementor elementor-4670 elementor-1438 post-8709 post type-post status-publish format-standard has-post-thumbnail hentry category-non-classifiee\" data-elementor-post-type=\"elementor_library\">\n\t\t\t<div class=\"elementor-element elementor-element-9ef032c e-con-full e-flex e-con e-parent\" data-id=\"9ef032c\" data-element_type=\"container\" data-settings=\"{&quot;background_background&quot;:&quot;classic&quot;}\">\n\t\t\t\t<div class=\"elementor-element elementor-element-16fe76f elementor-widget elementor-widget-image\" data-id=\"16fe76f\" data-element_type=\"widget\" data-widget_type=\"image.default\">\n\t\t\t\t<div class=\"elementor-widget-container\">\n\t\t\t\t\t\t\t\t\t\t\t\t\t\t\t<img loading=\"lazy\" decoding=\"async\" width=\"958\" height=\"958\" src=\"https:\/\/www.integra-fragrances.com\/site\/wp-content\/uploads\/2025\/11\/Gabrielli-Venice.jpg\" class=\"attachment-full size-full wp-image-8705\" alt=\"\" srcset=\"https:\/\/www.integra-fragrances.com\/site\/wp-content\/uploads\/2025\/11\/Gabrielli-Venice.jpg 958w, https:\/\/www.integra-fragrances.com\/site\/wp-content\/uploads\/2025\/11\/Gabrielli-Venice-300x300.jpg 300w, https:\/\/www.integra-fragrances.com\/site\/wp-content\/uploads\/2025\/11\/Gabrielli-Venice-150x150.jpg 150w, https:\/\/www.integra-fragrances.com\/site\/wp-content\/uploads\/2025\/11\/Gabrielli-Venice-768x768.jpg 768w\" sizes=\"(max-width: 958px) 100vw, 958px\" \/>\t\t\t\t\t\t\t\t\t\t\t\t\t\t\t<\/div>\n\t\t\t\t<\/div>\n\t\t\t\t<div class=\"elementor-element elementor-element-770d205 elementor-widget elementor-widget-heading\" data-id=\"770d205\" data-element_type=\"widget\" data-widget_type=\"heading.default\">\n\t\t\t\t<div class=\"elementor-widget-container\">\n\t\t\t\t\t<h4 class=\"elementor-heading-title elementor-size-default\">18.09.2025<\/h4>\t\t\t\t<\/div>\n\t\t\t\t<\/div>\n\t\t\t\t<div class=\"elementor-element elementor-element-ceacd88 elementor-widget elementor-widget-heading\" data-id=\"ceacd88\" data-element_type=\"widget\" data-widget_type=\"heading.default\">\n\t\t\t\t<div class=\"elementor-widget-container\">\n\t\t\t\t\t<h4 class=\"elementor-heading-title elementor-size-default\">L\u2019H\u00f4tel Gabrielli \u00e0 Venise rejoint les destinations Starhotels Collezione parfum\u00e9es par Integra Fragrances.<\/h4>\t\t\t\t<\/div>\n\t\t\t\t<\/div>\n\t\t\t\t<div class=\"elementor-element elementor-element-ef57251 elementor-align-left elementor-widget elementor-widget-button\" data-id=\"ef57251\" data-element_type=\"widget\" data-widget_type=\"button.default\">\n\t\t\t\t<div class=\"elementor-widget-container\">\n\t\t\t\t\t\t\t\t\t<div class=\"elementor-button-wrapper\">\n\t\t\t\t\t<a class=\"elementor-button elementor-button-link elementor-size-sm\" href=\"https:\/\/www.integra-fragrances.com\/fr\/lhotel-gabrielli-di-venezia-entra-a-far-parte-delle-destinazioni-starhotels-collezione-profumate-da-integra-fragrances\/\">\n\t\t\t\t\t\t<span class=\"elementor-button-content-wrapper\">\n\t\t\t\t\t\t\t\t\t<span class=\"elementor-button-text\">Lire plus<\/span>\n\t\t\t\t\t<\/span>\n\t\t\t\t\t<\/a>\n\t\t\t\t<\/div>\n\t\t\t\t\t\t\t\t<\/div>\n\t\t\t\t<\/div>\n\t\t\t\t<\/div>\n\t\t\t\t<\/div>\n\t\t<\/div>\t\t<\/article>\n\t\t\t\t<article id=\"post-8332\" class=\"elementor-post elementor-grid-item ecs-post-loop swiper-slide post-8332 post type-post status-publish format-standard has-post-thumbnail hentry category-non-classifiee\">\n\t\t<div class=\"ecs-link-wrapper\" data-href=\"https:\/\/www.integra-fragrances.com\/fr\/integra-fragrances-porta-la-sua-tecnologia-olfattiva-nellesperienza-immersiva-di-dialogo-nel-buio\/\"   >\t\t<div data-elementor-type=\"loop\" data-elementor-id=\"4670\" class=\"elementor elementor-4670 elementor-1438 post-8332 post type-post status-publish format-standard has-post-thumbnail hentry category-non-classifiee\" data-elementor-post-type=\"elementor_library\">\n\t\t\t<div class=\"elementor-element elementor-element-9ef032c e-con-full e-flex e-con e-parent\" data-id=\"9ef032c\" data-element_type=\"container\" data-settings=\"{&quot;background_background&quot;:&quot;classic&quot;}\">\n\t\t\t\t<div class=\"elementor-element elementor-element-16fe76f elementor-widget elementor-widget-image\" data-id=\"16fe76f\" data-element_type=\"widget\" data-widget_type=\"image.default\">\n\t\t\t\t<div class=\"elementor-widget-container\">\n\t\t\t\t\t\t\t\t\t\t\t\t\t\t\t<img loading=\"lazy\" decoding=\"async\" width=\"3281\" height=\"3281\" src=\"https:\/\/www.integra-fragrances.com\/site\/wp-content\/uploads\/2025\/09\/Dialogo-Nel-Buio_Immagine-1.jpg\" class=\"attachment-full size-full wp-image-8327\" alt=\"\" srcset=\"https:\/\/www.integra-fragrances.com\/site\/wp-content\/uploads\/2025\/09\/Dialogo-Nel-Buio_Immagine-1.jpg 3281w, https:\/\/www.integra-fragrances.com\/site\/wp-content\/uploads\/2025\/09\/Dialogo-Nel-Buio_Immagine-1-300x300.jpg 300w, https:\/\/www.integra-fragrances.com\/site\/wp-content\/uploads\/2025\/09\/Dialogo-Nel-Buio_Immagine-1-1024x1024.jpg 1024w, https:\/\/www.integra-fragrances.com\/site\/wp-content\/uploads\/2025\/09\/Dialogo-Nel-Buio_Immagine-1-150x150.jpg 150w, https:\/\/www.integra-fragrances.com\/site\/wp-content\/uploads\/2025\/09\/Dialogo-Nel-Buio_Immagine-1-768x768.jpg 768w, https:\/\/www.integra-fragrances.com\/site\/wp-content\/uploads\/2025\/09\/Dialogo-Nel-Buio_Immagine-1-1536x1536.jpg 1536w, https:\/\/www.integra-fragrances.com\/site\/wp-content\/uploads\/2025\/09\/Dialogo-Nel-Buio_Immagine-1-2048x2048.jpg 2048w\" sizes=\"(max-width: 3281px) 100vw, 3281px\" \/>\t\t\t\t\t\t\t\t\t\t\t\t\t\t\t<\/div>\n\t\t\t\t<\/div>\n\t\t\t\t<div class=\"elementor-element elementor-element-770d205 elementor-widget elementor-widget-heading\" data-id=\"770d205\" data-element_type=\"widget\" data-widget_type=\"heading.default\">\n\t\t\t\t<div class=\"elementor-widget-container\">\n\t\t\t\t\t<h4 class=\"elementor-heading-title elementor-size-default\">12.09.2025<\/h4>\t\t\t\t<\/div>\n\t\t\t\t<\/div>\n\t\t\t\t<div class=\"elementor-element elementor-element-ceacd88 elementor-widget elementor-widget-heading\" data-id=\"ceacd88\" data-element_type=\"widget\" data-widget_type=\"heading.default\">\n\t\t\t\t<div class=\"elementor-widget-container\">\n\t\t\t\t\t<h4 class=\"elementor-heading-title elementor-size-default\">Integra Fragrances apporte sa technologie olfactive \u00e0 l\u2019exp\u00e9rience immersive de &#8220;Dialogo nel Buio&#8221;.<\/h4>\t\t\t\t<\/div>\n\t\t\t\t<\/div>\n\t\t\t\t<div class=\"elementor-element elementor-element-ef57251 elementor-align-left elementor-widget elementor-widget-button\" data-id=\"ef57251\" data-element_type=\"widget\" data-widget_type=\"button.default\">\n\t\t\t\t<div class=\"elementor-widget-container\">\n\t\t\t\t\t\t\t\t\t<div class=\"elementor-button-wrapper\">\n\t\t\t\t\t<a class=\"elementor-button elementor-button-link elementor-size-sm\" href=\"https:\/\/www.integra-fragrances.com\/fr\/integra-fragrances-porta-la-sua-tecnologia-olfattiva-nellesperienza-immersiva-di-dialogo-nel-buio\/\">\n\t\t\t\t\t\t<span class=\"elementor-button-content-wrapper\">\n\t\t\t\t\t\t\t\t\t<span class=\"elementor-button-text\">Lire plus<\/span>\n\t\t\t\t\t<\/span>\n\t\t\t\t\t<\/a>\n\t\t\t\t<\/div>\n\t\t\t\t\t\t\t\t<\/div>\n\t\t\t\t<\/div>\n\t\t\t\t<\/div>\n\t\t\t\t<\/div>\n\t\t<\/div>\t\t<\/article>\n\t\t\t\t<article id=\"post-8322\" class=\"elementor-post elementor-grid-item ecs-post-loop swiper-slide post-8322 post type-post status-publish format-standard has-post-thumbnail hentry category-non-classifiee\">\n\t\t<div class=\"ecs-link-wrapper\" data-href=\"https:\/\/www.integra-fragrances.com\/fr\/respirer-la-beaute-integra-fragrances-partenaire-olfactif-de-la-milano-beauty-week-2025\/\"   >\t\t<div data-elementor-type=\"loop\" data-elementor-id=\"4670\" class=\"elementor elementor-4670 elementor-1438 post-8322 post type-post status-publish format-standard has-post-thumbnail hentry category-non-classifiee\" data-elementor-post-type=\"elementor_library\">\n\t\t\t<div class=\"elementor-element elementor-element-9ef032c e-con-full e-flex e-con e-parent\" data-id=\"9ef032c\" data-element_type=\"container\" data-settings=\"{&quot;background_background&quot;:&quot;classic&quot;}\">\n\t\t\t\t<div class=\"elementor-element elementor-element-16fe76f elementor-widget elementor-widget-image\" data-id=\"16fe76f\" data-element_type=\"widget\" data-widget_type=\"image.default\">\n\t\t\t\t<div class=\"elementor-widget-container\">\n\t\t\t\t\t\t\t\t\t\t\t\t\t\t\t<img loading=\"lazy\" decoding=\"async\" width=\"925\" height=\"925\" src=\"https:\/\/www.integra-fragrances.com\/site\/wp-content\/uploads\/2025\/09\/MBW.jpg\" class=\"attachment-full size-full wp-image-8318\" alt=\"\" srcset=\"https:\/\/www.integra-fragrances.com\/site\/wp-content\/uploads\/2025\/09\/MBW.jpg 925w, https:\/\/www.integra-fragrances.com\/site\/wp-content\/uploads\/2025\/09\/MBW-300x300.jpg 300w, https:\/\/www.integra-fragrances.com\/site\/wp-content\/uploads\/2025\/09\/MBW-150x150.jpg 150w, https:\/\/www.integra-fragrances.com\/site\/wp-content\/uploads\/2025\/09\/MBW-768x768.jpg 768w\" sizes=\"(max-width: 925px) 100vw, 925px\" \/>\t\t\t\t\t\t\t\t\t\t\t\t\t\t\t<\/div>\n\t\t\t\t<\/div>\n\t\t\t\t<div class=\"elementor-element elementor-element-770d205 elementor-widget elementor-widget-heading\" data-id=\"770d205\" data-element_type=\"widget\" data-widget_type=\"heading.default\">\n\t\t\t\t<div class=\"elementor-widget-container\">\n\t\t\t\t\t<h4 class=\"elementor-heading-title elementor-size-default\">10.09.2025<\/h4>\t\t\t\t<\/div>\n\t\t\t\t<\/div>\n\t\t\t\t<div class=\"elementor-element elementor-element-ceacd88 elementor-widget elementor-widget-heading\" data-id=\"ceacd88\" data-element_type=\"widget\" data-widget_type=\"heading.default\">\n\t\t\t\t<div class=\"elementor-widget-container\">\n\t\t\t\t\t<h4 class=\"elementor-heading-title elementor-size-default\">Respirer la beaut\u00e9 : Integra Fragrances, partenaire olfactif de la Milano Beauty Week 2025.<\/h4>\t\t\t\t<\/div>\n\t\t\t\t<\/div>\n\t\t\t\t<div class=\"elementor-element elementor-element-ef57251 elementor-align-left elementor-widget elementor-widget-button\" data-id=\"ef57251\" data-element_type=\"widget\" data-widget_type=\"button.default\">\n\t\t\t\t<div class=\"elementor-widget-container\">\n\t\t\t\t\t\t\t\t\t<div class=\"elementor-button-wrapper\">\n\t\t\t\t\t<a class=\"elementor-button elementor-button-link elementor-size-sm\" href=\"https:\/\/www.integra-fragrances.com\/fr\/respirer-la-beaute-integra-fragrances-partenaire-olfactif-de-la-milano-beauty-week-2025\/\">\n\t\t\t\t\t\t<span class=\"elementor-button-content-wrapper\">\n\t\t\t\t\t\t\t\t\t<span class=\"elementor-button-text\">Lire plus<\/span>\n\t\t\t\t\t<\/span>\n\t\t\t\t\t<\/a>\n\t\t\t\t<\/div>\n\t\t\t\t\t\t\t\t<\/div>\n\t\t\t\t<\/div>\n\t\t\t\t<\/div>\n\t\t\t\t<\/div>\n\t\t<\/div>\t\t<\/article>\n\t\t\t\t<article id=\"post-8244\" class=\"elementor-post elementor-grid-item ecs-post-loop swiper-slide post-8244 post type-post status-publish format-standard has-post-thumbnail hentry category-non-classifiee\">\n\t\t<div class=\"ecs-link-wrapper\" data-href=\"https:\/\/www.integra-fragrances.com\/fr\/la-firma-olfattiva-di-tiffany-ginza-prende-vita-svelata-la-raffinata-fragranza-musc-premiere\/\"   >\t\t<div data-elementor-type=\"loop\" data-elementor-id=\"4670\" class=\"elementor elementor-4670 elementor-1438 post-8244 post type-post status-publish format-standard has-post-thumbnail hentry category-non-classifiee\" data-elementor-post-type=\"elementor_library\">\n\t\t\t<div class=\"elementor-element elementor-element-9ef032c e-con-full e-flex e-con e-parent\" data-id=\"9ef032c\" data-element_type=\"container\" data-settings=\"{&quot;background_background&quot;:&quot;classic&quot;}\">\n\t\t\t\t<div class=\"elementor-element elementor-element-16fe76f elementor-widget elementor-widget-image\" data-id=\"16fe76f\" data-element_type=\"widget\" data-widget_type=\"image.default\">\n\t\t\t\t<div class=\"elementor-widget-container\">\n\t\t\t\t\t\t\t\t\t\t\t\t\t\t\t<img loading=\"lazy\" decoding=\"async\" width=\"748\" height=\"748\" src=\"https:\/\/www.integra-fragrances.com\/site\/wp-content\/uploads\/2025\/07\/new-tiffany-co-ginza-flagship-largest-store-asia-opening-july-2025-japan-designboom-01.jpg\" class=\"attachment-full size-full wp-image-8241\" alt=\"\" srcset=\"https:\/\/www.integra-fragrances.com\/site\/wp-content\/uploads\/2025\/07\/new-tiffany-co-ginza-flagship-largest-store-asia-opening-july-2025-japan-designboom-01.jpg 748w, https:\/\/www.integra-fragrances.com\/site\/wp-content\/uploads\/2025\/07\/new-tiffany-co-ginza-flagship-largest-store-asia-opening-july-2025-japan-designboom-01-300x300.jpg 300w, https:\/\/www.integra-fragrances.com\/site\/wp-content\/uploads\/2025\/07\/new-tiffany-co-ginza-flagship-largest-store-asia-opening-july-2025-japan-designboom-01-150x150.jpg 150w\" sizes=\"(max-width: 748px) 100vw, 748px\" \/>\t\t\t\t\t\t\t\t\t\t\t\t\t\t\t<\/div>\n\t\t\t\t<\/div>\n\t\t\t\t<div class=\"elementor-element elementor-element-770d205 elementor-widget elementor-widget-heading\" data-id=\"770d205\" data-element_type=\"widget\" data-widget_type=\"heading.default\">\n\t\t\t\t<div class=\"elementor-widget-container\">\n\t\t\t\t\t<h4 class=\"elementor-heading-title elementor-size-default\">11.07.2025<\/h4>\t\t\t\t<\/div>\n\t\t\t\t<\/div>\n\t\t\t\t<div class=\"elementor-element elementor-element-ceacd88 elementor-widget elementor-widget-heading\" data-id=\"ceacd88\" data-element_type=\"widget\" data-widget_type=\"heading.default\">\n\t\t\t\t<div class=\"elementor-widget-container\">\n\t\t\t\t\t<h4 class=\"elementor-heading-title elementor-size-default\">La signature olfactive de Tiffany Ginza prend vie : d\u00e9voilement de la raffin\u00e9e fragrance \u201cMusc Premi\u00e8re\u201d.<\/h4>\t\t\t\t<\/div>\n\t\t\t\t<\/div>\n\t\t\t\t<div class=\"elementor-element elementor-element-ef57251 elementor-align-left elementor-widget elementor-widget-button\" data-id=\"ef57251\" data-element_type=\"widget\" data-widget_type=\"button.default\">\n\t\t\t\t<div class=\"elementor-widget-container\">\n\t\t\t\t\t\t\t\t\t<div class=\"elementor-button-wrapper\">\n\t\t\t\t\t<a class=\"elementor-button elementor-button-link elementor-size-sm\" href=\"https:\/\/www.integra-fragrances.com\/fr\/la-firma-olfattiva-di-tiffany-ginza-prende-vita-svelata-la-raffinata-fragranza-musc-premiere\/\">\n\t\t\t\t\t\t<span class=\"elementor-button-content-wrapper\">\n\t\t\t\t\t\t\t\t\t<span class=\"elementor-button-text\">Lire plus<\/span>\n\t\t\t\t\t<\/span>\n\t\t\t\t\t<\/a>\n\t\t\t\t<\/div>\n\t\t\t\t\t\t\t\t<\/div>\n\t\t\t\t<\/div>\n\t\t\t\t<\/div>\n\t\t\t\t<\/div>\n\t\t<\/div>\t\t<\/article>\n\t\t\t\t<article id=\"post-8205\" class=\"elementor-post elementor-grid-item ecs-post-loop swiper-slide post-8205 post type-post status-publish format-standard has-post-thumbnail hentry category-non-classifiee\">\n\t\t<div class=\"ecs-link-wrapper\" data-href=\"https:\/\/www.integra-fragrances.com\/fr\/integra-fragrances-firma-lesperienza-olfattiva-del-business-of-luxury-summit-2025-di-financial-times\/\"   >\t\t<div data-elementor-type=\"loop\" data-elementor-id=\"4670\" class=\"elementor elementor-4670 elementor-1438 post-8205 post type-post status-publish format-standard has-post-thumbnail hentry category-non-classifiee\" data-elementor-post-type=\"elementor_library\">\n\t\t\t<div class=\"elementor-element elementor-element-9ef032c e-con-full e-flex e-con e-parent\" data-id=\"9ef032c\" data-element_type=\"container\" data-settings=\"{&quot;background_background&quot;:&quot;classic&quot;}\">\n\t\t\t\t<div class=\"elementor-element elementor-element-16fe76f elementor-widget elementor-widget-image\" data-id=\"16fe76f\" data-element_type=\"widget\" data-widget_type=\"image.default\">\n\t\t\t\t<div class=\"elementor-widget-container\">\n\t\t\t\t\t\t\t\t\t\t\t\t\t\t\t<img loading=\"lazy\" decoding=\"async\" width=\"960\" height=\"960\" src=\"https:\/\/www.integra-fragrances.com\/site\/wp-content\/uploads\/2025\/05\/Arts-Hotel.jpg\" class=\"attachment-full size-full wp-image-8200\" alt=\"\" srcset=\"https:\/\/www.integra-fragrances.com\/site\/wp-content\/uploads\/2025\/05\/Arts-Hotel.jpg 960w, https:\/\/www.integra-fragrances.com\/site\/wp-content\/uploads\/2025\/05\/Arts-Hotel-300x300.jpg 300w, https:\/\/www.integra-fragrances.com\/site\/wp-content\/uploads\/2025\/05\/Arts-Hotel-150x150.jpg 150w, https:\/\/www.integra-fragrances.com\/site\/wp-content\/uploads\/2025\/05\/Arts-Hotel-768x768.jpg 768w\" sizes=\"(max-width: 960px) 100vw, 960px\" \/>\t\t\t\t\t\t\t\t\t\t\t\t\t\t\t<\/div>\n\t\t\t\t<\/div>\n\t\t\t\t<div class=\"elementor-element elementor-element-770d205 elementor-widget elementor-widget-heading\" data-id=\"770d205\" data-element_type=\"widget\" data-widget_type=\"heading.default\">\n\t\t\t\t<div class=\"elementor-widget-container\">\n\t\t\t\t\t<h4 class=\"elementor-heading-title elementor-size-default\">18.05.2025<\/h4>\t\t\t\t<\/div>\n\t\t\t\t<\/div>\n\t\t\t\t<div class=\"elementor-element elementor-element-ceacd88 elementor-widget elementor-widget-heading\" data-id=\"ceacd88\" data-element_type=\"widget\" data-widget_type=\"heading.default\">\n\t\t\t\t<div class=\"elementor-widget-container\">\n\t\t\t\t\t<h4 class=\"elementor-heading-title elementor-size-default\">Integra Fragrances signe l\u2019exp\u00e9rience olfactive du Business of Luxury Summit 2025 du Financial Times.<\/h4>\t\t\t\t<\/div>\n\t\t\t\t<\/div>\n\t\t\t\t<div class=\"elementor-element elementor-element-ef57251 elementor-align-left elementor-widget elementor-widget-button\" data-id=\"ef57251\" data-element_type=\"widget\" data-widget_type=\"button.default\">\n\t\t\t\t<div class=\"elementor-widget-container\">\n\t\t\t\t\t\t\t\t\t<div class=\"elementor-button-wrapper\">\n\t\t\t\t\t<a class=\"elementor-button elementor-button-link elementor-size-sm\" href=\"https:\/\/www.integra-fragrances.com\/fr\/integra-fragrances-firma-lesperienza-olfattiva-del-business-of-luxury-summit-2025-di-financial-times\/\">\n\t\t\t\t\t\t<span class=\"elementor-button-content-wrapper\">\n\t\t\t\t\t\t\t\t\t<span class=\"elementor-button-text\">Lire plus<\/span>\n\t\t\t\t\t<\/span>\n\t\t\t\t\t<\/a>\n\t\t\t\t<\/div>\n\t\t\t\t\t\t\t\t<\/div>\n\t\t\t\t<\/div>\n\t\t\t\t<\/div>\n\t\t\t\t<\/div>\n\t\t<\/div>\t\t<\/article>\n\t\t\t\t<article id=\"post-8181\" class=\"elementor-post elementor-grid-item ecs-post-loop swiper-slide post-8181 post type-post status-publish format-standard has-post-thumbnail hentry category-non-classifiee\">\n\t\t<div class=\"ecs-link-wrapper\" data-href=\"https:\/\/www.integra-fragrances.com\/fr\/inside-pop-perfume-leta-di-warhol-raccontata-attraverso-il-profumo\/\"   >\t\t<div data-elementor-type=\"loop\" data-elementor-id=\"4670\" class=\"elementor elementor-4670 elementor-1438 post-8181 post type-post status-publish format-standard has-post-thumbnail hentry category-non-classifiee\" data-elementor-post-type=\"elementor_library\">\n\t\t\t<div class=\"elementor-element elementor-element-9ef032c e-con-full e-flex e-con e-parent\" data-id=\"9ef032c\" data-element_type=\"container\" data-settings=\"{&quot;background_background&quot;:&quot;classic&quot;}\">\n\t\t\t\t<div class=\"elementor-element elementor-element-16fe76f elementor-widget elementor-widget-image\" data-id=\"16fe76f\" data-element_type=\"widget\" data-widget_type=\"image.default\">\n\t\t\t\t<div class=\"elementor-widget-container\">\n\t\t\t\t\t\t\t\t\t\t\t\t\t\t\t<img loading=\"lazy\" decoding=\"async\" width=\"1055\" height=\"1055\" src=\"https:\/\/www.integra-fragrances.com\/site\/wp-content\/uploads\/2025\/07\/1990dd76-5eac-4645-ab4d-87ea7fa1798c.jpg\" class=\"attachment-full size-full wp-image-8233\" alt=\"\" srcset=\"https:\/\/www.integra-fragrances.com\/site\/wp-content\/uploads\/2025\/07\/1990dd76-5eac-4645-ab4d-87ea7fa1798c.jpg 1055w, https:\/\/www.integra-fragrances.com\/site\/wp-content\/uploads\/2025\/07\/1990dd76-5eac-4645-ab4d-87ea7fa1798c-300x300.jpg 300w, https:\/\/www.integra-fragrances.com\/site\/wp-content\/uploads\/2025\/07\/1990dd76-5eac-4645-ab4d-87ea7fa1798c-1024x1024.jpg 1024w, https:\/\/www.integra-fragrances.com\/site\/wp-content\/uploads\/2025\/07\/1990dd76-5eac-4645-ab4d-87ea7fa1798c-150x150.jpg 150w, https:\/\/www.integra-fragrances.com\/site\/wp-content\/uploads\/2025\/07\/1990dd76-5eac-4645-ab4d-87ea7fa1798c-768x768.jpg 768w\" sizes=\"(max-width: 1055px) 100vw, 1055px\" \/>\t\t\t\t\t\t\t\t\t\t\t\t\t\t\t<\/div>\n\t\t\t\t<\/div>\n\t\t\t\t<div class=\"elementor-element elementor-element-770d205 elementor-widget elementor-widget-heading\" data-id=\"770d205\" data-element_type=\"widget\" data-widget_type=\"heading.default\">\n\t\t\t\t<div class=\"elementor-widget-container\">\n\t\t\t\t\t<h4 class=\"elementor-heading-title elementor-size-default\">13.03.2025<\/h4>\t\t\t\t<\/div>\n\t\t\t\t<\/div>\n\t\t\t\t<div class=\"elementor-element elementor-element-ceacd88 elementor-widget elementor-widget-heading\" data-id=\"ceacd88\" data-element_type=\"widget\" data-widget_type=\"heading.default\">\n\t\t\t\t<div class=\"elementor-widget-container\">\n\t\t\t\t\t<h4 class=\"elementor-heading-title elementor-size-default\">\u00ab #INSIDE &#8211; POP &#8211; PERFUME : L\u2019\u00c2ge de Warhol racont\u00e9 \u00e0 travers le parfum \u00bb \u2013 Un \u00e9v\u00e9nement sensoriel.<\/h4>\t\t\t\t<\/div>\n\t\t\t\t<\/div>\n\t\t\t\t<div class=\"elementor-element elementor-element-ef57251 elementor-align-left elementor-widget elementor-widget-button\" data-id=\"ef57251\" data-element_type=\"widget\" data-widget_type=\"button.default\">\n\t\t\t\t<div class=\"elementor-widget-container\">\n\t\t\t\t\t\t\t\t\t<div class=\"elementor-button-wrapper\">\n\t\t\t\t\t<a class=\"elementor-button elementor-button-link elementor-size-sm\" href=\"https:\/\/www.integra-fragrances.com\/fr\/inside-pop-perfume-leta-di-warhol-raccontata-attraverso-il-profumo\/\">\n\t\t\t\t\t\t<span class=\"elementor-button-content-wrapper\">\n\t\t\t\t\t\t\t\t\t<span class=\"elementor-button-text\">Lire plus<\/span>\n\t\t\t\t\t<\/span>\n\t\t\t\t\t<\/a>\n\t\t\t\t<\/div>\n\t\t\t\t\t\t\t\t<\/div>\n\t\t\t\t<\/div>\n\t\t\t\t<\/div>\n\t\t\t\t<\/div>\n\t\t<\/div>\t\t<\/article>\n\t\t\t\t<article id=\"post-7870\" class=\"elementor-post elementor-grid-item ecs-post-loop swiper-slide post-7870 post type-post status-publish format-standard has-post-thumbnail hentry category-non-classifiee\">\n\t\t<div class=\"ecs-link-wrapper\" data-href=\"https:\/\/www.integra-fragrances.com\/fr\/un-voyage-sensoriel-parfume-avec-bvlgari-serpenti-infinito-la-nouvelle-exposition-immersive-de-la-maison\/\"   >\t\t<div data-elementor-type=\"loop\" data-elementor-id=\"4670\" class=\"elementor elementor-4670 elementor-1438 post-7870 post type-post status-publish format-standard has-post-thumbnail hentry category-non-classifiee\" data-elementor-post-type=\"elementor_library\">\n\t\t\t<div class=\"elementor-element elementor-element-9ef032c e-con-full e-flex e-con e-parent\" data-id=\"9ef032c\" data-element_type=\"container\" data-settings=\"{&quot;background_background&quot;:&quot;classic&quot;}\">\n\t\t\t\t<div class=\"elementor-element elementor-element-16fe76f elementor-widget elementor-widget-image\" data-id=\"16fe76f\" data-element_type=\"widget\" data-widget_type=\"image.default\">\n\t\t\t\t<div class=\"elementor-widget-container\">\n\t\t\t\t\t\t\t\t\t\t\t\t\t\t\t<img loading=\"lazy\" decoding=\"async\" width=\"1080\" height=\"1080\" src=\"https:\/\/www.integra-fragrances.com\/site\/wp-content\/uploads\/2025\/01\/Bvlgari-Serpenti-Infinito-Exhibition.jpg\" class=\"attachment-full size-full wp-image-7864\" alt=\"\" srcset=\"https:\/\/www.integra-fragrances.com\/site\/wp-content\/uploads\/2025\/01\/Bvlgari-Serpenti-Infinito-Exhibition.jpg 1080w, https:\/\/www.integra-fragrances.com\/site\/wp-content\/uploads\/2025\/01\/Bvlgari-Serpenti-Infinito-Exhibition-300x300.jpg 300w, https:\/\/www.integra-fragrances.com\/site\/wp-content\/uploads\/2025\/01\/Bvlgari-Serpenti-Infinito-Exhibition-1024x1024.jpg 1024w, https:\/\/www.integra-fragrances.com\/site\/wp-content\/uploads\/2025\/01\/Bvlgari-Serpenti-Infinito-Exhibition-150x150.jpg 150w, https:\/\/www.integra-fragrances.com\/site\/wp-content\/uploads\/2025\/01\/Bvlgari-Serpenti-Infinito-Exhibition-768x768.jpg 768w\" sizes=\"(max-width: 1080px) 100vw, 1080px\" \/>\t\t\t\t\t\t\t\t\t\t\t\t\t\t\t<\/div>\n\t\t\t\t<\/div>\n\t\t\t\t<div class=\"elementor-element elementor-element-770d205 elementor-widget elementor-widget-heading\" data-id=\"770d205\" data-element_type=\"widget\" data-widget_type=\"heading.default\">\n\t\t\t\t<div class=\"elementor-widget-container\">\n\t\t\t\t\t<h4 class=\"elementor-heading-title elementor-size-default\">08.01.2025<\/h4>\t\t\t\t<\/div>\n\t\t\t\t<\/div>\n\t\t\t\t<div class=\"elementor-element elementor-element-ceacd88 elementor-widget elementor-widget-heading\" data-id=\"ceacd88\" data-element_type=\"widget\" data-widget_type=\"heading.default\">\n\t\t\t\t<div class=\"elementor-widget-container\">\n\t\t\t\t\t<h4 class=\"elementor-heading-title elementor-size-default\">Un voyage sensoriel parfum\u00e9 avec Bvlgari Serpenti Infinito, la nouvelle exposition immersive de la maison.<\/h4>\t\t\t\t<\/div>\n\t\t\t\t<\/div>\n\t\t\t\t<div class=\"elementor-element elementor-element-ef57251 elementor-align-left elementor-widget elementor-widget-button\" data-id=\"ef57251\" data-element_type=\"widget\" data-widget_type=\"button.default\">\n\t\t\t\t<div class=\"elementor-widget-container\">\n\t\t\t\t\t\t\t\t\t<div class=\"elementor-button-wrapper\">\n\t\t\t\t\t<a class=\"elementor-button elementor-button-link elementor-size-sm\" href=\"https:\/\/www.integra-fragrances.com\/fr\/un-voyage-sensoriel-parfume-avec-bvlgari-serpenti-infinito-la-nouvelle-exposition-immersive-de-la-maison\/\">\n\t\t\t\t\t\t<span class=\"elementor-button-content-wrapper\">\n\t\t\t\t\t\t\t\t\t<span class=\"elementor-button-text\">Lire plus<\/span>\n\t\t\t\t\t<\/span>\n\t\t\t\t\t<\/a>\n\t\t\t\t<\/div>\n\t\t\t\t\t\t\t\t<\/div>\n\t\t\t\t<\/div>\n\t\t\t\t<\/div>\n\t\t\t\t<\/div>\n\t\t<\/div>\t\t<\/article>\n\t\t\t\t<article id=\"post-7657\" class=\"elementor-post elementor-grid-item ecs-post-loop swiper-slide post-7657 post type-post status-publish format-standard has-post-thumbnail hentry category-non-classifiee\">\n\t\t<div class=\"ecs-link-wrapper\" data-href=\"https:\/\/www.integra-fragrances.com\/fr\/parfum-de-solidarite-integra-fragrances-et-emporio-dora-ensemble-pour-2025\/\"   >\t\t<div data-elementor-type=\"loop\" data-elementor-id=\"4670\" class=\"elementor elementor-4670 elementor-1438 post-7657 post type-post status-publish format-standard has-post-thumbnail hentry category-non-classifiee\" data-elementor-post-type=\"elementor_library\">\n\t\t\t<div class=\"elementor-element elementor-element-9ef032c e-con-full e-flex e-con e-parent\" data-id=\"9ef032c\" data-element_type=\"container\" data-settings=\"{&quot;background_background&quot;:&quot;classic&quot;}\">\n\t\t\t\t<div class=\"elementor-element elementor-element-16fe76f elementor-widget elementor-widget-image\" data-id=\"16fe76f\" data-element_type=\"widget\" data-widget_type=\"image.default\">\n\t\t\t\t<div class=\"elementor-widget-container\">\n\t\t\t\t\t\t\t\t\t\t\t\t\t\t\t<img loading=\"lazy\" decoding=\"async\" width=\"1080\" height=\"1080\" src=\"https:\/\/www.integra-fragrances.com\/site\/wp-content\/uploads\/2024\/12\/1-cover-eng.jpg\" class=\"attachment-full size-full wp-image-7651\" alt=\"\" srcset=\"https:\/\/www.integra-fragrances.com\/site\/wp-content\/uploads\/2024\/12\/1-cover-eng.jpg 1080w, https:\/\/www.integra-fragrances.com\/site\/wp-content\/uploads\/2024\/12\/1-cover-eng-300x300.jpg 300w, https:\/\/www.integra-fragrances.com\/site\/wp-content\/uploads\/2024\/12\/1-cover-eng-1024x1024.jpg 1024w, https:\/\/www.integra-fragrances.com\/site\/wp-content\/uploads\/2024\/12\/1-cover-eng-150x150.jpg 150w, https:\/\/www.integra-fragrances.com\/site\/wp-content\/uploads\/2024\/12\/1-cover-eng-768x768.jpg 768w\" sizes=\"(max-width: 1080px) 100vw, 1080px\" \/>\t\t\t\t\t\t\t\t\t\t\t\t\t\t\t<\/div>\n\t\t\t\t<\/div>\n\t\t\t\t<div class=\"elementor-element elementor-element-770d205 elementor-widget elementor-widget-heading\" data-id=\"770d205\" data-element_type=\"widget\" data-widget_type=\"heading.default\">\n\t\t\t\t<div class=\"elementor-widget-container\">\n\t\t\t\t\t<h4 class=\"elementor-heading-title elementor-size-default\">20.12.2024<\/h4>\t\t\t\t<\/div>\n\t\t\t\t<\/div>\n\t\t\t\t<div class=\"elementor-element elementor-element-ceacd88 elementor-widget elementor-widget-heading\" data-id=\"ceacd88\" data-element_type=\"widget\" data-widget_type=\"heading.default\">\n\t\t\t\t<div class=\"elementor-widget-container\">\n\t\t\t\t\t<h4 class=\"elementor-heading-title elementor-size-default\">Parfum de solidarit\u00e9 : Integra Fragrances et Emporio Dora ensemble pour le prochain 2025.<\/h4>\t\t\t\t<\/div>\n\t\t\t\t<\/div>\n\t\t\t\t<div class=\"elementor-element elementor-element-ef57251 elementor-align-left elementor-widget elementor-widget-button\" data-id=\"ef57251\" data-element_type=\"widget\" data-widget_type=\"button.default\">\n\t\t\t\t<div class=\"elementor-widget-container\">\n\t\t\t\t\t\t\t\t\t<div class=\"elementor-button-wrapper\">\n\t\t\t\t\t<a class=\"elementor-button elementor-button-link elementor-size-sm\" href=\"https:\/\/www.integra-fragrances.com\/fr\/parfum-de-solidarite-integra-fragrances-et-emporio-dora-ensemble-pour-2025\/\">\n\t\t\t\t\t\t<span class=\"elementor-button-content-wrapper\">\n\t\t\t\t\t\t\t\t\t<span class=\"elementor-button-text\">Lire plus<\/span>\n\t\t\t\t\t<\/span>\n\t\t\t\t\t<\/a>\n\t\t\t\t<\/div>\n\t\t\t\t\t\t\t\t<\/div>\n\t\t\t\t<\/div>\n\t\t\t\t<\/div>\n\t\t\t\t<\/div>\n\t\t<\/div>\t\t<\/article>\n\t\t\t\t<article id=\"post-7822\" class=\"elementor-post elementor-grid-item ecs-post-loop swiper-slide post-7822 post type-post status-publish format-standard has-post-thumbnail hentry category-non-classifiee\">\n\t\t<div class=\"ecs-link-wrapper\" data-href=\"https:\/\/www.integra-fragrances.com\/fr\/un-parfum-signature-qui-incarne-avec-elegance-lame-authentique-et-italienne-de-phi-hotels\/\"   >\t\t<div data-elementor-type=\"loop\" data-elementor-id=\"4670\" class=\"elementor elementor-4670 elementor-1438 post-7822 post type-post status-publish format-standard has-post-thumbnail hentry category-non-classifiee\" data-elementor-post-type=\"elementor_library\">\n\t\t\t<div class=\"elementor-element elementor-element-9ef032c e-con-full e-flex e-con e-parent\" data-id=\"9ef032c\" data-element_type=\"container\" data-settings=\"{&quot;background_background&quot;:&quot;classic&quot;}\">\n\t\t\t\t<div class=\"elementor-element elementor-element-16fe76f elementor-widget elementor-widget-image\" data-id=\"16fe76f\" data-element_type=\"widget\" data-widget_type=\"image.default\">\n\t\t\t\t<div class=\"elementor-widget-container\">\n\t\t\t\t\t\t\t\t\t\t\t\t\t\t\t<img loading=\"lazy\" decoding=\"async\" width=\"1953\" height=\"1953\" src=\"https:\/\/www.integra-fragrances.com\/site\/wp-content\/uploads\/2025\/01\/Phi-Hotels.jpg\" class=\"attachment-full size-full wp-image-7819\" alt=\"\" srcset=\"https:\/\/www.integra-fragrances.com\/site\/wp-content\/uploads\/2025\/01\/Phi-Hotels.jpg 1953w, https:\/\/www.integra-fragrances.com\/site\/wp-content\/uploads\/2025\/01\/Phi-Hotels-300x300.jpg 300w, https:\/\/www.integra-fragrances.com\/site\/wp-content\/uploads\/2025\/01\/Phi-Hotels-1024x1024.jpg 1024w, https:\/\/www.integra-fragrances.com\/site\/wp-content\/uploads\/2025\/01\/Phi-Hotels-150x150.jpg 150w, https:\/\/www.integra-fragrances.com\/site\/wp-content\/uploads\/2025\/01\/Phi-Hotels-768x768.jpg 768w, https:\/\/www.integra-fragrances.com\/site\/wp-content\/uploads\/2025\/01\/Phi-Hotels-1536x1536.jpg 1536w\" sizes=\"(max-width: 1953px) 100vw, 1953px\" \/>\t\t\t\t\t\t\t\t\t\t\t\t\t\t\t<\/div>\n\t\t\t\t<\/div>\n\t\t\t\t<div class=\"elementor-element elementor-element-770d205 elementor-widget elementor-widget-heading\" data-id=\"770d205\" data-element_type=\"widget\" data-widget_type=\"heading.default\">\n\t\t\t\t<div class=\"elementor-widget-container\">\n\t\t\t\t\t<h4 class=\"elementor-heading-title elementor-size-default\">16.12.2024<\/h4>\t\t\t\t<\/div>\n\t\t\t\t<\/div>\n\t\t\t\t<div class=\"elementor-element elementor-element-ceacd88 elementor-widget elementor-widget-heading\" data-id=\"ceacd88\" data-element_type=\"widget\" data-widget_type=\"heading.default\">\n\t\t\t\t<div class=\"elementor-widget-container\">\n\t\t\t\t\t<h4 class=\"elementor-heading-title elementor-size-default\">Un parfum signature qui incarne avec \u00e9l\u00e9gance l\u2019\u00e2me authentique et italienne de Phi Hotels.<\/h4>\t\t\t\t<\/div>\n\t\t\t\t<\/div>\n\t\t\t\t<div class=\"elementor-element elementor-element-ef57251 elementor-align-left elementor-widget elementor-widget-button\" data-id=\"ef57251\" data-element_type=\"widget\" data-widget_type=\"button.default\">\n\t\t\t\t<div class=\"elementor-widget-container\">\n\t\t\t\t\t\t\t\t\t<div class=\"elementor-button-wrapper\">\n\t\t\t\t\t<a class=\"elementor-button elementor-button-link elementor-size-sm\" href=\"https:\/\/www.integra-fragrances.com\/fr\/un-parfum-signature-qui-incarne-avec-elegance-lame-authentique-et-italienne-de-phi-hotels\/\">\n\t\t\t\t\t\t<span class=\"elementor-button-content-wrapper\">\n\t\t\t\t\t\t\t\t\t<span class=\"elementor-button-text\">Lire plus<\/span>\n\t\t\t\t\t<\/span>\n\t\t\t\t\t<\/a>\n\t\t\t\t<\/div>\n\t\t\t\t\t\t\t\t<\/div>\n\t\t\t\t<\/div>\n\t\t\t\t<\/div>\n\t\t\t\t<\/div>\n\t\t<\/div>\t\t<\/article>\n\t\t\t\t<article id=\"post-7467\" class=\"elementor-post elementor-grid-item ecs-post-loop swiper-slide post-7467 post type-post status-publish format-standard has-post-thumbnail hentry category-non-classifiee\">\n\t\t<div class=\"ecs-link-wrapper\" data-href=\"https:\/\/www.integra-fragrances.com\/fr\/parfum-de-theatre-integra-fragrances-est-partenaire-du-teatro-nazionale-di-genova\/\"   >\t\t<div data-elementor-type=\"loop\" data-elementor-id=\"4670\" class=\"elementor elementor-4670 elementor-1438 post-7467 post type-post status-publish format-standard has-post-thumbnail hentry category-non-classifiee\" data-elementor-post-type=\"elementor_library\">\n\t\t\t<div class=\"elementor-element elementor-element-9ef032c e-con-full e-flex e-con e-parent\" data-id=\"9ef032c\" data-element_type=\"container\" data-settings=\"{&quot;background_background&quot;:&quot;classic&quot;}\">\n\t\t\t\t<div class=\"elementor-element elementor-element-16fe76f elementor-widget elementor-widget-image\" data-id=\"16fe76f\" data-element_type=\"widget\" data-widget_type=\"image.default\">\n\t\t\t\t<div class=\"elementor-widget-container\">\n\t\t\t\t\t\t\t\t\t\t\t\t\t\t\t<img loading=\"lazy\" decoding=\"async\" width=\"3338\" height=\"3338\" src=\"https:\/\/www.integra-fragrances.com\/site\/wp-content\/uploads\/2024\/12\/INAUGURAZIONE-stagione-2425-7578.jpg\" class=\"attachment-full size-full wp-image-7456\" alt=\"\" srcset=\"https:\/\/www.integra-fragrances.com\/site\/wp-content\/uploads\/2024\/12\/INAUGURAZIONE-stagione-2425-7578.jpg 3338w, https:\/\/www.integra-fragrances.com\/site\/wp-content\/uploads\/2024\/12\/INAUGURAZIONE-stagione-2425-7578-300x300.jpg 300w, https:\/\/www.integra-fragrances.com\/site\/wp-content\/uploads\/2024\/12\/INAUGURAZIONE-stagione-2425-7578-1024x1024.jpg 1024w, https:\/\/www.integra-fragrances.com\/site\/wp-content\/uploads\/2024\/12\/INAUGURAZIONE-stagione-2425-7578-150x150.jpg 150w, https:\/\/www.integra-fragrances.com\/site\/wp-content\/uploads\/2024\/12\/INAUGURAZIONE-stagione-2425-7578-768x768.jpg 768w, https:\/\/www.integra-fragrances.com\/site\/wp-content\/uploads\/2024\/12\/INAUGURAZIONE-stagione-2425-7578-1536x1536.jpg 1536w, https:\/\/www.integra-fragrances.com\/site\/wp-content\/uploads\/2024\/12\/INAUGURAZIONE-stagione-2425-7578-2048x2048.jpg 2048w\" sizes=\"(max-width: 3338px) 100vw, 3338px\" \/>\t\t\t\t\t\t\t\t\t\t\t\t\t\t\t<\/div>\n\t\t\t\t<\/div>\n\t\t\t\t<div class=\"elementor-element elementor-element-770d205 elementor-widget elementor-widget-heading\" data-id=\"770d205\" data-element_type=\"widget\" data-widget_type=\"heading.default\">\n\t\t\t\t<div class=\"elementor-widget-container\">\n\t\t\t\t\t<h4 class=\"elementor-heading-title elementor-size-default\">12.10.2024<\/h4>\t\t\t\t<\/div>\n\t\t\t\t<\/div>\n\t\t\t\t<div class=\"elementor-element elementor-element-ceacd88 elementor-widget elementor-widget-heading\" data-id=\"ceacd88\" data-element_type=\"widget\" data-widget_type=\"heading.default\">\n\t\t\t\t<div class=\"elementor-widget-container\">\n\t\t\t\t\t<h4 class=\"elementor-heading-title elementor-size-default\">Parfum de th\u00e9\u00e2tre : Integra Fragrances devient partenaire du Teatro Nazionale di Genova.<\/h4>\t\t\t\t<\/div>\n\t\t\t\t<\/div>\n\t\t\t\t<div class=\"elementor-element elementor-element-ef57251 elementor-align-left elementor-widget elementor-widget-button\" data-id=\"ef57251\" data-element_type=\"widget\" data-widget_type=\"button.default\">\n\t\t\t\t<div class=\"elementor-widget-container\">\n\t\t\t\t\t\t\t\t\t<div class=\"elementor-button-wrapper\">\n\t\t\t\t\t<a class=\"elementor-button elementor-button-link elementor-size-sm\" href=\"https:\/\/www.integra-fragrances.com\/fr\/parfum-de-theatre-integra-fragrances-est-partenaire-du-teatro-nazionale-di-genova\/\">\n\t\t\t\t\t\t<span class=\"elementor-button-content-wrapper\">\n\t\t\t\t\t\t\t\t\t<span class=\"elementor-button-text\">Lire plus<\/span>\n\t\t\t\t\t<\/span>\n\t\t\t\t\t<\/a>\n\t\t\t\t<\/div>\n\t\t\t\t\t\t\t\t<\/div>\n\t\t\t\t<\/div>\n\t\t\t\t<\/div>\n\t\t\t\t<\/div>\n\t\t<\/div>\t\t<\/article>\n\t\t\t\t<article id=\"post-7117\" class=\"elementor-post elementor-grid-item ecs-post-loop swiper-slide post-7117 post type-post status-publish format-standard has-post-thumbnail hentry category-non-classifiee\">\n\t\t<div class=\"ecs-link-wrapper\" data-href=\"https:\/\/www.integra-fragrances.com\/fr\/villa-serapian-ginza-leather-wood-lidentite-olfactive-de-serapian-parfume-le-nouveau-flagship-store-de-tokyo\/\"   >\t\t<div data-elementor-type=\"loop\" data-elementor-id=\"4670\" class=\"elementor elementor-4670 elementor-1438 post-7117 post type-post status-publish format-standard has-post-thumbnail hentry category-non-classifiee\" data-elementor-post-type=\"elementor_library\">\n\t\t\t<div class=\"elementor-element elementor-element-9ef032c e-con-full e-flex e-con e-parent\" data-id=\"9ef032c\" data-element_type=\"container\" data-settings=\"{&quot;background_background&quot;:&quot;classic&quot;}\">\n\t\t\t\t<div class=\"elementor-element elementor-element-16fe76f elementor-widget elementor-widget-image\" data-id=\"16fe76f\" data-element_type=\"widget\" data-widget_type=\"image.default\">\n\t\t\t\t<div class=\"elementor-widget-container\">\n\t\t\t\t\t\t\t\t\t\t\t\t\t\t\t<img loading=\"lazy\" decoding=\"async\" width=\"944\" height=\"944\" src=\"https:\/\/www.integra-fragrances.com\/site\/wp-content\/uploads\/2024\/08\/srgi_001_rev2-1.jpg\" class=\"attachment-full size-full wp-image-7112\" alt=\"\" srcset=\"https:\/\/www.integra-fragrances.com\/site\/wp-content\/uploads\/2024\/08\/srgi_001_rev2-1.jpg 944w, https:\/\/www.integra-fragrances.com\/site\/wp-content\/uploads\/2024\/08\/srgi_001_rev2-1-300x300.jpg 300w, https:\/\/www.integra-fragrances.com\/site\/wp-content\/uploads\/2024\/08\/srgi_001_rev2-1-150x150.jpg 150w, https:\/\/www.integra-fragrances.com\/site\/wp-content\/uploads\/2024\/08\/srgi_001_rev2-1-768x768.jpg 768w\" sizes=\"(max-width: 944px) 100vw, 944px\" \/>\t\t\t\t\t\t\t\t\t\t\t\t\t\t\t<\/div>\n\t\t\t\t<\/div>\n\t\t\t\t<div class=\"elementor-element elementor-element-770d205 elementor-widget elementor-widget-heading\" data-id=\"770d205\" data-element_type=\"widget\" data-widget_type=\"heading.default\">\n\t\t\t\t<div class=\"elementor-widget-container\">\n\t\t\t\t\t<h4 class=\"elementor-heading-title elementor-size-default\">09.07.2024<\/h4>\t\t\t\t<\/div>\n\t\t\t\t<\/div>\n\t\t\t\t<div class=\"elementor-element elementor-element-ceacd88 elementor-widget elementor-widget-heading\" data-id=\"ceacd88\" data-element_type=\"widget\" data-widget_type=\"heading.default\">\n\t\t\t\t<div class=\"elementor-widget-container\">\n\t\t\t\t\t<h4 class=\"elementor-heading-title elementor-size-default\">Villa Serapian Ginza : \u00ab Leather Wood \u00bb, l&#8217;identit\u00e9 olfactive de Serapian, parfume le nouveau flagship store de Tokyo.<\/h4>\t\t\t\t<\/div>\n\t\t\t\t<\/div>\n\t\t\t\t<div class=\"elementor-element elementor-element-ef57251 elementor-align-left elementor-widget elementor-widget-button\" data-id=\"ef57251\" data-element_type=\"widget\" data-widget_type=\"button.default\">\n\t\t\t\t<div class=\"elementor-widget-container\">\n\t\t\t\t\t\t\t\t\t<div class=\"elementor-button-wrapper\">\n\t\t\t\t\t<a class=\"elementor-button elementor-button-link elementor-size-sm\" href=\"https:\/\/www.integra-fragrances.com\/fr\/villa-serapian-ginza-leather-wood-lidentite-olfactive-de-serapian-parfume-le-nouveau-flagship-store-de-tokyo\/\">\n\t\t\t\t\t\t<span class=\"elementor-button-content-wrapper\">\n\t\t\t\t\t\t\t\t\t<span class=\"elementor-button-text\">Lire plus<\/span>\n\t\t\t\t\t<\/span>\n\t\t\t\t\t<\/a>\n\t\t\t\t<\/div>\n\t\t\t\t\t\t\t\t<\/div>\n\t\t\t\t<\/div>\n\t\t\t\t<\/div>\n\t\t\t\t<\/div>\n\t\t<\/div>\t\t<\/article>\n\t\t\t\t<article id=\"post-7131\" class=\"elementor-post elementor-grid-item ecs-post-loop swiper-slide post-7131 post type-post status-publish format-standard has-post-thumbnail hentry category-non-classifiee\">\n\t\t<div class=\"ecs-link-wrapper\" data-href=\"https:\/\/www.integra-fragrances.com\/fr\/lazuli-la-signature-olfactive-de-ledition-2024-du-business-of-luxury-summit-organise-par-le-financial-times\/\"   >\t\t<div data-elementor-type=\"loop\" data-elementor-id=\"4670\" class=\"elementor elementor-4670 elementor-1438 post-7131 post type-post status-publish format-standard has-post-thumbnail hentry category-non-classifiee\" data-elementor-post-type=\"elementor_library\">\n\t\t\t<div class=\"elementor-element elementor-element-9ef032c e-con-full e-flex e-con e-parent\" data-id=\"9ef032c\" data-element_type=\"container\" data-settings=\"{&quot;background_background&quot;:&quot;classic&quot;}\">\n\t\t\t\t<div class=\"elementor-element elementor-element-16fe76f elementor-widget elementor-widget-image\" data-id=\"16fe76f\" data-element_type=\"widget\" data-widget_type=\"image.default\">\n\t\t\t\t<div class=\"elementor-widget-container\">\n\t\t\t\t\t\t\t\t\t\t\t\t\t\t\t<img loading=\"lazy\" decoding=\"async\" width=\"803\" height=\"803\" src=\"https:\/\/www.integra-fragrances.com\/site\/wp-content\/uploads\/2024\/08\/Molino_Stucky_Venice.jpg\" class=\"attachment-full size-full wp-image-7126\" alt=\"\" srcset=\"https:\/\/www.integra-fragrances.com\/site\/wp-content\/uploads\/2024\/08\/Molino_Stucky_Venice.jpg 803w, https:\/\/www.integra-fragrances.com\/site\/wp-content\/uploads\/2024\/08\/Molino_Stucky_Venice-300x300.jpg 300w, https:\/\/www.integra-fragrances.com\/site\/wp-content\/uploads\/2024\/08\/Molino_Stucky_Venice-150x150.jpg 150w, https:\/\/www.integra-fragrances.com\/site\/wp-content\/uploads\/2024\/08\/Molino_Stucky_Venice-768x768.jpg 768w\" sizes=\"(max-width: 803px) 100vw, 803px\" \/>\t\t\t\t\t\t\t\t\t\t\t\t\t\t\t<\/div>\n\t\t\t\t<\/div>\n\t\t\t\t<div class=\"elementor-element elementor-element-770d205 elementor-widget elementor-widget-heading\" data-id=\"770d205\" data-element_type=\"widget\" data-widget_type=\"heading.default\">\n\t\t\t\t<div class=\"elementor-widget-container\">\n\t\t\t\t\t<h4 class=\"elementor-heading-title elementor-size-default\">19.05.2024<\/h4>\t\t\t\t<\/div>\n\t\t\t\t<\/div>\n\t\t\t\t<div class=\"elementor-element elementor-element-ceacd88 elementor-widget elementor-widget-heading\" data-id=\"ceacd88\" data-element_type=\"widget\" data-widget_type=\"heading.default\">\n\t\t\t\t<div class=\"elementor-widget-container\">\n\t\t\t\t\t<h4 class=\"elementor-heading-title elementor-size-default\">\u00ab Lazuli\u00a0\u00bb: la signature olfactive de l&#8217;\u00e9dition 2024 du Business of Luxury Summit organis\u00e9 par le Financial Times.<\/h4>\t\t\t\t<\/div>\n\t\t\t\t<\/div>\n\t\t\t\t<div class=\"elementor-element elementor-element-ef57251 elementor-align-left elementor-widget elementor-widget-button\" data-id=\"ef57251\" data-element_type=\"widget\" data-widget_type=\"button.default\">\n\t\t\t\t<div class=\"elementor-widget-container\">\n\t\t\t\t\t\t\t\t\t<div class=\"elementor-button-wrapper\">\n\t\t\t\t\t<a class=\"elementor-button elementor-button-link elementor-size-sm\" href=\"https:\/\/www.integra-fragrances.com\/fr\/lazuli-la-signature-olfactive-de-ledition-2024-du-business-of-luxury-summit-organise-par-le-financial-times\/\">\n\t\t\t\t\t\t<span class=\"elementor-button-content-wrapper\">\n\t\t\t\t\t\t\t\t\t<span class=\"elementor-button-text\">Lire plus<\/span>\n\t\t\t\t\t<\/span>\n\t\t\t\t\t<\/a>\n\t\t\t\t<\/div>\n\t\t\t\t\t\t\t\t<\/div>\n\t\t\t\t<\/div>\n\t\t\t\t<\/div>\n\t\t\t\t<\/div>\n\t\t<\/div>\t\t<\/article>\n\t\t\t\t<article id=\"post-7143\" class=\"elementor-post elementor-grid-item ecs-post-loop swiper-slide post-7143 post type-post status-publish format-standard has-post-thumbnail hentry category-non-classifiee\">\n\t\t<div class=\"ecs-link-wrapper\" data-href=\"https:\/\/www.integra-fragrances.com\/fr\/integra-fragrances-est-partenaire-du-world-retail-congress-pour-la-troisieme-edition-consecutive\/\"   >\t\t<div data-elementor-type=\"loop\" data-elementor-id=\"4670\" class=\"elementor elementor-4670 elementor-1438 post-7143 post type-post status-publish format-standard has-post-thumbnail hentry category-non-classifiee\" data-elementor-post-type=\"elementor_library\">\n\t\t\t<div class=\"elementor-element elementor-element-9ef032c e-con-full e-flex e-con e-parent\" data-id=\"9ef032c\" data-element_type=\"container\" data-settings=\"{&quot;background_background&quot;:&quot;classic&quot;}\">\n\t\t\t\t<div class=\"elementor-element elementor-element-16fe76f elementor-widget elementor-widget-image\" data-id=\"16fe76f\" data-element_type=\"widget\" data-widget_type=\"image.default\">\n\t\t\t\t<div class=\"elementor-widget-container\">\n\t\t\t\t\t\t\t\t\t\t\t\t\t\t\t<img loading=\"lazy\" decoding=\"async\" width=\"1600\" height=\"1600\" src=\"https:\/\/www.integra-fragrances.com\/site\/wp-content\/uploads\/2024\/08\/Parigi.jpg\" class=\"attachment-full size-full wp-image-7139\" alt=\"\" srcset=\"https:\/\/www.integra-fragrances.com\/site\/wp-content\/uploads\/2024\/08\/Parigi.jpg 1600w, https:\/\/www.integra-fragrances.com\/site\/wp-content\/uploads\/2024\/08\/Parigi-300x300.jpg 300w, https:\/\/www.integra-fragrances.com\/site\/wp-content\/uploads\/2024\/08\/Parigi-1024x1024.jpg 1024w, https:\/\/www.integra-fragrances.com\/site\/wp-content\/uploads\/2024\/08\/Parigi-150x150.jpg 150w, https:\/\/www.integra-fragrances.com\/site\/wp-content\/uploads\/2024\/08\/Parigi-768x768.jpg 768w, https:\/\/www.integra-fragrances.com\/site\/wp-content\/uploads\/2024\/08\/Parigi-1536x1536.jpg 1536w\" sizes=\"(max-width: 1600px) 100vw, 1600px\" \/>\t\t\t\t\t\t\t\t\t\t\t\t\t\t\t<\/div>\n\t\t\t\t<\/div>\n\t\t\t\t<div class=\"elementor-element elementor-element-770d205 elementor-widget elementor-widget-heading\" data-id=\"770d205\" data-element_type=\"widget\" data-widget_type=\"heading.default\">\n\t\t\t\t<div class=\"elementor-widget-container\">\n\t\t\t\t\t<h4 class=\"elementor-heading-title elementor-size-default\">16.04.2024<\/h4>\t\t\t\t<\/div>\n\t\t\t\t<\/div>\n\t\t\t\t<div class=\"elementor-element elementor-element-ceacd88 elementor-widget elementor-widget-heading\" data-id=\"ceacd88\" data-element_type=\"widget\" data-widget_type=\"heading.default\">\n\t\t\t\t<div class=\"elementor-widget-container\">\n\t\t\t\t\t<h4 class=\"elementor-heading-title elementor-size-default\">Integra Fragrances est partenaire du World Retail Congress pour la troisi\u00e8me \u00e9dition cons\u00e9cutive.<\/h4>\t\t\t\t<\/div>\n\t\t\t\t<\/div>\n\t\t\t\t<div class=\"elementor-element elementor-element-ef57251 elementor-align-left elementor-widget elementor-widget-button\" data-id=\"ef57251\" data-element_type=\"widget\" data-widget_type=\"button.default\">\n\t\t\t\t<div class=\"elementor-widget-container\">\n\t\t\t\t\t\t\t\t\t<div class=\"elementor-button-wrapper\">\n\t\t\t\t\t<a class=\"elementor-button elementor-button-link elementor-size-sm\" href=\"https:\/\/www.integra-fragrances.com\/fr\/integra-fragrances-est-partenaire-du-world-retail-congress-pour-la-troisieme-edition-consecutive\/\">\n\t\t\t\t\t\t<span class=\"elementor-button-content-wrapper\">\n\t\t\t\t\t\t\t\t\t<span class=\"elementor-button-text\">Lire plus<\/span>\n\t\t\t\t\t<\/span>\n\t\t\t\t\t<\/a>\n\t\t\t\t<\/div>\n\t\t\t\t\t\t\t\t<\/div>\n\t\t\t\t<\/div>\n\t\t\t\t<\/div>\n\t\t\t\t<\/div>\n\t\t<\/div>\t\t<\/article>\n\t\t\t\t<article id=\"post-6120\" class=\"elementor-post elementor-grid-item ecs-post-loop swiper-slide post-6120 post type-post status-publish format-standard has-post-thumbnail hentry category-non-classifiee\">\n\t\t<div class=\"ecs-link-wrapper\" data-href=\"https:\/\/www.integra-fragrances.com\/fr\/integra-fragrances-est-le-sponsor-du-premier-festival-des-parfums\/\"   >\t\t<div data-elementor-type=\"loop\" data-elementor-id=\"4670\" class=\"elementor elementor-4670 elementor-1438 post-6120 post type-post status-publish format-standard has-post-thumbnail hentry category-non-classifiee\" data-elementor-post-type=\"elementor_library\">\n\t\t\t<div class=\"elementor-element elementor-element-9ef032c e-con-full e-flex e-con e-parent\" data-id=\"9ef032c\" data-element_type=\"container\" data-settings=\"{&quot;background_background&quot;:&quot;classic&quot;}\">\n\t\t\t\t<div class=\"elementor-element elementor-element-16fe76f elementor-widget elementor-widget-image\" data-id=\"16fe76f\" data-element_type=\"widget\" data-widget_type=\"image.default\">\n\t\t\t\t<div class=\"elementor-widget-container\">\n\t\t\t\t\t\t\t\t\t\t\t\t\t\t\t<img loading=\"lazy\" decoding=\"async\" width=\"1000\" height=\"1000\" src=\"https:\/\/www.integra-fragrances.com\/site\/wp-content\/uploads\/2023\/10\/festival-profumi.jpg\" class=\"attachment-full size-full wp-image-4493\" alt=\"\" srcset=\"https:\/\/www.integra-fragrances.com\/site\/wp-content\/uploads\/2023\/10\/festival-profumi.jpg 1000w, https:\/\/www.integra-fragrances.com\/site\/wp-content\/uploads\/2023\/10\/festival-profumi-300x300.jpg 300w, https:\/\/www.integra-fragrances.com\/site\/wp-content\/uploads\/2023\/10\/festival-profumi-150x150.jpg 150w, https:\/\/www.integra-fragrances.com\/site\/wp-content\/uploads\/2023\/10\/festival-profumi-768x768.jpg 768w\" sizes=\"(max-width: 1000px) 100vw, 1000px\" \/>\t\t\t\t\t\t\t\t\t\t\t\t\t\t\t<\/div>\n\t\t\t\t<\/div>\n\t\t\t\t<div class=\"elementor-element elementor-element-770d205 elementor-widget elementor-widget-heading\" data-id=\"770d205\" data-element_type=\"widget\" data-widget_type=\"heading.default\">\n\t\t\t\t<div class=\"elementor-widget-container\">\n\t\t\t\t\t<h4 class=\"elementor-heading-title elementor-size-default\">26.09.2023<\/h4>\t\t\t\t<\/div>\n\t\t\t\t<\/div>\n\t\t\t\t<div class=\"elementor-element elementor-element-ceacd88 elementor-widget elementor-widget-heading\" data-id=\"ceacd88\" data-element_type=\"widget\" data-widget_type=\"heading.default\">\n\t\t\t\t<div class=\"elementor-widget-container\">\n\t\t\t\t\t<h4 class=\"elementor-heading-title elementor-size-default\">Integra Fragrances est le sponsor du premier Festival des Parfums.<\/h4>\t\t\t\t<\/div>\n\t\t\t\t<\/div>\n\t\t\t\t<div class=\"elementor-element elementor-element-ef57251 elementor-align-left elementor-widget elementor-widget-button\" data-id=\"ef57251\" data-element_type=\"widget\" data-widget_type=\"button.default\">\n\t\t\t\t<div class=\"elementor-widget-container\">\n\t\t\t\t\t\t\t\t\t<div class=\"elementor-button-wrapper\">\n\t\t\t\t\t<a class=\"elementor-button elementor-button-link elementor-size-sm\" href=\"https:\/\/www.integra-fragrances.com\/fr\/integra-fragrances-est-le-sponsor-du-premier-festival-des-parfums\/\">\n\t\t\t\t\t\t<span class=\"elementor-button-content-wrapper\">\n\t\t\t\t\t\t\t\t\t<span class=\"elementor-button-text\">Lire plus<\/span>\n\t\t\t\t\t<\/span>\n\t\t\t\t\t<\/a>\n\t\t\t\t<\/div>\n\t\t\t\t\t\t\t\t<\/div>\n\t\t\t\t<\/div>\n\t\t\t\t<\/div>\n\t\t\t\t<\/div>\n\t\t<\/div>\t\t<\/article>\n\t\t\t\t<article id=\"post-4237\" class=\"elementor-post elementor-grid-item ecs-post-loop swiper-slide post-4237 post type-post status-publish format-standard has-post-thumbnail hentry category-non-classifiee\">\n\t\t<div class=\"ecs-link-wrapper\" data-href=\"https:\/\/www.integra-fragrances.com\/fr\/gucci-visions-la-mostra-di-gucci-garden-profumata-da-integra-fragrances\/\"   >\t\t<div data-elementor-type=\"loop\" data-elementor-id=\"4670\" class=\"elementor elementor-4670 elementor-1438 post-4237 post type-post status-publish format-standard has-post-thumbnail hentry category-non-classifiee\" data-elementor-post-type=\"elementor_library\">\n\t\t\t<div class=\"elementor-element elementor-element-9ef032c e-con-full e-flex e-con e-parent\" data-id=\"9ef032c\" data-element_type=\"container\" data-settings=\"{&quot;background_background&quot;:&quot;classic&quot;}\">\n\t\t\t\t<div class=\"elementor-element elementor-element-16fe76f elementor-widget elementor-widget-image\" data-id=\"16fe76f\" data-element_type=\"widget\" data-widget_type=\"image.default\">\n\t\t\t\t<div class=\"elementor-widget-container\">\n\t\t\t\t\t\t\t\t\t\t\t\t\t\t\t<img loading=\"lazy\" decoding=\"async\" width=\"980\" height=\"980\" src=\"https:\/\/www.integra-fragrances.com\/site\/wp-content\/uploads\/2023\/09\/4.jpg\" class=\"attachment-full size-full wp-image-4238\" alt=\"\" srcset=\"https:\/\/www.integra-fragrances.com\/site\/wp-content\/uploads\/2023\/09\/4.jpg 980w, https:\/\/www.integra-fragrances.com\/site\/wp-content\/uploads\/2023\/09\/4-300x300.jpg 300w, https:\/\/www.integra-fragrances.com\/site\/wp-content\/uploads\/2023\/09\/4-150x150.jpg 150w, https:\/\/www.integra-fragrances.com\/site\/wp-content\/uploads\/2023\/09\/4-768x768.jpg 768w\" sizes=\"(max-width: 980px) 100vw, 980px\" \/>\t\t\t\t\t\t\t\t\t\t\t\t\t\t\t<\/div>\n\t\t\t\t<\/div>\n\t\t\t\t<div class=\"elementor-element elementor-element-770d205 elementor-widget elementor-widget-heading\" data-id=\"770d205\" data-element_type=\"widget\" data-widget_type=\"heading.default\">\n\t\t\t\t<div class=\"elementor-widget-container\">\n\t\t\t\t\t<h4 class=\"elementor-heading-title elementor-size-default\">16.06.2023<\/h4>\t\t\t\t<\/div>\n\t\t\t\t<\/div>\n\t\t\t\t<div class=\"elementor-element elementor-element-ceacd88 elementor-widget elementor-widget-heading\" data-id=\"ceacd88\" data-element_type=\"widget\" data-widget_type=\"heading.default\">\n\t\t\t\t<div class=\"elementor-widget-container\">\n\t\t\t\t\t<h4 class=\"elementor-heading-title elementor-size-default\">Gucci Visions\u00a0: l\u2019exposition du Gucci Garden parfum\u00e9e par Integra Fragrances.<\/h4>\t\t\t\t<\/div>\n\t\t\t\t<\/div>\n\t\t\t\t<div class=\"elementor-element elementor-element-ef57251 elementor-align-left elementor-widget elementor-widget-button\" data-id=\"ef57251\" data-element_type=\"widget\" data-widget_type=\"button.default\">\n\t\t\t\t<div class=\"elementor-widget-container\">\n\t\t\t\t\t\t\t\t\t<div class=\"elementor-button-wrapper\">\n\t\t\t\t\t<a class=\"elementor-button elementor-button-link elementor-size-sm\" href=\"https:\/\/www.integra-fragrances.com\/fr\/gucci-visions-la-mostra-di-gucci-garden-profumata-da-integra-fragrances\/\">\n\t\t\t\t\t\t<span class=\"elementor-button-content-wrapper\">\n\t\t\t\t\t\t\t\t\t<span class=\"elementor-button-text\">Lire plus<\/span>\n\t\t\t\t\t<\/span>\n\t\t\t\t\t<\/a>\n\t\t\t\t<\/div>\n\t\t\t\t\t\t\t\t<\/div>\n\t\t\t\t<\/div>\n\t\t\t\t<\/div>\n\t\t\t\t<\/div>\n\t\t<\/div>\t\t<\/article>\n\t\t\t\t<article id=\"post-4244\" class=\"elementor-post elementor-grid-item ecs-post-loop swiper-slide post-4244 post type-post status-publish format-standard has-post-thumbnail hentry category-non-classifiee\">\n\t\t<div class=\"ecs-link-wrapper\" data-href=\"https:\/\/www.integra-fragrances.com\/fr\/le-nouveau-siege-milanais-dintesa-sanpaolo-sent-flower-amber\/\"   >\t\t<div data-elementor-type=\"loop\" data-elementor-id=\"4670\" class=\"elementor elementor-4670 elementor-1438 post-4244 post type-post status-publish format-standard has-post-thumbnail hentry category-non-classifiee\" data-elementor-post-type=\"elementor_library\">\n\t\t\t<div class=\"elementor-element elementor-element-9ef032c e-con-full e-flex e-con e-parent\" data-id=\"9ef032c\" data-element_type=\"container\" data-settings=\"{&quot;background_background&quot;:&quot;classic&quot;}\">\n\t\t\t\t<div class=\"elementor-element elementor-element-16fe76f elementor-widget elementor-widget-image\" data-id=\"16fe76f\" data-element_type=\"widget\" data-widget_type=\"image.default\">\n\t\t\t\t<div class=\"elementor-widget-container\">\n\t\t\t\t\t\t\t\t\t\t\t\t\t\t\t<img loading=\"lazy\" decoding=\"async\" width=\"2268\" height=\"2268\" src=\"https:\/\/www.integra-fragrances.com\/site\/wp-content\/uploads\/2023\/09\/2.jpg\" class=\"attachment-full size-full wp-image-4245\" alt=\"\" srcset=\"https:\/\/www.integra-fragrances.com\/site\/wp-content\/uploads\/2023\/09\/2.jpg 2268w, https:\/\/www.integra-fragrances.com\/site\/wp-content\/uploads\/2023\/09\/2-300x300.jpg 300w, https:\/\/www.integra-fragrances.com\/site\/wp-content\/uploads\/2023\/09\/2-1024x1024.jpg 1024w, https:\/\/www.integra-fragrances.com\/site\/wp-content\/uploads\/2023\/09\/2-150x150.jpg 150w, https:\/\/www.integra-fragrances.com\/site\/wp-content\/uploads\/2023\/09\/2-768x768.jpg 768w, https:\/\/www.integra-fragrances.com\/site\/wp-content\/uploads\/2023\/09\/2-1536x1536.jpg 1536w, https:\/\/www.integra-fragrances.com\/site\/wp-content\/uploads\/2023\/09\/2-2048x2048.jpg 2048w\" sizes=\"(max-width: 2268px) 100vw, 2268px\" \/>\t\t\t\t\t\t\t\t\t\t\t\t\t\t\t<\/div>\n\t\t\t\t<\/div>\n\t\t\t\t<div class=\"elementor-element elementor-element-770d205 elementor-widget elementor-widget-heading\" data-id=\"770d205\" data-element_type=\"widget\" data-widget_type=\"heading.default\">\n\t\t\t\t<div class=\"elementor-widget-container\">\n\t\t\t\t\t<h4 class=\"elementor-heading-title elementor-size-default\">15.06.2023<\/h4>\t\t\t\t<\/div>\n\t\t\t\t<\/div>\n\t\t\t\t<div class=\"elementor-element elementor-element-ceacd88 elementor-widget elementor-widget-heading\" data-id=\"ceacd88\" data-element_type=\"widget\" data-widget_type=\"heading.default\">\n\t\t\t\t<div class=\"elementor-widget-container\">\n\t\t\t\t\t<h4 class=\"elementor-heading-title elementor-size-default\">Le nouveau si\u00e8ge milanais d\u2019Intesa Sanpaolo sent \u201cFlower Amber\u201d.<\/h4>\t\t\t\t<\/div>\n\t\t\t\t<\/div>\n\t\t\t\t<div class=\"elementor-element elementor-element-ef57251 elementor-align-left elementor-widget elementor-widget-button\" data-id=\"ef57251\" data-element_type=\"widget\" data-widget_type=\"button.default\">\n\t\t\t\t<div class=\"elementor-widget-container\">\n\t\t\t\t\t\t\t\t\t<div class=\"elementor-button-wrapper\">\n\t\t\t\t\t<a class=\"elementor-button elementor-button-link elementor-size-sm\" href=\"https:\/\/www.integra-fragrances.com\/fr\/le-nouveau-siege-milanais-dintesa-sanpaolo-sent-flower-amber\/\">\n\t\t\t\t\t\t<span class=\"elementor-button-content-wrapper\">\n\t\t\t\t\t\t\t\t\t<span class=\"elementor-button-text\">Lire plus<\/span>\n\t\t\t\t\t<\/span>\n\t\t\t\t\t<\/a>\n\t\t\t\t<\/div>\n\t\t\t\t\t\t\t\t<\/div>\n\t\t\t\t<\/div>\n\t\t\t\t<\/div>\n\t\t\t\t<\/div>\n\t\t<\/div>\t\t<\/article>\n\t\t\t\t<article id=\"post-4251\" class=\"elementor-post elementor-grid-item ecs-post-loop swiper-slide post-4251 post type-post status-publish format-standard has-post-thumbnail hentry category-non-classifiee\">\n\t\t<div class=\"ecs-link-wrapper\" data-href=\"https:\/\/www.integra-fragrances.com\/fr\/integra-fragrances-x-the-financial-times-business-of-luxury-summit\/\"   >\t\t<div data-elementor-type=\"loop\" data-elementor-id=\"4670\" class=\"elementor elementor-4670 elementor-1438 post-4251 post type-post status-publish format-standard has-post-thumbnail hentry category-non-classifiee\" data-elementor-post-type=\"elementor_library\">\n\t\t\t<div class=\"elementor-element elementor-element-9ef032c e-con-full e-flex e-con e-parent\" data-id=\"9ef032c\" data-element_type=\"container\" data-settings=\"{&quot;background_background&quot;:&quot;classic&quot;}\">\n\t\t\t\t<div class=\"elementor-element elementor-element-16fe76f elementor-widget elementor-widget-image\" data-id=\"16fe76f\" data-element_type=\"widget\" data-widget_type=\"image.default\">\n\t\t\t\t<div class=\"elementor-widget-container\">\n\t\t\t\t\t\t\t\t\t\t\t\t\t\t\t<img loading=\"lazy\" decoding=\"async\" width=\"2000\" height=\"2000\" src=\"https:\/\/www.integra-fragrances.com\/site\/wp-content\/uploads\/2023\/09\/luxuri-summit.jpg\" class=\"attachment-full size-full wp-image-4252\" alt=\"\" srcset=\"https:\/\/www.integra-fragrances.com\/site\/wp-content\/uploads\/2023\/09\/luxuri-summit.jpg 2000w, https:\/\/www.integra-fragrances.com\/site\/wp-content\/uploads\/2023\/09\/luxuri-summit-300x300.jpg 300w, https:\/\/www.integra-fragrances.com\/site\/wp-content\/uploads\/2023\/09\/luxuri-summit-1024x1024.jpg 1024w, https:\/\/www.integra-fragrances.com\/site\/wp-content\/uploads\/2023\/09\/luxuri-summit-150x150.jpg 150w, https:\/\/www.integra-fragrances.com\/site\/wp-content\/uploads\/2023\/09\/luxuri-summit-768x768.jpg 768w, https:\/\/www.integra-fragrances.com\/site\/wp-content\/uploads\/2023\/09\/luxuri-summit-1536x1536.jpg 1536w\" sizes=\"(max-width: 2000px) 100vw, 2000px\" \/>\t\t\t\t\t\t\t\t\t\t\t\t\t\t\t<\/div>\n\t\t\t\t<\/div>\n\t\t\t\t<div class=\"elementor-element elementor-element-770d205 elementor-widget elementor-widget-heading\" data-id=\"770d205\" data-element_type=\"widget\" data-widget_type=\"heading.default\">\n\t\t\t\t<div class=\"elementor-widget-container\">\n\t\t\t\t\t<h4 class=\"elementor-heading-title elementor-size-default\">23.05.2023<\/h4>\t\t\t\t<\/div>\n\t\t\t\t<\/div>\n\t\t\t\t<div class=\"elementor-element elementor-element-ceacd88 elementor-widget elementor-widget-heading\" data-id=\"ceacd88\" data-element_type=\"widget\" data-widget_type=\"heading.default\">\n\t\t\t\t<div class=\"elementor-widget-container\">\n\t\t\t\t\t<h4 class=\"elementor-heading-title elementor-size-default\">Integra Fragrances pour The Financial Times Business of Luxury Summit.<\/h4>\t\t\t\t<\/div>\n\t\t\t\t<\/div>\n\t\t\t\t<div class=\"elementor-element elementor-element-ef57251 elementor-align-left elementor-widget elementor-widget-button\" data-id=\"ef57251\" data-element_type=\"widget\" data-widget_type=\"button.default\">\n\t\t\t\t<div class=\"elementor-widget-container\">\n\t\t\t\t\t\t\t\t\t<div class=\"elementor-button-wrapper\">\n\t\t\t\t\t<a class=\"elementor-button elementor-button-link elementor-size-sm\" href=\"https:\/\/www.integra-fragrances.com\/fr\/integra-fragrances-x-the-financial-times-business-of-luxury-summit\/\">\n\t\t\t\t\t\t<span class=\"elementor-button-content-wrapper\">\n\t\t\t\t\t\t\t\t\t<span class=\"elementor-button-text\">Lire plus<\/span>\n\t\t\t\t\t<\/span>\n\t\t\t\t\t<\/a>\n\t\t\t\t<\/div>\n\t\t\t\t\t\t\t\t<\/div>\n\t\t\t\t<\/div>\n\t\t\t\t<\/div>\n\t\t\t\t<\/div>\n\t\t<\/div>\t\t<\/article>\n\t\t\t\t<article id=\"post-4258\" class=\"elementor-post elementor-grid-item ecs-post-loop swiper-slide post-4258 post type-post status-publish format-standard has-post-thumbnail hentry category-non-classifiee\">\n\t\t<div class=\"ecs-link-wrapper\" data-href=\"https:\/\/www.integra-fragrances.com\/fr\/integra-fragrances-profuma-levento-di-lancio-di-bulgari-metditerranea-a-venezia\/\"   >\t\t<div data-elementor-type=\"loop\" data-elementor-id=\"4670\" class=\"elementor elementor-4670 elementor-1438 post-4258 post type-post status-publish format-standard has-post-thumbnail hentry category-non-classifiee\" data-elementor-post-type=\"elementor_library\">\n\t\t\t<div class=\"elementor-element elementor-element-9ef032c e-con-full e-flex e-con e-parent\" data-id=\"9ef032c\" data-element_type=\"container\" data-settings=\"{&quot;background_background&quot;:&quot;classic&quot;}\">\n\t\t\t\t<div class=\"elementor-element elementor-element-16fe76f elementor-widget elementor-widget-image\" data-id=\"16fe76f\" data-element_type=\"widget\" data-widget_type=\"image.default\">\n\t\t\t\t<div class=\"elementor-widget-container\">\n\t\t\t\t\t\t\t\t\t\t\t\t\t\t\t<img loading=\"lazy\" decoding=\"async\" width=\"1080\" height=\"1080\" src=\"https:\/\/www.integra-fragrances.com\/site\/wp-content\/uploads\/2023\/09\/3.jpg\" class=\"attachment-full size-full wp-image-4259\" alt=\"\" srcset=\"https:\/\/www.integra-fragrances.com\/site\/wp-content\/uploads\/2023\/09\/3.jpg 1080w, https:\/\/www.integra-fragrances.com\/site\/wp-content\/uploads\/2023\/09\/3-300x300.jpg 300w, https:\/\/www.integra-fragrances.com\/site\/wp-content\/uploads\/2023\/09\/3-1024x1024.jpg 1024w, https:\/\/www.integra-fragrances.com\/site\/wp-content\/uploads\/2023\/09\/3-150x150.jpg 150w, https:\/\/www.integra-fragrances.com\/site\/wp-content\/uploads\/2023\/09\/3-768x768.jpg 768w\" sizes=\"(max-width: 1080px) 100vw, 1080px\" \/>\t\t\t\t\t\t\t\t\t\t\t\t\t\t\t<\/div>\n\t\t\t\t<\/div>\n\t\t\t\t<div class=\"elementor-element elementor-element-770d205 elementor-widget elementor-widget-heading\" data-id=\"770d205\" data-element_type=\"widget\" data-widget_type=\"heading.default\">\n\t\t\t\t<div class=\"elementor-widget-container\">\n\t\t\t\t\t<h4 class=\"elementor-heading-title elementor-size-default\">15.05.2023<\/h4>\t\t\t\t<\/div>\n\t\t\t\t<\/div>\n\t\t\t\t<div class=\"elementor-element elementor-element-ceacd88 elementor-widget elementor-widget-heading\" data-id=\"ceacd88\" data-element_type=\"widget\" data-widget_type=\"heading.default\">\n\t\t\t\t<div class=\"elementor-widget-container\">\n\t\t\t\t\t<h4 class=\"elementor-heading-title elementor-size-default\">Integra Fragrances parfume l\u2019\u00e9venement de lancement de Bulgari Mediterranea \u00e0 Venise.<\/h4>\t\t\t\t<\/div>\n\t\t\t\t<\/div>\n\t\t\t\t<div class=\"elementor-element elementor-element-ef57251 elementor-align-left elementor-widget elementor-widget-button\" data-id=\"ef57251\" data-element_type=\"widget\" data-widget_type=\"button.default\">\n\t\t\t\t<div class=\"elementor-widget-container\">\n\t\t\t\t\t\t\t\t\t<div class=\"elementor-button-wrapper\">\n\t\t\t\t\t<a class=\"elementor-button elementor-button-link elementor-size-sm\" href=\"https:\/\/www.integra-fragrances.com\/fr\/integra-fragrances-profuma-levento-di-lancio-di-bulgari-metditerranea-a-venezia\/\">\n\t\t\t\t\t\t<span class=\"elementor-button-content-wrapper\">\n\t\t\t\t\t\t\t\t\t<span class=\"elementor-button-text\">Lire plus<\/span>\n\t\t\t\t\t<\/span>\n\t\t\t\t\t<\/a>\n\t\t\t\t<\/div>\n\t\t\t\t\t\t\t\t<\/div>\n\t\t\t\t<\/div>\n\t\t\t\t<\/div>\n\t\t\t\t<\/div>\n\t\t<\/div>\t\t<\/article>\n\t\t\t\t<article id=\"post-4268\" class=\"elementor-post elementor-grid-item ecs-post-loop swiper-slide post-4268 post type-post status-publish format-standard has-post-thumbnail hentry category-non-classifiee\">\n\t\t<div class=\"ecs-link-wrapper\" data-href=\"https:\/\/www.integra-fragrances.com\/fr\/esperenza-e-lidentita-olfattiva-di-world-retail-congress-2023\/\"   >\t\t<div data-elementor-type=\"loop\" data-elementor-id=\"4670\" class=\"elementor elementor-4670 elementor-1438 post-4268 post type-post status-publish format-standard has-post-thumbnail hentry category-non-classifiee\" data-elementor-post-type=\"elementor_library\">\n\t\t\t<div class=\"elementor-element elementor-element-9ef032c e-con-full e-flex e-con e-parent\" data-id=\"9ef032c\" data-element_type=\"container\" data-settings=\"{&quot;background_background&quot;:&quot;classic&quot;}\">\n\t\t\t\t<div class=\"elementor-element elementor-element-16fe76f elementor-widget elementor-widget-image\" data-id=\"16fe76f\" data-element_type=\"widget\" data-widget_type=\"image.default\">\n\t\t\t\t<div class=\"elementor-widget-container\">\n\t\t\t\t\t\t\t\t\t\t\t\t\t\t\t<img loading=\"lazy\" decoding=\"async\" width=\"2250\" height=\"2250\" src=\"https:\/\/www.integra-fragrances.com\/site\/wp-content\/uploads\/2023\/09\/1.jpg\" class=\"attachment-full size-full wp-image-4269\" alt=\"\" srcset=\"https:\/\/www.integra-fragrances.com\/site\/wp-content\/uploads\/2023\/09\/1.jpg 2250w, https:\/\/www.integra-fragrances.com\/site\/wp-content\/uploads\/2023\/09\/1-300x300.jpg 300w, https:\/\/www.integra-fragrances.com\/site\/wp-content\/uploads\/2023\/09\/1-1024x1024.jpg 1024w, https:\/\/www.integra-fragrances.com\/site\/wp-content\/uploads\/2023\/09\/1-150x150.jpg 150w, https:\/\/www.integra-fragrances.com\/site\/wp-content\/uploads\/2023\/09\/1-768x768.jpg 768w, https:\/\/www.integra-fragrances.com\/site\/wp-content\/uploads\/2023\/09\/1-1536x1536.jpg 1536w, https:\/\/www.integra-fragrances.com\/site\/wp-content\/uploads\/2023\/09\/1-2048x2048.jpg 2048w\" sizes=\"(max-width: 2250px) 100vw, 2250px\" \/>\t\t\t\t\t\t\t\t\t\t\t\t\t\t\t<\/div>\n\t\t\t\t<\/div>\n\t\t\t\t<div class=\"elementor-element elementor-element-770d205 elementor-widget elementor-widget-heading\" data-id=\"770d205\" data-element_type=\"widget\" data-widget_type=\"heading.default\">\n\t\t\t\t<div class=\"elementor-widget-container\">\n\t\t\t\t\t<h4 class=\"elementor-heading-title elementor-size-default\">25.04.2023<\/h4>\t\t\t\t<\/div>\n\t\t\t\t<\/div>\n\t\t\t\t<div class=\"elementor-element elementor-element-ceacd88 elementor-widget elementor-widget-heading\" data-id=\"ceacd88\" data-element_type=\"widget\" data-widget_type=\"heading.default\">\n\t\t\t\t<div class=\"elementor-widget-container\">\n\t\t\t\t\t<h4 class=\"elementor-heading-title elementor-size-default\">\u201cEsperanza\u201d est l\u2019identit\u00e9 olfactive du World Retail Congress 2023.<\/h4>\t\t\t\t<\/div>\n\t\t\t\t<\/div>\n\t\t\t\t<div class=\"elementor-element elementor-element-ef57251 elementor-align-left elementor-widget elementor-widget-button\" data-id=\"ef57251\" data-element_type=\"widget\" data-widget_type=\"button.default\">\n\t\t\t\t<div class=\"elementor-widget-container\">\n\t\t\t\t\t\t\t\t\t<div class=\"elementor-button-wrapper\">\n\t\t\t\t\t<a class=\"elementor-button elementor-button-link elementor-size-sm\" href=\"https:\/\/www.integra-fragrances.com\/fr\/esperenza-e-lidentita-olfattiva-di-world-retail-congress-2023\/\">\n\t\t\t\t\t\t<span class=\"elementor-button-content-wrapper\">\n\t\t\t\t\t\t\t\t\t<span class=\"elementor-button-text\">Lire plus<\/span>\n\t\t\t\t\t<\/span>\n\t\t\t\t\t<\/a>\n\t\t\t\t<\/div>\n\t\t\t\t\t\t\t\t<\/div>\n\t\t\t\t<\/div>\n\t\t\t\t<\/div>\n\t\t\t\t<\/div>\n\t\t<\/div>\t\t<\/article>\n\t\t\t\t<article id=\"post-4275\" class=\"elementor-post elementor-grid-item ecs-post-loop swiper-slide post-4275 post type-post status-publish format-standard has-post-thumbnail hentry category-non-classifiee\">\n\t\t<div class=\"ecs-link-wrapper\" data-href=\"https:\/\/www.integra-fragrances.com\/fr\/fragranza-a-tema-per-il-pop-up-store-milanese-di-united-colors-of-benetton\/\"   >\t\t<div data-elementor-type=\"loop\" data-elementor-id=\"4670\" class=\"elementor elementor-4670 elementor-1438 post-4275 post type-post status-publish format-standard has-post-thumbnail hentry category-non-classifiee\" data-elementor-post-type=\"elementor_library\">\n\t\t\t<div class=\"elementor-element elementor-element-9ef032c e-con-full e-flex e-con e-parent\" data-id=\"9ef032c\" data-element_type=\"container\" data-settings=\"{&quot;background_background&quot;:&quot;classic&quot;}\">\n\t\t\t\t<div class=\"elementor-element elementor-element-16fe76f elementor-widget elementor-widget-image\" data-id=\"16fe76f\" data-element_type=\"widget\" data-widget_type=\"image.default\">\n\t\t\t\t<div class=\"elementor-widget-container\">\n\t\t\t\t\t\t\t\t\t\t\t\t\t\t\t<img loading=\"lazy\" decoding=\"async\" width=\"1081\" height=\"1081\" src=\"https:\/\/www.integra-fragrances.com\/site\/wp-content\/uploads\/2023\/09\/1.png\" class=\"attachment-full size-full wp-image-4276\" alt=\"\" srcset=\"https:\/\/www.integra-fragrances.com\/site\/wp-content\/uploads\/2023\/09\/1.png 1081w, https:\/\/www.integra-fragrances.com\/site\/wp-content\/uploads\/2023\/09\/1-300x300.png 300w, https:\/\/www.integra-fragrances.com\/site\/wp-content\/uploads\/2023\/09\/1-1024x1024.png 1024w, https:\/\/www.integra-fragrances.com\/site\/wp-content\/uploads\/2023\/09\/1-150x150.png 150w, https:\/\/www.integra-fragrances.com\/site\/wp-content\/uploads\/2023\/09\/1-768x768.png 768w\" sizes=\"(max-width: 1081px) 100vw, 1081px\" \/>\t\t\t\t\t\t\t\t\t\t\t\t\t\t\t<\/div>\n\t\t\t\t<\/div>\n\t\t\t\t<div class=\"elementor-element elementor-element-770d205 elementor-widget elementor-widget-heading\" data-id=\"770d205\" data-element_type=\"widget\" data-widget_type=\"heading.default\">\n\t\t\t\t<div class=\"elementor-widget-container\">\n\t\t\t\t\t<h4 class=\"elementor-heading-title elementor-size-default\">18.04.2023<\/h4>\t\t\t\t<\/div>\n\t\t\t\t<\/div>\n\t\t\t\t<div class=\"elementor-element elementor-element-ceacd88 elementor-widget elementor-widget-heading\" data-id=\"ceacd88\" data-element_type=\"widget\" data-widget_type=\"heading.default\">\n\t\t\t\t<div class=\"elementor-widget-container\">\n\t\t\t\t\t<h4 class=\"elementor-heading-title elementor-size-default\">Parfum \u00e0 th\u00e9me pour le pop-up store Milanais de United Colors of Benetton.<\/h4>\t\t\t\t<\/div>\n\t\t\t\t<\/div>\n\t\t\t\t<div class=\"elementor-element elementor-element-ef57251 elementor-align-left elementor-widget elementor-widget-button\" data-id=\"ef57251\" data-element_type=\"widget\" data-widget_type=\"button.default\">\n\t\t\t\t<div class=\"elementor-widget-container\">\n\t\t\t\t\t\t\t\t\t<div class=\"elementor-button-wrapper\">\n\t\t\t\t\t<a class=\"elementor-button elementor-button-link elementor-size-sm\" href=\"https:\/\/www.integra-fragrances.com\/fr\/fragranza-a-tema-per-il-pop-up-store-milanese-di-united-colors-of-benetton\/\">\n\t\t\t\t\t\t<span class=\"elementor-button-content-wrapper\">\n\t\t\t\t\t\t\t\t\t<span class=\"elementor-button-text\">Lire plus<\/span>\n\t\t\t\t\t<\/span>\n\t\t\t\t\t<\/a>\n\t\t\t\t<\/div>\n\t\t\t\t\t\t\t\t<\/div>\n\t\t\t\t<\/div>\n\t\t\t\t<\/div>\n\t\t\t\t<\/div>\n\t\t<\/div>\t\t<\/article>\n\t\t\t\t<article id=\"post-4282\" class=\"elementor-post elementor-grid-item ecs-post-loop swiper-slide post-4282 post type-post status-publish format-standard has-post-thumbnail hentry category-non-classifiee\">\n\t\t<div class=\"ecs-link-wrapper\" data-href=\"https:\/\/www.integra-fragrances.com\/fr\/milano-design-week-2023-fuoco-campo-base\/\"   >\t\t<div data-elementor-type=\"loop\" data-elementor-id=\"4670\" class=\"elementor elementor-4670 elementor-1438 post-4282 post type-post status-publish format-standard has-post-thumbnail hentry category-non-classifiee\" data-elementor-post-type=\"elementor_library\">\n\t\t\t<div class=\"elementor-element elementor-element-9ef032c e-con-full e-flex e-con e-parent\" data-id=\"9ef032c\" data-element_type=\"container\" data-settings=\"{&quot;background_background&quot;:&quot;classic&quot;}\">\n\t\t\t\t<div class=\"elementor-element elementor-element-16fe76f elementor-widget elementor-widget-image\" data-id=\"16fe76f\" data-element_type=\"widget\" data-widget_type=\"image.default\">\n\t\t\t\t<div class=\"elementor-widget-container\">\n\t\t\t\t\t\t\t\t\t\t\t\t\t\t\t<img loading=\"lazy\" decoding=\"async\" width=\"1080\" height=\"1080\" src=\"https:\/\/www.integra-fragrances.com\/site\/wp-content\/uploads\/2023\/09\/0-COVER-.jpg\" class=\"attachment-full size-full wp-image-4283\" alt=\"\" srcset=\"https:\/\/www.integra-fragrances.com\/site\/wp-content\/uploads\/2023\/09\/0-COVER-.jpg 1080w, https:\/\/www.integra-fragrances.com\/site\/wp-content\/uploads\/2023\/09\/0-COVER--300x300.jpg 300w, https:\/\/www.integra-fragrances.com\/site\/wp-content\/uploads\/2023\/09\/0-COVER--1024x1024.jpg 1024w, https:\/\/www.integra-fragrances.com\/site\/wp-content\/uploads\/2023\/09\/0-COVER--150x150.jpg 150w, https:\/\/www.integra-fragrances.com\/site\/wp-content\/uploads\/2023\/09\/0-COVER--768x768.jpg 768w\" sizes=\"(max-width: 1080px) 100vw, 1080px\" \/>\t\t\t\t\t\t\t\t\t\t\t\t\t\t\t<\/div>\n\t\t\t\t<\/div>\n\t\t\t\t<div class=\"elementor-element elementor-element-770d205 elementor-widget elementor-widget-heading\" data-id=\"770d205\" data-element_type=\"widget\" data-widget_type=\"heading.default\">\n\t\t\t\t<div class=\"elementor-widget-container\">\n\t\t\t\t\t<h4 class=\"elementor-heading-title elementor-size-default\">17.04.2023<\/h4>\t\t\t\t<\/div>\n\t\t\t\t<\/div>\n\t\t\t\t<div class=\"elementor-element elementor-element-ceacd88 elementor-widget elementor-widget-heading\" data-id=\"ceacd88\" data-element_type=\"widget\" data-widget_type=\"heading.default\">\n\t\t\t\t<div class=\"elementor-widget-container\">\n\t\t\t\t\t<h4 class=\"elementor-heading-title elementor-size-default\">Milano Design Week 2023 &#8211; \u201cFuoco\u201d @Campo Base.<\/h4>\t\t\t\t<\/div>\n\t\t\t\t<\/div>\n\t\t\t\t<div class=\"elementor-element elementor-element-ef57251 elementor-align-left elementor-widget elementor-widget-button\" data-id=\"ef57251\" data-element_type=\"widget\" data-widget_type=\"button.default\">\n\t\t\t\t<div class=\"elementor-widget-container\">\n\t\t\t\t\t\t\t\t\t<div class=\"elementor-button-wrapper\">\n\t\t\t\t\t<a class=\"elementor-button elementor-button-link elementor-size-sm\" href=\"https:\/\/www.integra-fragrances.com\/fr\/milano-design-week-2023-fuoco-campo-base\/\">\n\t\t\t\t\t\t<span class=\"elementor-button-content-wrapper\">\n\t\t\t\t\t\t\t\t\t<span class=\"elementor-button-text\">Lire plus<\/span>\n\t\t\t\t\t<\/span>\n\t\t\t\t\t<\/a>\n\t\t\t\t<\/div>\n\t\t\t\t\t\t\t\t<\/div>\n\t\t\t\t<\/div>\n\t\t\t\t<\/div>\n\t\t\t\t<\/div>\n\t\t<\/div>\t\t<\/article>\n\t\t\t\t<article id=\"post-4289\" class=\"elementor-post elementor-grid-item ecs-post-loop swiper-slide post-4289 post type-post status-publish format-standard has-post-thumbnail hentry category-non-classifiee\">\n\t\t<div class=\"ecs-link-wrapper\" data-href=\"https:\/\/www.integra-fragrances.com\/fr\/cest-la-milan-beauty-week\/\"   >\t\t<div data-elementor-type=\"loop\" data-elementor-id=\"4670\" class=\"elementor elementor-4670 elementor-1438 post-4289 post type-post status-publish format-standard has-post-thumbnail hentry category-non-classifiee\" data-elementor-post-type=\"elementor_library\">\n\t\t\t<div class=\"elementor-element elementor-element-9ef032c e-con-full e-flex e-con e-parent\" data-id=\"9ef032c\" data-element_type=\"container\" data-settings=\"{&quot;background_background&quot;:&quot;classic&quot;}\">\n\t\t\t\t<div class=\"elementor-element elementor-element-16fe76f elementor-widget elementor-widget-image\" data-id=\"16fe76f\" data-element_type=\"widget\" data-widget_type=\"image.default\">\n\t\t\t\t<div class=\"elementor-widget-container\">\n\t\t\t\t\t\t\t\t\t\t\t\t\t\t\t<img loading=\"lazy\" decoding=\"async\" width=\"4500\" height=\"4500\" src=\"https:\/\/www.integra-fragrances.com\/site\/wp-content\/uploads\/2023\/09\/milan-beauty-week-std.jpg\" class=\"attachment-full size-full wp-image-4290\" alt=\"\" srcset=\"https:\/\/www.integra-fragrances.com\/site\/wp-content\/uploads\/2023\/09\/milan-beauty-week-std.jpg 4500w, https:\/\/www.integra-fragrances.com\/site\/wp-content\/uploads\/2023\/09\/milan-beauty-week-std-300x300.jpg 300w, https:\/\/www.integra-fragrances.com\/site\/wp-content\/uploads\/2023\/09\/milan-beauty-week-std-1024x1024.jpg 1024w, https:\/\/www.integra-fragrances.com\/site\/wp-content\/uploads\/2023\/09\/milan-beauty-week-std-150x150.jpg 150w, https:\/\/www.integra-fragrances.com\/site\/wp-content\/uploads\/2023\/09\/milan-beauty-week-std-768x768.jpg 768w, https:\/\/www.integra-fragrances.com\/site\/wp-content\/uploads\/2023\/09\/milan-beauty-week-std-1536x1536.jpg 1536w, https:\/\/www.integra-fragrances.com\/site\/wp-content\/uploads\/2023\/09\/milan-beauty-week-std-2048x2048.jpg 2048w\" sizes=\"(max-width: 4500px) 100vw, 4500px\" \/>\t\t\t\t\t\t\t\t\t\t\t\t\t\t\t<\/div>\n\t\t\t\t<\/div>\n\t\t\t\t<div class=\"elementor-element elementor-element-770d205 elementor-widget elementor-widget-heading\" data-id=\"770d205\" data-element_type=\"widget\" data-widget_type=\"heading.default\">\n\t\t\t\t<div class=\"elementor-widget-container\">\n\t\t\t\t\t<h4 class=\"elementor-heading-title elementor-size-default\">24.02.2023<\/h4>\t\t\t\t<\/div>\n\t\t\t\t<\/div>\n\t\t\t\t<div class=\"elementor-element elementor-element-ceacd88 elementor-widget elementor-widget-heading\" data-id=\"ceacd88\" data-element_type=\"widget\" data-widget_type=\"heading.default\">\n\t\t\t\t<div class=\"elementor-widget-container\">\n\t\t\t\t\t<h4 class=\"elementor-heading-title elementor-size-default\">C&#8217;est la Milan Beauty Week.<\/h4>\t\t\t\t<\/div>\n\t\t\t\t<\/div>\n\t\t\t\t<div class=\"elementor-element elementor-element-ef57251 elementor-align-left elementor-widget elementor-widget-button\" data-id=\"ef57251\" data-element_type=\"widget\" data-widget_type=\"button.default\">\n\t\t\t\t<div class=\"elementor-widget-container\">\n\t\t\t\t\t\t\t\t\t<div class=\"elementor-button-wrapper\">\n\t\t\t\t\t<a class=\"elementor-button elementor-button-link elementor-size-sm\" href=\"https:\/\/www.integra-fragrances.com\/fr\/cest-la-milan-beauty-week\/\">\n\t\t\t\t\t\t<span class=\"elementor-button-content-wrapper\">\n\t\t\t\t\t\t\t\t\t<span class=\"elementor-button-text\">Lire plus<\/span>\n\t\t\t\t\t<\/span>\n\t\t\t\t\t<\/a>\n\t\t\t\t<\/div>\n\t\t\t\t\t\t\t\t<\/div>\n\t\t\t\t<\/div>\n\t\t\t\t<\/div>\n\t\t\t\t<\/div>\n\t\t<\/div>\t\t<\/article>\n\t\t\t\t<article id=\"post-4550\" class=\"elementor-post elementor-grid-item ecs-post-loop swiper-slide post-4550 post type-post status-publish format-standard has-post-thumbnail hentry category-non-classifiee\">\n\t\t<div class=\"ecs-link-wrapper\" data-href=\"https:\/\/www.integra-fragrances.com\/fr\/gucci-garden-arhetypes-exhibition-in-sydney-parfumed-by-integra-fragrances\/\"   >\t\t<div data-elementor-type=\"loop\" data-elementor-id=\"4670\" class=\"elementor elementor-4670 elementor-1438 post-4550 post type-post status-publish format-standard has-post-thumbnail hentry category-non-classifiee\" data-elementor-post-type=\"elementor_library\">\n\t\t\t<div class=\"elementor-element elementor-element-9ef032c e-con-full e-flex e-con e-parent\" data-id=\"9ef032c\" data-element_type=\"container\" data-settings=\"{&quot;background_background&quot;:&quot;classic&quot;}\">\n\t\t\t\t<div class=\"elementor-element elementor-element-16fe76f elementor-widget elementor-widget-image\" data-id=\"16fe76f\" data-element_type=\"widget\" data-widget_type=\"image.default\">\n\t\t\t\t<div class=\"elementor-widget-container\">\n\t\t\t\t\t\t\t\t\t\t\t\t\t\t\t<img loading=\"lazy\" decoding=\"async\" width=\"960\" height=\"960\" src=\"https:\/\/www.integra-fragrances.com\/site\/wp-content\/uploads\/2023\/09\/3-Gucci_Garden_Archetypes_6-2-960x1280-1.jpg\" class=\"attachment-full size-full wp-image-4551\" alt=\"\" srcset=\"https:\/\/www.integra-fragrances.com\/site\/wp-content\/uploads\/2023\/09\/3-Gucci_Garden_Archetypes_6-2-960x1280-1.jpg 960w, https:\/\/www.integra-fragrances.com\/site\/wp-content\/uploads\/2023\/09\/3-Gucci_Garden_Archetypes_6-2-960x1280-1-300x300.jpg 300w, https:\/\/www.integra-fragrances.com\/site\/wp-content\/uploads\/2023\/09\/3-Gucci_Garden_Archetypes_6-2-960x1280-1-150x150.jpg 150w, https:\/\/www.integra-fragrances.com\/site\/wp-content\/uploads\/2023\/09\/3-Gucci_Garden_Archetypes_6-2-960x1280-1-768x768.jpg 768w\" sizes=\"(max-width: 960px) 100vw, 960px\" \/>\t\t\t\t\t\t\t\t\t\t\t\t\t\t\t<\/div>\n\t\t\t\t<\/div>\n\t\t\t\t<div class=\"elementor-element elementor-element-770d205 elementor-widget elementor-widget-heading\" data-id=\"770d205\" data-element_type=\"widget\" data-widget_type=\"heading.default\">\n\t\t\t\t<div class=\"elementor-widget-container\">\n\t\t\t\t\t<h4 class=\"elementor-heading-title elementor-size-default\">15.01.2023<\/h4>\t\t\t\t<\/div>\n\t\t\t\t<\/div>\n\t\t\t\t<div class=\"elementor-element elementor-element-ceacd88 elementor-widget elementor-widget-heading\" data-id=\"ceacd88\" data-element_type=\"widget\" data-widget_type=\"heading.default\">\n\t\t\t\t<div class=\"elementor-widget-container\">\n\t\t\t\t\t<h4 class=\"elementor-heading-title elementor-size-default\">Un parfum pour l\u2019exposition \u00ab\u00a0Gucci Garden Archetypes\u00a0\u00bb \u00e0 Sydney gr\u00e2ce \u00e0 Integra Fragrances.<\/h4>\t\t\t\t<\/div>\n\t\t\t\t<\/div>\n\t\t\t\t<div class=\"elementor-element elementor-element-ef57251 elementor-align-left elementor-widget elementor-widget-button\" data-id=\"ef57251\" data-element_type=\"widget\" data-widget_type=\"button.default\">\n\t\t\t\t<div class=\"elementor-widget-container\">\n\t\t\t\t\t\t\t\t\t<div class=\"elementor-button-wrapper\">\n\t\t\t\t\t<a class=\"elementor-button elementor-button-link elementor-size-sm\" href=\"https:\/\/www.integra-fragrances.com\/fr\/gucci-garden-arhetypes-exhibition-in-sydney-parfumed-by-integra-fragrances\/\">\n\t\t\t\t\t\t<span class=\"elementor-button-content-wrapper\">\n\t\t\t\t\t\t\t\t\t<span class=\"elementor-button-text\">Lire plus<\/span>\n\t\t\t\t\t<\/span>\n\t\t\t\t\t<\/a>\n\t\t\t\t<\/div>\n\t\t\t\t\t\t\t\t<\/div>\n\t\t\t\t<\/div>\n\t\t\t\t<\/div>\n\t\t\t\t<\/div>\n\t\t<\/div>\t\t<\/article>\n\t\t\t\t<article id=\"post-4555\" class=\"elementor-post elementor-grid-item ecs-post-loop swiper-slide post-4555 post type-post status-publish format-standard has-post-thumbnail hentry category-non-classifiee\">\n\t\t<div class=\"ecs-link-wrapper\" data-href=\"https:\/\/www.integra-fragrances.com\/fr\/la-bougie-parfumee-amoenus-pour-the-mall-luxury-outlets\/\"   >\t\t<div data-elementor-type=\"loop\" data-elementor-id=\"4670\" class=\"elementor elementor-4670 elementor-1438 post-4555 post type-post status-publish format-standard has-post-thumbnail hentry category-non-classifiee\" data-elementor-post-type=\"elementor_library\">\n\t\t\t<div class=\"elementor-element elementor-element-9ef032c e-con-full e-flex e-con e-parent\" data-id=\"9ef032c\" data-element_type=\"container\" data-settings=\"{&quot;background_background&quot;:&quot;classic&quot;}\">\n\t\t\t\t<div class=\"elementor-element elementor-element-16fe76f elementor-widget elementor-widget-image\" data-id=\"16fe76f\" data-element_type=\"widget\" data-widget_type=\"image.default\">\n\t\t\t\t<div class=\"elementor-widget-container\">\n\t\t\t\t\t\t\t\t\t\t\t\t\t\t\t<img loading=\"lazy\" decoding=\"async\" width=\"2000\" height=\"2000\" src=\"https:\/\/www.integra-fragrances.com\/site\/wp-content\/uploads\/2023\/09\/the-mall.jpg\" class=\"attachment-full size-full wp-image-4556\" alt=\"\" srcset=\"https:\/\/www.integra-fragrances.com\/site\/wp-content\/uploads\/2023\/09\/the-mall.jpg 2000w, https:\/\/www.integra-fragrances.com\/site\/wp-content\/uploads\/2023\/09\/the-mall-300x300.jpg 300w, https:\/\/www.integra-fragrances.com\/site\/wp-content\/uploads\/2023\/09\/the-mall-1024x1024.jpg 1024w, https:\/\/www.integra-fragrances.com\/site\/wp-content\/uploads\/2023\/09\/the-mall-150x150.jpg 150w, https:\/\/www.integra-fragrances.com\/site\/wp-content\/uploads\/2023\/09\/the-mall-768x768.jpg 768w, https:\/\/www.integra-fragrances.com\/site\/wp-content\/uploads\/2023\/09\/the-mall-1536x1536.jpg 1536w\" sizes=\"(max-width: 2000px) 100vw, 2000px\" \/>\t\t\t\t\t\t\t\t\t\t\t\t\t\t\t<\/div>\n\t\t\t\t<\/div>\n\t\t\t\t<div class=\"elementor-element elementor-element-770d205 elementor-widget elementor-widget-heading\" data-id=\"770d205\" data-element_type=\"widget\" data-widget_type=\"heading.default\">\n\t\t\t\t<div class=\"elementor-widget-container\">\n\t\t\t\t\t<h4 class=\"elementor-heading-title elementor-size-default\">07.12.2022<\/h4>\t\t\t\t<\/div>\n\t\t\t\t<\/div>\n\t\t\t\t<div class=\"elementor-element elementor-element-ceacd88 elementor-widget elementor-widget-heading\" data-id=\"ceacd88\" data-element_type=\"widget\" data-widget_type=\"heading.default\">\n\t\t\t\t<div class=\"elementor-widget-container\">\n\t\t\t\t\t<h4 class=\"elementor-heading-title elementor-size-default\">La bougie parfum\u00e9e \u201cAmoenus\u201d pour The Mall Luxury Outlets.<\/h4>\t\t\t\t<\/div>\n\t\t\t\t<\/div>\n\t\t\t\t<div class=\"elementor-element elementor-element-ef57251 elementor-align-left elementor-widget elementor-widget-button\" data-id=\"ef57251\" data-element_type=\"widget\" data-widget_type=\"button.default\">\n\t\t\t\t<div class=\"elementor-widget-container\">\n\t\t\t\t\t\t\t\t\t<div class=\"elementor-button-wrapper\">\n\t\t\t\t\t<a class=\"elementor-button elementor-button-link elementor-size-sm\" href=\"https:\/\/www.integra-fragrances.com\/fr\/la-bougie-parfumee-amoenus-pour-the-mall-luxury-outlets\/\">\n\t\t\t\t\t\t<span class=\"elementor-button-content-wrapper\">\n\t\t\t\t\t\t\t\t\t<span class=\"elementor-button-text\">Lire plus<\/span>\n\t\t\t\t\t<\/span>\n\t\t\t\t\t<\/a>\n\t\t\t\t<\/div>\n\t\t\t\t\t\t\t\t<\/div>\n\t\t\t\t<\/div>\n\t\t\t\t<\/div>\n\t\t\t\t<\/div>\n\t\t<\/div>\t\t<\/article>\n\t\t\t\t<article id=\"post-4562\" class=\"elementor-post elementor-grid-item ecs-post-loop swiper-slide post-4562 post type-post status-publish format-standard has-post-thumbnail hentry category-non-classifiee\">\n\t\t<div class=\"ecs-link-wrapper\" data-href=\"https:\/\/www.integra-fragrances.com\/fr\/profumo-di-brand-the-first-integra-fragrances-podcast\/\"   >\t\t<div data-elementor-type=\"loop\" data-elementor-id=\"4670\" class=\"elementor elementor-4670 elementor-1438 post-4562 post type-post status-publish format-standard has-post-thumbnail hentry category-non-classifiee\" data-elementor-post-type=\"elementor_library\">\n\t\t\t<div class=\"elementor-element elementor-element-9ef032c e-con-full e-flex e-con e-parent\" data-id=\"9ef032c\" data-element_type=\"container\" data-settings=\"{&quot;background_background&quot;:&quot;classic&quot;}\">\n\t\t\t\t<div class=\"elementor-element elementor-element-16fe76f elementor-widget elementor-widget-image\" data-id=\"16fe76f\" data-element_type=\"widget\" data-widget_type=\"image.default\">\n\t\t\t\t<div class=\"elementor-widget-container\">\n\t\t\t\t\t\t\t\t\t\t\t\t\t\t\t<img loading=\"lazy\" decoding=\"async\" width=\"2000\" height=\"2000\" src=\"https:\/\/www.integra-fragrances.com\/site\/wp-content\/uploads\/2023\/09\/podcast.jpg\" class=\"attachment-full size-full wp-image-4563\" alt=\"\" srcset=\"https:\/\/www.integra-fragrances.com\/site\/wp-content\/uploads\/2023\/09\/podcast.jpg 2000w, https:\/\/www.integra-fragrances.com\/site\/wp-content\/uploads\/2023\/09\/podcast-300x300.jpg 300w, https:\/\/www.integra-fragrances.com\/site\/wp-content\/uploads\/2023\/09\/podcast-1024x1024.jpg 1024w, https:\/\/www.integra-fragrances.com\/site\/wp-content\/uploads\/2023\/09\/podcast-150x150.jpg 150w, https:\/\/www.integra-fragrances.com\/site\/wp-content\/uploads\/2023\/09\/podcast-768x768.jpg 768w, https:\/\/www.integra-fragrances.com\/site\/wp-content\/uploads\/2023\/09\/podcast-1536x1536.jpg 1536w\" sizes=\"(max-width: 2000px) 100vw, 2000px\" \/>\t\t\t\t\t\t\t\t\t\t\t\t\t\t\t<\/div>\n\t\t\t\t<\/div>\n\t\t\t\t<div class=\"elementor-element elementor-element-770d205 elementor-widget elementor-widget-heading\" data-id=\"770d205\" data-element_type=\"widget\" data-widget_type=\"heading.default\">\n\t\t\t\t<div class=\"elementor-widget-container\">\n\t\t\t\t\t<h4 class=\"elementor-heading-title elementor-size-default\">29.11.2022<\/h4>\t\t\t\t<\/div>\n\t\t\t\t<\/div>\n\t\t\t\t<div class=\"elementor-element elementor-element-ceacd88 elementor-widget elementor-widget-heading\" data-id=\"ceacd88\" data-element_type=\"widget\" data-widget_type=\"heading.default\">\n\t\t\t\t<div class=\"elementor-widget-container\">\n\t\t\t\t\t<h4 class=\"elementor-heading-title elementor-size-default\">\u201cProfumo di Brand\u201d: le premier podcast d\u2019Integra Fragrances.<\/h4>\t\t\t\t<\/div>\n\t\t\t\t<\/div>\n\t\t\t\t<div class=\"elementor-element elementor-element-ef57251 elementor-align-left elementor-widget elementor-widget-button\" data-id=\"ef57251\" data-element_type=\"widget\" data-widget_type=\"button.default\">\n\t\t\t\t<div class=\"elementor-widget-container\">\n\t\t\t\t\t\t\t\t\t<div class=\"elementor-button-wrapper\">\n\t\t\t\t\t<a class=\"elementor-button elementor-button-link elementor-size-sm\" href=\"https:\/\/www.integra-fragrances.com\/fr\/profumo-di-brand-the-first-integra-fragrances-podcast\/\">\n\t\t\t\t\t\t<span class=\"elementor-button-content-wrapper\">\n\t\t\t\t\t\t\t\t\t<span class=\"elementor-button-text\">Lire plus<\/span>\n\t\t\t\t\t<\/span>\n\t\t\t\t\t<\/a>\n\t\t\t\t<\/div>\n\t\t\t\t\t\t\t\t<\/div>\n\t\t\t\t<\/div>\n\t\t\t\t<\/div>\n\t\t\t\t<\/div>\n\t\t<\/div>\t\t<\/article>\n\t\t\t\t<article id=\"post-4568\" class=\"elementor-post elementor-grid-item ecs-post-loop swiper-slide post-4568 post type-post status-publish format-standard has-post-thumbnail hentry category-non-classifiee\">\n\t\t<div class=\"ecs-link-wrapper\" data-href=\"https:\/\/www.integra-fragrances.com\/fr\/discover-the-executive-roundtable-event-we-hosted-in-milan\/\"   >\t\t<div data-elementor-type=\"loop\" data-elementor-id=\"4670\" class=\"elementor elementor-4670 elementor-1438 post-4568 post type-post status-publish format-standard has-post-thumbnail hentry category-non-classifiee\" data-elementor-post-type=\"elementor_library\">\n\t\t\t<div class=\"elementor-element elementor-element-9ef032c e-con-full e-flex e-con e-parent\" data-id=\"9ef032c\" data-element_type=\"container\" data-settings=\"{&quot;background_background&quot;:&quot;classic&quot;}\">\n\t\t\t\t<div class=\"elementor-element elementor-element-16fe76f elementor-widget elementor-widget-image\" data-id=\"16fe76f\" data-element_type=\"widget\" data-widget_type=\"image.default\">\n\t\t\t\t<div class=\"elementor-widget-container\">\n\t\t\t\t\t\t\t\t\t\t\t\t\t\t\t<img loading=\"lazy\" decoding=\"async\" width=\"2000\" height=\"2000\" src=\"https:\/\/www.integra-fragrances.com\/site\/wp-content\/uploads\/2023\/09\/bof.jpg\" class=\"attachment-full size-full wp-image-4569\" alt=\"\" srcset=\"https:\/\/www.integra-fragrances.com\/site\/wp-content\/uploads\/2023\/09\/bof.jpg 2000w, https:\/\/www.integra-fragrances.com\/site\/wp-content\/uploads\/2023\/09\/bof-300x300.jpg 300w, https:\/\/www.integra-fragrances.com\/site\/wp-content\/uploads\/2023\/09\/bof-1024x1024.jpg 1024w, https:\/\/www.integra-fragrances.com\/site\/wp-content\/uploads\/2023\/09\/bof-150x150.jpg 150w, https:\/\/www.integra-fragrances.com\/site\/wp-content\/uploads\/2023\/09\/bof-768x768.jpg 768w, https:\/\/www.integra-fragrances.com\/site\/wp-content\/uploads\/2023\/09\/bof-1536x1536.jpg 1536w\" sizes=\"(max-width: 2000px) 100vw, 2000px\" \/>\t\t\t\t\t\t\t\t\t\t\t\t\t\t\t<\/div>\n\t\t\t\t<\/div>\n\t\t\t\t<div class=\"elementor-element elementor-element-770d205 elementor-widget elementor-widget-heading\" data-id=\"770d205\" data-element_type=\"widget\" data-widget_type=\"heading.default\">\n\t\t\t\t<div class=\"elementor-widget-container\">\n\t\t\t\t\t<h4 class=\"elementor-heading-title elementor-size-default\">23.11.2022<\/h4>\t\t\t\t<\/div>\n\t\t\t\t<\/div>\n\t\t\t\t<div class=\"elementor-element elementor-element-ceacd88 elementor-widget elementor-widget-heading\" data-id=\"ceacd88\" data-element_type=\"widget\" data-widget_type=\"heading.default\">\n\t\t\t\t<div class=\"elementor-widget-container\">\n\t\t\t\t\t<h4 class=\"elementor-heading-title elementor-size-default\">D\u00e9couvrez la table ronde que nous avons organis\u00e9e \u00e0 Milan.<\/h4>\t\t\t\t<\/div>\n\t\t\t\t<\/div>\n\t\t\t\t<div class=\"elementor-element elementor-element-ef57251 elementor-align-left elementor-widget elementor-widget-button\" data-id=\"ef57251\" data-element_type=\"widget\" data-widget_type=\"button.default\">\n\t\t\t\t<div class=\"elementor-widget-container\">\n\t\t\t\t\t\t\t\t\t<div class=\"elementor-button-wrapper\">\n\t\t\t\t\t<a class=\"elementor-button elementor-button-link elementor-size-sm\" href=\"https:\/\/www.integra-fragrances.com\/fr\/discover-the-executive-roundtable-event-we-hosted-in-milan\/\">\n\t\t\t\t\t\t<span class=\"elementor-button-content-wrapper\">\n\t\t\t\t\t\t\t\t\t<span class=\"elementor-button-text\">Lire plus<\/span>\n\t\t\t\t\t<\/span>\n\t\t\t\t\t<\/a>\n\t\t\t\t<\/div>\n\t\t\t\t\t\t\t\t<\/div>\n\t\t\t\t<\/div>\n\t\t\t\t<\/div>\n\t\t\t\t<\/div>\n\t\t<\/div>\t\t<\/article>\n\t\t\t\t<article id=\"post-4586\" class=\"elementor-post elementor-grid-item ecs-post-loop swiper-slide post-4586 post type-post status-publish format-standard has-post-thumbnail hentry category-non-classifiee\">\n\t\t<div class=\"ecs-link-wrapper\" data-href=\"https:\/\/www.integra-fragrances.com\/fr\/serra-san-marco-lidentite-olfactive-du-chef-daniel-canzian\/\"   >\t\t<div data-elementor-type=\"loop\" data-elementor-id=\"4670\" class=\"elementor elementor-4670 elementor-1438 post-4586 post type-post status-publish format-standard has-post-thumbnail hentry category-non-classifiee\" data-elementor-post-type=\"elementor_library\">\n\t\t\t<div class=\"elementor-element elementor-element-9ef032c e-con-full e-flex e-con e-parent\" data-id=\"9ef032c\" data-element_type=\"container\" data-settings=\"{&quot;background_background&quot;:&quot;classic&quot;}\">\n\t\t\t\t<div class=\"elementor-element elementor-element-16fe76f elementor-widget elementor-widget-image\" data-id=\"16fe76f\" data-element_type=\"widget\" data-widget_type=\"image.default\">\n\t\t\t\t<div class=\"elementor-widget-container\">\n\t\t\t\t\t\t\t\t\t\t\t\t\t\t\t<img loading=\"lazy\" decoding=\"async\" width=\"675\" height=\"675\" src=\"https:\/\/www.integra-fragrances.com\/site\/wp-content\/uploads\/2023\/09\/danielcanzian-ristorante-copia.webp\" class=\"attachment-full size-full wp-image-4587\" alt=\"\" srcset=\"https:\/\/www.integra-fragrances.com\/site\/wp-content\/uploads\/2023\/09\/danielcanzian-ristorante-copia.webp 675w, https:\/\/www.integra-fragrances.com\/site\/wp-content\/uploads\/2023\/09\/danielcanzian-ristorante-copia-300x300.webp 300w, https:\/\/www.integra-fragrances.com\/site\/wp-content\/uploads\/2023\/09\/danielcanzian-ristorante-copia-150x150.webp 150w\" sizes=\"(max-width: 675px) 100vw, 675px\" \/>\t\t\t\t\t\t\t\t\t\t\t\t\t\t\t<\/div>\n\t\t\t\t<\/div>\n\t\t\t\t<div class=\"elementor-element elementor-element-770d205 elementor-widget elementor-widget-heading\" data-id=\"770d205\" data-element_type=\"widget\" data-widget_type=\"heading.default\">\n\t\t\t\t<div class=\"elementor-widget-container\">\n\t\t\t\t\t<h4 class=\"elementor-heading-title elementor-size-default\">07.06.2022<\/h4>\t\t\t\t<\/div>\n\t\t\t\t<\/div>\n\t\t\t\t<div class=\"elementor-element elementor-element-ceacd88 elementor-widget elementor-widget-heading\" data-id=\"ceacd88\" data-element_type=\"widget\" data-widget_type=\"heading.default\">\n\t\t\t\t<div class=\"elementor-widget-container\">\n\t\t\t\t\t<h4 class=\"elementor-heading-title elementor-size-default\">\u201cSerra San Marco\u201d, l&#8217;identit\u00e9 olfactive du chef Daniel Canzian.<\/h4>\t\t\t\t<\/div>\n\t\t\t\t<\/div>\n\t\t\t\t<div class=\"elementor-element elementor-element-ef57251 elementor-align-left elementor-widget elementor-widget-button\" data-id=\"ef57251\" data-element_type=\"widget\" data-widget_type=\"button.default\">\n\t\t\t\t<div class=\"elementor-widget-container\">\n\t\t\t\t\t\t\t\t\t<div class=\"elementor-button-wrapper\">\n\t\t\t\t\t<a class=\"elementor-button elementor-button-link elementor-size-sm\" href=\"https:\/\/www.integra-fragrances.com\/fr\/serra-san-marco-lidentite-olfactive-du-chef-daniel-canzian\/\">\n\t\t\t\t\t\t<span class=\"elementor-button-content-wrapper\">\n\t\t\t\t\t\t\t\t\t<span class=\"elementor-button-text\">Lire plus<\/span>\n\t\t\t\t\t<\/span>\n\t\t\t\t\t<\/a>\n\t\t\t\t<\/div>\n\t\t\t\t\t\t\t\t<\/div>\n\t\t\t\t<\/div>\n\t\t\t\t<\/div>\n\t\t\t\t<\/div>\n\t\t<\/div>\t\t<\/article>\n\t\t\t\t<article id=\"post-4612\" class=\"elementor-post elementor-grid-item ecs-post-loop swiper-slide post-4612 post type-post status-publish format-standard has-post-thumbnail hentry category-non-classifiee\">\n\t\t<div class=\"ecs-link-wrapper\" data-href=\"https:\/\/www.integra-fragrances.com\/fr\/world-retail-congress-2022-et-son-message-olfactif\/\"   >\t\t<div data-elementor-type=\"loop\" data-elementor-id=\"4670\" class=\"elementor elementor-4670 elementor-1438 post-4612 post type-post status-publish format-standard has-post-thumbnail hentry category-non-classifiee\" data-elementor-post-type=\"elementor_library\">\n\t\t\t<div class=\"elementor-element elementor-element-9ef032c e-con-full e-flex e-con e-parent\" data-id=\"9ef032c\" data-element_type=\"container\" data-settings=\"{&quot;background_background&quot;:&quot;classic&quot;}\">\n\t\t\t\t<div class=\"elementor-element elementor-element-16fe76f elementor-widget elementor-widget-image\" data-id=\"16fe76f\" data-element_type=\"widget\" data-widget_type=\"image.default\">\n\t\t\t\t<div class=\"elementor-widget-container\">\n\t\t\t\t\t\t\t\t\t\t\t\t\t\t\t<img loading=\"lazy\" decoding=\"async\" width=\"675\" height=\"675\" src=\"https:\/\/www.integra-fragrances.com\/site\/wp-content\/uploads\/2023\/09\/world-retail-congress-2022.webp\" class=\"attachment-full size-full wp-image-4613\" alt=\"\" srcset=\"https:\/\/www.integra-fragrances.com\/site\/wp-content\/uploads\/2023\/09\/world-retail-congress-2022.webp 675w, https:\/\/www.integra-fragrances.com\/site\/wp-content\/uploads\/2023\/09\/world-retail-congress-2022-300x300.webp 300w, https:\/\/www.integra-fragrances.com\/site\/wp-content\/uploads\/2023\/09\/world-retail-congress-2022-150x150.webp 150w\" sizes=\"(max-width: 675px) 100vw, 675px\" \/>\t\t\t\t\t\t\t\t\t\t\t\t\t\t\t<\/div>\n\t\t\t\t<\/div>\n\t\t\t\t<div class=\"elementor-element elementor-element-770d205 elementor-widget elementor-widget-heading\" data-id=\"770d205\" data-element_type=\"widget\" data-widget_type=\"heading.default\">\n\t\t\t\t<div class=\"elementor-widget-container\">\n\t\t\t\t\t<h4 class=\"elementor-heading-title elementor-size-default\">04.04.2022<\/h4>\t\t\t\t<\/div>\n\t\t\t\t<\/div>\n\t\t\t\t<div class=\"elementor-element elementor-element-ceacd88 elementor-widget elementor-widget-heading\" data-id=\"ceacd88\" data-element_type=\"widget\" data-widget_type=\"heading.default\">\n\t\t\t\t<div class=\"elementor-widget-container\">\n\t\t\t\t\t<h4 class=\"elementor-heading-title elementor-size-default\">World Retail Congress 2022 et son message olfactif.<\/h4>\t\t\t\t<\/div>\n\t\t\t\t<\/div>\n\t\t\t\t<div class=\"elementor-element elementor-element-ef57251 elementor-align-left elementor-widget elementor-widget-button\" data-id=\"ef57251\" data-element_type=\"widget\" data-widget_type=\"button.default\">\n\t\t\t\t<div class=\"elementor-widget-container\">\n\t\t\t\t\t\t\t\t\t<div class=\"elementor-button-wrapper\">\n\t\t\t\t\t<a class=\"elementor-button elementor-button-link elementor-size-sm\" href=\"https:\/\/www.integra-fragrances.com\/fr\/world-retail-congress-2022-et-son-message-olfactif\/\">\n\t\t\t\t\t\t<span class=\"elementor-button-content-wrapper\">\n\t\t\t\t\t\t\t\t\t<span class=\"elementor-button-text\">Lire plus<\/span>\n\t\t\t\t\t<\/span>\n\t\t\t\t\t<\/a>\n\t\t\t\t<\/div>\n\t\t\t\t\t\t\t\t<\/div>\n\t\t\t\t<\/div>\n\t\t\t\t<\/div>\n\t\t\t\t<\/div>\n\t\t<\/div>\t\t<\/article>\n\t\t\t\t<article id=\"post-4631\" class=\"elementor-post elementor-grid-item ecs-post-loop swiper-slide post-4631 post type-post status-publish format-standard has-post-thumbnail hentry category-non-classifiee\">\n\t\t<div class=\"ecs-link-wrapper\" data-href=\"https:\/\/www.integra-fragrances.com\/fr\/bulgari-allegra-full-domination-parfumee-la-rinascente\/\"   >\t\t<div data-elementor-type=\"loop\" data-elementor-id=\"4670\" class=\"elementor elementor-4670 elementor-1438 post-4631 post type-post status-publish format-standard has-post-thumbnail hentry category-non-classifiee\" data-elementor-post-type=\"elementor_library\">\n\t\t\t<div class=\"elementor-element elementor-element-9ef032c e-con-full e-flex e-con e-parent\" data-id=\"9ef032c\" data-element_type=\"container\" data-settings=\"{&quot;background_background&quot;:&quot;classic&quot;}\">\n\t\t\t\t<div class=\"elementor-element elementor-element-16fe76f elementor-widget elementor-widget-image\" data-id=\"16fe76f\" data-element_type=\"widget\" data-widget_type=\"image.default\">\n\t\t\t\t<div class=\"elementor-widget-container\">\n\t\t\t\t\t\t\t\t\t\t\t\t\t\t\t<img loading=\"lazy\" decoding=\"async\" width=\"675\" height=\"675\" src=\"https:\/\/www.integra-fragrances.com\/site\/wp-content\/uploads\/2023\/09\/bulgari-allegra-sitoweb.webp\" class=\"attachment-full size-full wp-image-4632\" alt=\"\" srcset=\"https:\/\/www.integra-fragrances.com\/site\/wp-content\/uploads\/2023\/09\/bulgari-allegra-sitoweb.webp 675w, https:\/\/www.integra-fragrances.com\/site\/wp-content\/uploads\/2023\/09\/bulgari-allegra-sitoweb-300x300.webp 300w, https:\/\/www.integra-fragrances.com\/site\/wp-content\/uploads\/2023\/09\/bulgari-allegra-sitoweb-150x150.webp 150w\" sizes=\"(max-width: 675px) 100vw, 675px\" \/>\t\t\t\t\t\t\t\t\t\t\t\t\t\t\t<\/div>\n\t\t\t\t<\/div>\n\t\t\t\t<div class=\"elementor-element elementor-element-770d205 elementor-widget elementor-widget-heading\" data-id=\"770d205\" data-element_type=\"widget\" data-widget_type=\"heading.default\">\n\t\t\t\t<div class=\"elementor-widget-container\">\n\t\t\t\t\t<h4 class=\"elementor-heading-title elementor-size-default\">19.10.2021<\/h4>\t\t\t\t<\/div>\n\t\t\t\t<\/div>\n\t\t\t\t<div class=\"elementor-element elementor-element-ceacd88 elementor-widget elementor-widget-heading\" data-id=\"ceacd88\" data-element_type=\"widget\" data-widget_type=\"heading.default\">\n\t\t\t\t<div class=\"elementor-widget-container\">\n\t\t\t\t\t<h4 class=\"elementor-heading-title elementor-size-default\">\u201cBulgari Allegra\u201d full domination (parfum\u00e9e) @La Rinascente.<\/h4>\t\t\t\t<\/div>\n\t\t\t\t<\/div>\n\t\t\t\t<div class=\"elementor-element elementor-element-ef57251 elementor-align-left elementor-widget elementor-widget-button\" data-id=\"ef57251\" data-element_type=\"widget\" data-widget_type=\"button.default\">\n\t\t\t\t<div class=\"elementor-widget-container\">\n\t\t\t\t\t\t\t\t\t<div class=\"elementor-button-wrapper\">\n\t\t\t\t\t<a class=\"elementor-button elementor-button-link elementor-size-sm\" href=\"https:\/\/www.integra-fragrances.com\/fr\/bulgari-allegra-full-domination-parfumee-la-rinascente\/\">\n\t\t\t\t\t\t<span class=\"elementor-button-content-wrapper\">\n\t\t\t\t\t\t\t\t\t<span class=\"elementor-button-text\">Lire plus<\/span>\n\t\t\t\t\t<\/span>\n\t\t\t\t\t<\/a>\n\t\t\t\t<\/div>\n\t\t\t\t\t\t\t\t<\/div>\n\t\t\t\t<\/div>\n\t\t\t\t<\/div>\n\t\t\t\t<\/div>\n\t\t<\/div>\t\t<\/article>\n\t\t\t\t<article id=\"post-4644\" class=\"elementor-post elementor-grid-item ecs-post-loop swiper-slide post-4644 post type-post status-publish format-standard has-post-thumbnail hentry category-non-classifiee\">\n\t\t<div class=\"ecs-link-wrapper\" data-href=\"https:\/\/www.integra-fragrances.com\/fr\/le-parfum-elli-rini-est-magnetique-comme-son-pianeta\/\"   >\t\t<div data-elementor-type=\"loop\" data-elementor-id=\"4670\" class=\"elementor elementor-4670 elementor-1438 post-4644 post type-post status-publish format-standard has-post-thumbnail hentry category-non-classifiee\" data-elementor-post-type=\"elementor_library\">\n\t\t\t<div class=\"elementor-element elementor-element-9ef032c e-con-full e-flex e-con e-parent\" data-id=\"9ef032c\" data-element_type=\"container\" data-settings=\"{&quot;background_background&quot;:&quot;classic&quot;}\">\n\t\t\t\t<div class=\"elementor-element elementor-element-16fe76f elementor-widget elementor-widget-image\" data-id=\"16fe76f\" data-element_type=\"widget\" data-widget_type=\"image.default\">\n\t\t\t\t<div class=\"elementor-widget-container\">\n\t\t\t\t\t\t\t\t\t\t\t\t\t\t\t<img loading=\"lazy\" decoding=\"async\" width=\"675\" height=\"675\" src=\"https:\/\/www.integra-fragrances.com\/site\/wp-content\/uploads\/2023\/09\/pianeta1.webp\" class=\"attachment-full size-full wp-image-4645\" alt=\"\" srcset=\"https:\/\/www.integra-fragrances.com\/site\/wp-content\/uploads\/2023\/09\/pianeta1.webp 675w, https:\/\/www.integra-fragrances.com\/site\/wp-content\/uploads\/2023\/09\/pianeta1-300x300.webp 300w, https:\/\/www.integra-fragrances.com\/site\/wp-content\/uploads\/2023\/09\/pianeta1-150x150.webp 150w\" sizes=\"(max-width: 675px) 100vw, 675px\" \/>\t\t\t\t\t\t\t\t\t\t\t\t\t\t\t<\/div>\n\t\t\t\t<\/div>\n\t\t\t\t<div class=\"elementor-element elementor-element-770d205 elementor-widget elementor-widget-heading\" data-id=\"770d205\" data-element_type=\"widget\" data-widget_type=\"heading.default\">\n\t\t\t\t<div class=\"elementor-widget-container\">\n\t\t\t\t\t<h4 class=\"elementor-heading-title elementor-size-default\">20.09.2021<\/h4>\t\t\t\t<\/div>\n\t\t\t\t<\/div>\n\t\t\t\t<div class=\"elementor-element elementor-element-ceacd88 elementor-widget elementor-widget-heading\" data-id=\"ceacd88\" data-element_type=\"widget\" data-widget_type=\"heading.default\">\n\t\t\t\t<div class=\"elementor-widget-container\">\n\t\t\t\t\t<h4 class=\"elementor-heading-title elementor-size-default\">Le parfum Elli &amp; Rini est magn\u00e9tique, comme son PIANETA.<\/h4>\t\t\t\t<\/div>\n\t\t\t\t<\/div>\n\t\t\t\t<div class=\"elementor-element elementor-element-ef57251 elementor-align-left elementor-widget elementor-widget-button\" data-id=\"ef57251\" data-element_type=\"widget\" data-widget_type=\"button.default\">\n\t\t\t\t<div class=\"elementor-widget-container\">\n\t\t\t\t\t\t\t\t\t<div class=\"elementor-button-wrapper\">\n\t\t\t\t\t<a class=\"elementor-button elementor-button-link elementor-size-sm\" href=\"https:\/\/www.integra-fragrances.com\/fr\/le-parfum-elli-rini-est-magnetique-comme-son-pianeta\/\">\n\t\t\t\t\t\t<span class=\"elementor-button-content-wrapper\">\n\t\t\t\t\t\t\t\t\t<span class=\"elementor-button-text\">Lire plus<\/span>\n\t\t\t\t\t<\/span>\n\t\t\t\t\t<\/a>\n\t\t\t\t<\/div>\n\t\t\t\t\t\t\t\t<\/div>\n\t\t\t\t<\/div>\n\t\t\t\t<\/div>\n\t\t\t\t<\/div>\n\t\t<\/div>\t\t<\/article>\n\t\t\t\t<article id=\"post-4659\" class=\"elementor-post elementor-grid-item ecs-post-loop swiper-slide post-4659 post type-post status-publish format-standard has-post-thumbnail hentry category-non-classifiee\">\n\t\t<div class=\"ecs-link-wrapper\" data-href=\"https:\/\/www.integra-fragrances.com\/fr\/elixir-de-soie-lessence-de-genny\/\"   >\t\t<div data-elementor-type=\"loop\" data-elementor-id=\"4670\" class=\"elementor elementor-4670 elementor-1438 post-4659 post type-post status-publish format-standard has-post-thumbnail hentry category-non-classifiee\" data-elementor-post-type=\"elementor_library\">\n\t\t\t<div class=\"elementor-element elementor-element-9ef032c e-con-full e-flex e-con e-parent\" data-id=\"9ef032c\" data-element_type=\"container\" data-settings=\"{&quot;background_background&quot;:&quot;classic&quot;}\">\n\t\t\t\t<div class=\"elementor-element elementor-element-16fe76f elementor-widget elementor-widget-image\" data-id=\"16fe76f\" data-element_type=\"widget\" data-widget_type=\"image.default\">\n\t\t\t\t<div class=\"elementor-widget-container\">\n\t\t\t\t\t\t\t\t\t\t\t\t\t\t\t<img loading=\"lazy\" decoding=\"async\" width=\"657\" height=\"657\" src=\"https:\/\/www.integra-fragrances.com\/site\/wp-content\/uploads\/2023\/09\/genny_elixir-de-soie.webp\" class=\"attachment-full size-full wp-image-4660\" alt=\"\" srcset=\"https:\/\/www.integra-fragrances.com\/site\/wp-content\/uploads\/2023\/09\/genny_elixir-de-soie.webp 657w, https:\/\/www.integra-fragrances.com\/site\/wp-content\/uploads\/2023\/09\/genny_elixir-de-soie-300x300.webp 300w, https:\/\/www.integra-fragrances.com\/site\/wp-content\/uploads\/2023\/09\/genny_elixir-de-soie-150x150.webp 150w\" sizes=\"(max-width: 657px) 100vw, 657px\" \/>\t\t\t\t\t\t\t\t\t\t\t\t\t\t\t<\/div>\n\t\t\t\t<\/div>\n\t\t\t\t<div class=\"elementor-element elementor-element-770d205 elementor-widget elementor-widget-heading\" data-id=\"770d205\" data-element_type=\"widget\" data-widget_type=\"heading.default\">\n\t\t\t\t<div class=\"elementor-widget-container\">\n\t\t\t\t\t<h4 class=\"elementor-heading-title elementor-size-default\">08.10.2020<\/h4>\t\t\t\t<\/div>\n\t\t\t\t<\/div>\n\t\t\t\t<div class=\"elementor-element elementor-element-ceacd88 elementor-widget elementor-widget-heading\" data-id=\"ceacd88\" data-element_type=\"widget\" data-widget_type=\"heading.default\">\n\t\t\t\t<div class=\"elementor-widget-container\">\n\t\t\t\t\t<h4 class=\"elementor-heading-title elementor-size-default\">\u201cElixir de Soie\u201d, l&#8217;essence de Genny.<\/h4>\t\t\t\t<\/div>\n\t\t\t\t<\/div>\n\t\t\t\t<div class=\"elementor-element elementor-element-ef57251 elementor-align-left elementor-widget elementor-widget-button\" data-id=\"ef57251\" data-element_type=\"widget\" data-widget_type=\"button.default\">\n\t\t\t\t<div class=\"elementor-widget-container\">\n\t\t\t\t\t\t\t\t\t<div class=\"elementor-button-wrapper\">\n\t\t\t\t\t<a class=\"elementor-button elementor-button-link elementor-size-sm\" href=\"https:\/\/www.integra-fragrances.com\/fr\/elixir-de-soie-lessence-de-genny\/\">\n\t\t\t\t\t\t<span class=\"elementor-button-content-wrapper\">\n\t\t\t\t\t\t\t\t\t<span class=\"elementor-button-text\">Lire plus<\/span>\n\t\t\t\t\t<\/span>\n\t\t\t\t\t<\/a>\n\t\t\t\t<\/div>\n\t\t\t\t\t\t\t\t<\/div>\n\t\t\t\t<\/div>\n\t\t\t\t<\/div>\n\t\t\t\t<\/div>\n\t\t<\/div>\t\t<\/article>\n\t\t\t\t<article id=\"post-4686\" class=\"elementor-post elementor-grid-item ecs-post-loop swiper-slide post-4686 post type-post status-publish format-standard has-post-thumbnail hentry category-non-classifiee\">\n\t\t<div class=\"ecs-link-wrapper\" data-href=\"https:\/\/www.integra-fragrances.com\/fr\/un-don-spontane-contre-lurgence-covid-19\/\"   >\t\t<div data-elementor-type=\"loop\" data-elementor-id=\"4670\" class=\"elementor elementor-4670 elementor-1438 post-4686 post type-post status-publish format-standard has-post-thumbnail hentry category-non-classifiee\" data-elementor-post-type=\"elementor_library\">\n\t\t\t<div class=\"elementor-element elementor-element-9ef032c e-con-full e-flex e-con e-parent\" data-id=\"9ef032c\" data-element_type=\"container\" data-settings=\"{&quot;background_background&quot;:&quot;classic&quot;}\">\n\t\t\t\t<div class=\"elementor-element elementor-element-16fe76f elementor-widget elementor-widget-image\" data-id=\"16fe76f\" data-element_type=\"widget\" data-widget_type=\"image.default\">\n\t\t\t\t<div class=\"elementor-widget-container\">\n\t\t\t\t\t\t\t\t\t\t\t\t\t\t\t<img loading=\"lazy\" decoding=\"async\" width=\"675\" height=\"675\" src=\"https:\/\/www.integra-fragrances.com\/site\/wp-content\/uploads\/2023\/09\/unindustria_uniti_contro_il_virus.webp\" class=\"attachment-full size-full wp-image-4687\" alt=\"\" srcset=\"https:\/\/www.integra-fragrances.com\/site\/wp-content\/uploads\/2023\/09\/unindustria_uniti_contro_il_virus.webp 675w, https:\/\/www.integra-fragrances.com\/site\/wp-content\/uploads\/2023\/09\/unindustria_uniti_contro_il_virus-300x300.webp 300w, https:\/\/www.integra-fragrances.com\/site\/wp-content\/uploads\/2023\/09\/unindustria_uniti_contro_il_virus-150x150.webp 150w\" sizes=\"(max-width: 675px) 100vw, 675px\" \/>\t\t\t\t\t\t\t\t\t\t\t\t\t\t\t<\/div>\n\t\t\t\t<\/div>\n\t\t\t\t<div class=\"elementor-element elementor-element-770d205 elementor-widget elementor-widget-heading\" data-id=\"770d205\" data-element_type=\"widget\" data-widget_type=\"heading.default\">\n\t\t\t\t<div class=\"elementor-widget-container\">\n\t\t\t\t\t<h4 class=\"elementor-heading-title elementor-size-default\">07.04.2020<\/h4>\t\t\t\t<\/div>\n\t\t\t\t<\/div>\n\t\t\t\t<div class=\"elementor-element elementor-element-ceacd88 elementor-widget elementor-widget-heading\" data-id=\"ceacd88\" data-element_type=\"widget\" data-widget_type=\"heading.default\">\n\t\t\t\t<div class=\"elementor-widget-container\">\n\t\t\t\t\t<h4 class=\"elementor-heading-title elementor-size-default\">Un don spontan\u00e9 contre l&#8217;urgence Covid-19.<\/h4>\t\t\t\t<\/div>\n\t\t\t\t<\/div>\n\t\t\t\t<div class=\"elementor-element elementor-element-ef57251 elementor-align-left elementor-widget elementor-widget-button\" data-id=\"ef57251\" data-element_type=\"widget\" data-widget_type=\"button.default\">\n\t\t\t\t<div class=\"elementor-widget-container\">\n\t\t\t\t\t\t\t\t\t<div class=\"elementor-button-wrapper\">\n\t\t\t\t\t<a class=\"elementor-button elementor-button-link elementor-size-sm\" href=\"https:\/\/www.integra-fragrances.com\/fr\/un-don-spontane-contre-lurgence-covid-19\/\">\n\t\t\t\t\t\t<span class=\"elementor-button-content-wrapper\">\n\t\t\t\t\t\t\t\t\t<span class=\"elementor-button-text\">Lire plus<\/span>\n\t\t\t\t\t<\/span>\n\t\t\t\t\t<\/a>\n\t\t\t\t<\/div>\n\t\t\t\t\t\t\t\t<\/div>\n\t\t\t\t<\/div>\n\t\t\t\t<\/div>\n\t\t\t\t<\/div>\n\t\t<\/div>\t\t<\/article>\n\t\t\t\t<article id=\"post-4710\" class=\"elementor-post elementor-grid-item ecs-post-loop swiper-slide post-4710 post type-post status-publish format-standard has-post-thumbnail hentry category-non-classifiee\">\n\t\t<div class=\"ecs-link-wrapper\" data-href=\"https:\/\/www.integra-fragrances.com\/fr\/zuma-rome-une-vue-a-couper-le-souffle\/\"   >\t\t<div data-elementor-type=\"loop\" data-elementor-id=\"4670\" class=\"elementor elementor-4670 elementor-1438 post-4710 post type-post status-publish format-standard has-post-thumbnail hentry category-non-classifiee\" data-elementor-post-type=\"elementor_library\">\n\t\t\t<div class=\"elementor-element elementor-element-9ef032c e-con-full e-flex e-con e-parent\" data-id=\"9ef032c\" data-element_type=\"container\" data-settings=\"{&quot;background_background&quot;:&quot;classic&quot;}\">\n\t\t\t\t<div class=\"elementor-element elementor-element-16fe76f elementor-widget elementor-widget-image\" data-id=\"16fe76f\" data-element_type=\"widget\" data-widget_type=\"image.default\">\n\t\t\t\t<div class=\"elementor-widget-container\">\n\t\t\t\t\t\t\t\t\t\t\t\t\t\t\t<img loading=\"lazy\" decoding=\"async\" width=\"675\" height=\"675\" src=\"https:\/\/www.integra-fragrances.com\/site\/wp-content\/uploads\/2020\/01\/zuma-rome-palazzo-fendi.webp\" class=\"attachment-full size-full wp-image-4712\" alt=\"\" srcset=\"https:\/\/www.integra-fragrances.com\/site\/wp-content\/uploads\/2020\/01\/zuma-rome-palazzo-fendi.webp 675w, https:\/\/www.integra-fragrances.com\/site\/wp-content\/uploads\/2020\/01\/zuma-rome-palazzo-fendi-300x300.webp 300w, https:\/\/www.integra-fragrances.com\/site\/wp-content\/uploads\/2020\/01\/zuma-rome-palazzo-fendi-150x150.webp 150w\" sizes=\"(max-width: 675px) 100vw, 675px\" \/>\t\t\t\t\t\t\t\t\t\t\t\t\t\t\t<\/div>\n\t\t\t\t<\/div>\n\t\t\t\t<div class=\"elementor-element elementor-element-770d205 elementor-widget elementor-widget-heading\" data-id=\"770d205\" data-element_type=\"widget\" data-widget_type=\"heading.default\">\n\t\t\t\t<div class=\"elementor-widget-container\">\n\t\t\t\t\t<h4 class=\"elementor-heading-title elementor-size-default\">20.01.2020<\/h4>\t\t\t\t<\/div>\n\t\t\t\t<\/div>\n\t\t\t\t<div class=\"elementor-element elementor-element-ceacd88 elementor-widget elementor-widget-heading\" data-id=\"ceacd88\" data-element_type=\"widget\" data-widget_type=\"heading.default\">\n\t\t\t\t<div class=\"elementor-widget-container\">\n\t\t\t\t\t<h4 class=\"elementor-heading-title elementor-size-default\">Zuma Rome: une vue \u00e0 couper le souffle.<\/h4>\t\t\t\t<\/div>\n\t\t\t\t<\/div>\n\t\t\t\t<div class=\"elementor-element elementor-element-ef57251 elementor-align-left elementor-widget elementor-widget-button\" data-id=\"ef57251\" data-element_type=\"widget\" data-widget_type=\"button.default\">\n\t\t\t\t<div class=\"elementor-widget-container\">\n\t\t\t\t\t\t\t\t\t<div class=\"elementor-button-wrapper\">\n\t\t\t\t\t<a class=\"elementor-button elementor-button-link elementor-size-sm\" href=\"https:\/\/www.integra-fragrances.com\/fr\/zuma-rome-une-vue-a-couper-le-souffle\/\">\n\t\t\t\t\t\t<span class=\"elementor-button-content-wrapper\">\n\t\t\t\t\t\t\t\t\t<span class=\"elementor-button-text\">Lire plus<\/span>\n\t\t\t\t\t<\/span>\n\t\t\t\t\t<\/a>\n\t\t\t\t<\/div>\n\t\t\t\t\t\t\t\t<\/div>\n\t\t\t\t<\/div>\n\t\t\t\t<\/div>\n\t\t\t\t<\/div>\n\t\t<\/div>\t\t<\/article>\n\t\t\t\t<article id=\"post-4737\" class=\"elementor-post elementor-grid-item ecs-post-loop swiper-slide post-4737 post type-post status-publish format-standard has-post-thumbnail hentry category-non-classifiee\">\n\t\t<div class=\"ecs-link-wrapper\" data-href=\"https:\/\/www.integra-fragrances.com\/fr\/here-by-aw-lab\/\"   >\t\t<div data-elementor-type=\"loop\" data-elementor-id=\"4670\" class=\"elementor elementor-4670 elementor-1438 post-4737 post type-post status-publish format-standard has-post-thumbnail hentry category-non-classifiee\" data-elementor-post-type=\"elementor_library\">\n\t\t\t<div class=\"elementor-element elementor-element-9ef032c e-con-full e-flex e-con e-parent\" data-id=\"9ef032c\" data-element_type=\"container\" data-settings=\"{&quot;background_background&quot;:&quot;classic&quot;}\">\n\t\t\t\t<div class=\"elementor-element elementor-element-16fe76f elementor-widget elementor-widget-image\" data-id=\"16fe76f\" data-element_type=\"widget\" data-widget_type=\"image.default\">\n\t\t\t\t<div class=\"elementor-widget-container\">\n\t\t\t\t\t\t\t\t\t\t\t\t\t\t\t<img loading=\"lazy\" decoding=\"async\" width=\"675\" height=\"675\" src=\"https:\/\/www.integra-fragrances.com\/site\/wp-content\/uploads\/2023\/09\/here-aw-lab-milano.webp\" class=\"attachment-full size-full wp-image-4738\" alt=\"\" srcset=\"https:\/\/www.integra-fragrances.com\/site\/wp-content\/uploads\/2023\/09\/here-aw-lab-milano.webp 675w, https:\/\/www.integra-fragrances.com\/site\/wp-content\/uploads\/2023\/09\/here-aw-lab-milano-300x300.webp 300w, https:\/\/www.integra-fragrances.com\/site\/wp-content\/uploads\/2023\/09\/here-aw-lab-milano-150x150.webp 150w\" sizes=\"(max-width: 675px) 100vw, 675px\" \/>\t\t\t\t\t\t\t\t\t\t\t\t\t\t\t<\/div>\n\t\t\t\t<\/div>\n\t\t\t\t<div class=\"elementor-element elementor-element-770d205 elementor-widget elementor-widget-heading\" data-id=\"770d205\" data-element_type=\"widget\" data-widget_type=\"heading.default\">\n\t\t\t\t<div class=\"elementor-widget-container\">\n\t\t\t\t\t<h4 class=\"elementor-heading-title elementor-size-default\">20.12.2019<\/h4>\t\t\t\t<\/div>\n\t\t\t\t<\/div>\n\t\t\t\t<div class=\"elementor-element elementor-element-ceacd88 elementor-widget elementor-widget-heading\" data-id=\"ceacd88\" data-element_type=\"widget\" data-widget_type=\"heading.default\">\n\t\t\t\t<div class=\"elementor-widget-container\">\n\t\t\t\t\t<h4 class=\"elementor-heading-title elementor-size-default\">HERE by AW-LAB.<\/h4>\t\t\t\t<\/div>\n\t\t\t\t<\/div>\n\t\t\t\t<div class=\"elementor-element elementor-element-ef57251 elementor-align-left elementor-widget elementor-widget-button\" data-id=\"ef57251\" data-element_type=\"widget\" data-widget_type=\"button.default\">\n\t\t\t\t<div class=\"elementor-widget-container\">\n\t\t\t\t\t\t\t\t\t<div class=\"elementor-button-wrapper\">\n\t\t\t\t\t<a class=\"elementor-button elementor-button-link elementor-size-sm\" href=\"https:\/\/www.integra-fragrances.com\/fr\/here-by-aw-lab\/\">\n\t\t\t\t\t\t<span class=\"elementor-button-content-wrapper\">\n\t\t\t\t\t\t\t\t\t<span class=\"elementor-button-text\">Lire plus<\/span>\n\t\t\t\t\t<\/span>\n\t\t\t\t\t<\/a>\n\t\t\t\t<\/div>\n\t\t\t\t\t\t\t\t<\/div>\n\t\t\t\t<\/div>\n\t\t\t\t<\/div>\n\t\t\t\t<\/div>\n\t\t<\/div>\t\t<\/article>\n\t\t\t\t<article id=\"post-4764\" class=\"elementor-post elementor-grid-item ecs-post-loop swiper-slide post-4764 post type-post status-publish format-standard has-post-thumbnail hentry category-non-classifiee\">\n\t\t<div class=\"ecs-link-wrapper\" data-href=\"https:\/\/www.integra-fragrances.com\/fr\/lhistoire-le-reve-bvlgari\/\"   >\t\t<div data-elementor-type=\"loop\" data-elementor-id=\"4670\" class=\"elementor elementor-4670 elementor-1438 post-4764 post type-post status-publish format-standard has-post-thumbnail hentry category-non-classifiee\" data-elementor-post-type=\"elementor_library\">\n\t\t\t<div class=\"elementor-element elementor-element-9ef032c e-con-full e-flex e-con e-parent\" data-id=\"9ef032c\" data-element_type=\"container\" data-settings=\"{&quot;background_background&quot;:&quot;classic&quot;}\">\n\t\t\t\t<div class=\"elementor-element elementor-element-16fe76f elementor-widget elementor-widget-image\" data-id=\"16fe76f\" data-element_type=\"widget\" data-widget_type=\"image.default\">\n\t\t\t\t<div class=\"elementor-widget-container\">\n\t\t\t\t\t\t\t\t\t\t\t\t\t\t\t<img loading=\"lazy\" decoding=\"async\" width=\"657\" height=\"657\" src=\"https:\/\/www.integra-fragrances.com\/site\/wp-content\/uploads\/2023\/09\/bulgari-la-storia-il-sogno-2.webp\" class=\"attachment-full size-full wp-image-4765\" alt=\"\" srcset=\"https:\/\/www.integra-fragrances.com\/site\/wp-content\/uploads\/2023\/09\/bulgari-la-storia-il-sogno-2.webp 657w, https:\/\/www.integra-fragrances.com\/site\/wp-content\/uploads\/2023\/09\/bulgari-la-storia-il-sogno-2-300x300.webp 300w, https:\/\/www.integra-fragrances.com\/site\/wp-content\/uploads\/2023\/09\/bulgari-la-storia-il-sogno-2-150x150.webp 150w\" sizes=\"(max-width: 657px) 100vw, 657px\" \/>\t\t\t\t\t\t\t\t\t\t\t\t\t\t\t<\/div>\n\t\t\t\t<\/div>\n\t\t\t\t<div class=\"elementor-element elementor-element-770d205 elementor-widget elementor-widget-heading\" data-id=\"770d205\" data-element_type=\"widget\" data-widget_type=\"heading.default\">\n\t\t\t\t<div class=\"elementor-widget-container\">\n\t\t\t\t\t<h4 class=\"elementor-heading-title elementor-size-default\">25.06.2019<\/h4>\t\t\t\t<\/div>\n\t\t\t\t<\/div>\n\t\t\t\t<div class=\"elementor-element elementor-element-ceacd88 elementor-widget elementor-widget-heading\" data-id=\"ceacd88\" data-element_type=\"widget\" data-widget_type=\"heading.default\">\n\t\t\t\t<div class=\"elementor-widget-container\">\n\t\t\t\t\t<h4 class=\"elementor-heading-title elementor-size-default\">L&#8217;Histoire, Le R\u00eave. #bvlgari.<\/h4>\t\t\t\t<\/div>\n\t\t\t\t<\/div>\n\t\t\t\t<div class=\"elementor-element elementor-element-ef57251 elementor-align-left elementor-widget elementor-widget-button\" data-id=\"ef57251\" data-element_type=\"widget\" data-widget_type=\"button.default\">\n\t\t\t\t<div class=\"elementor-widget-container\">\n\t\t\t\t\t\t\t\t\t<div class=\"elementor-button-wrapper\">\n\t\t\t\t\t<a class=\"elementor-button elementor-button-link elementor-size-sm\" href=\"https:\/\/www.integra-fragrances.com\/fr\/lhistoire-le-reve-bvlgari\/\">\n\t\t\t\t\t\t<span class=\"elementor-button-content-wrapper\">\n\t\t\t\t\t\t\t\t\t<span class=\"elementor-button-text\">Lire plus<\/span>\n\t\t\t\t\t<\/span>\n\t\t\t\t\t<\/a>\n\t\t\t\t<\/div>\n\t\t\t\t\t\t\t\t<\/div>\n\t\t\t\t<\/div>\n\t\t\t\t<\/div>\n\t\t\t\t<\/div>\n\t\t<\/div>\t\t<\/article>\n\t\t\t\t<article id=\"post-4777\" class=\"elementor-post elementor-grid-item ecs-post-loop swiper-slide post-4777 post type-post status-publish format-standard has-post-thumbnail hentry category-non-classifiee\">\n\t\t<div class=\"ecs-link-wrapper\" data-href=\"https:\/\/www.integra-fragrances.com\/fr\/bvlgari-cinemagia-capri\/\"   >\t\t<div data-elementor-type=\"loop\" data-elementor-id=\"4670\" class=\"elementor elementor-4670 elementor-1438 post-4777 post type-post status-publish format-standard has-post-thumbnail hentry category-non-classifiee\" data-elementor-post-type=\"elementor_library\">\n\t\t\t<div class=\"elementor-element elementor-element-9ef032c e-con-full e-flex e-con e-parent\" data-id=\"9ef032c\" data-element_type=\"container\" data-settings=\"{&quot;background_background&quot;:&quot;classic&quot;}\">\n\t\t\t\t<div class=\"elementor-element elementor-element-16fe76f elementor-widget elementor-widget-image\" data-id=\"16fe76f\" data-element_type=\"widget\" data-widget_type=\"image.default\">\n\t\t\t\t<div class=\"elementor-widget-container\">\n\t\t\t\t\t\t\t\t\t\t\t\t\t\t\t<img loading=\"lazy\" decoding=\"async\" width=\"675\" height=\"675\" src=\"https:\/\/www.integra-fragrances.com\/site\/wp-content\/uploads\/2019\/06\/bulgari-cinemagia-capri-june-2019-copia.webp\" class=\"attachment-full size-full wp-image-4778\" alt=\"\" srcset=\"https:\/\/www.integra-fragrances.com\/site\/wp-content\/uploads\/2019\/06\/bulgari-cinemagia-capri-june-2019-copia.webp 675w, https:\/\/www.integra-fragrances.com\/site\/wp-content\/uploads\/2019\/06\/bulgari-cinemagia-capri-june-2019-copia-300x300.webp 300w, https:\/\/www.integra-fragrances.com\/site\/wp-content\/uploads\/2019\/06\/bulgari-cinemagia-capri-june-2019-copia-150x150.webp 150w\" sizes=\"(max-width: 675px) 100vw, 675px\" \/>\t\t\t\t\t\t\t\t\t\t\t\t\t\t\t<\/div>\n\t\t\t\t<\/div>\n\t\t\t\t<div class=\"elementor-element elementor-element-770d205 elementor-widget elementor-widget-heading\" data-id=\"770d205\" data-element_type=\"widget\" data-widget_type=\"heading.default\">\n\t\t\t\t<div class=\"elementor-widget-container\">\n\t\t\t\t\t<h4 class=\"elementor-heading-title elementor-size-default\">11.06.2019<\/h4>\t\t\t\t<\/div>\n\t\t\t\t<\/div>\n\t\t\t\t<div class=\"elementor-element elementor-element-ceacd88 elementor-widget elementor-widget-heading\" data-id=\"ceacd88\" data-element_type=\"widget\" data-widget_type=\"heading.default\">\n\t\t\t\t<div class=\"elementor-widget-container\">\n\t\t\t\t\t<h4 class=\"elementor-heading-title elementor-size-default\">BVLGARI Cinemagia Capri.<\/h4>\t\t\t\t<\/div>\n\t\t\t\t<\/div>\n\t\t\t\t<div class=\"elementor-element elementor-element-ef57251 elementor-align-left elementor-widget elementor-widget-button\" data-id=\"ef57251\" data-element_type=\"widget\" data-widget_type=\"button.default\">\n\t\t\t\t<div class=\"elementor-widget-container\">\n\t\t\t\t\t\t\t\t\t<div class=\"elementor-button-wrapper\">\n\t\t\t\t\t<a class=\"elementor-button elementor-button-link elementor-size-sm\" href=\"https:\/\/www.integra-fragrances.com\/fr\/bvlgari-cinemagia-capri\/\">\n\t\t\t\t\t\t<span class=\"elementor-button-content-wrapper\">\n\t\t\t\t\t\t\t\t\t<span class=\"elementor-button-text\">Lire plus<\/span>\n\t\t\t\t\t<\/span>\n\t\t\t\t\t<\/a>\n\t\t\t\t<\/div>\n\t\t\t\t\t\t\t\t<\/div>\n\t\t\t\t<\/div>\n\t\t\t\t<\/div>\n\t\t\t\t<\/div>\n\t\t<\/div>\t\t<\/article>\n\t\t\t\t<article id=\"post-4809\" class=\"elementor-post elementor-grid-item ecs-post-loop swiper-slide post-4809 post type-post status-publish format-standard has-post-thumbnail hentry category-non-classifiee\">\n\t\t<div class=\"ecs-link-wrapper\" data-href=\"https:\/\/www.integra-fragrances.com\/fr\/bulgari-serpentiform-revient-a-chengdu\/\"   >\t\t<div data-elementor-type=\"loop\" data-elementor-id=\"4670\" class=\"elementor elementor-4670 elementor-1438 post-4809 post type-post status-publish format-standard has-post-thumbnail hentry category-non-classifiee\" data-elementor-post-type=\"elementor_library\">\n\t\t\t<div class=\"elementor-element elementor-element-9ef032c e-con-full e-flex e-con e-parent\" data-id=\"9ef032c\" data-element_type=\"container\" data-settings=\"{&quot;background_background&quot;:&quot;classic&quot;}\">\n\t\t\t\t<div class=\"elementor-element elementor-element-16fe76f elementor-widget elementor-widget-image\" data-id=\"16fe76f\" data-element_type=\"widget\" data-widget_type=\"image.default\">\n\t\t\t\t<div class=\"elementor-widget-container\">\n\t\t\t\t\t\t\t\t\t\t\t\t\t\t\t<img loading=\"lazy\" decoding=\"async\" width=\"675\" height=\"675\" src=\"https:\/\/www.integra-fragrances.com\/site\/wp-content\/uploads\/2023\/09\/chengdu-museum-serpentiform-exhibition-bulgari-copia.webp\" class=\"attachment-full size-full wp-image-4810\" alt=\"\" srcset=\"https:\/\/www.integra-fragrances.com\/site\/wp-content\/uploads\/2023\/09\/chengdu-museum-serpentiform-exhibition-bulgari-copia.webp 675w, https:\/\/www.integra-fragrances.com\/site\/wp-content\/uploads\/2023\/09\/chengdu-museum-serpentiform-exhibition-bulgari-copia-300x300.webp 300w, https:\/\/www.integra-fragrances.com\/site\/wp-content\/uploads\/2023\/09\/chengdu-museum-serpentiform-exhibition-bulgari-copia-150x150.webp 150w\" sizes=\"(max-width: 675px) 100vw, 675px\" \/>\t\t\t\t\t\t\t\t\t\t\t\t\t\t\t<\/div>\n\t\t\t\t<\/div>\n\t\t\t\t<div class=\"elementor-element elementor-element-770d205 elementor-widget elementor-widget-heading\" data-id=\"770d205\" data-element_type=\"widget\" data-widget_type=\"heading.default\">\n\t\t\t\t<div class=\"elementor-widget-container\">\n\t\t\t\t\t<h4 class=\"elementor-heading-title elementor-size-default\">30.04.2019<\/h4>\t\t\t\t<\/div>\n\t\t\t\t<\/div>\n\t\t\t\t<div class=\"elementor-element elementor-element-ceacd88 elementor-widget elementor-widget-heading\" data-id=\"ceacd88\" data-element_type=\"widget\" data-widget_type=\"heading.default\">\n\t\t\t\t<div class=\"elementor-widget-container\">\n\t\t\t\t\t<h4 class=\"elementor-heading-title elementor-size-default\">Bulgari SerpentiForm revient \u00e0 Chengdu!<\/h4>\t\t\t\t<\/div>\n\t\t\t\t<\/div>\n\t\t\t\t<div class=\"elementor-element elementor-element-ef57251 elementor-align-left elementor-widget elementor-widget-button\" data-id=\"ef57251\" data-element_type=\"widget\" data-widget_type=\"button.default\">\n\t\t\t\t<div class=\"elementor-widget-container\">\n\t\t\t\t\t\t\t\t\t<div class=\"elementor-button-wrapper\">\n\t\t\t\t\t<a class=\"elementor-button elementor-button-link elementor-size-sm\" href=\"https:\/\/www.integra-fragrances.com\/fr\/bulgari-serpentiform-revient-a-chengdu\/\">\n\t\t\t\t\t\t<span class=\"elementor-button-content-wrapper\">\n\t\t\t\t\t\t\t\t\t<span class=\"elementor-button-text\">Lire plus<\/span>\n\t\t\t\t\t<\/span>\n\t\t\t\t\t<\/a>\n\t\t\t\t<\/div>\n\t\t\t\t\t\t\t\t<\/div>\n\t\t\t\t<\/div>\n\t\t\t\t<\/div>\n\t\t\t\t<\/div>\n\t\t<\/div>\t\t<\/article>\n\t\t\t\t<article id=\"post-4827\" class=\"elementor-post elementor-grid-item ecs-post-loop swiper-slide post-4827 post type-post status-publish format-standard has-post-thumbnail hentry category-non-classifiee\">\n\t\t<div class=\"ecs-link-wrapper\" data-href=\"https:\/\/www.integra-fragrances.com\/fr\/mclaren-luxe-et-vitesse-dans-un-parfum\/\"   >\t\t<div data-elementor-type=\"loop\" data-elementor-id=\"4670\" class=\"elementor elementor-4670 elementor-1438 post-4827 post type-post status-publish format-standard has-post-thumbnail hentry category-non-classifiee\" data-elementor-post-type=\"elementor_library\">\n\t\t\t<div class=\"elementor-element elementor-element-9ef032c e-con-full e-flex e-con e-parent\" data-id=\"9ef032c\" data-element_type=\"container\" data-settings=\"{&quot;background_background&quot;:&quot;classic&quot;}\">\n\t\t\t\t<div class=\"elementor-element elementor-element-16fe76f elementor-widget elementor-widget-image\" data-id=\"16fe76f\" data-element_type=\"widget\" data-widget_type=\"image.default\">\n\t\t\t\t<div class=\"elementor-widget-container\">\n\t\t\t\t\t\t\t\t\t\t\t\t\t\t\t<img loading=\"lazy\" decoding=\"async\" width=\"675\" height=\"675\" src=\"https:\/\/www.integra-fragrances.com\/site\/wp-content\/uploads\/2023\/09\/mclaren-hk.webp\" class=\"attachment-full size-full wp-image-4828\" alt=\"\" srcset=\"https:\/\/www.integra-fragrances.com\/site\/wp-content\/uploads\/2023\/09\/mclaren-hk.webp 675w, https:\/\/www.integra-fragrances.com\/site\/wp-content\/uploads\/2023\/09\/mclaren-hk-300x300.webp 300w, https:\/\/www.integra-fragrances.com\/site\/wp-content\/uploads\/2023\/09\/mclaren-hk-150x150.webp 150w\" sizes=\"(max-width: 675px) 100vw, 675px\" \/>\t\t\t\t\t\t\t\t\t\t\t\t\t\t\t<\/div>\n\t\t\t\t<\/div>\n\t\t\t\t<div class=\"elementor-element elementor-element-770d205 elementor-widget elementor-widget-heading\" data-id=\"770d205\" data-element_type=\"widget\" data-widget_type=\"heading.default\">\n\t\t\t\t<div class=\"elementor-widget-container\">\n\t\t\t\t\t<h4 class=\"elementor-heading-title elementor-size-default\">28.02.2019<\/h4>\t\t\t\t<\/div>\n\t\t\t\t<\/div>\n\t\t\t\t<div class=\"elementor-element elementor-element-ceacd88 elementor-widget elementor-widget-heading\" data-id=\"ceacd88\" data-element_type=\"widget\" data-widget_type=\"heading.default\">\n\t\t\t\t<div class=\"elementor-widget-container\">\n\t\t\t\t\t<h4 class=\"elementor-heading-title elementor-size-default\">Mclaren. Luxe et vitesse dans un parfum.<\/h4>\t\t\t\t<\/div>\n\t\t\t\t<\/div>\n\t\t\t\t<div class=\"elementor-element elementor-element-ef57251 elementor-align-left elementor-widget elementor-widget-button\" data-id=\"ef57251\" data-element_type=\"widget\" data-widget_type=\"button.default\">\n\t\t\t\t<div class=\"elementor-widget-container\">\n\t\t\t\t\t\t\t\t\t<div class=\"elementor-button-wrapper\">\n\t\t\t\t\t<a class=\"elementor-button elementor-button-link elementor-size-sm\" href=\"https:\/\/www.integra-fragrances.com\/fr\/mclaren-luxe-et-vitesse-dans-un-parfum\/\">\n\t\t\t\t\t\t<span class=\"elementor-button-content-wrapper\">\n\t\t\t\t\t\t\t\t\t<span class=\"elementor-button-text\">Lire plus<\/span>\n\t\t\t\t\t<\/span>\n\t\t\t\t\t<\/a>\n\t\t\t\t<\/div>\n\t\t\t\t\t\t\t\t<\/div>\n\t\t\t\t<\/div>\n\t\t\t\t<\/div>\n\t\t\t\t<\/div>\n\t\t<\/div>\t\t<\/article>\n\t\t\t\t<article id=\"post-4835\" class=\"elementor-post elementor-grid-item ecs-post-loop swiper-slide post-4835 post type-post status-publish format-standard has-post-thumbnail hentry category-non-classifiee\">\n\t\t<div class=\"ecs-link-wrapper\" data-href=\"https:\/\/www.integra-fragrances.com\/fr\/pro-fumo-di-londra-entre-mode-et-art-de-lady-diana-a-kate-moss\/\"   >\t\t<div data-elementor-type=\"loop\" data-elementor-id=\"4670\" class=\"elementor elementor-4670 elementor-1438 post-4835 post type-post status-publish format-standard has-post-thumbnail hentry category-non-classifiee\" data-elementor-post-type=\"elementor_library\">\n\t\t\t<div class=\"elementor-element elementor-element-9ef032c e-con-full e-flex e-con e-parent\" data-id=\"9ef032c\" data-element_type=\"container\" data-settings=\"{&quot;background_background&quot;:&quot;classic&quot;}\">\n\t\t\t\t<div class=\"elementor-element elementor-element-16fe76f elementor-widget elementor-widget-image\" data-id=\"16fe76f\" data-element_type=\"widget\" data-widget_type=\"image.default\">\n\t\t\t\t<div class=\"elementor-widget-container\">\n\t\t\t\t\t\t\t\t\t\t\t\t\t\t\t<img loading=\"lazy\" decoding=\"async\" width=\"675\" height=\"675\" src=\"https:\/\/www.integra-fragrances.com\/site\/wp-content\/uploads\/2023\/09\/gallerie-d-italia-napoli.webp\" class=\"attachment-full size-full wp-image-4836\" alt=\"\" srcset=\"https:\/\/www.integra-fragrances.com\/site\/wp-content\/uploads\/2023\/09\/gallerie-d-italia-napoli.webp 675w, https:\/\/www.integra-fragrances.com\/site\/wp-content\/uploads\/2023\/09\/gallerie-d-italia-napoli-300x300.webp 300w, https:\/\/www.integra-fragrances.com\/site\/wp-content\/uploads\/2023\/09\/gallerie-d-italia-napoli-150x150.webp 150w\" sizes=\"(max-width: 675px) 100vw, 675px\" \/>\t\t\t\t\t\t\t\t\t\t\t\t\t\t\t<\/div>\n\t\t\t\t<\/div>\n\t\t\t\t<div class=\"elementor-element elementor-element-770d205 elementor-widget elementor-widget-heading\" data-id=\"770d205\" data-element_type=\"widget\" data-widget_type=\"heading.default\">\n\t\t\t\t<div class=\"elementor-widget-container\">\n\t\t\t\t\t<h4 class=\"elementor-heading-title elementor-size-default\">16.01.2019<\/h4>\t\t\t\t<\/div>\n\t\t\t\t<\/div>\n\t\t\t\t<div class=\"elementor-element elementor-element-ceacd88 elementor-widget elementor-widget-heading\" data-id=\"ceacd88\" data-element_type=\"widget\" data-widget_type=\"heading.default\">\n\t\t\t\t<div class=\"elementor-widget-container\">\n\t\t\t\t\t<h4 class=\"elementor-heading-title elementor-size-default\">Pro-fumo di Londra &#8211; Entre mode et art, de Lady Diana \u00e0 Kate Moss.<\/h4>\t\t\t\t<\/div>\n\t\t\t\t<\/div>\n\t\t\t\t<div class=\"elementor-element elementor-element-ef57251 elementor-align-left elementor-widget elementor-widget-button\" data-id=\"ef57251\" data-element_type=\"widget\" data-widget_type=\"button.default\">\n\t\t\t\t<div class=\"elementor-widget-container\">\n\t\t\t\t\t\t\t\t\t<div class=\"elementor-button-wrapper\">\n\t\t\t\t\t<a class=\"elementor-button elementor-button-link elementor-size-sm\" href=\"https:\/\/www.integra-fragrances.com\/fr\/pro-fumo-di-londra-entre-mode-et-art-de-lady-diana-a-kate-moss\/\">\n\t\t\t\t\t\t<span class=\"elementor-button-content-wrapper\">\n\t\t\t\t\t\t\t\t\t<span class=\"elementor-button-text\">Lire plus<\/span>\n\t\t\t\t\t<\/span>\n\t\t\t\t\t<\/a>\n\t\t\t\t<\/div>\n\t\t\t\t\t\t\t\t<\/div>\n\t\t\t\t<\/div>\n\t\t\t\t<\/div>\n\t\t\t\t<\/div>\n\t\t<\/div>\t\t<\/article>\n\t\t\t\t<article id=\"post-5149\" class=\"elementor-post elementor-grid-item ecs-post-loop swiper-slide post-5149 post type-post status-publish format-standard has-post-thumbnail hentry category-non-classifiee\">\n\t\t<div class=\"ecs-link-wrapper\" data-href=\"https:\/\/www.integra-fragrances.com\/fr\/furla-a-gift-for-our-most-loyal-customers\/\"   >\t\t<div data-elementor-type=\"loop\" data-elementor-id=\"4670\" class=\"elementor elementor-4670 elementor-1438 post-5149 post type-post status-publish format-standard has-post-thumbnail hentry category-non-classifiee\" data-elementor-post-type=\"elementor_library\">\n\t\t\t<div class=\"elementor-element elementor-element-9ef032c e-con-full e-flex e-con e-parent\" data-id=\"9ef032c\" data-element_type=\"container\" data-settings=\"{&quot;background_background&quot;:&quot;classic&quot;}\">\n\t\t\t\t<div class=\"elementor-element elementor-element-16fe76f elementor-widget elementor-widget-image\" data-id=\"16fe76f\" data-element_type=\"widget\" data-widget_type=\"image.default\">\n\t\t\t\t<div class=\"elementor-widget-container\">\n\t\t\t\t\t\t\t\t\t\t\t\t\t\t\t<img loading=\"lazy\" decoding=\"async\" width=\"972\" height=\"971\" src=\"https:\/\/www.integra-fragrances.com\/site\/wp-content\/uploads\/2023\/09\/6X9A1302.webp\" class=\"attachment-full size-full wp-image-5150\" alt=\"\" srcset=\"https:\/\/www.integra-fragrances.com\/site\/wp-content\/uploads\/2023\/09\/6X9A1302.webp 972w, https:\/\/www.integra-fragrances.com\/site\/wp-content\/uploads\/2023\/09\/6X9A1302-300x300.webp 300w, https:\/\/www.integra-fragrances.com\/site\/wp-content\/uploads\/2023\/09\/6X9A1302-150x150.webp 150w, https:\/\/www.integra-fragrances.com\/site\/wp-content\/uploads\/2023\/09\/6X9A1302-768x767.webp 768w\" sizes=\"(max-width: 972px) 100vw, 972px\" \/>\t\t\t\t\t\t\t\t\t\t\t\t\t\t\t<\/div>\n\t\t\t\t<\/div>\n\t\t\t\t<div class=\"elementor-element elementor-element-770d205 elementor-widget elementor-widget-heading\" data-id=\"770d205\" data-element_type=\"widget\" data-widget_type=\"heading.default\">\n\t\t\t\t<div class=\"elementor-widget-container\">\n\t\t\t\t\t<h4 class=\"elementor-heading-title elementor-size-default\">27.10.2018<\/h4>\t\t\t\t<\/div>\n\t\t\t\t<\/div>\n\t\t\t\t<div class=\"elementor-element elementor-element-ceacd88 elementor-widget elementor-widget-heading\" data-id=\"ceacd88\" data-element_type=\"widget\" data-widget_type=\"heading.default\">\n\t\t\t\t<div class=\"elementor-widget-container\">\n\t\t\t\t\t<h4 class=\"elementor-heading-title elementor-size-default\">Furla. Rendre hommage \u00e0 ses meilleures clientes.<\/h4>\t\t\t\t<\/div>\n\t\t\t\t<\/div>\n\t\t\t\t<div class=\"elementor-element elementor-element-ef57251 elementor-align-left elementor-widget elementor-widget-button\" data-id=\"ef57251\" data-element_type=\"widget\" data-widget_type=\"button.default\">\n\t\t\t\t<div class=\"elementor-widget-container\">\n\t\t\t\t\t\t\t\t\t<div class=\"elementor-button-wrapper\">\n\t\t\t\t\t<a class=\"elementor-button elementor-button-link elementor-size-sm\" href=\"https:\/\/www.integra-fragrances.com\/fr\/furla-a-gift-for-our-most-loyal-customers\/\">\n\t\t\t\t\t\t<span class=\"elementor-button-content-wrapper\">\n\t\t\t\t\t\t\t\t\t<span class=\"elementor-button-text\">Lire plus<\/span>\n\t\t\t\t\t<\/span>\n\t\t\t\t\t<\/a>\n\t\t\t\t<\/div>\n\t\t\t\t\t\t\t\t<\/div>\n\t\t\t\t<\/div>\n\t\t\t\t<\/div>\n\t\t\t\t<\/div>\n\t\t<\/div>\t\t<\/article>\n\t\t\t\t<article id=\"post-4894\" class=\"elementor-post elementor-grid-item ecs-post-loop swiper-slide post-4894 post type-post status-publish format-standard has-post-thumbnail hentry category-non-classifiee\">\n\t\t<div class=\"ecs-link-wrapper\" data-href=\"https:\/\/www.integra-fragrances.com\/fr\/evenement-douverture-de-bulgari-a-la-milan-design-week-2018\/\"   >\t\t<div data-elementor-type=\"loop\" data-elementor-id=\"4670\" class=\"elementor elementor-4670 elementor-1438 post-4894 post type-post status-publish format-standard has-post-thumbnail hentry category-non-classifiee\" data-elementor-post-type=\"elementor_library\">\n\t\t\t<div class=\"elementor-element elementor-element-9ef032c e-con-full e-flex e-con e-parent\" data-id=\"9ef032c\" data-element_type=\"container\" data-settings=\"{&quot;background_background&quot;:&quot;classic&quot;}\">\n\t\t\t\t<div class=\"elementor-element elementor-element-16fe76f elementor-widget elementor-widget-image\" data-id=\"16fe76f\" data-element_type=\"widget\" data-widget_type=\"image.default\">\n\t\t\t\t<div class=\"elementor-widget-container\">\n\t\t\t\t\t\t\t\t\t\t\t\t\t\t\t<img loading=\"lazy\" decoding=\"async\" width=\"675\" height=\"675\" src=\"https:\/\/www.integra-fragrances.com\/site\/wp-content\/uploads\/2023\/09\/5_mg_1049-bulgari-milano-design-week_2.webp\" class=\"attachment-full size-full wp-image-4895\" alt=\"\" srcset=\"https:\/\/www.integra-fragrances.com\/site\/wp-content\/uploads\/2023\/09\/5_mg_1049-bulgari-milano-design-week_2.webp 675w, https:\/\/www.integra-fragrances.com\/site\/wp-content\/uploads\/2023\/09\/5_mg_1049-bulgari-milano-design-week_2-300x300.webp 300w, https:\/\/www.integra-fragrances.com\/site\/wp-content\/uploads\/2023\/09\/5_mg_1049-bulgari-milano-design-week_2-150x150.webp 150w\" sizes=\"(max-width: 675px) 100vw, 675px\" \/>\t\t\t\t\t\t\t\t\t\t\t\t\t\t\t<\/div>\n\t\t\t\t<\/div>\n\t\t\t\t<div class=\"elementor-element elementor-element-770d205 elementor-widget elementor-widget-heading\" data-id=\"770d205\" data-element_type=\"widget\" data-widget_type=\"heading.default\">\n\t\t\t\t<div class=\"elementor-widget-container\">\n\t\t\t\t\t<h4 class=\"elementor-heading-title elementor-size-default\">17.04.2018<\/h4>\t\t\t\t<\/div>\n\t\t\t\t<\/div>\n\t\t\t\t<div class=\"elementor-element elementor-element-ceacd88 elementor-widget elementor-widget-heading\" data-id=\"ceacd88\" data-element_type=\"widget\" data-widget_type=\"heading.default\">\n\t\t\t\t<div class=\"elementor-widget-container\">\n\t\t\t\t\t<h4 class=\"elementor-heading-title elementor-size-default\">\u00c9v\u00e9nement d&#8217;ouverture de Bulgari \u00e0 la Milan Design Week 2018.<\/h4>\t\t\t\t<\/div>\n\t\t\t\t<\/div>\n\t\t\t\t<div class=\"elementor-element elementor-element-ef57251 elementor-align-left elementor-widget elementor-widget-button\" data-id=\"ef57251\" data-element_type=\"widget\" data-widget_type=\"button.default\">\n\t\t\t\t<div class=\"elementor-widget-container\">\n\t\t\t\t\t\t\t\t\t<div class=\"elementor-button-wrapper\">\n\t\t\t\t\t<a class=\"elementor-button elementor-button-link elementor-size-sm\" href=\"https:\/\/www.integra-fragrances.com\/fr\/evenement-douverture-de-bulgari-a-la-milan-design-week-2018\/\">\n\t\t\t\t\t\t<span class=\"elementor-button-content-wrapper\">\n\t\t\t\t\t\t\t\t\t<span class=\"elementor-button-text\">Lire plus<\/span>\n\t\t\t\t\t<\/span>\n\t\t\t\t\t<\/a>\n\t\t\t\t<\/div>\n\t\t\t\t\t\t\t\t<\/div>\n\t\t\t\t<\/div>\n\t\t\t\t<\/div>\n\t\t\t\t<\/div>\n\t\t<\/div>\t\t<\/article>\n\t\t\t\t<article id=\"post-4927\" class=\"elementor-post elementor-grid-item ecs-post-loop swiper-slide post-4927 post type-post status-publish format-standard has-post-thumbnail hentry category-non-classifiee\">\n\t\t<div class=\"ecs-link-wrapper\" data-href=\"https:\/\/www.integra-fragrances.com\/fr\/hm-submergez-vous-denergie\/\"   >\t\t<div data-elementor-type=\"loop\" data-elementor-id=\"4670\" class=\"elementor elementor-4670 elementor-1438 post-4927 post type-post status-publish format-standard has-post-thumbnail hentry category-non-classifiee\" data-elementor-post-type=\"elementor_library\">\n\t\t\t<div class=\"elementor-element elementor-element-9ef032c e-con-full e-flex e-con e-parent\" data-id=\"9ef032c\" data-element_type=\"container\" data-settings=\"{&quot;background_background&quot;:&quot;classic&quot;}\">\n\t\t\t\t<div class=\"elementor-element elementor-element-16fe76f elementor-widget elementor-widget-image\" data-id=\"16fe76f\" data-element_type=\"widget\" data-widget_type=\"image.default\">\n\t\t\t\t<div class=\"elementor-widget-container\">\n\t\t\t\t\t\t\t\t\t\t\t\t\t\t\t<img loading=\"lazy\" decoding=\"async\" width=\"675\" height=\"675\" src=\"https:\/\/www.integra-fragrances.com\/site\/wp-content\/uploads\/2023\/09\/HM.webp\" class=\"attachment-full size-full wp-image-4928\" alt=\"\" srcset=\"https:\/\/www.integra-fragrances.com\/site\/wp-content\/uploads\/2023\/09\/HM.webp 675w, https:\/\/www.integra-fragrances.com\/site\/wp-content\/uploads\/2023\/09\/HM-300x300.webp 300w, https:\/\/www.integra-fragrances.com\/site\/wp-content\/uploads\/2023\/09\/HM-150x150.webp 150w\" sizes=\"(max-width: 675px) 100vw, 675px\" \/>\t\t\t\t\t\t\t\t\t\t\t\t\t\t\t<\/div>\n\t\t\t\t<\/div>\n\t\t\t\t<div class=\"elementor-element elementor-element-770d205 elementor-widget elementor-widget-heading\" data-id=\"770d205\" data-element_type=\"widget\" data-widget_type=\"heading.default\">\n\t\t\t\t<div class=\"elementor-widget-container\">\n\t\t\t\t\t<h4 class=\"elementor-heading-title elementor-size-default\">30.01.2018<\/h4>\t\t\t\t<\/div>\n\t\t\t\t<\/div>\n\t\t\t\t<div class=\"elementor-element elementor-element-ceacd88 elementor-widget elementor-widget-heading\" data-id=\"ceacd88\" data-element_type=\"widget\" data-widget_type=\"heading.default\">\n\t\t\t\t<div class=\"elementor-widget-container\">\n\t\t\t\t\t<h4 class=\"elementor-heading-title elementor-size-default\">H&#038;M. Submergez-vous d&#8217;\u00e9nergie.<\/h4>\t\t\t\t<\/div>\n\t\t\t\t<\/div>\n\t\t\t\t<div class=\"elementor-element elementor-element-ef57251 elementor-align-left elementor-widget elementor-widget-button\" data-id=\"ef57251\" data-element_type=\"widget\" data-widget_type=\"button.default\">\n\t\t\t\t<div class=\"elementor-widget-container\">\n\t\t\t\t\t\t\t\t\t<div class=\"elementor-button-wrapper\">\n\t\t\t\t\t<a class=\"elementor-button elementor-button-link elementor-size-sm\" href=\"https:\/\/www.integra-fragrances.com\/fr\/hm-submergez-vous-denergie\/\">\n\t\t\t\t\t\t<span class=\"elementor-button-content-wrapper\">\n\t\t\t\t\t\t\t\t\t<span class=\"elementor-button-text\">Lire plus<\/span>\n\t\t\t\t\t<\/span>\n\t\t\t\t\t<\/a>\n\t\t\t\t<\/div>\n\t\t\t\t\t\t\t\t<\/div>\n\t\t\t\t<\/div>\n\t\t\t\t<\/div>\n\t\t\t\t<\/div>\n\t\t<\/div>\t\t<\/article>\n\t\t\t\t<article id=\"post-4946\" class=\"elementor-post elementor-grid-item ecs-post-loop swiper-slide post-4946 post type-post status-publish format-standard has-post-thumbnail hentry category-non-classifiee\">\n\t\t<div class=\"ecs-link-wrapper\" data-href=\"https:\/\/www.integra-fragrances.com\/fr\/borgo-egnazia-le-souffle-authentique-des-pouilles\/\"   >\t\t<div data-elementor-type=\"loop\" data-elementor-id=\"4670\" class=\"elementor elementor-4670 elementor-1438 post-4946 post type-post status-publish format-standard has-post-thumbnail hentry category-non-classifiee\" data-elementor-post-type=\"elementor_library\">\n\t\t\t<div class=\"elementor-element elementor-element-9ef032c e-con-full e-flex e-con e-parent\" data-id=\"9ef032c\" data-element_type=\"container\" data-settings=\"{&quot;background_background&quot;:&quot;classic&quot;}\">\n\t\t\t\t<div class=\"elementor-element elementor-element-16fe76f elementor-widget elementor-widget-image\" data-id=\"16fe76f\" data-element_type=\"widget\" data-widget_type=\"image.default\">\n\t\t\t\t<div class=\"elementor-widget-container\">\n\t\t\t\t\t\t\t\t\t\t\t\t\t\t\t<img loading=\"lazy\" decoding=\"async\" width=\"675\" height=\"675\" src=\"https:\/\/www.integra-fragrances.com\/site\/wp-content\/uploads\/2023\/09\/11-borgo-egnazia-puglia.webp\" class=\"attachment-full size-full wp-image-4947\" alt=\"\" srcset=\"https:\/\/www.integra-fragrances.com\/site\/wp-content\/uploads\/2023\/09\/11-borgo-egnazia-puglia.webp 675w, https:\/\/www.integra-fragrances.com\/site\/wp-content\/uploads\/2023\/09\/11-borgo-egnazia-puglia-300x300.webp 300w, https:\/\/www.integra-fragrances.com\/site\/wp-content\/uploads\/2023\/09\/11-borgo-egnazia-puglia-150x150.webp 150w\" sizes=\"(max-width: 675px) 100vw, 675px\" \/>\t\t\t\t\t\t\t\t\t\t\t\t\t\t\t<\/div>\n\t\t\t\t<\/div>\n\t\t\t\t<div class=\"elementor-element elementor-element-770d205 elementor-widget elementor-widget-heading\" data-id=\"770d205\" data-element_type=\"widget\" data-widget_type=\"heading.default\">\n\t\t\t\t<div class=\"elementor-widget-container\">\n\t\t\t\t\t<h4 class=\"elementor-heading-title elementor-size-default\">15.10.2017<\/h4>\t\t\t\t<\/div>\n\t\t\t\t<\/div>\n\t\t\t\t<div class=\"elementor-element elementor-element-ceacd88 elementor-widget elementor-widget-heading\" data-id=\"ceacd88\" data-element_type=\"widget\" data-widget_type=\"heading.default\">\n\t\t\t\t<div class=\"elementor-widget-container\">\n\t\t\t\t\t<h4 class=\"elementor-heading-title elementor-size-default\">Borgo Egnazia. Le souffle authentique des Pouilles.<\/h4>\t\t\t\t<\/div>\n\t\t\t\t<\/div>\n\t\t\t\t<div class=\"elementor-element elementor-element-ef57251 elementor-align-left elementor-widget elementor-widget-button\" data-id=\"ef57251\" data-element_type=\"widget\" data-widget_type=\"button.default\">\n\t\t\t\t<div class=\"elementor-widget-container\">\n\t\t\t\t\t\t\t\t\t<div class=\"elementor-button-wrapper\">\n\t\t\t\t\t<a class=\"elementor-button elementor-button-link elementor-size-sm\" href=\"https:\/\/www.integra-fragrances.com\/fr\/borgo-egnazia-le-souffle-authentique-des-pouilles\/\">\n\t\t\t\t\t\t<span class=\"elementor-button-content-wrapper\">\n\t\t\t\t\t\t\t\t\t<span class=\"elementor-button-text\">Lire plus<\/span>\n\t\t\t\t\t<\/span>\n\t\t\t\t\t<\/a>\n\t\t\t\t<\/div>\n\t\t\t\t\t\t\t\t<\/div>\n\t\t\t\t<\/div>\n\t\t\t\t<\/div>\n\t\t\t\t<\/div>\n\t\t<\/div>\t\t<\/article>\n\t\t\t\t<article id=\"post-4965\" class=\"elementor-post elementor-grid-item ecs-post-loop swiper-slide post-4965 post type-post status-publish format-standard has-post-thumbnail hentry category-non-classifiee\">\n\t\t<div class=\"ecs-link-wrapper\" data-href=\"https:\/\/www.integra-fragrances.com\/fr\/bulgari-festa-secoue-venise\/\"   >\t\t<div data-elementor-type=\"loop\" data-elementor-id=\"4670\" class=\"elementor elementor-4670 elementor-1438 post-4965 post type-post status-publish format-standard has-post-thumbnail hentry category-non-classifiee\" data-elementor-post-type=\"elementor_library\">\n\t\t\t<div class=\"elementor-element elementor-element-9ef032c e-con-full e-flex e-con e-parent\" data-id=\"9ef032c\" data-element_type=\"container\" data-settings=\"{&quot;background_background&quot;:&quot;classic&quot;}\">\n\t\t\t\t<div class=\"elementor-element elementor-element-16fe76f elementor-widget elementor-widget-image\" data-id=\"16fe76f\" data-element_type=\"widget\" data-widget_type=\"image.default\">\n\t\t\t\t<div class=\"elementor-widget-container\">\n\t\t\t\t\t\t\t\t\t\t\t\t\t\t\t<img loading=\"lazy\" decoding=\"async\" width=\"675\" height=\"675\" src=\"https:\/\/www.integra-fragrances.com\/site\/wp-content\/uploads\/2023\/09\/bulgari-festa-jewellery-collection-exclusive-party-venice.webp\" class=\"attachment-full size-full wp-image-4966\" alt=\"\" srcset=\"https:\/\/www.integra-fragrances.com\/site\/wp-content\/uploads\/2023\/09\/bulgari-festa-jewellery-collection-exclusive-party-venice.webp 675w, https:\/\/www.integra-fragrances.com\/site\/wp-content\/uploads\/2023\/09\/bulgari-festa-jewellery-collection-exclusive-party-venice-300x300.webp 300w, https:\/\/www.integra-fragrances.com\/site\/wp-content\/uploads\/2023\/09\/bulgari-festa-jewellery-collection-exclusive-party-venice-150x150.webp 150w\" sizes=\"(max-width: 675px) 100vw, 675px\" \/>\t\t\t\t\t\t\t\t\t\t\t\t\t\t\t<\/div>\n\t\t\t\t<\/div>\n\t\t\t\t<div class=\"elementor-element elementor-element-770d205 elementor-widget elementor-widget-heading\" data-id=\"770d205\" data-element_type=\"widget\" data-widget_type=\"heading.default\">\n\t\t\t\t<div class=\"elementor-widget-container\">\n\t\t\t\t\t<h4 class=\"elementor-heading-title elementor-size-default\">30.06.2017<\/h4>\t\t\t\t<\/div>\n\t\t\t\t<\/div>\n\t\t\t\t<div class=\"elementor-element elementor-element-ceacd88 elementor-widget elementor-widget-heading\" data-id=\"ceacd88\" data-element_type=\"widget\" data-widget_type=\"heading.default\">\n\t\t\t\t<div class=\"elementor-widget-container\">\n\t\t\t\t\t<h4 class=\"elementor-heading-title elementor-size-default\">Bulgari FESTA secoue Venise.<\/h4>\t\t\t\t<\/div>\n\t\t\t\t<\/div>\n\t\t\t\t<div class=\"elementor-element elementor-element-ef57251 elementor-align-left elementor-widget elementor-widget-button\" data-id=\"ef57251\" data-element_type=\"widget\" data-widget_type=\"button.default\">\n\t\t\t\t<div class=\"elementor-widget-container\">\n\t\t\t\t\t\t\t\t\t<div class=\"elementor-button-wrapper\">\n\t\t\t\t\t<a class=\"elementor-button elementor-button-link elementor-size-sm\" href=\"https:\/\/www.integra-fragrances.com\/fr\/bulgari-festa-secoue-venise\/\">\n\t\t\t\t\t\t<span class=\"elementor-button-content-wrapper\">\n\t\t\t\t\t\t\t\t\t<span class=\"elementor-button-text\">Lire plus<\/span>\n\t\t\t\t\t<\/span>\n\t\t\t\t\t<\/a>\n\t\t\t\t<\/div>\n\t\t\t\t\t\t\t\t<\/div>\n\t\t\t\t<\/div>\n\t\t\t\t<\/div>\n\t\t\t\t<\/div>\n\t\t<\/div>\t\t<\/article>\n\t\t\t\t<article id=\"post-5001\" class=\"elementor-post elementor-grid-item ecs-post-loop swiper-slide post-5001 post type-post status-publish format-standard has-post-thumbnail hentry category-non-classifiee\">\n\t\t<div class=\"ecs-link-wrapper\" data-href=\"https:\/\/www.integra-fragrances.com\/fr\/diesel-quand-le-defi-sadresse-aux-plus-courageux\/\"   >\t\t<div data-elementor-type=\"loop\" data-elementor-id=\"4670\" class=\"elementor elementor-4670 elementor-1438 post-5001 post type-post status-publish format-standard has-post-thumbnail hentry category-non-classifiee\" data-elementor-post-type=\"elementor_library\">\n\t\t\t<div class=\"elementor-element elementor-element-9ef032c e-con-full e-flex e-con e-parent\" data-id=\"9ef032c\" data-element_type=\"container\" data-settings=\"{&quot;background_background&quot;:&quot;classic&quot;}\">\n\t\t\t\t<div class=\"elementor-element elementor-element-16fe76f elementor-widget elementor-widget-image\" data-id=\"16fe76f\" data-element_type=\"widget\" data-widget_type=\"image.default\">\n\t\t\t\t<div class=\"elementor-widget-container\">\n\t\t\t\t\t\t\t\t\t\t\t\t\t\t\t<img loading=\"lazy\" decoding=\"async\" width=\"1092\" height=\"1092\" src=\"https:\/\/www.integra-fragrances.com\/site\/wp-content\/uploads\/2023\/09\/Web_1510_03_CF058409.webp\" class=\"attachment-full size-full wp-image-5002\" alt=\"\" srcset=\"https:\/\/www.integra-fragrances.com\/site\/wp-content\/uploads\/2023\/09\/Web_1510_03_CF058409.webp 1092w, https:\/\/www.integra-fragrances.com\/site\/wp-content\/uploads\/2023\/09\/Web_1510_03_CF058409-300x300.webp 300w, https:\/\/www.integra-fragrances.com\/site\/wp-content\/uploads\/2023\/09\/Web_1510_03_CF058409-1024x1024.webp 1024w, https:\/\/www.integra-fragrances.com\/site\/wp-content\/uploads\/2023\/09\/Web_1510_03_CF058409-150x150.webp 150w, https:\/\/www.integra-fragrances.com\/site\/wp-content\/uploads\/2023\/09\/Web_1510_03_CF058409-768x768.webp 768w\" sizes=\"(max-width: 1092px) 100vw, 1092px\" \/>\t\t\t\t\t\t\t\t\t\t\t\t\t\t\t<\/div>\n\t\t\t\t<\/div>\n\t\t\t\t<div class=\"elementor-element elementor-element-770d205 elementor-widget elementor-widget-heading\" data-id=\"770d205\" data-element_type=\"widget\" data-widget_type=\"heading.default\">\n\t\t\t\t<div class=\"elementor-widget-container\">\n\t\t\t\t\t<h4 class=\"elementor-heading-title elementor-size-default\">19.05.2017<\/h4>\t\t\t\t<\/div>\n\t\t\t\t<\/div>\n\t\t\t\t<div class=\"elementor-element elementor-element-ceacd88 elementor-widget elementor-widget-heading\" data-id=\"ceacd88\" data-element_type=\"widget\" data-widget_type=\"heading.default\">\n\t\t\t\t<div class=\"elementor-widget-container\">\n\t\t\t\t\t<h4 class=\"elementor-heading-title elementor-size-default\">Diesel. Quand le d\u00e9fi s&#8217;adresse aux plus courageux.<\/h4>\t\t\t\t<\/div>\n\t\t\t\t<\/div>\n\t\t\t\t<div class=\"elementor-element elementor-element-ef57251 elementor-align-left elementor-widget elementor-widget-button\" data-id=\"ef57251\" data-element_type=\"widget\" data-widget_type=\"button.default\">\n\t\t\t\t<div class=\"elementor-widget-container\">\n\t\t\t\t\t\t\t\t\t<div class=\"elementor-button-wrapper\">\n\t\t\t\t\t<a class=\"elementor-button elementor-button-link elementor-size-sm\" href=\"https:\/\/www.integra-fragrances.com\/fr\/diesel-quand-le-defi-sadresse-aux-plus-courageux\/\">\n\t\t\t\t\t\t<span class=\"elementor-button-content-wrapper\">\n\t\t\t\t\t\t\t\t\t<span class=\"elementor-button-text\">Lire plus<\/span>\n\t\t\t\t\t<\/span>\n\t\t\t\t\t<\/a>\n\t\t\t\t<\/div>\n\t\t\t\t\t\t\t\t<\/div>\n\t\t\t\t<\/div>\n\t\t\t\t<\/div>\n\t\t\t\t<\/div>\n\t\t<\/div>\t\t<\/article>\n\t\t\t\t<article id=\"post-5009\" class=\"elementor-post elementor-grid-item ecs-post-loop swiper-slide post-5009 post type-post status-publish format-standard has-post-thumbnail hentry category-non-classifiee\">\n\t\t<div class=\"ecs-link-wrapper\" data-href=\"https:\/\/www.integra-fragrances.com\/fr\/la-perla-dentelle-ou-velours\/\"   >\t\t<div data-elementor-type=\"loop\" data-elementor-id=\"4670\" class=\"elementor elementor-4670 elementor-1438 post-5009 post type-post status-publish format-standard has-post-thumbnail hentry category-non-classifiee\" data-elementor-post-type=\"elementor_library\">\n\t\t\t<div class=\"elementor-element elementor-element-9ef032c e-con-full e-flex e-con e-parent\" data-id=\"9ef032c\" data-element_type=\"container\" data-settings=\"{&quot;background_background&quot;:&quot;classic&quot;}\">\n\t\t\t\t<div class=\"elementor-element elementor-element-16fe76f elementor-widget elementor-widget-image\" data-id=\"16fe76f\" data-element_type=\"widget\" data-widget_type=\"image.default\">\n\t\t\t\t<div class=\"elementor-widget-container\">\n\t\t\t\t\t\t\t\t\t\t\t\t\t\t\t<img loading=\"lazy\" decoding=\"async\" width=\"675\" height=\"675\" src=\"https:\/\/www.integra-fragrances.com\/site\/wp-content\/uploads\/2023\/09\/6937.webp\" class=\"attachment-full size-full wp-image-5010\" alt=\"\" srcset=\"https:\/\/www.integra-fragrances.com\/site\/wp-content\/uploads\/2023\/09\/6937.webp 675w, https:\/\/www.integra-fragrances.com\/site\/wp-content\/uploads\/2023\/09\/6937-300x300.webp 300w, https:\/\/www.integra-fragrances.com\/site\/wp-content\/uploads\/2023\/09\/6937-150x150.webp 150w\" sizes=\"(max-width: 675px) 100vw, 675px\" \/>\t\t\t\t\t\t\t\t\t\t\t\t\t\t\t<\/div>\n\t\t\t\t<\/div>\n\t\t\t\t<div class=\"elementor-element elementor-element-770d205 elementor-widget elementor-widget-heading\" data-id=\"770d205\" data-element_type=\"widget\" data-widget_type=\"heading.default\">\n\t\t\t\t<div class=\"elementor-widget-container\">\n\t\t\t\t\t<h4 class=\"elementor-heading-title elementor-size-default\">23.03.2017<\/h4>\t\t\t\t<\/div>\n\t\t\t\t<\/div>\n\t\t\t\t<div class=\"elementor-element elementor-element-ceacd88 elementor-widget elementor-widget-heading\" data-id=\"ceacd88\" data-element_type=\"widget\" data-widget_type=\"heading.default\">\n\t\t\t\t<div class=\"elementor-widget-container\">\n\t\t\t\t\t<h4 class=\"elementor-heading-title elementor-size-default\">La Perla. Dentelle ou velours?<\/h4>\t\t\t\t<\/div>\n\t\t\t\t<\/div>\n\t\t\t\t<div class=\"elementor-element elementor-element-ef57251 elementor-align-left elementor-widget elementor-widget-button\" data-id=\"ef57251\" data-element_type=\"widget\" data-widget_type=\"button.default\">\n\t\t\t\t<div class=\"elementor-widget-container\">\n\t\t\t\t\t\t\t\t\t<div class=\"elementor-button-wrapper\">\n\t\t\t\t\t<a class=\"elementor-button elementor-button-link elementor-size-sm\" href=\"https:\/\/www.integra-fragrances.com\/fr\/la-perla-dentelle-ou-velours\/\">\n\t\t\t\t\t\t<span class=\"elementor-button-content-wrapper\">\n\t\t\t\t\t\t\t\t\t<span class=\"elementor-button-text\">Lire plus<\/span>\n\t\t\t\t\t<\/span>\n\t\t\t\t\t<\/a>\n\t\t\t\t<\/div>\n\t\t\t\t\t\t\t\t<\/div>\n\t\t\t\t<\/div>\n\t\t\t\t<\/div>\n\t\t\t\t<\/div>\n\t\t<\/div>\t\t<\/article>\n\t\t\t\t<article id=\"post-5030\" class=\"elementor-post elementor-grid-item ecs-post-loop swiper-slide post-5030 post type-post status-publish format-standard has-post-thumbnail hentry category-non-classifiee\">\n\t\t<div class=\"ecs-link-wrapper\" data-href=\"https:\/\/www.integra-fragrances.com\/fr\/twinset-72-nuances-de-feminite\/\"   >\t\t<div data-elementor-type=\"loop\" data-elementor-id=\"4670\" class=\"elementor elementor-4670 elementor-1438 post-5030 post type-post status-publish format-standard has-post-thumbnail hentry category-non-classifiee\" data-elementor-post-type=\"elementor_library\">\n\t\t\t<div class=\"elementor-element elementor-element-9ef032c e-con-full e-flex e-con e-parent\" data-id=\"9ef032c\" data-element_type=\"container\" data-settings=\"{&quot;background_background&quot;:&quot;classic&quot;}\">\n\t\t\t\t<div class=\"elementor-element elementor-element-16fe76f elementor-widget elementor-widget-image\" data-id=\"16fe76f\" data-element_type=\"widget\" data-widget_type=\"image.default\">\n\t\t\t\t<div class=\"elementor-widget-container\">\n\t\t\t\t\t\t\t\t\t\t\t\t\t\t\t<img loading=\"lazy\" decoding=\"async\" width=\"675\" height=\"675\" src=\"https:\/\/www.integra-fragrances.com\/site\/wp-content\/uploads\/2023\/09\/ts-kiev_1.webp\" class=\"attachment-full size-full wp-image-5031\" alt=\"\" srcset=\"https:\/\/www.integra-fragrances.com\/site\/wp-content\/uploads\/2023\/09\/ts-kiev_1.webp 675w, https:\/\/www.integra-fragrances.com\/site\/wp-content\/uploads\/2023\/09\/ts-kiev_1-300x300.webp 300w, https:\/\/www.integra-fragrances.com\/site\/wp-content\/uploads\/2023\/09\/ts-kiev_1-150x150.webp 150w\" sizes=\"(max-width: 675px) 100vw, 675px\" \/>\t\t\t\t\t\t\t\t\t\t\t\t\t\t\t<\/div>\n\t\t\t\t<\/div>\n\t\t\t\t<div class=\"elementor-element elementor-element-770d205 elementor-widget elementor-widget-heading\" data-id=\"770d205\" data-element_type=\"widget\" data-widget_type=\"heading.default\">\n\t\t\t\t<div class=\"elementor-widget-container\">\n\t\t\t\t\t<h4 class=\"elementor-heading-title elementor-size-default\">20.12.2016<\/h4>\t\t\t\t<\/div>\n\t\t\t\t<\/div>\n\t\t\t\t<div class=\"elementor-element elementor-element-ceacd88 elementor-widget elementor-widget-heading\" data-id=\"ceacd88\" data-element_type=\"widget\" data-widget_type=\"heading.default\">\n\t\t\t\t<div class=\"elementor-widget-container\">\n\t\t\t\t\t<h4 class=\"elementor-heading-title elementor-size-default\">Twinset. 72 nuances de f\u00e9minit\u00e9.<\/h4>\t\t\t\t<\/div>\n\t\t\t\t<\/div>\n\t\t\t\t<div class=\"elementor-element elementor-element-ef57251 elementor-align-left elementor-widget elementor-widget-button\" data-id=\"ef57251\" data-element_type=\"widget\" data-widget_type=\"button.default\">\n\t\t\t\t<div class=\"elementor-widget-container\">\n\t\t\t\t\t\t\t\t\t<div class=\"elementor-button-wrapper\">\n\t\t\t\t\t<a class=\"elementor-button elementor-button-link elementor-size-sm\" href=\"https:\/\/www.integra-fragrances.com\/fr\/twinset-72-nuances-de-feminite\/\">\n\t\t\t\t\t\t<span class=\"elementor-button-content-wrapper\">\n\t\t\t\t\t\t\t\t\t<span class=\"elementor-button-text\">Lire plus<\/span>\n\t\t\t\t\t<\/span>\n\t\t\t\t\t<\/a>\n\t\t\t\t<\/div>\n\t\t\t\t\t\t\t\t<\/div>\n\t\t\t\t<\/div>\n\t\t\t\t<\/div>\n\t\t\t\t<\/div>\n\t\t<\/div>\t\t<\/article>\n\t\t\t\t<article id=\"post-5053\" class=\"elementor-post elementor-grid-item ecs-post-loop swiper-slide post-5053 post type-post status-publish format-standard has-post-thumbnail hentry category-non-classifiee\">\n\t\t<div class=\"ecs-link-wrapper\" data-href=\"https:\/\/www.integra-fragrances.com\/fr\/principe-di-savoia-le-parfum-de-laccueil-de-luxe\/\"   >\t\t<div data-elementor-type=\"loop\" data-elementor-id=\"4670\" class=\"elementor elementor-4670 elementor-1438 post-5053 post type-post status-publish format-standard has-post-thumbnail hentry category-non-classifiee\" data-elementor-post-type=\"elementor_library\">\n\t\t\t<div class=\"elementor-element elementor-element-9ef032c e-con-full e-flex e-con e-parent\" data-id=\"9ef032c\" data-element_type=\"container\" data-settings=\"{&quot;background_background&quot;:&quot;classic&quot;}\">\n\t\t\t\t<div class=\"elementor-element elementor-element-16fe76f elementor-widget elementor-widget-image\" data-id=\"16fe76f\" data-element_type=\"widget\" data-widget_type=\"image.default\">\n\t\t\t\t<div class=\"elementor-widget-container\">\n\t\t\t\t\t\t\t\t\t\t\t\t\t\t\t<img loading=\"lazy\" decoding=\"async\" width=\"1088\" height=\"1088\" src=\"https:\/\/www.integra-fragrances.com\/site\/wp-content\/uploads\/2023\/09\/14189943.webp\" class=\"attachment-full size-full wp-image-5054\" alt=\"\" srcset=\"https:\/\/www.integra-fragrances.com\/site\/wp-content\/uploads\/2023\/09\/14189943.webp 1088w, https:\/\/www.integra-fragrances.com\/site\/wp-content\/uploads\/2023\/09\/14189943-300x300.webp 300w, https:\/\/www.integra-fragrances.com\/site\/wp-content\/uploads\/2023\/09\/14189943-1024x1024.webp 1024w, https:\/\/www.integra-fragrances.com\/site\/wp-content\/uploads\/2023\/09\/14189943-150x150.webp 150w, https:\/\/www.integra-fragrances.com\/site\/wp-content\/uploads\/2023\/09\/14189943-768x768.webp 768w\" sizes=\"(max-width: 1088px) 100vw, 1088px\" \/>\t\t\t\t\t\t\t\t\t\t\t\t\t\t\t<\/div>\n\t\t\t\t<\/div>\n\t\t\t\t<div class=\"elementor-element elementor-element-770d205 elementor-widget elementor-widget-heading\" data-id=\"770d205\" data-element_type=\"widget\" data-widget_type=\"heading.default\">\n\t\t\t\t<div class=\"elementor-widget-container\">\n\t\t\t\t\t<h4 class=\"elementor-heading-title elementor-size-default\">30.06.2016<\/h4>\t\t\t\t<\/div>\n\t\t\t\t<\/div>\n\t\t\t\t<div class=\"elementor-element elementor-element-ceacd88 elementor-widget elementor-widget-heading\" data-id=\"ceacd88\" data-element_type=\"widget\" data-widget_type=\"heading.default\">\n\t\t\t\t<div class=\"elementor-widget-container\">\n\t\t\t\t\t<h4 class=\"elementor-heading-title elementor-size-default\">Principe di Savoia. Le parfum de l\u2019accueil de luxe.<\/h4>\t\t\t\t<\/div>\n\t\t\t\t<\/div>\n\t\t\t\t<div class=\"elementor-element elementor-element-ef57251 elementor-align-left elementor-widget elementor-widget-button\" data-id=\"ef57251\" data-element_type=\"widget\" data-widget_type=\"button.default\">\n\t\t\t\t<div class=\"elementor-widget-container\">\n\t\t\t\t\t\t\t\t\t<div class=\"elementor-button-wrapper\">\n\t\t\t\t\t<a class=\"elementor-button elementor-button-link elementor-size-sm\" href=\"https:\/\/www.integra-fragrances.com\/fr\/principe-di-savoia-le-parfum-de-laccueil-de-luxe\/\">\n\t\t\t\t\t\t<span class=\"elementor-button-content-wrapper\">\n\t\t\t\t\t\t\t\t\t<span class=\"elementor-button-text\">Lire plus<\/span>\n\t\t\t\t\t<\/span>\n\t\t\t\t\t<\/a>\n\t\t\t\t<\/div>\n\t\t\t\t\t\t\t\t<\/div>\n\t\t\t\t<\/div>\n\t\t\t\t<\/div>\n\t\t\t\t<\/div>\n\t\t<\/div>\t\t<\/article>\n\t\t\t\t<article id=\"post-5127\" class=\"elementor-post elementor-grid-item ecs-post-loop swiper-slide post-5127 post type-post status-publish format-standard has-post-thumbnail hentry category-non-classifiee\">\n\t\t<div class=\"ecs-link-wrapper\" data-href=\"https:\/\/www.integra-fragrances.com\/fr\/herno-warm-patchouli-meuble-via-della-spiga\/\"   >\t\t<div data-elementor-type=\"loop\" data-elementor-id=\"4670\" class=\"elementor elementor-4670 elementor-1438 post-5127 post type-post status-publish format-standard has-post-thumbnail hentry category-non-classifiee\" data-elementor-post-type=\"elementor_library\">\n\t\t\t<div class=\"elementor-element elementor-element-9ef032c e-con-full e-flex e-con e-parent\" data-id=\"9ef032c\" data-element_type=\"container\" data-settings=\"{&quot;background_background&quot;:&quot;classic&quot;}\">\n\t\t\t\t<div class=\"elementor-element elementor-element-16fe76f elementor-widget elementor-widget-image\" data-id=\"16fe76f\" data-element_type=\"widget\" data-widget_type=\"image.default\">\n\t\t\t\t<div class=\"elementor-widget-container\">\n\t\t\t\t\t\t\t\t\t\t\t\t\t\t\t<img loading=\"lazy\" decoding=\"async\" width=\"675\" height=\"675\" src=\"https:\/\/www.integra-fragrances.com\/site\/wp-content\/uploads\/2023\/09\/herno-milano-via-della-spiga.webp\" class=\"attachment-full size-full wp-image-5128\" alt=\"\" srcset=\"https:\/\/www.integra-fragrances.com\/site\/wp-content\/uploads\/2023\/09\/herno-milano-via-della-spiga.webp 675w, https:\/\/www.integra-fragrances.com\/site\/wp-content\/uploads\/2023\/09\/herno-milano-via-della-spiga-300x300.webp 300w, https:\/\/www.integra-fragrances.com\/site\/wp-content\/uploads\/2023\/09\/herno-milano-via-della-spiga-150x150.webp 150w\" sizes=\"(max-width: 675px) 100vw, 675px\" \/>\t\t\t\t\t\t\t\t\t\t\t\t\t\t\t<\/div>\n\t\t\t\t<\/div>\n\t\t\t\t<div class=\"elementor-element elementor-element-770d205 elementor-widget elementor-widget-heading\" data-id=\"770d205\" data-element_type=\"widget\" data-widget_type=\"heading.default\">\n\t\t\t\t<div class=\"elementor-widget-container\">\n\t\t\t\t\t<h4 class=\"elementor-heading-title elementor-size-default\">22.09.2014<\/h4>\t\t\t\t<\/div>\n\t\t\t\t<\/div>\n\t\t\t\t<div class=\"elementor-element elementor-element-ceacd88 elementor-widget elementor-widget-heading\" data-id=\"ceacd88\" data-element_type=\"widget\" data-widget_type=\"heading.default\">\n\t\t\t\t<div class=\"elementor-widget-container\">\n\t\t\t\t\t<h4 class=\"elementor-heading-title elementor-size-default\">Herno : \u201cWarm Patchouli\u201d meuble Via della Spiga.<\/h4>\t\t\t\t<\/div>\n\t\t\t\t<\/div>\n\t\t\t\t<div class=\"elementor-element elementor-element-ef57251 elementor-align-left elementor-widget elementor-widget-button\" data-id=\"ef57251\" data-element_type=\"widget\" data-widget_type=\"button.default\">\n\t\t\t\t<div class=\"elementor-widget-container\">\n\t\t\t\t\t\t\t\t\t<div class=\"elementor-button-wrapper\">\n\t\t\t\t\t<a class=\"elementor-button elementor-button-link elementor-size-sm\" href=\"https:\/\/www.integra-fragrances.com\/fr\/herno-warm-patchouli-meuble-via-della-spiga\/\">\n\t\t\t\t\t\t<span class=\"elementor-button-content-wrapper\">\n\t\t\t\t\t\t\t\t\t<span class=\"elementor-button-text\">Lire plus<\/span>\n\t\t\t\t\t<\/span>\n\t\t\t\t\t<\/a>\n\t\t\t\t<\/div>\n\t\t\t\t\t\t\t\t<\/div>\n\t\t\t\t<\/div>\n\t\t\t\t<\/div>\n\t\t\t\t<\/div>\n\t\t<\/div>\t\t<\/article>\n\t\t\t\t<article id=\"post-5135\" class=\"elementor-post elementor-grid-item ecs-post-loop swiper-slide post-5135 post type-post status-publish format-standard has-post-thumbnail hentry category-non-classifiee\">\n\t\t<div class=\"ecs-link-wrapper\" data-href=\"https:\/\/www.integra-fragrances.com\/fr\/maxco-parfume-omotesando\/\"   >\t\t<div data-elementor-type=\"loop\" data-elementor-id=\"4670\" class=\"elementor elementor-4670 elementor-1438 post-5135 post type-post status-publish format-standard has-post-thumbnail hentry category-non-classifiee\" data-elementor-post-type=\"elementor_library\">\n\t\t\t<div class=\"elementor-element elementor-element-9ef032c e-con-full e-flex e-con e-parent\" data-id=\"9ef032c\" data-element_type=\"container\" data-settings=\"{&quot;background_background&quot;:&quot;classic&quot;}\">\n\t\t\t\t<div class=\"elementor-element elementor-element-16fe76f elementor-widget elementor-widget-image\" data-id=\"16fe76f\" data-element_type=\"widget\" data-widget_type=\"image.default\">\n\t\t\t\t<div class=\"elementor-widget-container\">\n\t\t\t\t\t\t\t\t\t\t\t\t\t\t\t<img loading=\"lazy\" decoding=\"async\" width=\"675\" height=\"675\" src=\"https:\/\/www.integra-fragrances.com\/site\/wp-content\/uploads\/2023\/09\/max-co-omotesando-tokyo-japan.webp\" class=\"attachment-full size-full wp-image-5136\" alt=\"\" srcset=\"https:\/\/www.integra-fragrances.com\/site\/wp-content\/uploads\/2023\/09\/max-co-omotesando-tokyo-japan.webp 675w, https:\/\/www.integra-fragrances.com\/site\/wp-content\/uploads\/2023\/09\/max-co-omotesando-tokyo-japan-300x300.webp 300w, https:\/\/www.integra-fragrances.com\/site\/wp-content\/uploads\/2023\/09\/max-co-omotesando-tokyo-japan-150x150.webp 150w\" sizes=\"(max-width: 675px) 100vw, 675px\" \/>\t\t\t\t\t\t\t\t\t\t\t\t\t\t\t<\/div>\n\t\t\t\t<\/div>\n\t\t\t\t<div class=\"elementor-element elementor-element-770d205 elementor-widget elementor-widget-heading\" data-id=\"770d205\" data-element_type=\"widget\" data-widget_type=\"heading.default\">\n\t\t\t\t<div class=\"elementor-widget-container\">\n\t\t\t\t\t<h4 class=\"elementor-heading-title elementor-size-default\">18.09.2013<\/h4>\t\t\t\t<\/div>\n\t\t\t\t<\/div>\n\t\t\t\t<div class=\"elementor-element elementor-element-ceacd88 elementor-widget elementor-widget-heading\" data-id=\"ceacd88\" data-element_type=\"widget\" data-widget_type=\"heading.default\">\n\t\t\t\t<div class=\"elementor-widget-container\">\n\t\t\t\t\t<h4 class=\"elementor-heading-title elementor-size-default\">Max&amp;Co. parfume Omotesando.<\/h4>\t\t\t\t<\/div>\n\t\t\t\t<\/div>\n\t\t\t\t<div class=\"elementor-element elementor-element-ef57251 elementor-align-left elementor-widget elementor-widget-button\" data-id=\"ef57251\" data-element_type=\"widget\" data-widget_type=\"button.default\">\n\t\t\t\t<div class=\"elementor-widget-container\">\n\t\t\t\t\t\t\t\t\t<div class=\"elementor-button-wrapper\">\n\t\t\t\t\t<a class=\"elementor-button elementor-button-link elementor-size-sm\" href=\"https:\/\/www.integra-fragrances.com\/fr\/maxco-parfume-omotesando\/\">\n\t\t\t\t\t\t<span class=\"elementor-button-content-wrapper\">\n\t\t\t\t\t\t\t\t\t<span class=\"elementor-button-text\">Lire plus<\/span>\n\t\t\t\t\t<\/span>\n\t\t\t\t\t<\/a>\n\t\t\t\t<\/div>\n\t\t\t\t\t\t\t\t<\/div>\n\t\t\t\t<\/div>\n\t\t\t\t<\/div>\n\t\t\t\t<\/div>\n\t\t<\/div>\t\t<\/article>\n\t\t\t\t<\/div>\n\t\t\t\t\t\t\t\t\t\t\t\t\t\t\t<div class=\"elementor-swiper-button elementor-swiper-button-prev\">\n\t\t\t\t\t\t<i class=\"eicon-chevron-left\" aria-hidden=\"true\"><\/i>\n\t\t\t\t\t\t<span class=\"elementor-screen-only\">Previous<\/span>\n\t\t\t\t\t<\/div>\n\t\t\t\t\t<div class=\"elementor-swiper-button elementor-swiper-button-next\">\n\t\t\t\t\t\t<i class=\"eicon-chevron-right\" aria-hidden=\"true\"><\/i>\n\t\t\t\t\t\t<span class=\"elementor-screen-only\">Next<\/span>\n\t\t\t\t\t<\/div>\n\t\t\t\t\t\t\t<\/div>\t\t\t\t<\/div>\n\t\t\t\t<\/div>\n\t\t\t\t<\/div>\n\t\t\t\t\t<\/div>\n\t\t\t\t<\/div>\n\t\t<div class=\"elementor-element elementor-element-fdfc273 e-flex e-con-boxed e-con e-parent\" data-id=\"fdfc273\" data-element_type=\"container\" data-settings=\"{&quot;background_background&quot;:&quot;classic&quot;}\">\n\t\t\t\t\t<div class=\"e-con-inner\">\n\t\t<div class=\"elementor-element elementor-element-bfa6bdb e-con-full e-flex e-con e-child\" data-id=\"bfa6bdb\" data-element_type=\"container\">\n\t\t\t\t<div class=\"elementor-element elementor-element-4ce7461 elementor-widget elementor-widget-heading\" data-id=\"4ce7461\" data-element_type=\"widget\" data-widget_type=\"heading.default\">\n\t\t\t\t<div class=\"elementor-widget-container\">\n\t\t\t\t\t<h3 class=\"elementor-heading-title elementor-size-default\">Presse<\/h3>\t\t\t\t<\/div>\n\t\t\t\t<\/div>\n\t\t\t\t<div class=\"elementor-element elementor-element-9164ccc elementor-widget__width-initial elementor-widget elementor-widget-heading\" data-id=\"9164ccc\" data-element_type=\"widget\" data-widget_type=\"heading.default\">\n\t\t\t\t<div class=\"elementor-widget-container\">\n\t\t\t\t\t<p class=\"elementor-heading-title elementor-size-default\">Consultez les communiqu\u00e9s de presse qui parlent de nos projets olfactifs men\u00e9s en collaboration avec nos partenaires.  <\/p>\t\t\t\t<\/div>\n\t\t\t\t<\/div>\n\t\t\t\t<div class=\"elementor-element elementor-element-3e1ac1c elementor-align-left elementor-widget elementor-widget-button\" data-id=\"3e1ac1c\" data-element_type=\"widget\" data-widget_type=\"button.default\">\n\t\t\t\t<div class=\"elementor-widget-container\">\n\t\t\t\t\t\t\t\t\t<div class=\"elementor-button-wrapper\">\n\t\t\t\t\t<a class=\"elementor-button elementor-button-link elementor-size-sm\" href=\"https:\/\/www.integra-fragrances.com\/fr\/presse\/\">\n\t\t\t\t\t\t<span class=\"elementor-button-content-wrapper\">\n\t\t\t\t\t\t\t\t\t<span class=\"elementor-button-text\">D\u00e9couvrez tout<\/span>\n\t\t\t\t\t<\/span>\n\t\t\t\t\t<\/a>\n\t\t\t\t<\/div>\n\t\t\t\t\t\t\t\t<\/div>\n\t\t\t\t<\/div>\n\t\t\t\t<\/div>\n\t\t<div class=\"elementor-element elementor-element-01c7455 e-con-full e-flex e-con e-child\" data-id=\"01c7455\" data-element_type=\"container\">\n\t\t\t\t<div class=\"elementor-element elementor-element-6190c6a elementor-widget__width-initial elementor-widget elementor-widget-heading\" data-id=\"6190c6a\" data-element_type=\"widget\" data-widget_type=\"heading.default\">\n\t\t\t\t<div class=\"elementor-widget-container\">\n\t\t\t\t\t<span class=\"elementor-heading-title elementor-size-default\">Derni\u00e8res<\/span>\t\t\t\t<\/div>\n\t\t\t\t<\/div>\n\t\t\t\t<div class=\"elementor-element elementor-element-4e1bfc8 elementor-grid-1 elementor-posts--align-center slide-gallery-alt slide-spacer elementor-grid-tablet-1 elementor-posts--thumbnail-top elementor-grid-mobile-1 elementor-widget elementor-widget-posts\" data-id=\"4e1bfc8\" data-element_type=\"widget\" data-settings=\"{&quot;custom_post_slider&quot;:&quot;yes&quot;,&quot;custom_slides_to_show&quot;:&quot;2&quot;,&quot;custom_slides_to_scroll&quot;:&quot;1&quot;,&quot;custom_navigation&quot;:&quot;arrows&quot;,&quot;custom_columns&quot;:&quot;1&quot;,&quot;custom_row_gap&quot;:{&quot;unit&quot;:&quot;px&quot;,&quot;size&quot;:0,&quot;sizes&quot;:[]},&quot;custom_slide_gap&quot;:{&quot;unit&quot;:&quot;px&quot;,&quot;size&quot;:20,&quot;sizes&quot;:[]},&quot;custom_pause_on_hover&quot;:&quot;no&quot;,&quot;custom_autoplay&quot;:&quot;no&quot;,&quot;custom_infinite&quot;:&quot;no&quot;,&quot;custom_slides_to_show_tablet&quot;:&quot;1&quot;,&quot;custom_slides_to_show_mobile&quot;:&quot;1&quot;,&quot;custom_columns_tablet&quot;:&quot;1&quot;,&quot;custom_columns_mobile&quot;:&quot;1&quot;,&quot;custom_row_gap_tablet&quot;:{&quot;unit&quot;:&quot;px&quot;,&quot;size&quot;:&quot;&quot;,&quot;sizes&quot;:[]},&quot;custom_row_gap_mobile&quot;:{&quot;unit&quot;:&quot;px&quot;,&quot;size&quot;:&quot;&quot;,&quot;sizes&quot;:[]},&quot;custom_autoplay_speed&quot;:5000,&quot;custom_speed&quot;:500,&quot;custom_direction&quot;:&quot;ltr&quot;}\" data-widget_type=\"posts.custom\">\n\t\t\t\t<div class=\"elementor-widget-container\">\n\t\t\t\t\t<div class=\"elementor-main-swiper swiper-container swiper\">      <div class=\"ecs-posts elementor-posts-container elementor-posts swiper-wrapper   elementor-posts--skin-custom\" data-settings=\"{&quot;current_page&quot;:1,&quot;max_num_pages&quot;:1,&quot;load_method&quot;:&quot;&quot;,&quot;widget_id&quot;:&quot;4e1bfc8&quot;,&quot;post_id&quot;:5135,&quot;theme_id&quot;:4533,&quot;change_url&quot;:false,&quot;reinit_js&quot;:&quot;&quot;}\">\n      \t\t<article id=\"post-8681\" class=\"elementor-post elementor-grid-item ecs-post-loop swiper-slide post-8681 press type-press status-publish hentry\">\n\t\t<div class=\"ecs-link-wrapper\" data-href=\"https:\/\/www.integra-fragrances.com\/fr\/press\/vranjes-firenze-acquisisce-il-51-di-integra-fragrances\/\"   >\t\t<div data-elementor-type=\"loop\" data-elementor-id=\"4676\" class=\"elementor elementor-4676 elementor-1405 post-8681 press type-press status-publish hentry\" data-elementor-post-type=\"elementor_library\">\n\t\t\t<div class=\"elementor-element elementor-element-40887c0 e-con-full e-flex e-con e-parent\" data-id=\"40887c0\" data-element_type=\"container\">\n\t\t\t\t<div class=\"elementor-element elementor-element-af71209 elementor-widget__width-inherit elementor-widget elementor-widget-heading\" data-id=\"af71209\" data-element_type=\"widget\" data-widget_type=\"heading.default\">\n\t\t\t\t<div class=\"elementor-widget-container\">\n\t\t\t\t\t<h4 class=\"elementor-heading-title elementor-size-default\">03.11.2025<\/h4>\t\t\t\t<\/div>\n\t\t\t\t<\/div>\n\t\t\t\t<div class=\"elementor-element elementor-element-a1d0fbc elementor-widget__width-inherit elementor-widget elementor-widget-heading\" data-id=\"a1d0fbc\" data-element_type=\"widget\" data-widget_type=\"heading.default\">\n\t\t\t\t<div class=\"elementor-widget-container\">\n\t\t\t\t\t<h4 class=\"elementor-heading-title elementor-size-default\">Vranjes Firenze acquires 51% stake in Integra Fragrances<\/h4>\t\t\t\t<\/div>\n\t\t\t\t<\/div>\n\t\t\t\t<div class=\"elementor-element elementor-element-d1987d4 elementor-widget elementor-widget-heading\" data-id=\"d1987d4\" data-element_type=\"widget\" data-widget_type=\"heading.default\">\n\t\t\t\t<div class=\"elementor-widget-container\">\n\t\t\t\t\t<h4 class=\"elementor-heading-title elementor-size-default\">Vranjes Firenze, the Florentine fragrance house renowned for its artisanal excellence since 1983, announces the acquisition of a 51% stake in Integra Fragrances.<\/h4>\t\t\t\t<\/div>\n\t\t\t\t<\/div>\n\t\t\t\t<div class=\"elementor-element elementor-element-a57fde1 elementor-align-left elementor-widget elementor-widget-button\" data-id=\"a57fde1\" data-element_type=\"widget\" data-widget_type=\"button.default\">\n\t\t\t\t<div class=\"elementor-widget-container\">\n\t\t\t\t\t\t\t\t\t<div class=\"elementor-button-wrapper\">\n\t\t\t\t\t<a class=\"elementor-button elementor-button-link elementor-size-sm\" href=\"https:\/\/www.integra-fragrances.com\/fr\/press\/vranjes-firenze-acquisisce-il-51-di-integra-fragrances\/\">\n\t\t\t\t\t\t<span class=\"elementor-button-content-wrapper\">\n\t\t\t\t\t\t\t\t\t<span class=\"elementor-button-text\">Lire plus<\/span>\n\t\t\t\t\t<\/span>\n\t\t\t\t\t<\/a>\n\t\t\t\t<\/div>\n\t\t\t\t\t\t\t\t<\/div>\n\t\t\t\t<\/div>\n\t\t\t\t<\/div>\n\t\t\t\t<\/div>\n\t\t<\/div>\t\t<\/article>\n\t\t\t\t<article id=\"post-5628\" class=\"elementor-post elementor-grid-item ecs-post-loop swiper-slide post-5628 press type-press status-publish hentry\">\n\t\t<div class=\"ecs-link-wrapper\" data-href=\"https:\/\/www.integra-fragrances.com\/fr\/press\/cumin-myrrh-stories-the-new-fragrance-that-combines-east-and-west-through-the-olfactory-memories-of-the-artists-refigees-in-jordan\/\"   >\t\t<div data-elementor-type=\"loop\" data-elementor-id=\"4676\" class=\"elementor elementor-4676 elementor-1405 post-5628 press type-press status-publish hentry\" data-elementor-post-type=\"elementor_library\">\n\t\t\t<div class=\"elementor-element elementor-element-40887c0 e-con-full e-flex e-con e-parent\" data-id=\"40887c0\" data-element_type=\"container\">\n\t\t\t\t<div class=\"elementor-element elementor-element-af71209 elementor-widget__width-inherit elementor-widget elementor-widget-heading\" data-id=\"af71209\" data-element_type=\"widget\" data-widget_type=\"heading.default\">\n\t\t\t\t<div class=\"elementor-widget-container\">\n\t\t\t\t\t<h4 class=\"elementor-heading-title elementor-size-default\">30.03.2023<\/h4>\t\t\t\t<\/div>\n\t\t\t\t<\/div>\n\t\t\t\t<div class=\"elementor-element elementor-element-a1d0fbc elementor-widget__width-inherit elementor-widget elementor-widget-heading\" data-id=\"a1d0fbc\" data-element_type=\"widget\" data-widget_type=\"heading.default\">\n\t\t\t\t<div class=\"elementor-widget-container\">\n\t\t\t\t\t<h4 class=\"elementor-heading-title elementor-size-default\">\u201cCumin &amp; Myrrh Stories\u201d, the new fragrance that combines East and West through the olfactory memories of the artists refugees in Jordan<\/h4>\t\t\t\t<\/div>\n\t\t\t\t<\/div>\n\t\t\t\t<div class=\"elementor-element elementor-element-d1987d4 elementor-widget elementor-widget-heading\" data-id=\"d1987d4\" data-element_type=\"widget\" data-widget_type=\"heading.default\">\n\t\t\t\t<div class=\"elementor-widget-container\">\n\t\t\t\t\t<h4 class=\"elementor-heading-title elementor-size-default\">A new SEP project to bring thousands of female refugees above poverty line.<\/h4>\t\t\t\t<\/div>\n\t\t\t\t<\/div>\n\t\t\t\t<div class=\"elementor-element elementor-element-a57fde1 elementor-align-left elementor-widget elementor-widget-button\" data-id=\"a57fde1\" data-element_type=\"widget\" data-widget_type=\"button.default\">\n\t\t\t\t<div class=\"elementor-widget-container\">\n\t\t\t\t\t\t\t\t\t<div class=\"elementor-button-wrapper\">\n\t\t\t\t\t<a class=\"elementor-button elementor-button-link elementor-size-sm\" href=\"https:\/\/www.integra-fragrances.com\/fr\/press\/cumin-myrrh-stories-the-new-fragrance-that-combines-east-and-west-through-the-olfactory-memories-of-the-artists-refigees-in-jordan\/\">\n\t\t\t\t\t\t<span class=\"elementor-button-content-wrapper\">\n\t\t\t\t\t\t\t\t\t<span class=\"elementor-button-text\">Lire plus<\/span>\n\t\t\t\t\t<\/span>\n\t\t\t\t\t<\/a>\n\t\t\t\t<\/div>\n\t\t\t\t\t\t\t\t<\/div>\n\t\t\t\t<\/div>\n\t\t\t\t<\/div>\n\t\t\t\t<\/div>\n\t\t<\/div>\t\t<\/article>\n\t\t\t\t<article id=\"post-5630\" class=\"elementor-post elementor-grid-item ecs-post-loop swiper-slide post-5630 press type-press status-publish hentry\">\n\t\t<div class=\"ecs-link-wrapper\" data-href=\"https:\/\/www.integra-fragrances.com\/fr\/press\/integra-fragrances-x-sep-jordan\/\"   >\t\t<div data-elementor-type=\"loop\" data-elementor-id=\"4676\" class=\"elementor elementor-4676 elementor-1405 post-5630 press type-press status-publish hentry\" data-elementor-post-type=\"elementor_library\">\n\t\t\t<div class=\"elementor-element elementor-element-40887c0 e-con-full e-flex e-con e-parent\" data-id=\"40887c0\" data-element_type=\"container\">\n\t\t\t\t<div class=\"elementor-element elementor-element-af71209 elementor-widget__width-inherit elementor-widget elementor-widget-heading\" data-id=\"af71209\" data-element_type=\"widget\" data-widget_type=\"heading.default\">\n\t\t\t\t<div class=\"elementor-widget-container\">\n\t\t\t\t\t<h4 class=\"elementor-heading-title elementor-size-default\">01.09.2021<\/h4>\t\t\t\t<\/div>\n\t\t\t\t<\/div>\n\t\t\t\t<div class=\"elementor-element elementor-element-a1d0fbc elementor-widget__width-inherit elementor-widget elementor-widget-heading\" data-id=\"a1d0fbc\" data-element_type=\"widget\" data-widget_type=\"heading.default\">\n\t\t\t\t<div class=\"elementor-widget-container\">\n\t\t\t\t\t<h4 class=\"elementor-heading-title elementor-size-default\">Integra Fragrances x SEP Jordan: introducing the SEP signature \u201cCumin &amp; Myrrh Stories\u201d candle<\/h4>\t\t\t\t<\/div>\n\t\t\t\t<\/div>\n\t\t\t\t<div class=\"elementor-element elementor-element-d1987d4 elementor-widget elementor-widget-heading\" data-id=\"d1987d4\" data-element_type=\"widget\" data-widget_type=\"heading.default\">\n\t\t\t\t<div class=\"elementor-widget-container\">\n\t\t\t\t\t<h4 class=\"elementor-heading-title elementor-size-default\">September 1st, 2021 - Integra Fragrances chose to support SEP\u2019s high social impact project and commitment to increase women\u2019s psychological well-being.<\/h4>\t\t\t\t<\/div>\n\t\t\t\t<\/div>\n\t\t\t\t<div class=\"elementor-element elementor-element-a57fde1 elementor-align-left elementor-widget elementor-widget-button\" data-id=\"a57fde1\" data-element_type=\"widget\" data-widget_type=\"button.default\">\n\t\t\t\t<div class=\"elementor-widget-container\">\n\t\t\t\t\t\t\t\t\t<div class=\"elementor-button-wrapper\">\n\t\t\t\t\t<a class=\"elementor-button elementor-button-link elementor-size-sm\" href=\"https:\/\/www.integra-fragrances.com\/fr\/press\/integra-fragrances-x-sep-jordan\/\">\n\t\t\t\t\t\t<span class=\"elementor-button-content-wrapper\">\n\t\t\t\t\t\t\t\t\t<span class=\"elementor-button-text\">Lire plus<\/span>\n\t\t\t\t\t<\/span>\n\t\t\t\t\t<\/a>\n\t\t\t\t<\/div>\n\t\t\t\t\t\t\t\t<\/div>\n\t\t\t\t<\/div>\n\t\t\t\t<\/div>\n\t\t\t\t<\/div>\n\t\t<\/div>\t\t<\/article>\n\t\t\t\t<\/div>\n\t\t\t\t\t\t\t\t\t\t\t\t\t\t\t<div class=\"elementor-swiper-button elementor-swiper-button-prev\">\n\t\t\t\t\t\t<i class=\"eicon-chevron-left\" aria-hidden=\"true\"><\/i>\n\t\t\t\t\t\t<span class=\"elementor-screen-only\">Previous<\/span>\n\t\t\t\t\t<\/div>\n\t\t\t\t\t<div class=\"elementor-swiper-button elementor-swiper-button-next\">\n\t\t\t\t\t\t<i class=\"eicon-chevron-right\" aria-hidden=\"true\"><\/i>\n\t\t\t\t\t\t<span class=\"elementor-screen-only\">Next<\/span>\n\t\t\t\t\t<\/div>\n\t\t\t\t\t\t\t<\/div>\t\t\t\t<\/div>\n\t\t\t\t<\/div>\n\t\t\t\t<\/div>\n\t\t\t\t\t<\/div>\n\t\t\t\t<\/div>\n\t\t<div class=\"elementor-element elementor-element-b037cf8 elementor-hidden-desktop elementor-hidden-tablet elementor-hidden-mobile e-flex e-con-boxed e-con e-parent\" data-id=\"b037cf8\" data-element_type=\"container\" data-settings=\"{&quot;background_background&quot;:&quot;classic&quot;}\">\n\t\t\t\t\t<div class=\"e-con-inner\">\n\t\t<div class=\"elementor-element elementor-element-0dba25b e-con-full e-flex e-con e-child\" data-id=\"0dba25b\" data-element_type=\"container\">\n\t\t\t\t<div class=\"elementor-element elementor-element-e89b12a elementor-widget elementor-widget-heading\" data-id=\"e89b12a\" data-element_type=\"widget\" data-widget_type=\"heading.default\">\n\t\t\t\t<div class=\"elementor-widget-container\">\n\t\t\t\t\t<h3 class=\"elementor-heading-title elementor-size-default\">Profil de l\u2019entreprise<\/h3>\t\t\t\t<\/div>\n\t\t\t\t<\/div>\n\t\t\t\t<div class=\"elementor-element elementor-element-816e08a elementor-widget__width-initial elementor-widget elementor-widget-heading\" data-id=\"816e08a\" data-element_type=\"widget\" data-widget_type=\"heading.default\">\n\t\t\t\t<div class=\"elementor-widget-container\">\n\t\t\t\t\t<p class=\"elementor-heading-title elementor-size-default\">T\u00e9l\u00e9chargez le profil de l\u2019entreprise pour obtenir des informations suppl\u00e9mentaires sur notre entreprise et nos activit\u00e9s. Contactez-nous pour en savoir plus.<\/p>\t\t\t\t<\/div>\n\t\t\t\t<\/div>\n\t\t\t\t<div class=\"elementor-element elementor-element-7981096 elementor-align-left elementor-widget elementor-widget-button\" data-id=\"7981096\" data-element_type=\"widget\" data-widget_type=\"button.default\">\n\t\t\t\t<div class=\"elementor-widget-container\">\n\t\t\t\t\t\t\t\t\t<div class=\"elementor-button-wrapper\">\n\t\t\t\t\t<a class=\"elementor-button elementor-size-sm\" role=\"button\">\n\t\t\t\t\t\t<span class=\"elementor-button-content-wrapper\">\n\t\t\t\t\t\t\t\t\t<span class=\"elementor-button-text\">Download<\/span>\n\t\t\t\t\t<\/span>\n\t\t\t\t\t<\/a>\n\t\t\t\t<\/div>\n\t\t\t\t\t\t\t\t<\/div>\n\t\t\t\t<\/div>\n\t\t\t\t<\/div>\n\t\t<div class=\"elementor-element elementor-element-d302203 e-con-full e-flex e-con e-child\" data-id=\"d302203\" data-element_type=\"container\">\n\t\t\t\t<div class=\"elementor-element elementor-element-290c0d4 elementor-widget elementor-widget-image\" data-id=\"290c0d4\" data-element_type=\"widget\" data-widget_type=\"image.default\">\n\t\t\t\t<div class=\"elementor-widget-container\">\n\t\t\t\t\t\t\t\t\t\t\t\t\t\t\t<img loading=\"lazy\" decoding=\"async\" width=\"1212\" height=\"676\" src=\"https:\/\/www.integra-fragrances.com\/site\/wp-content\/uploads\/2023\/08\/company-profile.webp\" class=\"attachment-full size-full wp-image-1769\" alt=\"\" srcset=\"https:\/\/www.integra-fragrances.com\/site\/wp-content\/uploads\/2023\/08\/company-profile.webp 1212w, https:\/\/www.integra-fragrances.com\/site\/wp-content\/uploads\/2023\/08\/company-profile-300x167.webp 300w, https:\/\/www.integra-fragrances.com\/site\/wp-content\/uploads\/2023\/08\/company-profile-1024x571.webp 1024w, https:\/\/www.integra-fragrances.com\/site\/wp-content\/uploads\/2023\/08\/company-profile-768x428.webp 768w\" sizes=\"(max-width: 1212px) 100vw, 1212px\" \/>\t\t\t\t\t\t\t\t\t\t\t\t\t\t\t<\/div>\n\t\t\t\t<\/div>\n\t\t\t\t<\/div>\n\t\t\t\t\t<\/div>\n\t\t\t\t<\/div>\n\t\t<div class=\"elementor-element elementor-element-4526a33 e-flex e-con-boxed e-con e-parent\" data-id=\"4526a33\" data-element_type=\"container\" data-settings=\"{&quot;background_background&quot;:&quot;classic&quot;}\">\n\t\t\t\t\t<div class=\"e-con-inner\">\n\t\t\t\t<div class=\"elementor-element elementor-element-09b60a5 elementor-widget elementor-widget-heading\" data-id=\"09b60a5\" data-element_type=\"widget\" data-widget_type=\"heading.default\">\n\t\t\t\t<div class=\"elementor-widget-container\">\n\t\t\t\t\t<h3 class=\"elementor-heading-title elementor-size-default\">Contacts<\/h3>\t\t\t\t<\/div>\n\t\t\t\t<\/div>\n\t\t\t\t\t<\/div>\n\t\t\t\t<\/div>\n\t\t<div class=\"elementor-element elementor-element-79351cb e-flex e-con-boxed e-con e-parent\" data-id=\"79351cb\" data-element_type=\"container\" data-settings=\"{&quot;background_background&quot;:&quot;classic&quot;}\">\n\t\t\t\t\t<div class=\"e-con-inner\">\n\t\t<div class=\"elementor-element elementor-element-5bab162 e-con-full e-flex e-con e-child\" data-id=\"5bab162\" data-element_type=\"container\" data-settings=\"{&quot;background_background&quot;:&quot;classic&quot;}\">\n\t\t<div class=\"elementor-element elementor-element-2e5e5e1 e-con-full e-flex e-con e-child\" data-id=\"2e5e5e1\" data-element_type=\"container\">\n\t\t<div class=\"elementor-element elementor-element-3b2f3e9 e-flex e-con-boxed e-con e-child\" data-id=\"3b2f3e9\" data-element_type=\"container\">\n\t\t\t\t\t<div class=\"e-con-inner\">\n\t\t\t\t<div class=\"elementor-element elementor-element-6d4b88f elementor-widget__width-initial elementor-widget elementor-widget-heading\" data-id=\"6d4b88f\" data-element_type=\"widget\" data-widget_type=\"heading.default\">\n\t\t\t\t<div class=\"elementor-widget-container\">\n\t\t\t\t\t<p class=\"elementor-heading-title elementor-size-default\">ITALIE<\/p>\t\t\t\t<\/div>\n\t\t\t\t<\/div>\n\t\t\t\t<div class=\"elementor-element elementor-element-ae0f53f elementor-widget__width-inherit elementor-widget-divider--view-line elementor-widget elementor-widget-divider\" data-id=\"ae0f53f\" data-element_type=\"widget\" data-widget_type=\"divider.default\">\n\t\t\t\t<div class=\"elementor-widget-container\">\n\t\t\t\t\t\t\t<div class=\"elementor-divider\">\n\t\t\t<span class=\"elementor-divider-separator\">\n\t\t\t\t\t\t<\/span>\n\t\t<\/div>\n\t\t\t\t\t\t<\/div>\n\t\t\t\t<\/div>\n\t\t\t\t<div class=\"elementor-element elementor-element-ac745ed elementor-widget__width-initial elementor-widget elementor-widget-heading\" data-id=\"ac745ed\" data-element_type=\"widget\" data-widget_type=\"heading.default\">\n\t\t\t\t<div class=\"elementor-widget-container\">\n\t\t\t\t\t<p class=\"elementor-heading-title elementor-size-default\">Headquarters - Reggio Emilia<br>\nVia Raffaello Sanzio 32 - 42124<br>\n<a class=\"GA4_click_tel_re\" href=\"tel:0522271501\">+39 0522 271501<\/a><\/p>\t\t\t\t<\/div>\n\t\t\t\t<\/div>\n\t\t\t\t<div class=\"elementor-element elementor-element-87aba30 elementor-widget__width-initial elementor-widget elementor-widget-heading\" data-id=\"87aba30\" data-element_type=\"widget\" data-widget_type=\"heading.default\">\n\t\t\t\t<div class=\"elementor-widget-container\">\n\t\t\t\t\t<p class=\"elementor-heading-title elementor-size-default\">Bureau des op\u00e9rations - Milan<br>\nGalleria del Corso, 2 - 20122<br>\n<a class=\"GA4_click_tel_mi\" href=\"tel:0522271501\">+39 02 49371268<\/a><\/p>\t\t\t\t<\/div>\n\t\t\t\t<\/div>\n\t\t\t\t\t<\/div>\n\t\t\t\t<\/div>\n\t\t<div class=\"elementor-element elementor-element-df0c11e e-flex e-con-boxed e-con e-child\" data-id=\"df0c11e\" data-element_type=\"container\">\n\t\t\t\t\t<div class=\"e-con-inner\">\n\t\t\t\t<div class=\"elementor-element elementor-element-a49f2bf elementor-widget__width-initial elementor-widget elementor-widget-heading\" data-id=\"a49f2bf\" data-element_type=\"widget\" data-widget_type=\"heading.default\">\n\t\t\t\t<div class=\"elementor-widget-container\">\n\t\t\t\t\t<p class=\"elementor-heading-title elementor-size-default\">NEW YORK<\/p>\t\t\t\t<\/div>\n\t\t\t\t<\/div>\n\t\t\t\t<div class=\"elementor-element elementor-element-54f9125 elementor-widget__width-inherit elementor-widget-divider--view-line elementor-widget elementor-widget-divider\" data-id=\"54f9125\" data-element_type=\"widget\" data-widget_type=\"divider.default\">\n\t\t\t\t<div class=\"elementor-widget-container\">\n\t\t\t\t\t\t\t<div class=\"elementor-divider\">\n\t\t\t<span class=\"elementor-divider-separator\">\n\t\t\t\t\t\t<\/span>\n\t\t<\/div>\n\t\t\t\t\t\t<\/div>\n\t\t\t\t<\/div>\n\t\t\t\t<div class=\"elementor-element elementor-element-6a40e33 elementor-widget__width-initial elementor-widget elementor-widget-heading\" data-id=\"6a40e33\" data-element_type=\"widget\" data-widget_type=\"heading.default\">\n\t\t\t\t<div class=\"elementor-widget-container\">\n\t\t\t\t\t<p class=\"elementor-heading-title elementor-size-default\">590, Madison Avenue<br>\nIBM Building 21\u00b0 Floor<br>\nNew York - NY 10022 USA<\/p>\t\t\t\t<\/div>\n\t\t\t\t<\/div>\n\t\t\t\t\t<\/div>\n\t\t\t\t<\/div>\n\t\t<div class=\"elementor-element elementor-element-09e20e6 e-flex e-con-boxed e-con e-child\" data-id=\"09e20e6\" data-element_type=\"container\">\n\t\t\t\t\t<div class=\"e-con-inner\">\n\t\t\t\t<div class=\"elementor-element elementor-element-87687dc elementor-widget__width-initial elementor-widget elementor-widget-heading\" data-id=\"87687dc\" data-element_type=\"widget\" data-widget_type=\"heading.default\">\n\t\t\t\t<div class=\"elementor-widget-container\">\n\t\t\t\t\t<p class=\"elementor-heading-title elementor-size-default\">HONG KONG<\/p>\t\t\t\t<\/div>\n\t\t\t\t<\/div>\n\t\t\t\t<div class=\"elementor-element elementor-element-cea5ca8 elementor-widget__width-inherit elementor-widget-divider--view-line elementor-widget elementor-widget-divider\" data-id=\"cea5ca8\" data-element_type=\"widget\" data-widget_type=\"divider.default\">\n\t\t\t\t<div class=\"elementor-widget-container\">\n\t\t\t\t\t\t\t<div class=\"elementor-divider\">\n\t\t\t<span class=\"elementor-divider-separator\">\n\t\t\t\t\t\t<\/span>\n\t\t<\/div>\n\t\t\t\t\t\t<\/div>\n\t\t\t\t<\/div>\n\t\t\t\t<div class=\"elementor-element elementor-element-3b3f12e elementor-widget__width-initial elementor-widget elementor-widget-heading\" data-id=\"3b3f12e\" data-element_type=\"widget\" data-widget_type=\"heading.default\">\n\t\t\t\t<div class=\"elementor-widget-container\">\n\t\t\t\t\t<p class=\"elementor-heading-title elementor-size-default\">8\/F, Cheung Hing Industrial Bld. - 12P Smithfield Road<br>\nKennedy Town, HK<\/p>\t\t\t\t<\/div>\n\t\t\t\t<\/div>\n\t\t\t\t\t<\/div>\n\t\t\t\t<\/div>\n\t\t\t\t<\/div>\n\t\t\t\t<\/div>\n\t\t<div class=\"elementor-element elementor-element-d122d64 e-con-full e-flex e-con e-child\" data-id=\"d122d64\" data-element_type=\"container\">\n\t\t<div class=\"elementor-element elementor-element-4e373b4 e-con-full e-flex e-con e-child\" data-id=\"4e373b4\" data-element_type=\"container\">\n\t\t\t\t<div class=\"elementor-element elementor-element-70019dd elementor-widget__width-initial elementor-widget elementor-widget-heading\" data-id=\"70019dd\" data-element_type=\"widget\" data-widget_type=\"heading.default\">\n\t\t\t\t<div class=\"elementor-widget-container\">\n\t\t\t\t\t<p class=\"elementor-heading-title elementor-size-default\"><b>Contacts<\/b><\/p>\t\t\t\t<\/div>\n\t\t\t\t<\/div>\n\t\t\t\t<div class=\"elementor-element elementor-element-c37c9bf elementor-align-justify elementor-widget__width-initial GA4_click_email_business elementor-widget elementor-widget-button\" data-id=\"c37c9bf\" data-element_type=\"widget\" data-widget_type=\"button.default\">\n\t\t\t\t<div class=\"elementor-widget-container\">\n\t\t\t\t\t\t\t\t\t<div class=\"elementor-button-wrapper\">\n\t\t\t\t\t<a class=\"elementor-button elementor-button-link elementor-size-sm\" href=\"mailto:business@integra-fragrances.com\">\n\t\t\t\t\t\t<span class=\"elementor-button-content-wrapper\">\n\t\t\t\t\t\t<span class=\"elementor-button-icon\">\n\t\t\t\t<i aria-hidden=\"true\" class=\"fas fa-chevron-right\"><\/i>\t\t\t<\/span>\n\t\t\t\t\t\t\t\t\t<span class=\"elementor-button-text\">Business<\/span>\n\t\t\t\t\t<\/span>\n\t\t\t\t\t<\/a>\n\t\t\t\t<\/div>\n\t\t\t\t\t\t\t\t<\/div>\n\t\t\t\t<\/div>\n\t\t\t\t<div class=\"elementor-element elementor-element-16d93b4 elementor-align-justify elementor-widget__width-initial GA4_click_email_career elementor-widget elementor-widget-button\" data-id=\"16d93b4\" data-element_type=\"widget\" data-widget_type=\"button.default\">\n\t\t\t\t<div class=\"elementor-widget-container\">\n\t\t\t\t\t\t\t\t\t<div class=\"elementor-button-wrapper\">\n\t\t\t\t\t<a class=\"elementor-button elementor-button-link elementor-size-sm\" href=\"mailto:careers@integra-fragrances.com\">\n\t\t\t\t\t\t<span class=\"elementor-button-content-wrapper\">\n\t\t\t\t\t\t<span class=\"elementor-button-icon\">\n\t\t\t\t<i aria-hidden=\"true\" class=\"fas fa-chevron-right\"><\/i>\t\t\t<\/span>\n\t\t\t\t\t\t\t\t\t<span class=\"elementor-button-text\">Career<\/span>\n\t\t\t\t\t<\/span>\n\t\t\t\t\t<\/a>\n\t\t\t\t<\/div>\n\t\t\t\t\t\t\t\t<\/div>\n\t\t\t\t<\/div>\n\t\t\t\t<div class=\"elementor-element elementor-element-c6b0722 elementor-align-justify elementor-widget__width-initial GA4_click_email_press elementor-widget elementor-widget-button\" data-id=\"c6b0722\" data-element_type=\"widget\" data-widget_type=\"button.default\">\n\t\t\t\t<div class=\"elementor-widget-container\">\n\t\t\t\t\t\t\t\t\t<div class=\"elementor-button-wrapper\">\n\t\t\t\t\t<a class=\"elementor-button elementor-button-link elementor-size-sm\" href=\"mailto:press@integra-fragrances.com\">\n\t\t\t\t\t\t<span class=\"elementor-button-content-wrapper\">\n\t\t\t\t\t\t<span class=\"elementor-button-icon\">\n\t\t\t\t<i aria-hidden=\"true\" class=\"fas fa-chevron-right\"><\/i>\t\t\t<\/span>\n\t\t\t\t\t\t\t\t\t<span class=\"elementor-button-text\">Press<\/span>\n\t\t\t\t\t<\/span>\n\t\t\t\t\t<\/a>\n\t\t\t\t<\/div>\n\t\t\t\t\t\t\t\t<\/div>\n\t\t\t\t<\/div>\n\t\t\t\t<\/div>\n\t\t\t\t<\/div>\n\t\t\t\t\t<\/div>\n\t\t\t\t<\/div>\n\t\t<div class=\"elementor-element elementor-element-e112a00 e-flex e-con-boxed e-con e-parent\" data-id=\"e112a00\" data-element_type=\"container\" data-settings=\"{&quot;background_background&quot;:&quot;classic&quot;}\">\n\t\t\t\t\t<div class=\"e-con-inner\">\n\t\t<div class=\"elementor-element elementor-element-68b1d8f e-con-full e-flex e-con e-child\" data-id=\"68b1d8f\" data-element_type=\"container\">\n\t\t\t\t<div class=\"elementor-element elementor-element-519f41b elementor-widget elementor-widget-heading\" data-id=\"519f41b\" data-element_type=\"widget\" data-widget_type=\"heading.default\">\n\t\t\t\t<div class=\"elementor-widget-container\">\n\t\t\t\t\t<p class=\"elementor-heading-title elementor-size-default\">Chaque marque a une histoire \u00e0 raconter. Nous la transformons en une exp\u00e9rience olfactive.<br>D\u00e9couvrez comment parfumer votre histoire, contactez-nous:<\/p>\t\t\t\t<\/div>\n\t\t\t\t<\/div>\n\t\t\t\t<\/div>\n\t\t<div class=\"elementor-element elementor-element-416f96f e-con-full e-flex e-con e-child\" data-id=\"416f96f\" data-element_type=\"container\">\n\t\t\t\t<div class=\"elementor-element elementor-element-16c22e6 elementor-widget__width-initial GA4_click_form elementor-button-align-stretch elementor-widget elementor-widget-form\" data-id=\"16c22e6\" data-element_type=\"widget\" data-settings=\"{&quot;step_next_label&quot;:&quot;Successivo&quot;,&quot;step_previous_label&quot;:&quot;Precedente&quot;,&quot;step_icon_shape&quot;:&quot;square&quot;,&quot;button_width&quot;:&quot;100&quot;,&quot;step_type&quot;:&quot;number_text&quot;}\" data-widget_type=\"form.default\">\n\t\t\t\t<div class=\"elementor-widget-container\">\n\t\t\t\t\t\t\t<form class=\"elementor-form\" method=\"post\" name=\"Integra Fragrances - Proposta per Integra Fragrances da Media e Contatti\" aria-label=\"Integra Fragrances - Proposta per Integra Fragrances da Media e Contatti\">\n\t\t\t<input type=\"hidden\" name=\"post_id\" value=\"4533\"\/>\n\t\t\t<input type=\"hidden\" name=\"form_id\" value=\"16c22e6\"\/>\n\t\t\t<input type=\"hidden\" name=\"referer_title\" value=\"Integra Fragrances\" \/>\n\n\t\t\t\n\t\t\t<div class=\"elementor-form-fields-wrapper elementor-labels-\">\n\t\t\t\t\t\t\t\t<div class=\"elementor-field-type-html elementor-field-group elementor-column elementor-field-group-field_54fec60 elementor-col-100\">\n\t\t\t\t\t<p class='txt-form-cookie'>Activez les cookies dans la fen\u00eatre contextuelle g\u00e9n\u00e9rale pour terminer l\u2019envoi du formulaire.<\/p>\t\t\t\t<\/div>\n\t\t\t\t\t\t\t\t<div class=\"elementor-field-type-text elementor-field-group elementor-column elementor-field-group-field_5d58752 elementor-col-50 elementor-field-required\">\n\t\t\t\t\t\t\t\t\t\t\t\t<label for=\"form-field-field_5d58752\" class=\"elementor-field-label elementor-screen-only\">\n\t\t\t\t\t\t\t\tNom et Pr\u00e9nom\t\t\t\t\t\t\t<\/label>\n\t\t\t\t\t\t\t\t\t\t\t\t\t\t<input size=\"1\" type=\"text\" name=\"form_fields[field_5d58752]\" id=\"form-field-field_5d58752\" class=\"elementor-field elementor-size-sm  elementor-field-textual\" placeholder=\"Nom et Pr\u00e9nom*\" required=\"required\">\n\t\t\t\t\t\t\t\t\t\t\t<\/div>\n\t\t\t\t\t\t\t\t<div class=\"elementor-field-type-email elementor-field-group elementor-column elementor-field-group-field_09aa000 elementor-col-50 elementor-field-required\">\n\t\t\t\t\t\t\t\t\t\t\t\t<label for=\"form-field-field_09aa000\" class=\"elementor-field-label elementor-screen-only\">\n\t\t\t\t\t\t\t\tEmail\t\t\t\t\t\t\t<\/label>\n\t\t\t\t\t\t\t\t\t\t\t\t\t\t<input size=\"1\" type=\"email\" name=\"form_fields[field_09aa000]\" id=\"form-field-field_09aa000\" class=\"elementor-field elementor-size-sm  elementor-field-textual\" placeholder=\"Email*\" required=\"required\">\n\t\t\t\t\t\t\t\t\t\t\t<\/div>\n\t\t\t\t\t\t\t\t<div class=\"elementor-field-type-tel elementor-field-group elementor-column elementor-field-group-field_65ef306 elementor-col-33 elementor-field-required\">\n\t\t\t\t\t\t\t\t\t\t\t\t<label for=\"form-field-field_65ef306\" class=\"elementor-field-label elementor-screen-only\">\n\t\t\t\t\t\t\t\tT\u00e9l\u00e9phone\t\t\t\t\t\t\t<\/label>\n\t\t\t\t\t\t\t\t<input size=\"1\" type=\"tel\" name=\"form_fields[field_65ef306]\" id=\"form-field-field_65ef306\" class=\"elementor-field elementor-size-sm  elementor-field-textual\" placeholder=\"T\u00e9l\u00e9phone*\" required=\"required\" pattern=\"[0-9()#&amp;+*-=.]+\" title=\"Only numbers and phone characters (#, -, *, etc) are accepted.\">\n\n\t\t\t\t\t\t<\/div>\n\t\t\t\t\t\t\t\t<div class=\"elementor-field-type-text elementor-field-group elementor-column elementor-field-group-field_14bbaef elementor-col-33 elementor-field-required\">\n\t\t\t\t\t\t\t\t\t\t\t\t<label for=\"form-field-field_14bbaef\" class=\"elementor-field-label elementor-screen-only\">\n\t\t\t\t\t\t\t\tEntreprise\t\t\t\t\t\t\t<\/label>\n\t\t\t\t\t\t\t\t\t\t\t\t\t\t<input size=\"1\" type=\"text\" name=\"form_fields[field_14bbaef]\" id=\"form-field-field_14bbaef\" class=\"elementor-field elementor-size-sm  elementor-field-textual\" placeholder=\"Entreprise*\" required=\"required\">\n\t\t\t\t\t\t\t\t\t\t\t<\/div>\n\t\t\t\t\t\t\t\t<div class=\"elementor-field-type-text elementor-field-group elementor-column elementor-field-group-field_d935db5 elementor-col-33\">\n\t\t\t\t\t\t\t\t\t\t\t\t<label for=\"form-field-field_d935db5\" class=\"elementor-field-label elementor-screen-only\">\n\t\t\t\t\t\t\t\tAdresse\t\t\t\t\t\t\t<\/label>\n\t\t\t\t\t\t\t\t\t\t\t\t\t\t<input size=\"1\" type=\"text\" name=\"form_fields[field_d935db5]\" id=\"form-field-field_d935db5\" class=\"elementor-field elementor-size-sm  elementor-field-textual\" placeholder=\"Adresse\">\n\t\t\t\t\t\t\t\t\t\t\t<\/div>\n\t\t\t\t\t\t\t\t<div class=\"elementor-field-type-textarea elementor-field-group elementor-column elementor-field-group-field_3dfe69e elementor-col-100 elementor-field-required\">\n\t\t\t\t\t\t\t\t\t\t\t\t<label for=\"form-field-field_3dfe69e\" class=\"elementor-field-label elementor-screen-only\">\n\t\t\t\t\t\t\t\tMessage\t\t\t\t\t\t\t<\/label>\n\t\t\t\t\t\t<textarea class=\"elementor-field-textual elementor-field  elementor-size-sm\" name=\"form_fields[field_3dfe69e]\" id=\"form-field-field_3dfe69e\" rows=\"8\" placeholder=\"Message*\" required=\"required\"><\/textarea>\t\t\t\t<\/div>\n\t\t\t\t\t\t\t\t<div class=\"elementor-field-type-acceptance elementor-field-group elementor-column elementor-field-group-field_ae55bc9 elementor-col-100 elementor-field-required\">\n\t\t\t\t\t\t\t\t\t\t\t\t<label for=\"form-field-field_ae55bc9\" class=\"elementor-field-label elementor-screen-only\">\n\t\t\t\t\t\t\t\tPrivacy Policy\t\t\t\t\t\t\t<\/label>\n\t\t\t\t\t\t\t\t<div class=\"elementor-field-subgroup\">\n\t\t\t<span class=\"elementor-field-option\">\n\t\t\t\t<input type=\"checkbox\" name=\"form_fields[field_ae55bc9]\" id=\"form-field-field_ae55bc9\" class=\"elementor-field elementor-size-sm  elementor-acceptance-field\" required=\"required\">\n\t\t\t\t<label for=\"form-field-field_ae55bc9\">Je d\u00e9clare avoir lu et accept\u00e9 la d\u00e9claration de confidentialit\u00e9 et la notification dans toutes ses clauses <a href=\"https:\/\/www.integra-fragrances.com\/site\/wp-content\/uploads\/2023\/10\/IF_PrivacyPolicy_FRA.pdf\" target=\"_blank\" style=\"text-decoration: underline;\">privacy policy<\/a>.<\/label>\t\t\t<\/span>\n\t\t<\/div>\n\t\t\t\t\t\t<\/div>\n\t\t\t\t\t\t\t\t<div class=\"elementor-field-type-recaptcha_v3 elementor-field-group elementor-column elementor-field-group-field_49a8e5f elementor-col-100 recaptcha_v3-bottomright\">\n\t\t\t\t\t<div class=\"elementor-field\" id=\"form-field-field_49a8e5f\"><div class=\"elementor-g-recaptcha\" data-sitekey=\"6Lex20wqAAAAAO0xE9kUISib7uK5V-A54ZNMIkrM\" data-type=\"v3\" data-action=\"Form\" data-badge=\"bottomright\" data-size=\"invisible\"><\/div><\/div>\t\t\t\t<\/div>\n\t\t\t\t\t\t\t\t<div class=\"elementor-field-group elementor-column elementor-field-type-submit elementor-col-100 e-form__buttons\">\n\t\t\t\t\t<button class=\"elementor-button elementor-size-sm\" type=\"submit\">\n\t\t\t\t\t\t<span class=\"elementor-button-content-wrapper\">\n\t\t\t\t\t\t\t\t\t\t\t\t\t\t\t\t\t\t\t\t\t\t<span class=\"elementor-button-text\">Envoyer<\/span>\n\t\t\t\t\t\t\t\t\t\t\t\t\t<\/span>\n\t\t\t\t\t<\/button>\n\t\t\t\t<\/div>\n\t\t\t<\/div>\n\t\t<\/form>\n\t\t\t\t\t\t<\/div>\n\t\t\t\t<\/div>\n\t\t\t\t<\/div>\n\t\t\t\t\t<\/div>\n\t\t\t\t<\/div>\n\t\t\t\t<\/div>\n\t\t","protected":false},"excerpt":{"rendered":"<p>Contacts et m\u00e9dias Actualit\u00e9s D\u00e9couvrez les nouveaut\u00e9s en mati\u00e8re de marketing olfactif, les exp\u00e9riences immersives et nos derniers projets. D\u00e9couvrez tout Derni\u00e8res Presse Consultez les communiqu\u00e9s de presse qui parlent de nos projets olfactifs men\u00e9s en collaboration avec nos partenaires. D\u00e9couvrez tout Derni\u00e8res Profil de l\u2019entreprise T\u00e9l\u00e9chargez le profil de l\u2019entreprise pour obtenir des informations [&hellip;]<\/p>\n","protected":false},"author":1,"featured_media":6163,"parent":0,"menu_order":60,"comment_status":"closed","ping_status":"closed","template":"elementor_header_footer","meta":{"_acf_changed":false,"footnotes":""},"class_list":["post-4533","page","type-page","status-publish","has-post-thumbnail","hentry"],"acf":[],"yoast_head":"<!-- This site is optimized with the Yoast SEO plugin v26.5 - https:\/\/yoast.com\/wordpress\/plugins\/seo\/ -->\n<title>Contacts et m\u00e9dias - Integra Fragrances<\/title>\n<meta name=\"description\" content=\"D\u00e9couvrez les nouveaut\u00e9s en mati\u00e8re de marketing olfactif, les exp\u00e9riences immersives et nos derniers projets.\" \/>\n<meta name=\"robots\" content=\"index, follow, max-snippet:-1, max-image-preview:large, max-video-preview:-1\" \/>\n<link rel=\"canonical\" href=\"https:\/\/www.integra-fragrances.com\/fr\/contacts-et-medias\/\" \/>\n<meta property=\"og:locale\" content=\"fr_FR\" \/>\n<meta property=\"og:type\" content=\"article\" \/>\n<meta property=\"og:title\" content=\"Contacts et m\u00e9dias - Integra Fragrances\" \/>\n<meta property=\"og:description\" content=\"D\u00e9couvrez les nouveaut\u00e9s en mati\u00e8re de marketing olfactif, les exp\u00e9riences immersives et nos derniers projets.\" \/>\n<meta property=\"og:url\" content=\"https:\/\/www.integra-fragrances.com\/fr\/contacts-et-medias\/\" \/>\n<meta property=\"og:site_name\" content=\"Integra Fragrances\" \/>\n<meta property=\"article:modified_time\" content=\"2025-11-25T16:43:30+00:00\" \/>\n<meta property=\"og:image\" content=\"https:\/\/www.integra-fragrances.com\/site\/wp-content\/uploads\/2023\/07\/cropped-if-icon-1.png\" \/>\n\t<meta property=\"og:image:width\" content=\"512\" \/>\n\t<meta property=\"og:image:height\" content=\"512\" \/>\n\t<meta property=\"og:image:type\" content=\"image\/png\" \/>\n<meta name=\"twitter:card\" content=\"summary_large_image\" \/>\n<meta name=\"twitter:label1\" content=\"Est. reading time\" \/>\n\t<meta name=\"twitter:data1\" content=\"29 minutes\" \/>\n<script type=\"application\/ld+json\" class=\"yoast-schema-graph\">{\"@context\":\"https:\/\/schema.org\",\"@graph\":[{\"@type\":\"WebPage\",\"@id\":\"https:\/\/www.integra-fragrances.com\/fr\/contacts-et-medias\/\",\"url\":\"https:\/\/www.integra-fragrances.com\/fr\/contacts-et-medias\/\",\"name\":\"Contacts et m\u00e9dias - Integra Fragrances\",\"isPartOf\":{\"@id\":\"https:\/\/www.integra-fragrances.com\/#website\"},\"primaryImageOfPage\":{\"@id\":\"https:\/\/www.integra-fragrances.com\/fr\/contacts-et-medias\/#primaryimage\"},\"image\":{\"@id\":\"https:\/\/www.integra-fragrances.com\/fr\/contacts-et-medias\/#primaryimage\"},\"thumbnailUrl\":\"https:\/\/www.integra-fragrances.com\/site\/wp-content\/uploads\/2023\/07\/cropped-if-icon-1.png\",\"datePublished\":\"2023-07-12T08:54:06+00:00\",\"dateModified\":\"2025-11-25T16:43:30+00:00\",\"description\":\"D\u00e9couvrez les nouveaut\u00e9s en mati\u00e8re de marketing olfactif, les exp\u00e9riences immersives et nos derniers projets.\",\"inLanguage\":\"fr-FR\",\"potentialAction\":[{\"@type\":\"ReadAction\",\"target\":[\"https:\/\/www.integra-fragrances.com\/fr\/contacts-et-medias\/\"]}]},{\"@type\":\"ImageObject\",\"inLanguage\":\"fr-FR\",\"@id\":\"https:\/\/www.integra-fragrances.com\/fr\/contacts-et-medias\/#primaryimage\",\"url\":\"https:\/\/www.integra-fragrances.com\/site\/wp-content\/uploads\/2023\/07\/cropped-if-icon-1.png\",\"contentUrl\":\"https:\/\/www.integra-fragrances.com\/site\/wp-content\/uploads\/2023\/07\/cropped-if-icon-1.png\",\"width\":512,\"height\":512},{\"@type\":\"WebSite\",\"@id\":\"https:\/\/www.integra-fragrances.com\/#website\",\"url\":\"https:\/\/www.integra-fragrances.com\/\",\"name\":\"Integra Fragrances\",\"description\":\"Scent Marketing, the art and science of brand olfactory stories\",\"publisher\":{\"@id\":\"https:\/\/www.integra-fragrances.com\/#organization\"},\"potentialAction\":[{\"@type\":\"SearchAction\",\"target\":{\"@type\":\"EntryPoint\",\"urlTemplate\":\"https:\/\/www.integra-fragrances.com\/?s={search_term_string}\"},\"query-input\":{\"@type\":\"PropertyValueSpecification\",\"valueRequired\":true,\"valueName\":\"search_term_string\"}}],\"inLanguage\":\"fr-FR\"},{\"@type\":\"Organization\",\"@id\":\"https:\/\/www.integra-fragrances.com\/#organization\",\"name\":\"Integra Fragrances\",\"url\":\"https:\/\/www.integra-fragrances.com\/\",\"logo\":{\"@type\":\"ImageObject\",\"inLanguage\":\"fr-FR\",\"@id\":\"https:\/\/www.integra-fragrances.com\/#\/schema\/logo\/image\/\",\"url\":\"https:\/\/www.integra-fragrances.com\/site\/wp-content\/uploads\/2023\/07\/integra-fragrances.svg\",\"contentUrl\":\"https:\/\/www.integra-fragrances.com\/site\/wp-content\/uploads\/2023\/07\/integra-fragrances.svg\",\"caption\":\"Integra Fragrances\"},\"image\":{\"@id\":\"https:\/\/www.integra-fragrances.com\/#\/schema\/logo\/image\/\"}}]}<\/script>\n<!-- \/ Yoast SEO plugin. -->","yoast_head_json":{"title":"Contacts et m\u00e9dias - Integra Fragrances","description":"D\u00e9couvrez les nouveaut\u00e9s en mati\u00e8re de marketing olfactif, les exp\u00e9riences immersives et nos derniers projets.","robots":{"index":"index","follow":"follow","max-snippet":"max-snippet:-1","max-image-preview":"max-image-preview:large","max-video-preview":"max-video-preview:-1"},"canonical":"https:\/\/www.integra-fragrances.com\/fr\/contacts-et-medias\/","og_locale":"fr_FR","og_type":"article","og_title":"Contacts et m\u00e9dias - Integra Fragrances","og_description":"D\u00e9couvrez les nouveaut\u00e9s en mati\u00e8re de marketing olfactif, les exp\u00e9riences immersives et nos derniers projets.","og_url":"https:\/\/www.integra-fragrances.com\/fr\/contacts-et-medias\/","og_site_name":"Integra Fragrances","article_modified_time":"2025-11-25T16:43:30+00:00","og_image":[{"width":512,"height":512,"url":"https:\/\/www.integra-fragrances.com\/site\/wp-content\/uploads\/2023\/07\/cropped-if-icon-1.png","type":"image\/png"}],"twitter_card":"summary_large_image","twitter_misc":{"Est. reading time":"29 minutes"},"schema":{"@context":"https:\/\/schema.org","@graph":[{"@type":"WebPage","@id":"https:\/\/www.integra-fragrances.com\/fr\/contacts-et-medias\/","url":"https:\/\/www.integra-fragrances.com\/fr\/contacts-et-medias\/","name":"Contacts et m\u00e9dias - Integra Fragrances","isPartOf":{"@id":"https:\/\/www.integra-fragrances.com\/#website"},"primaryImageOfPage":{"@id":"https:\/\/www.integra-fragrances.com\/fr\/contacts-et-medias\/#primaryimage"},"image":{"@id":"https:\/\/www.integra-fragrances.com\/fr\/contacts-et-medias\/#primaryimage"},"thumbnailUrl":"https:\/\/www.integra-fragrances.com\/site\/wp-content\/uploads\/2023\/07\/cropped-if-icon-1.png","datePublished":"2023-07-12T08:54:06+00:00","dateModified":"2025-11-25T16:43:30+00:00","description":"D\u00e9couvrez les nouveaut\u00e9s en mati\u00e8re de marketing olfactif, les exp\u00e9riences immersives et nos derniers projets.","inLanguage":"fr-FR","potentialAction":[{"@type":"ReadAction","target":["https:\/\/www.integra-fragrances.com\/fr\/contacts-et-medias\/"]}]},{"@type":"ImageObject","inLanguage":"fr-FR","@id":"https:\/\/www.integra-fragrances.com\/fr\/contacts-et-medias\/#primaryimage","url":"https:\/\/www.integra-fragrances.com\/site\/wp-content\/uploads\/2023\/07\/cropped-if-icon-1.png","contentUrl":"https:\/\/www.integra-fragrances.com\/site\/wp-content\/uploads\/2023\/07\/cropped-if-icon-1.png","width":512,"height":512},{"@type":"WebSite","@id":"https:\/\/www.integra-fragrances.com\/#website","url":"https:\/\/www.integra-fragrances.com\/","name":"Integra Fragrances","description":"Scent Marketing, the art and science of brand olfactory stories","publisher":{"@id":"https:\/\/www.integra-fragrances.com\/#organization"},"potentialAction":[{"@type":"SearchAction","target":{"@type":"EntryPoint","urlTemplate":"https:\/\/www.integra-fragrances.com\/?s={search_term_string}"},"query-input":{"@type":"PropertyValueSpecification","valueRequired":true,"valueName":"search_term_string"}}],"inLanguage":"fr-FR"},{"@type":"Organization","@id":"https:\/\/www.integra-fragrances.com\/#organization","name":"Integra Fragrances","url":"https:\/\/www.integra-fragrances.com\/","logo":{"@type":"ImageObject","inLanguage":"fr-FR","@id":"https:\/\/www.integra-fragrances.com\/#\/schema\/logo\/image\/","url":"https:\/\/www.integra-fragrances.com\/site\/wp-content\/uploads\/2023\/07\/integra-fragrances.svg","contentUrl":"https:\/\/www.integra-fragrances.com\/site\/wp-content\/uploads\/2023\/07\/integra-fragrances.svg","caption":"Integra Fragrances"},"image":{"@id":"https:\/\/www.integra-fragrances.com\/#\/schema\/logo\/image\/"}}]}},"_links":{"self":[{"href":"https:\/\/www.integra-fragrances.com\/fr\/wp-json\/wp\/v2\/pages\/4533","targetHints":{"allow":["GET"]}}],"collection":[{"href":"https:\/\/www.integra-fragrances.com\/fr\/wp-json\/wp\/v2\/pages"}],"about":[{"href":"https:\/\/www.integra-fragrances.com\/fr\/wp-json\/wp\/v2\/types\/page"}],"author":[{"embeddable":true,"href":"https:\/\/www.integra-fragrances.com\/fr\/wp-json\/wp\/v2\/users\/1"}],"replies":[{"embeddable":true,"href":"https:\/\/www.integra-fragrances.com\/fr\/wp-json\/wp\/v2\/comments?post=4533"}],"version-history":[{"count":10,"href":"https:\/\/www.integra-fragrances.com\/fr\/wp-json\/wp\/v2\/pages\/4533\/revisions"}],"predecessor-version":[{"id":8756,"href":"https:\/\/www.integra-fragrances.com\/fr\/wp-json\/wp\/v2\/pages\/4533\/revisions\/8756"}],"wp:featuredmedia":[{"embeddable":true,"href":"https:\/\/www.integra-fragrances.com\/fr\/wp-json\/wp\/v2\/media\/6163"}],"wp:attachment":[{"href":"https:\/\/www.integra-fragrances.com\/fr\/wp-json\/wp\/v2\/media?parent=4533"}],"curies":[{"name":"wp","href":"https:\/\/api.w.org\/{rel}","templated":true}]}}