{"id":4225,"date":"2023-07-12T10:29:41","date_gmt":"2023-07-12T08:29:41","guid":{"rendered":"https:\/\/www.integra-fragrances.com\/home\/"},"modified":"2025-11-25T17:28:37","modified_gmt":"2025-11-25T16:28:37","slug":"home","status":"publish","type":"page","link":"https:\/\/www.integra-fragrances.com\/fr\/","title":{"rendered":"Home"},"content":{"rendered":"\t\t<div data-elementor-type=\"wp-page\" data-elementor-id=\"4225\" class=\"elementor elementor-4225 elementor-14\" data-elementor-post-type=\"page\">\n\t\t\t\t<div class=\"elementor-element elementor-element-1b88137 e-flex e-con-boxed e-con e-parent\" data-id=\"1b88137\" data-element_type=\"container\" data-settings=\"{&quot;background_background&quot;:&quot;classic&quot;}\">\n\t\t\t\t\t<div class=\"e-con-inner\">\n\t\t\t\t<div class=\"elementor-element elementor-element-afd550d elementor-widget elementor-widget-video\" data-id=\"afd550d\" data-element_type=\"widget\" id=\"myVideo\" data-settings=\"{&quot;video_type&quot;:&quot;hosted&quot;,&quot;autoplay&quot;:&quot;yes&quot;,&quot;loop&quot;:&quot;yes&quot;,&quot;play_on_mobile&quot;:&quot;yes&quot;,&quot;mute&quot;:&quot;yes&quot;}\" data-widget_type=\"video.default\">\n\t\t\t\t<div class=\"elementor-widget-container\">\n\t\t\t\t\t\t\t<div class=\"e-hosted-video elementor-wrapper elementor-open-inline\">\n\t\t\t\t\t<video class=\"elementor-video\" src=\"https:\/\/www.integra-fragrances.com\/site\/wp-content\/uploads\/2023\/12\/if-video-fr.mp4\" autoplay=\"\" loop=\"\" muted=\"muted\" playsinline=\"\" controlsList=\"nodownload\"><\/video>\n\t\t\t\t<\/div>\n\t\t\t\t\t\t<\/div>\n\t\t\t\t<\/div>\n\t\t\t\t<div class=\"elementor-element elementor-element-05711f1 elementor-absolute elementor-widget elementor-widget-image\" data-id=\"05711f1\" data-element_type=\"widget\" data-settings=\"{&quot;_position&quot;:&quot;absolute&quot;}\" data-widget_type=\"image.default\">\n\t\t\t\t<div class=\"elementor-widget-container\">\n\t\t\t\t\t\t\t\t\t\t\t\t\t\t\t\t<a href=\"#discover\">\n\t\t\t\t\t\t\t<img decoding=\"async\" width=\"126\" height=\"126\" src=\"https:\/\/www.integra-fragrances.com\/site\/wp-content\/uploads\/2023\/07\/icon-discover.png\" class=\"attachment-large size-large wp-image-141\" alt=\"\" \/>\t\t\t\t\t\t\t\t<\/a>\n\t\t\t\t\t\t\t\t\t\t\t\t\t\t\t<\/div>\n\t\t\t\t<\/div>\n\t\t\t\t<div class=\"elementor-element elementor-element-4251edf elementor-absolute muted elementor-widget elementor-widget-image\" data-id=\"4251edf\" data-element_type=\"widget\" id=\"audio-control\" data-settings=\"{&quot;_position&quot;:&quot;absolute&quot;}\" data-widget_type=\"image.default\">\n\t\t\t\t<div class=\"elementor-widget-container\">\n\t\t\t\t\t\t\t\t\t\t\t\t\t\t\t<img decoding=\"async\" width=\"1\" height=\"1\" src=\"https:\/\/www.integra-fragrances.com\/site\/wp-content\/uploads\/2023\/10\/audio-icon.svg\" class=\"attachment-large size-large wp-image-5297\" alt=\"\" \/>\t\t\t\t\t\t\t\t\t\t\t\t\t\t\t<\/div>\n\t\t\t\t<\/div>\n\t\t\t\t\t<\/div>\n\t\t\t\t<\/div>\n\t\t<div class=\"elementor-element elementor-element-ecd0668 e-flex e-con-boxed e-con e-parent\" data-id=\"ecd0668\" data-element_type=\"container\" id=\"discover\" data-settings=\"{&quot;background_background&quot;:&quot;classic&quot;}\">\n\t\t\t\t\t<div class=\"e-con-inner\">\n\t\t<div class=\"elementor-element elementor-element-5556c01 e-con-full e-flex e-con e-child\" data-id=\"5556c01\" data-element_type=\"container\">\n\t\t\t\t<div class=\"elementor-element elementor-element-77e803d elementor-widget elementor-widget-heading\" data-id=\"77e803d\" data-element_type=\"widget\" data-widget_type=\"heading.default\">\n\t\t\t\t<div class=\"elementor-widget-container\">\n\t\t\t\t\t<h1 class=\"elementor-heading-title elementor-size-default\">Un parfum raconte des histoires magiques.\nDonnez \u00e0 votre marque ce pouvoir unique.<\/h1>\t\t\t\t<\/div>\n\t\t\t\t<\/div>\n\t\t\t\t<div class=\"elementor-element elementor-element-512849f elementor-widget elementor-widget-heading\" data-id=\"512849f\" data-element_type=\"widget\" data-widget_type=\"heading.default\">\n\t\t\t\t<div class=\"elementor-widget-container\">\n\t\t\t\t\t<h1 class=\"elementor-heading-title elementor-size-default\">Nous cr\u00e9ons des exp\u00e9riences m\u00e9morables \u00e0 travers le plus \u00e9vocateur des cinq sens.<\/h1>\t\t\t\t<\/div>\n\t\t\t\t<\/div>\n\t\t\t\t<div class=\"elementor-element elementor-element-17363d4 elementor-widget elementor-widget-heading\" data-id=\"17363d4\" data-element_type=\"widget\" data-widget_type=\"heading.default\">\n\t\t\t\t<div class=\"elementor-widget-container\">\n\t\t\t\t\t<h1 class=\"elementor-heading-title elementor-size-default\">We Are Masters of Scent Branding.<\/h1>\t\t\t\t<\/div>\n\t\t\t\t<\/div>\n\t\t\t\t<\/div>\n\t\t<div class=\"elementor-element elementor-element-37d920d e-con-full e-flex e-con e-child\" data-id=\"37d920d\" data-element_type=\"container\">\n\t\t\t\t<div class=\"elementor-element elementor-element-615d915 elementor-widget elementor-widget-heading\" data-id=\"615d915\" data-element_type=\"widget\" data-widget_type=\"heading.default\">\n\t\t\t\t<div class=\"elementor-widget-container\">\n\t\t\t\t\t<h2 class=\"elementor-heading-title elementor-size-default\">Integra Fragrances allie chimie et cr\u00e9ativit\u00e9, technologie et innovation pour offrir aux entreprises une solution sur mesure pour leur brand asset le plus \u00e9motionnel et le plus m\u00e9morable\u00a0: le parfum. Ce que nous appelons le \u00ab\u00a0Scent Marketing - marketing olfactif\u00a0\u00bb va au-del\u00e0 de la simple cr\u00e9ation d\u2019un excellent produit olfactif. Il consiste en un ensemble d\u2019actions strat\u00e9giques visant \u00e0 cr\u00e9er une exp\u00e9rience client impliquante et significative, cruciale pour les marques qui souhaitent \u00e9tablir un lien \u00e9motionnel \u00ab\u00a0magique\u00a0\u00bb avec leur public.<\/h2>\t\t\t\t<\/div>\n\t\t\t\t<\/div>\n\t\t\t\t<div class=\"elementor-element elementor-element-d2c289c elementor-align-left elementor-widget elementor-widget-button\" data-id=\"d2c289c\" data-element_type=\"widget\" data-widget_type=\"button.default\">\n\t\t\t\t<div class=\"elementor-widget-container\">\n\t\t\t\t\t\t\t\t\t<div class=\"elementor-button-wrapper\">\n\t\t\t\t\t<a class=\"elementor-button elementor-button-link elementor-size-sm\" href=\"https:\/\/www.integra-fragrances.com\/fr\/a-propos-de-nous\/\">\n\t\t\t\t\t\t<span class=\"elementor-button-content-wrapper\">\n\t\t\t\t\t\t<span class=\"elementor-button-icon\">\n\t\t\t\t<i aria-hidden=\"true\" class=\"fas fa-angle-right\"><\/i>\t\t\t<\/span>\n\t\t\t\t\t\t\t\t\t<span class=\"elementor-button-text\">D\u00e9couvrir<\/span>\n\t\t\t\t\t<\/span>\n\t\t\t\t\t<\/a>\n\t\t\t\t<\/div>\n\t\t\t\t\t\t\t\t<\/div>\n\t\t\t\t<\/div>\n\t\t\t\t<\/div>\n\t\t\t\t\t<\/div>\n\t\t\t\t<\/div>\n\t\t<div class=\"elementor-element elementor-element-ee7de29 e-flex e-con-boxed e-con e-parent\" data-id=\"ee7de29\" data-element_type=\"container\" data-settings=\"{&quot;background_background&quot;:&quot;classic&quot;}\">\n\t\t\t\t\t<div class=\"e-con-inner\">\n\t\t<div class=\"elementor-element elementor-element-2c33adc e-con-full e-flex e-con e-child\" data-id=\"2c33adc\" data-element_type=\"container\">\n\t\t\t\t<div class=\"elementor-element elementor-element-8e7dc09 elementor-widget__width-auto elementor-widget elementor-widget-heading\" data-id=\"8e7dc09\" data-element_type=\"widget\" data-widget_type=\"heading.default\">\n\t\t\t\t<div class=\"elementor-widget-container\">\n\t\t\t\t\t<h3 class=\"elementor-heading-title elementor-size-default\">Derni\u00e8res nouvelles<\/h3>\t\t\t\t<\/div>\n\t\t\t\t<\/div>\n\t\t\t\t<\/div>\n\t\t<div class=\"elementor-element elementor-element-9f2c5b8 e-con-full e-flex e-con e-child\" data-id=\"9f2c5b8\" data-element_type=\"container\">\n\t\t\t\t<div class=\"elementor-element elementor-element-30a2c42 elementor-grid-1 elementor-posts--align-center slide-gallery-alt slide-spacer elementor-posts--thumbnail-top elementor-grid-tablet-2 elementor-grid-mobile-1 elementor-widget elementor-widget-posts\" data-id=\"30a2c42\" data-element_type=\"widget\" data-settings=\"{&quot;custom_post_slider&quot;:&quot;yes&quot;,&quot;custom_slides_to_show&quot;:&quot;4&quot;,&quot;custom_slides_to_scroll&quot;:&quot;1&quot;,&quot;custom_navigation&quot;:&quot;arrows&quot;,&quot;custom_columns&quot;:&quot;1&quot;,&quot;custom_row_gap&quot;:{&quot;unit&quot;:&quot;px&quot;,&quot;size&quot;:0,&quot;sizes&quot;:[]},&quot;custom_slide_gap&quot;:{&quot;unit&quot;:&quot;px&quot;,&quot;size&quot;:20,&quot;sizes&quot;:[]},&quot;custom_pause_on_hover&quot;:&quot;no&quot;,&quot;custom_autoplay&quot;:&quot;no&quot;,&quot;custom_infinite&quot;:&quot;no&quot;,&quot;custom_slides_to_show_tablet&quot;:&quot;2&quot;,&quot;custom_slides_to_show_mobile&quot;:&quot;1&quot;,&quot;custom_slides_to_scroll_tablet&quot;:&quot;1&quot;,&quot;custom_columns_tablet&quot;:&quot;2&quot;,&quot;custom_columns_mobile&quot;:&quot;1&quot;,&quot;custom_row_gap_tablet&quot;:{&quot;unit&quot;:&quot;px&quot;,&quot;size&quot;:&quot;&quot;,&quot;sizes&quot;:[]},&quot;custom_row_gap_mobile&quot;:{&quot;unit&quot;:&quot;px&quot;,&quot;size&quot;:&quot;&quot;,&quot;sizes&quot;:[]},&quot;custom_autoplay_speed&quot;:5000,&quot;custom_speed&quot;:500,&quot;custom_direction&quot;:&quot;ltr&quot;}\" data-widget_type=\"posts.custom\">\n\t\t\t\t<div class=\"elementor-widget-container\">\n\t\t\t\t\t<div class=\"elementor-main-swiper swiper-container swiper\">      <div class=\"ecs-posts elementor-posts-container elementor-posts swiper-wrapper   elementor-posts--skin-custom\" data-settings=\"{&quot;current_page&quot;:1,&quot;max_num_pages&quot;:1,&quot;load_method&quot;:&quot;&quot;,&quot;widget_id&quot;:&quot;30a2c42&quot;,&quot;post_id&quot;:4225,&quot;theme_id&quot;:4225,&quot;change_url&quot;:false,&quot;reinit_js&quot;:&quot;&quot;}\">\n      \t\t<article id=\"post-8884\" class=\"elementor-post elementor-grid-item ecs-post-loop swiper-slide post-8884 post type-post status-publish format-standard has-post-thumbnail hentry category-non-classifiee\">\n\t\t<div class=\"ecs-link-wrapper\" data-href=\"https:\/\/www.integra-fragrances.com\/fr\/il-design-si-respira-vranjes-firenze-e-integra-fragrances-a-mondi-26-durante-la-mdw-2026\/\"   >\t\t<div data-elementor-type=\"loop\" data-elementor-id=\"4793\" class=\"elementor elementor-4793 elementor-215 post-8884 post type-post status-publish format-standard has-post-thumbnail hentry category-non-classifiee\" data-elementor-post-type=\"elementor_library\">\n\t\t\t<div class=\"elementor-element elementor-element-bfe1998 e-con-full e-flex e-con e-parent\" data-id=\"bfe1998\" data-element_type=\"container\">\n\t\t\t\t<div class=\"elementor-element elementor-element-6aed3ef elementor-widget__width-inherit elementor-widget elementor-widget-image\" data-id=\"6aed3ef\" data-element_type=\"widget\" data-widget_type=\"image.default\">\n\t\t\t\t<div class=\"elementor-widget-container\">\n\t\t\t\t\t\t\t\t\t\t\t\t\t\t\t<img fetchpriority=\"high\" decoding=\"async\" width=\"1179\" height=\"1179\" src=\"https:\/\/www.integra-fragrances.com\/site\/wp-content\/uploads\/2026\/04\/VR-MDW.jpeg\" class=\"attachment-full size-full wp-image-8880\" alt=\"\" srcset=\"https:\/\/www.integra-fragrances.com\/site\/wp-content\/uploads\/2026\/04\/VR-MDW.jpeg 1179w, https:\/\/www.integra-fragrances.com\/site\/wp-content\/uploads\/2026\/04\/VR-MDW-300x300.jpeg 300w, https:\/\/www.integra-fragrances.com\/site\/wp-content\/uploads\/2026\/04\/VR-MDW-1024x1024.jpeg 1024w, https:\/\/www.integra-fragrances.com\/site\/wp-content\/uploads\/2026\/04\/VR-MDW-150x150.jpeg 150w, https:\/\/www.integra-fragrances.com\/site\/wp-content\/uploads\/2026\/04\/VR-MDW-768x768.jpeg 768w\" sizes=\"(max-width: 1179px) 100vw, 1179px\" \/>\t\t\t\t\t\t\t\t\t\t\t\t\t\t\t<\/div>\n\t\t\t\t<\/div>\n\t\t<div class=\"elementor-element elementor-element-4e5df51 e-con-full e-flex e-con e-child\" data-id=\"4e5df51\" data-element_type=\"container\">\n\t\t\t\t<div class=\"elementor-element elementor-element-9601666 elementor-widget elementor-widget-heading\" data-id=\"9601666\" data-element_type=\"widget\" data-widget_type=\"heading.default\">\n\t\t\t\t<div class=\"elementor-widget-container\">\n\t\t\t\t\t<p class=\"elementor-heading-title elementor-size-default\">20.04.2026<\/p>\t\t\t\t<\/div>\n\t\t\t\t<\/div>\n\t\t\t\t<div class=\"elementor-element elementor-element-b6e8771 elementor-widget__width-auto elementor-widget elementor-widget-heading\" data-id=\"b6e8771\" data-element_type=\"widget\" data-widget_type=\"heading.default\">\n\t\t\t\t<div class=\"elementor-widget-container\">\n\t\t\t\t\t<p class=\"elementor-heading-title elementor-size-default\">Le design se respire : Vranjes Firenze et Integra Fragrances \u00e0 MONDI\/26 pendant la MDW 2026.<\/p>\t\t\t\t<\/div>\n\t\t\t\t<\/div>\n\t\t\t\t<\/div>\n\t\t<div class=\"elementor-element elementor-element-f40d466 e-con-full e-flex e-con e-child\" data-id=\"f40d466\" data-element_type=\"container\">\n\t\t\t\t<div class=\"elementor-element elementor-element-6f05395 elementor-align-left elementor-widget__width-inherit elementor-widget elementor-widget-button\" data-id=\"6f05395\" data-element_type=\"widget\" data-widget_type=\"button.default\">\n\t\t\t\t<div class=\"elementor-widget-container\">\n\t\t\t\t\t\t\t\t\t<div class=\"elementor-button-wrapper\">\n\t\t\t\t\t<a class=\"elementor-button elementor-button-link elementor-size-sm\" href=\"https:\/\/www.integra-fragrances.com\/fr\/il-design-si-respira-vranjes-firenze-e-integra-fragrances-a-mondi-26-durante-la-mdw-2026\/\">\n\t\t\t\t\t\t<span class=\"elementor-button-content-wrapper\">\n\t\t\t\t\t\t<span class=\"elementor-button-icon\">\n\t\t\t\t<i aria-hidden=\"true\" class=\"fas fa-angle-right\"><\/i>\t\t\t<\/span>\n\t\t\t\t\t\t\t\t\t<span class=\"elementor-button-text\">D\u00e9couvrir<\/span>\n\t\t\t\t\t<\/span>\n\t\t\t\t\t<\/a>\n\t\t\t\t<\/div>\n\t\t\t\t\t\t\t\t<\/div>\n\t\t\t\t<\/div>\n\t\t\t\t<\/div>\n\t\t\t\t<\/div>\n\t\t\t\t<\/div>\n\t\t<\/div>\t\t<\/article>\n\t\t\t\t<article id=\"post-8858\" class=\"elementor-post elementor-grid-item ecs-post-loop swiper-slide post-8858 post type-post status-publish format-standard has-post-thumbnail hentry category-non-classifiee\">\n\t\t<div class=\"ecs-link-wrapper\" data-href=\"https:\/\/www.integra-fragrances.com\/fr\/libertyne-la-fragranza-firmata-integra-fragrances-per-il-10-anniversario-della-giornata-del-profumo\/\"   >\t\t<div data-elementor-type=\"loop\" data-elementor-id=\"4793\" class=\"elementor elementor-4793 elementor-215 post-8858 post type-post status-publish format-standard has-post-thumbnail hentry category-non-classifiee\" data-elementor-post-type=\"elementor_library\">\n\t\t\t<div class=\"elementor-element elementor-element-bfe1998 e-con-full e-flex e-con e-parent\" data-id=\"bfe1998\" data-element_type=\"container\">\n\t\t\t\t<div class=\"elementor-element elementor-element-6aed3ef elementor-widget__width-inherit elementor-widget elementor-widget-image\" data-id=\"6aed3ef\" data-element_type=\"widget\" data-widget_type=\"image.default\">\n\t\t\t\t<div class=\"elementor-widget-container\">\n\t\t\t\t\t\t\t\t\t\t\t\t\t\t\t<img loading=\"lazy\" decoding=\"async\" width=\"781\" height=\"781\" src=\"https:\/\/www.integra-fragrances.com\/site\/wp-content\/uploads\/2026\/03\/Fragrance-Day.jpg\" class=\"attachment-full size-full wp-image-8854\" alt=\"\" srcset=\"https:\/\/www.integra-fragrances.com\/site\/wp-content\/uploads\/2026\/03\/Fragrance-Day.jpg 781w, https:\/\/www.integra-fragrances.com\/site\/wp-content\/uploads\/2026\/03\/Fragrance-Day-300x300.jpg 300w, https:\/\/www.integra-fragrances.com\/site\/wp-content\/uploads\/2026\/03\/Fragrance-Day-150x150.jpg 150w, https:\/\/www.integra-fragrances.com\/site\/wp-content\/uploads\/2026\/03\/Fragrance-Day-768x768.jpg 768w\" sizes=\"(max-width: 781px) 100vw, 781px\" \/>\t\t\t\t\t\t\t\t\t\t\t\t\t\t\t<\/div>\n\t\t\t\t<\/div>\n\t\t<div class=\"elementor-element elementor-element-4e5df51 e-con-full e-flex e-con e-child\" data-id=\"4e5df51\" data-element_type=\"container\">\n\t\t\t\t<div class=\"elementor-element elementor-element-9601666 elementor-widget elementor-widget-heading\" data-id=\"9601666\" data-element_type=\"widget\" data-widget_type=\"heading.default\">\n\t\t\t\t<div class=\"elementor-widget-container\">\n\t\t\t\t\t<p class=\"elementor-heading-title elementor-size-default\">21.03.2026<\/p>\t\t\t\t<\/div>\n\t\t\t\t<\/div>\n\t\t\t\t<div class=\"elementor-element elementor-element-b6e8771 elementor-widget__width-auto elementor-widget elementor-widget-heading\" data-id=\"b6e8771\" data-element_type=\"widget\" data-widget_type=\"heading.default\">\n\t\t\t\t<div class=\"elementor-widget-container\">\n\t\t\t\t\t<p class=\"elementor-heading-title elementor-size-default\">\u201cLibertyne\u201d : le parfum sign\u00e9 Integra Fragrances pour le 10e anniversaire de la Journ\u00e9e du Parfum.<\/p>\t\t\t\t<\/div>\n\t\t\t\t<\/div>\n\t\t\t\t<\/div>\n\t\t<div class=\"elementor-element elementor-element-f40d466 e-con-full e-flex e-con e-child\" data-id=\"f40d466\" data-element_type=\"container\">\n\t\t\t\t<div class=\"elementor-element elementor-element-6f05395 elementor-align-left elementor-widget__width-inherit elementor-widget elementor-widget-button\" data-id=\"6f05395\" data-element_type=\"widget\" data-widget_type=\"button.default\">\n\t\t\t\t<div class=\"elementor-widget-container\">\n\t\t\t\t\t\t\t\t\t<div class=\"elementor-button-wrapper\">\n\t\t\t\t\t<a class=\"elementor-button elementor-button-link elementor-size-sm\" href=\"https:\/\/www.integra-fragrances.com\/fr\/libertyne-la-fragranza-firmata-integra-fragrances-per-il-10-anniversario-della-giornata-del-profumo\/\">\n\t\t\t\t\t\t<span class=\"elementor-button-content-wrapper\">\n\t\t\t\t\t\t<span class=\"elementor-button-icon\">\n\t\t\t\t<i aria-hidden=\"true\" class=\"fas fa-angle-right\"><\/i>\t\t\t<\/span>\n\t\t\t\t\t\t\t\t\t<span class=\"elementor-button-text\">D\u00e9couvrir<\/span>\n\t\t\t\t\t<\/span>\n\t\t\t\t\t<\/a>\n\t\t\t\t<\/div>\n\t\t\t\t\t\t\t\t<\/div>\n\t\t\t\t<\/div>\n\t\t\t\t<\/div>\n\t\t\t\t<\/div>\n\t\t\t\t<\/div>\n\t\t<\/div>\t\t<\/article>\n\t\t\t\t<article id=\"post-8846\" class=\"elementor-post elementor-grid-item ecs-post-loop swiper-slide post-8846 post type-post status-publish format-standard has-post-thumbnail hentry category-non-classifiee\">\n\t\t<div class=\"ecs-link-wrapper\" data-href=\"https:\/\/www.integra-fragrances.com\/fr\/integra-fragrances-porta-la-sua-esperienza-olfattiva-al-summit-pambianco-hotellerie-2026\/\"   >\t\t<div data-elementor-type=\"loop\" data-elementor-id=\"4793\" class=\"elementor elementor-4793 elementor-215 post-8846 post type-post status-publish format-standard has-post-thumbnail hentry category-non-classifiee\" data-elementor-post-type=\"elementor_library\">\n\t\t\t<div class=\"elementor-element elementor-element-bfe1998 e-con-full e-flex e-con e-parent\" data-id=\"bfe1998\" data-element_type=\"container\">\n\t\t\t\t<div class=\"elementor-element elementor-element-6aed3ef elementor-widget__width-inherit elementor-widget elementor-widget-image\" data-id=\"6aed3ef\" data-element_type=\"widget\" data-widget_type=\"image.default\">\n\t\t\t\t<div class=\"elementor-widget-container\">\n\t\t\t\t\t\t\t\t\t\t\t\t\t\t\t<img loading=\"lazy\" decoding=\"async\" width=\"683\" height=\"683\" src=\"https:\/\/www.integra-fragrances.com\/site\/wp-content\/uploads\/2026\/03\/Pambianco-Hotellerie-Palazzo-mezzanotte.jpg\" class=\"attachment-full size-full wp-image-8842\" alt=\"\" srcset=\"https:\/\/www.integra-fragrances.com\/site\/wp-content\/uploads\/2026\/03\/Pambianco-Hotellerie-Palazzo-mezzanotte.jpg 683w, https:\/\/www.integra-fragrances.com\/site\/wp-content\/uploads\/2026\/03\/Pambianco-Hotellerie-Palazzo-mezzanotte-300x300.jpg 300w, https:\/\/www.integra-fragrances.com\/site\/wp-content\/uploads\/2026\/03\/Pambianco-Hotellerie-Palazzo-mezzanotte-150x150.jpg 150w\" sizes=\"(max-width: 683px) 100vw, 683px\" \/>\t\t\t\t\t\t\t\t\t\t\t\t\t\t\t<\/div>\n\t\t\t\t<\/div>\n\t\t<div class=\"elementor-element elementor-element-4e5df51 e-con-full e-flex e-con e-child\" data-id=\"4e5df51\" data-element_type=\"container\">\n\t\t\t\t<div class=\"elementor-element elementor-element-9601666 elementor-widget elementor-widget-heading\" data-id=\"9601666\" data-element_type=\"widget\" data-widget_type=\"heading.default\">\n\t\t\t\t<div class=\"elementor-widget-container\">\n\t\t\t\t\t<p class=\"elementor-heading-title elementor-size-default\">09.03.2026<\/p>\t\t\t\t<\/div>\n\t\t\t\t<\/div>\n\t\t\t\t<div class=\"elementor-element elementor-element-b6e8771 elementor-widget__width-auto elementor-widget elementor-widget-heading\" data-id=\"b6e8771\" data-element_type=\"widget\" data-widget_type=\"heading.default\">\n\t\t\t\t<div class=\"elementor-widget-container\">\n\t\t\t\t\t<p class=\"elementor-heading-title elementor-size-default\">Integra Fragrances apporte son expertise olfactive au Summit Pambianco Hotellerie 2026.<\/p>\t\t\t\t<\/div>\n\t\t\t\t<\/div>\n\t\t\t\t<\/div>\n\t\t<div class=\"elementor-element elementor-element-f40d466 e-con-full e-flex e-con e-child\" data-id=\"f40d466\" data-element_type=\"container\">\n\t\t\t\t<div class=\"elementor-element elementor-element-6f05395 elementor-align-left elementor-widget__width-inherit elementor-widget elementor-widget-button\" data-id=\"6f05395\" data-element_type=\"widget\" data-widget_type=\"button.default\">\n\t\t\t\t<div class=\"elementor-widget-container\">\n\t\t\t\t\t\t\t\t\t<div class=\"elementor-button-wrapper\">\n\t\t\t\t\t<a class=\"elementor-button elementor-button-link elementor-size-sm\" href=\"https:\/\/www.integra-fragrances.com\/fr\/integra-fragrances-porta-la-sua-esperienza-olfattiva-al-summit-pambianco-hotellerie-2026\/\">\n\t\t\t\t\t\t<span class=\"elementor-button-content-wrapper\">\n\t\t\t\t\t\t<span class=\"elementor-button-icon\">\n\t\t\t\t<i aria-hidden=\"true\" class=\"fas fa-angle-right\"><\/i>\t\t\t<\/span>\n\t\t\t\t\t\t\t\t\t<span class=\"elementor-button-text\">D\u00e9couvrir<\/span>\n\t\t\t\t\t<\/span>\n\t\t\t\t\t<\/a>\n\t\t\t\t<\/div>\n\t\t\t\t\t\t\t\t<\/div>\n\t\t\t\t<\/div>\n\t\t\t\t<\/div>\n\t\t\t\t<\/div>\n\t\t\t\t<\/div>\n\t\t<\/div>\t\t<\/article>\n\t\t\t\t<article id=\"post-8829\" class=\"elementor-post elementor-grid-item ecs-post-loop swiper-slide post-8829 post type-post status-publish format-standard has-post-thumbnail hentry category-non-classifiee\">\n\t\t<div class=\"ecs-link-wrapper\" data-href=\"https:\/\/www.integra-fragrances.com\/fr\/reggia-di-caserta-unesperienza-olfattiva-su-misura-per-immergere-gli-spettatori-nella-vita-delle-regine\/\"   >\t\t<div data-elementor-type=\"loop\" data-elementor-id=\"4793\" class=\"elementor elementor-4793 elementor-215 post-8829 post type-post status-publish format-standard has-post-thumbnail hentry category-non-classifiee\" data-elementor-post-type=\"elementor_library\">\n\t\t\t<div class=\"elementor-element elementor-element-bfe1998 e-con-full e-flex e-con e-parent\" data-id=\"bfe1998\" data-element_type=\"container\">\n\t\t\t\t<div class=\"elementor-element elementor-element-6aed3ef elementor-widget__width-inherit elementor-widget elementor-widget-image\" data-id=\"6aed3ef\" data-element_type=\"widget\" data-widget_type=\"image.default\">\n\t\t\t\t<div class=\"elementor-widget-container\">\n\t\t\t\t\t\t\t\t\t\t\t\t\t\t\t<img loading=\"lazy\" decoding=\"async\" width=\"683\" height=\"683\" src=\"https:\/\/www.integra-fragrances.com\/site\/wp-content\/uploads\/2026\/03\/reggia-di-caserta.webp\" class=\"attachment-full size-full wp-image-8825\" alt=\"\" srcset=\"https:\/\/www.integra-fragrances.com\/site\/wp-content\/uploads\/2026\/03\/reggia-di-caserta.webp 683w, https:\/\/www.integra-fragrances.com\/site\/wp-content\/uploads\/2026\/03\/reggia-di-caserta-300x300.webp 300w, https:\/\/www.integra-fragrances.com\/site\/wp-content\/uploads\/2026\/03\/reggia-di-caserta-150x150.webp 150w\" sizes=\"(max-width: 683px) 100vw, 683px\" \/>\t\t\t\t\t\t\t\t\t\t\t\t\t\t\t<\/div>\n\t\t\t\t<\/div>\n\t\t<div class=\"elementor-element elementor-element-4e5df51 e-con-full e-flex e-con e-child\" data-id=\"4e5df51\" data-element_type=\"container\">\n\t\t\t\t<div class=\"elementor-element elementor-element-9601666 elementor-widget elementor-widget-heading\" data-id=\"9601666\" data-element_type=\"widget\" data-widget_type=\"heading.default\">\n\t\t\t\t<div class=\"elementor-widget-container\">\n\t\t\t\t\t<p class=\"elementor-heading-title elementor-size-default\">03.03.2026<\/p>\t\t\t\t<\/div>\n\t\t\t\t<\/div>\n\t\t\t\t<div class=\"elementor-element elementor-element-b6e8771 elementor-widget__width-auto elementor-widget elementor-widget-heading\" data-id=\"b6e8771\" data-element_type=\"widget\" data-widget_type=\"heading.default\">\n\t\t\t\t<div class=\"elementor-widget-container\">\n\t\t\t\t\t<p class=\"elementor-heading-title elementor-size-default\">Palais de Caserte : une exp\u00e9rience olfactive sur mesure pour plonger les visiteurs dans la vie des Reines.<\/p>\t\t\t\t<\/div>\n\t\t\t\t<\/div>\n\t\t\t\t<\/div>\n\t\t<div class=\"elementor-element elementor-element-f40d466 e-con-full e-flex e-con e-child\" data-id=\"f40d466\" data-element_type=\"container\">\n\t\t\t\t<div class=\"elementor-element elementor-element-6f05395 elementor-align-left elementor-widget__width-inherit elementor-widget elementor-widget-button\" data-id=\"6f05395\" data-element_type=\"widget\" data-widget_type=\"button.default\">\n\t\t\t\t<div class=\"elementor-widget-container\">\n\t\t\t\t\t\t\t\t\t<div class=\"elementor-button-wrapper\">\n\t\t\t\t\t<a class=\"elementor-button elementor-button-link elementor-size-sm\" href=\"https:\/\/www.integra-fragrances.com\/fr\/reggia-di-caserta-unesperienza-olfattiva-su-misura-per-immergere-gli-spettatori-nella-vita-delle-regine\/\">\n\t\t\t\t\t\t<span class=\"elementor-button-content-wrapper\">\n\t\t\t\t\t\t<span class=\"elementor-button-icon\">\n\t\t\t\t<i aria-hidden=\"true\" class=\"fas fa-angle-right\"><\/i>\t\t\t<\/span>\n\t\t\t\t\t\t\t\t\t<span class=\"elementor-button-text\">D\u00e9couvrir<\/span>\n\t\t\t\t\t<\/span>\n\t\t\t\t\t<\/a>\n\t\t\t\t<\/div>\n\t\t\t\t\t\t\t\t<\/div>\n\t\t\t\t<\/div>\n\t\t\t\t<\/div>\n\t\t\t\t<\/div>\n\t\t\t\t<\/div>\n\t\t<\/div>\t\t<\/article>\n\t\t\t\t<article id=\"post-8817\" class=\"elementor-post elementor-grid-item ecs-post-loop swiper-slide post-8817 post type-post status-publish format-standard has-post-thumbnail hentry category-non-classifiee\">\n\t\t<div class=\"ecs-link-wrapper\" data-href=\"https:\/\/www.integra-fragrances.com\/fr\/gallerie-ditalia-milano-ospita-unesperienza-olfattiva-ispirata-allarte-neoclassica\/\"   >\t\t<div data-elementor-type=\"loop\" data-elementor-id=\"4793\" class=\"elementor elementor-4793 elementor-215 post-8817 post type-post status-publish format-standard has-post-thumbnail hentry category-non-classifiee\" data-elementor-post-type=\"elementor_library\">\n\t\t\t<div class=\"elementor-element elementor-element-bfe1998 e-con-full e-flex e-con e-parent\" data-id=\"bfe1998\" data-element_type=\"container\">\n\t\t\t\t<div class=\"elementor-element elementor-element-6aed3ef elementor-widget__width-inherit elementor-widget elementor-widget-image\" data-id=\"6aed3ef\" data-element_type=\"widget\" data-widget_type=\"image.default\">\n\t\t\t\t<div class=\"elementor-widget-container\">\n\t\t\t\t\t\t\t\t\t\t\t\t\t\t\t<img loading=\"lazy\" decoding=\"async\" width=\"3647\" height=\"3647\" src=\"https:\/\/www.integra-fragrances.com\/site\/wp-content\/uploads\/2026\/02\/MILANO-GALLERIE_ALLESTIMENTO.jpg\" class=\"attachment-full size-full wp-image-8813\" alt=\"\" srcset=\"https:\/\/www.integra-fragrances.com\/site\/wp-content\/uploads\/2026\/02\/MILANO-GALLERIE_ALLESTIMENTO.jpg 3647w, https:\/\/www.integra-fragrances.com\/site\/wp-content\/uploads\/2026\/02\/MILANO-GALLERIE_ALLESTIMENTO-300x300.jpg 300w, https:\/\/www.integra-fragrances.com\/site\/wp-content\/uploads\/2026\/02\/MILANO-GALLERIE_ALLESTIMENTO-1024x1024.jpg 1024w, https:\/\/www.integra-fragrances.com\/site\/wp-content\/uploads\/2026\/02\/MILANO-GALLERIE_ALLESTIMENTO-150x150.jpg 150w, https:\/\/www.integra-fragrances.com\/site\/wp-content\/uploads\/2026\/02\/MILANO-GALLERIE_ALLESTIMENTO-768x768.jpg 768w, https:\/\/www.integra-fragrances.com\/site\/wp-content\/uploads\/2026\/02\/MILANO-GALLERIE_ALLESTIMENTO-1536x1536.jpg 1536w, https:\/\/www.integra-fragrances.com\/site\/wp-content\/uploads\/2026\/02\/MILANO-GALLERIE_ALLESTIMENTO-2048x2048.jpg 2048w\" sizes=\"(max-width: 3647px) 100vw, 3647px\" \/>\t\t\t\t\t\t\t\t\t\t\t\t\t\t\t<\/div>\n\t\t\t\t<\/div>\n\t\t<div class=\"elementor-element elementor-element-4e5df51 e-con-full e-flex e-con e-child\" data-id=\"4e5df51\" data-element_type=\"container\">\n\t\t\t\t<div class=\"elementor-element elementor-element-9601666 elementor-widget elementor-widget-heading\" data-id=\"9601666\" data-element_type=\"widget\" data-widget_type=\"heading.default\">\n\t\t\t\t<div class=\"elementor-widget-container\">\n\t\t\t\t\t<p class=\"elementor-heading-title elementor-size-default\">23.02.2026<\/p>\t\t\t\t<\/div>\n\t\t\t\t<\/div>\n\t\t\t\t<div class=\"elementor-element elementor-element-b6e8771 elementor-widget__width-auto elementor-widget elementor-widget-heading\" data-id=\"b6e8771\" data-element_type=\"widget\" data-widget_type=\"heading.default\">\n\t\t\t\t<div class=\"elementor-widget-container\">\n\t\t\t\t\t<p class=\"elementor-heading-title elementor-size-default\">Gallerie d\u2019Italia \u2013 Milan accueille une exp\u00e9rience olfactive inspir\u00e9e de l\u2019art n\u00e9oclassique.<\/p>\t\t\t\t<\/div>\n\t\t\t\t<\/div>\n\t\t\t\t<\/div>\n\t\t<div class=\"elementor-element elementor-element-f40d466 e-con-full e-flex e-con e-child\" data-id=\"f40d466\" data-element_type=\"container\">\n\t\t\t\t<div class=\"elementor-element elementor-element-6f05395 elementor-align-left elementor-widget__width-inherit elementor-widget elementor-widget-button\" data-id=\"6f05395\" data-element_type=\"widget\" data-widget_type=\"button.default\">\n\t\t\t\t<div class=\"elementor-widget-container\">\n\t\t\t\t\t\t\t\t\t<div class=\"elementor-button-wrapper\">\n\t\t\t\t\t<a class=\"elementor-button elementor-button-link elementor-size-sm\" href=\"https:\/\/www.integra-fragrances.com\/fr\/gallerie-ditalia-milano-ospita-unesperienza-olfattiva-ispirata-allarte-neoclassica\/\">\n\t\t\t\t\t\t<span class=\"elementor-button-content-wrapper\">\n\t\t\t\t\t\t<span class=\"elementor-button-icon\">\n\t\t\t\t<i aria-hidden=\"true\" class=\"fas fa-angle-right\"><\/i>\t\t\t<\/span>\n\t\t\t\t\t\t\t\t\t<span class=\"elementor-button-text\">D\u00e9couvrir<\/span>\n\t\t\t\t\t<\/span>\n\t\t\t\t\t<\/a>\n\t\t\t\t<\/div>\n\t\t\t\t\t\t\t\t<\/div>\n\t\t\t\t<\/div>\n\t\t\t\t<\/div>\n\t\t\t\t<\/div>\n\t\t\t\t<\/div>\n\t\t<\/div>\t\t<\/article>\n\t\t\t\t<article id=\"post-8779\" class=\"elementor-post elementor-grid-item ecs-post-loop swiper-slide post-8779 post type-post status-publish format-standard has-post-thumbnail hentry category-non-classifiee\">\n\t\t<div class=\"ecs-link-wrapper\" data-href=\"https:\/\/www.integra-fragrances.com\/fr\/integra-fragrances-firma-lidentita-olfattiva-di-sellier-a-londra-in-brompton-road-e-motcomb-street\/\"   >\t\t<div data-elementor-type=\"loop\" data-elementor-id=\"4793\" class=\"elementor elementor-4793 elementor-215 post-8779 post type-post status-publish format-standard has-post-thumbnail hentry category-non-classifiee\" data-elementor-post-type=\"elementor_library\">\n\t\t\t<div class=\"elementor-element elementor-element-bfe1998 e-con-full e-flex e-con e-parent\" data-id=\"bfe1998\" data-element_type=\"container\">\n\t\t\t\t<div class=\"elementor-element elementor-element-6aed3ef elementor-widget__width-inherit elementor-widget elementor-widget-image\" data-id=\"6aed3ef\" data-element_type=\"widget\" data-widget_type=\"image.default\">\n\t\t\t\t<div class=\"elementor-widget-container\">\n\t\t\t\t\t\t\t\t\t\t\t\t\t\t\t<img loading=\"lazy\" decoding=\"async\" width=\"800\" height=\"800\" src=\"https:\/\/www.integra-fragrances.com\/site\/wp-content\/uploads\/2025\/12\/Sellier.jpg\" class=\"attachment-full size-full wp-image-8777\" alt=\"\" srcset=\"https:\/\/www.integra-fragrances.com\/site\/wp-content\/uploads\/2025\/12\/Sellier.jpg 800w, https:\/\/www.integra-fragrances.com\/site\/wp-content\/uploads\/2025\/12\/Sellier-300x300.jpg 300w, https:\/\/www.integra-fragrances.com\/site\/wp-content\/uploads\/2025\/12\/Sellier-150x150.jpg 150w, https:\/\/www.integra-fragrances.com\/site\/wp-content\/uploads\/2025\/12\/Sellier-768x768.jpg 768w\" sizes=\"(max-width: 800px) 100vw, 800px\" \/>\t\t\t\t\t\t\t\t\t\t\t\t\t\t\t<\/div>\n\t\t\t\t<\/div>\n\t\t<div class=\"elementor-element elementor-element-4e5df51 e-con-full e-flex e-con e-child\" data-id=\"4e5df51\" data-element_type=\"container\">\n\t\t\t\t<div class=\"elementor-element elementor-element-9601666 elementor-widget elementor-widget-heading\" data-id=\"9601666\" data-element_type=\"widget\" data-widget_type=\"heading.default\">\n\t\t\t\t<div class=\"elementor-widget-container\">\n\t\t\t\t\t<p class=\"elementor-heading-title elementor-size-default\">01.12.2025<\/p>\t\t\t\t<\/div>\n\t\t\t\t<\/div>\n\t\t\t\t<div class=\"elementor-element elementor-element-b6e8771 elementor-widget__width-auto elementor-widget elementor-widget-heading\" data-id=\"b6e8771\" data-element_type=\"widget\" data-widget_type=\"heading.default\">\n\t\t\t\t<div class=\"elementor-widget-container\">\n\t\t\t\t\t<p class=\"elementor-heading-title elementor-size-default\">Integra Fragrances signe l\u2019identit\u00e9 olfactive sur mesure pour Sellier \u00e0 Brompton Road et Motcomb Street \u00e0 Londres.<\/p>\t\t\t\t<\/div>\n\t\t\t\t<\/div>\n\t\t\t\t<\/div>\n\t\t<div class=\"elementor-element elementor-element-f40d466 e-con-full e-flex e-con e-child\" data-id=\"f40d466\" data-element_type=\"container\">\n\t\t\t\t<div class=\"elementor-element elementor-element-6f05395 elementor-align-left elementor-widget__width-inherit elementor-widget elementor-widget-button\" data-id=\"6f05395\" data-element_type=\"widget\" data-widget_type=\"button.default\">\n\t\t\t\t<div class=\"elementor-widget-container\">\n\t\t\t\t\t\t\t\t\t<div class=\"elementor-button-wrapper\">\n\t\t\t\t\t<a class=\"elementor-button elementor-button-link elementor-size-sm\" href=\"https:\/\/www.integra-fragrances.com\/fr\/integra-fragrances-firma-lidentita-olfattiva-di-sellier-a-londra-in-brompton-road-e-motcomb-street\/\">\n\t\t\t\t\t\t<span class=\"elementor-button-content-wrapper\">\n\t\t\t\t\t\t<span class=\"elementor-button-icon\">\n\t\t\t\t<i aria-hidden=\"true\" class=\"fas fa-angle-right\"><\/i>\t\t\t<\/span>\n\t\t\t\t\t\t\t\t\t<span class=\"elementor-button-text\">D\u00e9couvrir<\/span>\n\t\t\t\t\t<\/span>\n\t\t\t\t\t<\/a>\n\t\t\t\t<\/div>\n\t\t\t\t\t\t\t\t<\/div>\n\t\t\t\t<\/div>\n\t\t\t\t<\/div>\n\t\t\t\t<\/div>\n\t\t\t\t<\/div>\n\t\t<\/div>\t\t<\/article>\n\t\t\t\t<article id=\"post-8528\" class=\"elementor-post elementor-grid-item ecs-post-loop swiper-slide post-8528 post type-post status-publish format-standard has-post-thumbnail hentry category-non-classifiee\">\n\t\t<div class=\"ecs-link-wrapper\" data-href=\"https:\/\/www.integra-fragrances.com\/fr\/integra-fragrances-firma-lesperienza-olfattiva-della-luxury-hospitality-conference-2025\/\"   >\t\t<div data-elementor-type=\"loop\" data-elementor-id=\"4793\" class=\"elementor elementor-4793 elementor-215 post-8528 post type-post status-publish format-standard has-post-thumbnail hentry category-non-classifiee\" data-elementor-post-type=\"elementor_library\">\n\t\t\t<div class=\"elementor-element elementor-element-bfe1998 e-con-full e-flex e-con e-parent\" data-id=\"bfe1998\" data-element_type=\"container\">\n\t\t\t\t<div class=\"elementor-element elementor-element-6aed3ef elementor-widget__width-inherit elementor-widget elementor-widget-image\" data-id=\"6aed3ef\" data-element_type=\"widget\" data-widget_type=\"image.default\">\n\t\t\t\t<div class=\"elementor-widget-container\">\n\t\t\t\t\t\t\t\t\t\t\t\t\t\t\t<img loading=\"lazy\" decoding=\"async\" width=\"3888\" height=\"3888\" src=\"https:\/\/www.integra-fragrances.com\/site\/wp-content\/uploads\/2025\/11\/1P4A9766.jpg\" class=\"attachment-full size-full wp-image-8717\" alt=\"\" srcset=\"https:\/\/www.integra-fragrances.com\/site\/wp-content\/uploads\/2025\/11\/1P4A9766.jpg 3888w, https:\/\/www.integra-fragrances.com\/site\/wp-content\/uploads\/2025\/11\/1P4A9766-300x300.jpg 300w, https:\/\/www.integra-fragrances.com\/site\/wp-content\/uploads\/2025\/11\/1P4A9766-1024x1024.jpg 1024w, https:\/\/www.integra-fragrances.com\/site\/wp-content\/uploads\/2025\/11\/1P4A9766-150x150.jpg 150w, https:\/\/www.integra-fragrances.com\/site\/wp-content\/uploads\/2025\/11\/1P4A9766-768x768.jpg 768w, https:\/\/www.integra-fragrances.com\/site\/wp-content\/uploads\/2025\/11\/1P4A9766-1536x1536.jpg 1536w, https:\/\/www.integra-fragrances.com\/site\/wp-content\/uploads\/2025\/11\/1P4A9766-2048x2048.jpg 2048w\" sizes=\"(max-width: 3888px) 100vw, 3888px\" \/>\t\t\t\t\t\t\t\t\t\t\t\t\t\t\t<\/div>\n\t\t\t\t<\/div>\n\t\t<div class=\"elementor-element elementor-element-4e5df51 e-con-full e-flex e-con e-child\" data-id=\"4e5df51\" data-element_type=\"container\">\n\t\t\t\t<div class=\"elementor-element elementor-element-9601666 elementor-widget elementor-widget-heading\" data-id=\"9601666\" data-element_type=\"widget\" data-widget_type=\"heading.default\">\n\t\t\t\t<div class=\"elementor-widget-container\">\n\t\t\t\t\t<p class=\"elementor-heading-title elementor-size-default\">13.10.2025<\/p>\t\t\t\t<\/div>\n\t\t\t\t<\/div>\n\t\t\t\t<div class=\"elementor-element elementor-element-b6e8771 elementor-widget__width-auto elementor-widget elementor-widget-heading\" data-id=\"b6e8771\" data-element_type=\"widget\" data-widget_type=\"heading.default\">\n\t\t\t\t<div class=\"elementor-widget-container\">\n\t\t\t\t\t<p class=\"elementor-heading-title elementor-size-default\">Integra Fragrances signe l\u2019exp\u00e9rience olfactive de la Luxury Hospitality Conference 2025.<\/p>\t\t\t\t<\/div>\n\t\t\t\t<\/div>\n\t\t\t\t<\/div>\n\t\t<div class=\"elementor-element elementor-element-f40d466 e-con-full e-flex e-con e-child\" data-id=\"f40d466\" data-element_type=\"container\">\n\t\t\t\t<div class=\"elementor-element elementor-element-6f05395 elementor-align-left elementor-widget__width-inherit elementor-widget elementor-widget-button\" data-id=\"6f05395\" data-element_type=\"widget\" data-widget_type=\"button.default\">\n\t\t\t\t<div class=\"elementor-widget-container\">\n\t\t\t\t\t\t\t\t\t<div class=\"elementor-button-wrapper\">\n\t\t\t\t\t<a class=\"elementor-button elementor-button-link elementor-size-sm\" href=\"https:\/\/www.integra-fragrances.com\/fr\/integra-fragrances-firma-lesperienza-olfattiva-della-luxury-hospitality-conference-2025\/\">\n\t\t\t\t\t\t<span class=\"elementor-button-content-wrapper\">\n\t\t\t\t\t\t<span class=\"elementor-button-icon\">\n\t\t\t\t<i aria-hidden=\"true\" class=\"fas fa-angle-right\"><\/i>\t\t\t<\/span>\n\t\t\t\t\t\t\t\t\t<span class=\"elementor-button-text\">D\u00e9couvrir<\/span>\n\t\t\t\t\t<\/span>\n\t\t\t\t\t<\/a>\n\t\t\t\t<\/div>\n\t\t\t\t\t\t\t\t<\/div>\n\t\t\t\t<\/div>\n\t\t\t\t<\/div>\n\t\t\t\t<\/div>\n\t\t\t\t<\/div>\n\t\t<\/div>\t\t<\/article>\n\t\t\t\t<article id=\"post-8402\" class=\"elementor-post elementor-grid-item ecs-post-loop swiper-slide post-8402 post type-post status-publish format-standard has-post-thumbnail hentry category-non-classifiee\">\n\t\t<div class=\"ecs-link-wrapper\" data-href=\"https:\/\/www.integra-fragrances.com\/fr\/il-profumo-va-in-scena-un-viaggio-sensoriale-per-il-teatro-nazionale-di-genova\/\"   >\t\t<div data-elementor-type=\"loop\" data-elementor-id=\"4793\" class=\"elementor elementor-4793 elementor-215 post-8402 post type-post status-publish format-standard has-post-thumbnail hentry category-non-classifiee\" data-elementor-post-type=\"elementor_library\">\n\t\t\t<div class=\"elementor-element elementor-element-bfe1998 e-con-full e-flex e-con e-parent\" data-id=\"bfe1998\" data-element_type=\"container\">\n\t\t\t\t<div class=\"elementor-element elementor-element-6aed3ef elementor-widget__width-inherit elementor-widget elementor-widget-image\" data-id=\"6aed3ef\" data-element_type=\"widget\" data-widget_type=\"image.default\">\n\t\t\t\t<div class=\"elementor-widget-container\">\n\t\t\t\t\t\t\t\t\t\t\t\t\t\t\t<img loading=\"lazy\" decoding=\"async\" width=\"1453\" height=\"1453\" src=\"https:\/\/www.integra-fragrances.com\/site\/wp-content\/uploads\/2025\/10\/Teatro-Ivo-Chiesa-sala-rinnovata-9753-ph-Matilde-Pisani.jpg\" class=\"attachment-full size-full wp-image-8398\" alt=\"\" srcset=\"https:\/\/www.integra-fragrances.com\/site\/wp-content\/uploads\/2025\/10\/Teatro-Ivo-Chiesa-sala-rinnovata-9753-ph-Matilde-Pisani.jpg 1453w, https:\/\/www.integra-fragrances.com\/site\/wp-content\/uploads\/2025\/10\/Teatro-Ivo-Chiesa-sala-rinnovata-9753-ph-Matilde-Pisani-300x300.jpg 300w, https:\/\/www.integra-fragrances.com\/site\/wp-content\/uploads\/2025\/10\/Teatro-Ivo-Chiesa-sala-rinnovata-9753-ph-Matilde-Pisani-1024x1024.jpg 1024w, https:\/\/www.integra-fragrances.com\/site\/wp-content\/uploads\/2025\/10\/Teatro-Ivo-Chiesa-sala-rinnovata-9753-ph-Matilde-Pisani-150x150.jpg 150w, https:\/\/www.integra-fragrances.com\/site\/wp-content\/uploads\/2025\/10\/Teatro-Ivo-Chiesa-sala-rinnovata-9753-ph-Matilde-Pisani-768x768.jpg 768w\" sizes=\"(max-width: 1453px) 100vw, 1453px\" \/>\t\t\t\t\t\t\t\t\t\t\t\t\t\t\t<\/div>\n\t\t\t\t<\/div>\n\t\t<div class=\"elementor-element elementor-element-4e5df51 e-con-full e-flex e-con e-child\" data-id=\"4e5df51\" data-element_type=\"container\">\n\t\t\t\t<div class=\"elementor-element elementor-element-9601666 elementor-widget elementor-widget-heading\" data-id=\"9601666\" data-element_type=\"widget\" data-widget_type=\"heading.default\">\n\t\t\t\t<div class=\"elementor-widget-container\">\n\t\t\t\t\t<p class=\"elementor-heading-title elementor-size-default\">08.10.2025<\/p>\t\t\t\t<\/div>\n\t\t\t\t<\/div>\n\t\t\t\t<div class=\"elementor-element elementor-element-b6e8771 elementor-widget__width-auto elementor-widget elementor-widget-heading\" data-id=\"b6e8771\" data-element_type=\"widget\" data-widget_type=\"heading.default\">\n\t\t\t\t<div class=\"elementor-widget-container\">\n\t\t\t\t\t<p class=\"elementor-heading-title elementor-size-default\">Le parfum monte sur sc\u00e8ne : un voyage sensoriel pour le Teatro Nazionale di Genova.<\/p>\t\t\t\t<\/div>\n\t\t\t\t<\/div>\n\t\t\t\t<\/div>\n\t\t<div class=\"elementor-element elementor-element-f40d466 e-con-full e-flex e-con e-child\" data-id=\"f40d466\" data-element_type=\"container\">\n\t\t\t\t<div class=\"elementor-element elementor-element-6f05395 elementor-align-left elementor-widget__width-inherit elementor-widget elementor-widget-button\" data-id=\"6f05395\" data-element_type=\"widget\" data-widget_type=\"button.default\">\n\t\t\t\t<div class=\"elementor-widget-container\">\n\t\t\t\t\t\t\t\t\t<div class=\"elementor-button-wrapper\">\n\t\t\t\t\t<a class=\"elementor-button elementor-button-link elementor-size-sm\" href=\"https:\/\/www.integra-fragrances.com\/fr\/il-profumo-va-in-scena-un-viaggio-sensoriale-per-il-teatro-nazionale-di-genova\/\">\n\t\t\t\t\t\t<span class=\"elementor-button-content-wrapper\">\n\t\t\t\t\t\t<span class=\"elementor-button-icon\">\n\t\t\t\t<i aria-hidden=\"true\" class=\"fas fa-angle-right\"><\/i>\t\t\t<\/span>\n\t\t\t\t\t\t\t\t\t<span class=\"elementor-button-text\">D\u00e9couvrir<\/span>\n\t\t\t\t\t<\/span>\n\t\t\t\t\t<\/a>\n\t\t\t\t<\/div>\n\t\t\t\t\t\t\t\t<\/div>\n\t\t\t\t<\/div>\n\t\t\t\t<\/div>\n\t\t\t\t<\/div>\n\t\t\t\t<\/div>\n\t\t<\/div>\t\t<\/article>\n\t\t\t\t<article id=\"post-8709\" class=\"elementor-post elementor-grid-item ecs-post-loop swiper-slide post-8709 post type-post status-publish format-standard has-post-thumbnail hentry category-non-classifiee\">\n\t\t<div class=\"ecs-link-wrapper\" data-href=\"https:\/\/www.integra-fragrances.com\/fr\/lhotel-gabrielli-di-venezia-entra-a-far-parte-delle-destinazioni-starhotels-collezione-profumate-da-integra-fragrances\/\"   >\t\t<div data-elementor-type=\"loop\" data-elementor-id=\"4793\" class=\"elementor elementor-4793 elementor-215 post-8709 post type-post status-publish format-standard has-post-thumbnail hentry category-non-classifiee\" data-elementor-post-type=\"elementor_library\">\n\t\t\t<div class=\"elementor-element elementor-element-bfe1998 e-con-full e-flex e-con e-parent\" data-id=\"bfe1998\" data-element_type=\"container\">\n\t\t\t\t<div class=\"elementor-element elementor-element-6aed3ef elementor-widget__width-inherit elementor-widget elementor-widget-image\" data-id=\"6aed3ef\" data-element_type=\"widget\" data-widget_type=\"image.default\">\n\t\t\t\t<div class=\"elementor-widget-container\">\n\t\t\t\t\t\t\t\t\t\t\t\t\t\t\t<img loading=\"lazy\" decoding=\"async\" width=\"958\" height=\"958\" src=\"https:\/\/www.integra-fragrances.com\/site\/wp-content\/uploads\/2025\/11\/Gabrielli-Venice.jpg\" class=\"attachment-full size-full wp-image-8705\" alt=\"\" srcset=\"https:\/\/www.integra-fragrances.com\/site\/wp-content\/uploads\/2025\/11\/Gabrielli-Venice.jpg 958w, https:\/\/www.integra-fragrances.com\/site\/wp-content\/uploads\/2025\/11\/Gabrielli-Venice-300x300.jpg 300w, https:\/\/www.integra-fragrances.com\/site\/wp-content\/uploads\/2025\/11\/Gabrielli-Venice-150x150.jpg 150w, https:\/\/www.integra-fragrances.com\/site\/wp-content\/uploads\/2025\/11\/Gabrielli-Venice-768x768.jpg 768w\" sizes=\"(max-width: 958px) 100vw, 958px\" \/>\t\t\t\t\t\t\t\t\t\t\t\t\t\t\t<\/div>\n\t\t\t\t<\/div>\n\t\t<div class=\"elementor-element elementor-element-4e5df51 e-con-full e-flex e-con e-child\" data-id=\"4e5df51\" data-element_type=\"container\">\n\t\t\t\t<div class=\"elementor-element elementor-element-9601666 elementor-widget elementor-widget-heading\" data-id=\"9601666\" data-element_type=\"widget\" data-widget_type=\"heading.default\">\n\t\t\t\t<div class=\"elementor-widget-container\">\n\t\t\t\t\t<p class=\"elementor-heading-title elementor-size-default\">18.09.2025<\/p>\t\t\t\t<\/div>\n\t\t\t\t<\/div>\n\t\t\t\t<div class=\"elementor-element elementor-element-b6e8771 elementor-widget__width-auto elementor-widget elementor-widget-heading\" data-id=\"b6e8771\" data-element_type=\"widget\" data-widget_type=\"heading.default\">\n\t\t\t\t<div class=\"elementor-widget-container\">\n\t\t\t\t\t<p class=\"elementor-heading-title elementor-size-default\">L\u2019H\u00f4tel Gabrielli \u00e0 Venise rejoint les destinations Starhotels Collezione parfum\u00e9es par Integra Fragrances.<\/p>\t\t\t\t<\/div>\n\t\t\t\t<\/div>\n\t\t\t\t<\/div>\n\t\t<div class=\"elementor-element elementor-element-f40d466 e-con-full e-flex e-con e-child\" data-id=\"f40d466\" data-element_type=\"container\">\n\t\t\t\t<div class=\"elementor-element elementor-element-6f05395 elementor-align-left elementor-widget__width-inherit elementor-widget elementor-widget-button\" data-id=\"6f05395\" data-element_type=\"widget\" data-widget_type=\"button.default\">\n\t\t\t\t<div class=\"elementor-widget-container\">\n\t\t\t\t\t\t\t\t\t<div class=\"elementor-button-wrapper\">\n\t\t\t\t\t<a class=\"elementor-button elementor-button-link elementor-size-sm\" href=\"https:\/\/www.integra-fragrances.com\/fr\/lhotel-gabrielli-di-venezia-entra-a-far-parte-delle-destinazioni-starhotels-collezione-profumate-da-integra-fragrances\/\">\n\t\t\t\t\t\t<span class=\"elementor-button-content-wrapper\">\n\t\t\t\t\t\t<span class=\"elementor-button-icon\">\n\t\t\t\t<i aria-hidden=\"true\" class=\"fas fa-angle-right\"><\/i>\t\t\t<\/span>\n\t\t\t\t\t\t\t\t\t<span class=\"elementor-button-text\">D\u00e9couvrir<\/span>\n\t\t\t\t\t<\/span>\n\t\t\t\t\t<\/a>\n\t\t\t\t<\/div>\n\t\t\t\t\t\t\t\t<\/div>\n\t\t\t\t<\/div>\n\t\t\t\t<\/div>\n\t\t\t\t<\/div>\n\t\t\t\t<\/div>\n\t\t<\/div>\t\t<\/article>\n\t\t\t\t<article id=\"post-8332\" class=\"elementor-post elementor-grid-item ecs-post-loop swiper-slide post-8332 post type-post status-publish format-standard has-post-thumbnail hentry category-non-classifiee\">\n\t\t<div class=\"ecs-link-wrapper\" data-href=\"https:\/\/www.integra-fragrances.com\/fr\/integra-fragrances-porta-la-sua-tecnologia-olfattiva-nellesperienza-immersiva-di-dialogo-nel-buio\/\"   >\t\t<div data-elementor-type=\"loop\" data-elementor-id=\"4793\" class=\"elementor elementor-4793 elementor-215 post-8332 post type-post status-publish format-standard has-post-thumbnail hentry category-non-classifiee\" data-elementor-post-type=\"elementor_library\">\n\t\t\t<div class=\"elementor-element elementor-element-bfe1998 e-con-full e-flex e-con e-parent\" data-id=\"bfe1998\" data-element_type=\"container\">\n\t\t\t\t<div class=\"elementor-element elementor-element-6aed3ef elementor-widget__width-inherit elementor-widget elementor-widget-image\" data-id=\"6aed3ef\" data-element_type=\"widget\" data-widget_type=\"image.default\">\n\t\t\t\t<div class=\"elementor-widget-container\">\n\t\t\t\t\t\t\t\t\t\t\t\t\t\t\t<img loading=\"lazy\" decoding=\"async\" width=\"3281\" height=\"3281\" src=\"https:\/\/www.integra-fragrances.com\/site\/wp-content\/uploads\/2025\/09\/Dialogo-Nel-Buio_Immagine-1.jpg\" class=\"attachment-full size-full wp-image-8327\" alt=\"\" srcset=\"https:\/\/www.integra-fragrances.com\/site\/wp-content\/uploads\/2025\/09\/Dialogo-Nel-Buio_Immagine-1.jpg 3281w, https:\/\/www.integra-fragrances.com\/site\/wp-content\/uploads\/2025\/09\/Dialogo-Nel-Buio_Immagine-1-300x300.jpg 300w, https:\/\/www.integra-fragrances.com\/site\/wp-content\/uploads\/2025\/09\/Dialogo-Nel-Buio_Immagine-1-1024x1024.jpg 1024w, https:\/\/www.integra-fragrances.com\/site\/wp-content\/uploads\/2025\/09\/Dialogo-Nel-Buio_Immagine-1-150x150.jpg 150w, https:\/\/www.integra-fragrances.com\/site\/wp-content\/uploads\/2025\/09\/Dialogo-Nel-Buio_Immagine-1-768x768.jpg 768w, https:\/\/www.integra-fragrances.com\/site\/wp-content\/uploads\/2025\/09\/Dialogo-Nel-Buio_Immagine-1-1536x1536.jpg 1536w, https:\/\/www.integra-fragrances.com\/site\/wp-content\/uploads\/2025\/09\/Dialogo-Nel-Buio_Immagine-1-2048x2048.jpg 2048w\" sizes=\"(max-width: 3281px) 100vw, 3281px\" \/>\t\t\t\t\t\t\t\t\t\t\t\t\t\t\t<\/div>\n\t\t\t\t<\/div>\n\t\t<div class=\"elementor-element elementor-element-4e5df51 e-con-full e-flex e-con e-child\" data-id=\"4e5df51\" data-element_type=\"container\">\n\t\t\t\t<div class=\"elementor-element elementor-element-9601666 elementor-widget elementor-widget-heading\" data-id=\"9601666\" data-element_type=\"widget\" data-widget_type=\"heading.default\">\n\t\t\t\t<div class=\"elementor-widget-container\">\n\t\t\t\t\t<p class=\"elementor-heading-title elementor-size-default\">12.09.2025<\/p>\t\t\t\t<\/div>\n\t\t\t\t<\/div>\n\t\t\t\t<div class=\"elementor-element elementor-element-b6e8771 elementor-widget__width-auto elementor-widget elementor-widget-heading\" data-id=\"b6e8771\" data-element_type=\"widget\" data-widget_type=\"heading.default\">\n\t\t\t\t<div class=\"elementor-widget-container\">\n\t\t\t\t\t<p class=\"elementor-heading-title elementor-size-default\">Integra Fragrances apporte sa technologie olfactive \u00e0 l\u2019exp\u00e9rience immersive de &#8220;Dialogo nel Buio&#8221;.<\/p>\t\t\t\t<\/div>\n\t\t\t\t<\/div>\n\t\t\t\t<\/div>\n\t\t<div class=\"elementor-element elementor-element-f40d466 e-con-full e-flex e-con e-child\" data-id=\"f40d466\" data-element_type=\"container\">\n\t\t\t\t<div class=\"elementor-element elementor-element-6f05395 elementor-align-left elementor-widget__width-inherit elementor-widget elementor-widget-button\" data-id=\"6f05395\" data-element_type=\"widget\" data-widget_type=\"button.default\">\n\t\t\t\t<div class=\"elementor-widget-container\">\n\t\t\t\t\t\t\t\t\t<div class=\"elementor-button-wrapper\">\n\t\t\t\t\t<a class=\"elementor-button elementor-button-link elementor-size-sm\" href=\"https:\/\/www.integra-fragrances.com\/fr\/integra-fragrances-porta-la-sua-tecnologia-olfattiva-nellesperienza-immersiva-di-dialogo-nel-buio\/\">\n\t\t\t\t\t\t<span class=\"elementor-button-content-wrapper\">\n\t\t\t\t\t\t<span class=\"elementor-button-icon\">\n\t\t\t\t<i aria-hidden=\"true\" class=\"fas fa-angle-right\"><\/i>\t\t\t<\/span>\n\t\t\t\t\t\t\t\t\t<span class=\"elementor-button-text\">D\u00e9couvrir<\/span>\n\t\t\t\t\t<\/span>\n\t\t\t\t\t<\/a>\n\t\t\t\t<\/div>\n\t\t\t\t\t\t\t\t<\/div>\n\t\t\t\t<\/div>\n\t\t\t\t<\/div>\n\t\t\t\t<\/div>\n\t\t\t\t<\/div>\n\t\t<\/div>\t\t<\/article>\n\t\t\t\t<article id=\"post-8322\" class=\"elementor-post elementor-grid-item ecs-post-loop swiper-slide post-8322 post type-post status-publish format-standard has-post-thumbnail hentry category-non-classifiee\">\n\t\t<div class=\"ecs-link-wrapper\" data-href=\"https:\/\/www.integra-fragrances.com\/fr\/respirer-la-beaute-integra-fragrances-partenaire-olfactif-de-la-milano-beauty-week-2025\/\"   >\t\t<div data-elementor-type=\"loop\" data-elementor-id=\"4793\" class=\"elementor elementor-4793 elementor-215 post-8322 post type-post status-publish format-standard has-post-thumbnail hentry category-non-classifiee\" data-elementor-post-type=\"elementor_library\">\n\t\t\t<div class=\"elementor-element elementor-element-bfe1998 e-con-full e-flex e-con e-parent\" data-id=\"bfe1998\" data-element_type=\"container\">\n\t\t\t\t<div class=\"elementor-element elementor-element-6aed3ef elementor-widget__width-inherit elementor-widget elementor-widget-image\" data-id=\"6aed3ef\" data-element_type=\"widget\" data-widget_type=\"image.default\">\n\t\t\t\t<div class=\"elementor-widget-container\">\n\t\t\t\t\t\t\t\t\t\t\t\t\t\t\t<img loading=\"lazy\" decoding=\"async\" width=\"925\" height=\"925\" src=\"https:\/\/www.integra-fragrances.com\/site\/wp-content\/uploads\/2025\/09\/MBW.jpg\" class=\"attachment-full size-full wp-image-8318\" alt=\"\" srcset=\"https:\/\/www.integra-fragrances.com\/site\/wp-content\/uploads\/2025\/09\/MBW.jpg 925w, https:\/\/www.integra-fragrances.com\/site\/wp-content\/uploads\/2025\/09\/MBW-300x300.jpg 300w, https:\/\/www.integra-fragrances.com\/site\/wp-content\/uploads\/2025\/09\/MBW-150x150.jpg 150w, https:\/\/www.integra-fragrances.com\/site\/wp-content\/uploads\/2025\/09\/MBW-768x768.jpg 768w\" sizes=\"(max-width: 925px) 100vw, 925px\" \/>\t\t\t\t\t\t\t\t\t\t\t\t\t\t\t<\/div>\n\t\t\t\t<\/div>\n\t\t<div class=\"elementor-element elementor-element-4e5df51 e-con-full e-flex e-con e-child\" data-id=\"4e5df51\" data-element_type=\"container\">\n\t\t\t\t<div class=\"elementor-element elementor-element-9601666 elementor-widget elementor-widget-heading\" data-id=\"9601666\" data-element_type=\"widget\" data-widget_type=\"heading.default\">\n\t\t\t\t<div class=\"elementor-widget-container\">\n\t\t\t\t\t<p class=\"elementor-heading-title elementor-size-default\">10.09.2025<\/p>\t\t\t\t<\/div>\n\t\t\t\t<\/div>\n\t\t\t\t<div class=\"elementor-element elementor-element-b6e8771 elementor-widget__width-auto elementor-widget elementor-widget-heading\" data-id=\"b6e8771\" data-element_type=\"widget\" data-widget_type=\"heading.default\">\n\t\t\t\t<div class=\"elementor-widget-container\">\n\t\t\t\t\t<p class=\"elementor-heading-title elementor-size-default\">Respirer la beaut\u00e9 : Integra Fragrances, partenaire olfactif de la Milano Beauty Week 2025.<\/p>\t\t\t\t<\/div>\n\t\t\t\t<\/div>\n\t\t\t\t<\/div>\n\t\t<div class=\"elementor-element elementor-element-f40d466 e-con-full e-flex e-con e-child\" data-id=\"f40d466\" data-element_type=\"container\">\n\t\t\t\t<div class=\"elementor-element elementor-element-6f05395 elementor-align-left elementor-widget__width-inherit elementor-widget elementor-widget-button\" data-id=\"6f05395\" data-element_type=\"widget\" data-widget_type=\"button.default\">\n\t\t\t\t<div class=\"elementor-widget-container\">\n\t\t\t\t\t\t\t\t\t<div class=\"elementor-button-wrapper\">\n\t\t\t\t\t<a class=\"elementor-button elementor-button-link elementor-size-sm\" href=\"https:\/\/www.integra-fragrances.com\/fr\/respirer-la-beaute-integra-fragrances-partenaire-olfactif-de-la-milano-beauty-week-2025\/\">\n\t\t\t\t\t\t<span class=\"elementor-button-content-wrapper\">\n\t\t\t\t\t\t<span class=\"elementor-button-icon\">\n\t\t\t\t<i aria-hidden=\"true\" class=\"fas fa-angle-right\"><\/i>\t\t\t<\/span>\n\t\t\t\t\t\t\t\t\t<span class=\"elementor-button-text\">D\u00e9couvrir<\/span>\n\t\t\t\t\t<\/span>\n\t\t\t\t\t<\/a>\n\t\t\t\t<\/div>\n\t\t\t\t\t\t\t\t<\/div>\n\t\t\t\t<\/div>\n\t\t\t\t<\/div>\n\t\t\t\t<\/div>\n\t\t\t\t<\/div>\n\t\t<\/div>\t\t<\/article>\n\t\t\t\t<article id=\"post-8244\" class=\"elementor-post elementor-grid-item ecs-post-loop swiper-slide post-8244 post type-post status-publish format-standard has-post-thumbnail hentry category-non-classifiee\">\n\t\t<div class=\"ecs-link-wrapper\" data-href=\"https:\/\/www.integra-fragrances.com\/fr\/la-firma-olfattiva-di-tiffany-ginza-prende-vita-svelata-la-raffinata-fragranza-musc-premiere\/\"   >\t\t<div data-elementor-type=\"loop\" data-elementor-id=\"4793\" class=\"elementor elementor-4793 elementor-215 post-8244 post type-post status-publish format-standard has-post-thumbnail hentry category-non-classifiee\" data-elementor-post-type=\"elementor_library\">\n\t\t\t<div class=\"elementor-element elementor-element-bfe1998 e-con-full e-flex e-con e-parent\" data-id=\"bfe1998\" data-element_type=\"container\">\n\t\t\t\t<div class=\"elementor-element elementor-element-6aed3ef elementor-widget__width-inherit elementor-widget elementor-widget-image\" data-id=\"6aed3ef\" data-element_type=\"widget\" data-widget_type=\"image.default\">\n\t\t\t\t<div class=\"elementor-widget-container\">\n\t\t\t\t\t\t\t\t\t\t\t\t\t\t\t<img loading=\"lazy\" decoding=\"async\" width=\"748\" height=\"748\" src=\"https:\/\/www.integra-fragrances.com\/site\/wp-content\/uploads\/2025\/07\/new-tiffany-co-ginza-flagship-largest-store-asia-opening-july-2025-japan-designboom-01.jpg\" class=\"attachment-full size-full wp-image-8241\" alt=\"\" srcset=\"https:\/\/www.integra-fragrances.com\/site\/wp-content\/uploads\/2025\/07\/new-tiffany-co-ginza-flagship-largest-store-asia-opening-july-2025-japan-designboom-01.jpg 748w, https:\/\/www.integra-fragrances.com\/site\/wp-content\/uploads\/2025\/07\/new-tiffany-co-ginza-flagship-largest-store-asia-opening-july-2025-japan-designboom-01-300x300.jpg 300w, https:\/\/www.integra-fragrances.com\/site\/wp-content\/uploads\/2025\/07\/new-tiffany-co-ginza-flagship-largest-store-asia-opening-july-2025-japan-designboom-01-150x150.jpg 150w\" sizes=\"(max-width: 748px) 100vw, 748px\" \/>\t\t\t\t\t\t\t\t\t\t\t\t\t\t\t<\/div>\n\t\t\t\t<\/div>\n\t\t<div class=\"elementor-element elementor-element-4e5df51 e-con-full e-flex e-con e-child\" data-id=\"4e5df51\" data-element_type=\"container\">\n\t\t\t\t<div class=\"elementor-element elementor-element-9601666 elementor-widget elementor-widget-heading\" data-id=\"9601666\" data-element_type=\"widget\" data-widget_type=\"heading.default\">\n\t\t\t\t<div class=\"elementor-widget-container\">\n\t\t\t\t\t<p class=\"elementor-heading-title elementor-size-default\">11.07.2025<\/p>\t\t\t\t<\/div>\n\t\t\t\t<\/div>\n\t\t\t\t<div class=\"elementor-element elementor-element-b6e8771 elementor-widget__width-auto elementor-widget elementor-widget-heading\" data-id=\"b6e8771\" data-element_type=\"widget\" data-widget_type=\"heading.default\">\n\t\t\t\t<div class=\"elementor-widget-container\">\n\t\t\t\t\t<p class=\"elementor-heading-title elementor-size-default\">La signature olfactive de Tiffany Ginza prend vie : d\u00e9voilement de la raffin\u00e9e fragrance \u201cMusc Premi\u00e8re\u201d.<\/p>\t\t\t\t<\/div>\n\t\t\t\t<\/div>\n\t\t\t\t<\/div>\n\t\t<div class=\"elementor-element elementor-element-f40d466 e-con-full e-flex e-con e-child\" data-id=\"f40d466\" data-element_type=\"container\">\n\t\t\t\t<div class=\"elementor-element elementor-element-6f05395 elementor-align-left elementor-widget__width-inherit elementor-widget elementor-widget-button\" data-id=\"6f05395\" data-element_type=\"widget\" data-widget_type=\"button.default\">\n\t\t\t\t<div class=\"elementor-widget-container\">\n\t\t\t\t\t\t\t\t\t<div class=\"elementor-button-wrapper\">\n\t\t\t\t\t<a class=\"elementor-button elementor-button-link elementor-size-sm\" href=\"https:\/\/www.integra-fragrances.com\/fr\/la-firma-olfattiva-di-tiffany-ginza-prende-vita-svelata-la-raffinata-fragranza-musc-premiere\/\">\n\t\t\t\t\t\t<span class=\"elementor-button-content-wrapper\">\n\t\t\t\t\t\t<span class=\"elementor-button-icon\">\n\t\t\t\t<i aria-hidden=\"true\" class=\"fas fa-angle-right\"><\/i>\t\t\t<\/span>\n\t\t\t\t\t\t\t\t\t<span class=\"elementor-button-text\">D\u00e9couvrir<\/span>\n\t\t\t\t\t<\/span>\n\t\t\t\t\t<\/a>\n\t\t\t\t<\/div>\n\t\t\t\t\t\t\t\t<\/div>\n\t\t\t\t<\/div>\n\t\t\t\t<\/div>\n\t\t\t\t<\/div>\n\t\t\t\t<\/div>\n\t\t<\/div>\t\t<\/article>\n\t\t\t\t<article id=\"post-8205\" class=\"elementor-post elementor-grid-item ecs-post-loop swiper-slide post-8205 post type-post status-publish format-standard has-post-thumbnail hentry category-non-classifiee\">\n\t\t<div class=\"ecs-link-wrapper\" data-href=\"https:\/\/www.integra-fragrances.com\/fr\/integra-fragrances-firma-lesperienza-olfattiva-del-business-of-luxury-summit-2025-di-financial-times\/\"   >\t\t<div data-elementor-type=\"loop\" data-elementor-id=\"4793\" class=\"elementor elementor-4793 elementor-215 post-8205 post type-post status-publish format-standard has-post-thumbnail hentry category-non-classifiee\" data-elementor-post-type=\"elementor_library\">\n\t\t\t<div class=\"elementor-element elementor-element-bfe1998 e-con-full e-flex e-con e-parent\" data-id=\"bfe1998\" data-element_type=\"container\">\n\t\t\t\t<div class=\"elementor-element elementor-element-6aed3ef elementor-widget__width-inherit elementor-widget elementor-widget-image\" data-id=\"6aed3ef\" data-element_type=\"widget\" data-widget_type=\"image.default\">\n\t\t\t\t<div class=\"elementor-widget-container\">\n\t\t\t\t\t\t\t\t\t\t\t\t\t\t\t<img loading=\"lazy\" decoding=\"async\" width=\"960\" height=\"960\" src=\"https:\/\/www.integra-fragrances.com\/site\/wp-content\/uploads\/2025\/05\/Arts-Hotel.jpg\" class=\"attachment-full size-full wp-image-8200\" alt=\"\" srcset=\"https:\/\/www.integra-fragrances.com\/site\/wp-content\/uploads\/2025\/05\/Arts-Hotel.jpg 960w, https:\/\/www.integra-fragrances.com\/site\/wp-content\/uploads\/2025\/05\/Arts-Hotel-300x300.jpg 300w, https:\/\/www.integra-fragrances.com\/site\/wp-content\/uploads\/2025\/05\/Arts-Hotel-150x150.jpg 150w, https:\/\/www.integra-fragrances.com\/site\/wp-content\/uploads\/2025\/05\/Arts-Hotel-768x768.jpg 768w\" sizes=\"(max-width: 960px) 100vw, 960px\" \/>\t\t\t\t\t\t\t\t\t\t\t\t\t\t\t<\/div>\n\t\t\t\t<\/div>\n\t\t<div class=\"elementor-element elementor-element-4e5df51 e-con-full e-flex e-con e-child\" data-id=\"4e5df51\" data-element_type=\"container\">\n\t\t\t\t<div class=\"elementor-element elementor-element-9601666 elementor-widget elementor-widget-heading\" data-id=\"9601666\" data-element_type=\"widget\" data-widget_type=\"heading.default\">\n\t\t\t\t<div class=\"elementor-widget-container\">\n\t\t\t\t\t<p class=\"elementor-heading-title elementor-size-default\">18.05.2025<\/p>\t\t\t\t<\/div>\n\t\t\t\t<\/div>\n\t\t\t\t<div class=\"elementor-element elementor-element-b6e8771 elementor-widget__width-auto elementor-widget elementor-widget-heading\" data-id=\"b6e8771\" data-element_type=\"widget\" data-widget_type=\"heading.default\">\n\t\t\t\t<div class=\"elementor-widget-container\">\n\t\t\t\t\t<p class=\"elementor-heading-title elementor-size-default\">Integra Fragrances signe l\u2019exp\u00e9rience olfactive du Business of Luxury Summit 2025 du Financial Times.<\/p>\t\t\t\t<\/div>\n\t\t\t\t<\/div>\n\t\t\t\t<\/div>\n\t\t<div class=\"elementor-element elementor-element-f40d466 e-con-full e-flex e-con e-child\" data-id=\"f40d466\" data-element_type=\"container\">\n\t\t\t\t<div class=\"elementor-element elementor-element-6f05395 elementor-align-left elementor-widget__width-inherit elementor-widget elementor-widget-button\" data-id=\"6f05395\" data-element_type=\"widget\" data-widget_type=\"button.default\">\n\t\t\t\t<div class=\"elementor-widget-container\">\n\t\t\t\t\t\t\t\t\t<div class=\"elementor-button-wrapper\">\n\t\t\t\t\t<a class=\"elementor-button elementor-button-link elementor-size-sm\" href=\"https:\/\/www.integra-fragrances.com\/fr\/integra-fragrances-firma-lesperienza-olfattiva-del-business-of-luxury-summit-2025-di-financial-times\/\">\n\t\t\t\t\t\t<span class=\"elementor-button-content-wrapper\">\n\t\t\t\t\t\t<span class=\"elementor-button-icon\">\n\t\t\t\t<i aria-hidden=\"true\" class=\"fas fa-angle-right\"><\/i>\t\t\t<\/span>\n\t\t\t\t\t\t\t\t\t<span class=\"elementor-button-text\">D\u00e9couvrir<\/span>\n\t\t\t\t\t<\/span>\n\t\t\t\t\t<\/a>\n\t\t\t\t<\/div>\n\t\t\t\t\t\t\t\t<\/div>\n\t\t\t\t<\/div>\n\t\t\t\t<\/div>\n\t\t\t\t<\/div>\n\t\t\t\t<\/div>\n\t\t<\/div>\t\t<\/article>\n\t\t\t\t<article id=\"post-8181\" class=\"elementor-post elementor-grid-item ecs-post-loop swiper-slide post-8181 post type-post status-publish format-standard has-post-thumbnail hentry category-non-classifiee\">\n\t\t<div class=\"ecs-link-wrapper\" data-href=\"https:\/\/www.integra-fragrances.com\/fr\/inside-pop-perfume-leta-di-warhol-raccontata-attraverso-il-profumo\/\"   >\t\t<div data-elementor-type=\"loop\" data-elementor-id=\"4793\" class=\"elementor elementor-4793 elementor-215 post-8181 post type-post status-publish format-standard has-post-thumbnail hentry category-non-classifiee\" data-elementor-post-type=\"elementor_library\">\n\t\t\t<div class=\"elementor-element elementor-element-bfe1998 e-con-full e-flex e-con e-parent\" data-id=\"bfe1998\" data-element_type=\"container\">\n\t\t\t\t<div class=\"elementor-element elementor-element-6aed3ef elementor-widget__width-inherit elementor-widget elementor-widget-image\" data-id=\"6aed3ef\" data-element_type=\"widget\" data-widget_type=\"image.default\">\n\t\t\t\t<div class=\"elementor-widget-container\">\n\t\t\t\t\t\t\t\t\t\t\t\t\t\t\t<img loading=\"lazy\" decoding=\"async\" width=\"1055\" height=\"1055\" src=\"https:\/\/www.integra-fragrances.com\/site\/wp-content\/uploads\/2025\/07\/1990dd76-5eac-4645-ab4d-87ea7fa1798c.jpg\" class=\"attachment-full size-full wp-image-8233\" alt=\"\" srcset=\"https:\/\/www.integra-fragrances.com\/site\/wp-content\/uploads\/2025\/07\/1990dd76-5eac-4645-ab4d-87ea7fa1798c.jpg 1055w, https:\/\/www.integra-fragrances.com\/site\/wp-content\/uploads\/2025\/07\/1990dd76-5eac-4645-ab4d-87ea7fa1798c-300x300.jpg 300w, https:\/\/www.integra-fragrances.com\/site\/wp-content\/uploads\/2025\/07\/1990dd76-5eac-4645-ab4d-87ea7fa1798c-1024x1024.jpg 1024w, https:\/\/www.integra-fragrances.com\/site\/wp-content\/uploads\/2025\/07\/1990dd76-5eac-4645-ab4d-87ea7fa1798c-150x150.jpg 150w, https:\/\/www.integra-fragrances.com\/site\/wp-content\/uploads\/2025\/07\/1990dd76-5eac-4645-ab4d-87ea7fa1798c-768x768.jpg 768w\" sizes=\"(max-width: 1055px) 100vw, 1055px\" \/>\t\t\t\t\t\t\t\t\t\t\t\t\t\t\t<\/div>\n\t\t\t\t<\/div>\n\t\t<div class=\"elementor-element elementor-element-4e5df51 e-con-full e-flex e-con e-child\" data-id=\"4e5df51\" data-element_type=\"container\">\n\t\t\t\t<div class=\"elementor-element elementor-element-9601666 elementor-widget elementor-widget-heading\" data-id=\"9601666\" data-element_type=\"widget\" data-widget_type=\"heading.default\">\n\t\t\t\t<div class=\"elementor-widget-container\">\n\t\t\t\t\t<p class=\"elementor-heading-title elementor-size-default\">13.03.2025<\/p>\t\t\t\t<\/div>\n\t\t\t\t<\/div>\n\t\t\t\t<div class=\"elementor-element elementor-element-b6e8771 elementor-widget__width-auto elementor-widget elementor-widget-heading\" data-id=\"b6e8771\" data-element_type=\"widget\" data-widget_type=\"heading.default\">\n\t\t\t\t<div class=\"elementor-widget-container\">\n\t\t\t\t\t<p class=\"elementor-heading-title elementor-size-default\">\u00ab #INSIDE &#8211; POP &#8211; PERFUME : L\u2019\u00c2ge de Warhol racont\u00e9 \u00e0 travers le parfum \u00bb \u2013 Un \u00e9v\u00e9nement sensoriel.<\/p>\t\t\t\t<\/div>\n\t\t\t\t<\/div>\n\t\t\t\t<\/div>\n\t\t<div class=\"elementor-element elementor-element-f40d466 e-con-full e-flex e-con e-child\" data-id=\"f40d466\" data-element_type=\"container\">\n\t\t\t\t<div class=\"elementor-element elementor-element-6f05395 elementor-align-left elementor-widget__width-inherit elementor-widget elementor-widget-button\" data-id=\"6f05395\" data-element_type=\"widget\" data-widget_type=\"button.default\">\n\t\t\t\t<div class=\"elementor-widget-container\">\n\t\t\t\t\t\t\t\t\t<div class=\"elementor-button-wrapper\">\n\t\t\t\t\t<a class=\"elementor-button elementor-button-link elementor-size-sm\" href=\"https:\/\/www.integra-fragrances.com\/fr\/inside-pop-perfume-leta-di-warhol-raccontata-attraverso-il-profumo\/\">\n\t\t\t\t\t\t<span class=\"elementor-button-content-wrapper\">\n\t\t\t\t\t\t<span class=\"elementor-button-icon\">\n\t\t\t\t<i aria-hidden=\"true\" class=\"fas fa-angle-right\"><\/i>\t\t\t<\/span>\n\t\t\t\t\t\t\t\t\t<span class=\"elementor-button-text\">D\u00e9couvrir<\/span>\n\t\t\t\t\t<\/span>\n\t\t\t\t\t<\/a>\n\t\t\t\t<\/div>\n\t\t\t\t\t\t\t\t<\/div>\n\t\t\t\t<\/div>\n\t\t\t\t<\/div>\n\t\t\t\t<\/div>\n\t\t\t\t<\/div>\n\t\t<\/div>\t\t<\/article>\n\t\t\t\t<article id=\"post-7870\" class=\"elementor-post elementor-grid-item ecs-post-loop swiper-slide post-7870 post type-post status-publish format-standard has-post-thumbnail hentry category-non-classifiee\">\n\t\t<div class=\"ecs-link-wrapper\" data-href=\"https:\/\/www.integra-fragrances.com\/fr\/un-voyage-sensoriel-parfume-avec-bvlgari-serpenti-infinito-la-nouvelle-exposition-immersive-de-la-maison\/\"   >\t\t<div data-elementor-type=\"loop\" data-elementor-id=\"4793\" class=\"elementor elementor-4793 elementor-215 post-7870 post type-post status-publish format-standard has-post-thumbnail hentry category-non-classifiee\" data-elementor-post-type=\"elementor_library\">\n\t\t\t<div class=\"elementor-element elementor-element-bfe1998 e-con-full e-flex e-con e-parent\" data-id=\"bfe1998\" data-element_type=\"container\">\n\t\t\t\t<div class=\"elementor-element elementor-element-6aed3ef elementor-widget__width-inherit elementor-widget elementor-widget-image\" data-id=\"6aed3ef\" data-element_type=\"widget\" data-widget_type=\"image.default\">\n\t\t\t\t<div class=\"elementor-widget-container\">\n\t\t\t\t\t\t\t\t\t\t\t\t\t\t\t<img loading=\"lazy\" decoding=\"async\" width=\"1080\" height=\"1080\" src=\"https:\/\/www.integra-fragrances.com\/site\/wp-content\/uploads\/2025\/01\/Bvlgari-Serpenti-Infinito-Exhibition.jpg\" class=\"attachment-full size-full wp-image-7864\" alt=\"\" srcset=\"https:\/\/www.integra-fragrances.com\/site\/wp-content\/uploads\/2025\/01\/Bvlgari-Serpenti-Infinito-Exhibition.jpg 1080w, https:\/\/www.integra-fragrances.com\/site\/wp-content\/uploads\/2025\/01\/Bvlgari-Serpenti-Infinito-Exhibition-300x300.jpg 300w, https:\/\/www.integra-fragrances.com\/site\/wp-content\/uploads\/2025\/01\/Bvlgari-Serpenti-Infinito-Exhibition-1024x1024.jpg 1024w, https:\/\/www.integra-fragrances.com\/site\/wp-content\/uploads\/2025\/01\/Bvlgari-Serpenti-Infinito-Exhibition-150x150.jpg 150w, https:\/\/www.integra-fragrances.com\/site\/wp-content\/uploads\/2025\/01\/Bvlgari-Serpenti-Infinito-Exhibition-768x768.jpg 768w\" sizes=\"(max-width: 1080px) 100vw, 1080px\" \/>\t\t\t\t\t\t\t\t\t\t\t\t\t\t\t<\/div>\n\t\t\t\t<\/div>\n\t\t<div class=\"elementor-element elementor-element-4e5df51 e-con-full e-flex e-con e-child\" data-id=\"4e5df51\" data-element_type=\"container\">\n\t\t\t\t<div class=\"elementor-element elementor-element-9601666 elementor-widget elementor-widget-heading\" data-id=\"9601666\" data-element_type=\"widget\" data-widget_type=\"heading.default\">\n\t\t\t\t<div class=\"elementor-widget-container\">\n\t\t\t\t\t<p class=\"elementor-heading-title elementor-size-default\">08.01.2025<\/p>\t\t\t\t<\/div>\n\t\t\t\t<\/div>\n\t\t\t\t<div class=\"elementor-element elementor-element-b6e8771 elementor-widget__width-auto elementor-widget elementor-widget-heading\" data-id=\"b6e8771\" data-element_type=\"widget\" data-widget_type=\"heading.default\">\n\t\t\t\t<div class=\"elementor-widget-container\">\n\t\t\t\t\t<p class=\"elementor-heading-title elementor-size-default\">Un voyage sensoriel parfum\u00e9 avec Bvlgari Serpenti Infinito, la nouvelle exposition immersive de la maison.<\/p>\t\t\t\t<\/div>\n\t\t\t\t<\/div>\n\t\t\t\t<\/div>\n\t\t<div class=\"elementor-element elementor-element-f40d466 e-con-full e-flex e-con e-child\" data-id=\"f40d466\" data-element_type=\"container\">\n\t\t\t\t<div class=\"elementor-element elementor-element-6f05395 elementor-align-left elementor-widget__width-inherit elementor-widget elementor-widget-button\" data-id=\"6f05395\" data-element_type=\"widget\" data-widget_type=\"button.default\">\n\t\t\t\t<div class=\"elementor-widget-container\">\n\t\t\t\t\t\t\t\t\t<div class=\"elementor-button-wrapper\">\n\t\t\t\t\t<a class=\"elementor-button elementor-button-link elementor-size-sm\" href=\"https:\/\/www.integra-fragrances.com\/fr\/un-voyage-sensoriel-parfume-avec-bvlgari-serpenti-infinito-la-nouvelle-exposition-immersive-de-la-maison\/\">\n\t\t\t\t\t\t<span class=\"elementor-button-content-wrapper\">\n\t\t\t\t\t\t<span class=\"elementor-button-icon\">\n\t\t\t\t<i aria-hidden=\"true\" class=\"fas fa-angle-right\"><\/i>\t\t\t<\/span>\n\t\t\t\t\t\t\t\t\t<span class=\"elementor-button-text\">D\u00e9couvrir<\/span>\n\t\t\t\t\t<\/span>\n\t\t\t\t\t<\/a>\n\t\t\t\t<\/div>\n\t\t\t\t\t\t\t\t<\/div>\n\t\t\t\t<\/div>\n\t\t\t\t<\/div>\n\t\t\t\t<\/div>\n\t\t\t\t<\/div>\n\t\t<\/div>\t\t<\/article>\n\t\t\t\t<article id=\"post-7657\" class=\"elementor-post elementor-grid-item ecs-post-loop swiper-slide post-7657 post type-post status-publish format-standard has-post-thumbnail hentry category-non-classifiee\">\n\t\t<div class=\"ecs-link-wrapper\" data-href=\"https:\/\/www.integra-fragrances.com\/fr\/parfum-de-solidarite-integra-fragrances-et-emporio-dora-ensemble-pour-2025\/\"   >\t\t<div data-elementor-type=\"loop\" data-elementor-id=\"4793\" class=\"elementor elementor-4793 elementor-215 post-7657 post type-post status-publish format-standard has-post-thumbnail hentry category-non-classifiee\" data-elementor-post-type=\"elementor_library\">\n\t\t\t<div class=\"elementor-element elementor-element-bfe1998 e-con-full e-flex e-con e-parent\" data-id=\"bfe1998\" data-element_type=\"container\">\n\t\t\t\t<div class=\"elementor-element elementor-element-6aed3ef elementor-widget__width-inherit elementor-widget elementor-widget-image\" data-id=\"6aed3ef\" data-element_type=\"widget\" data-widget_type=\"image.default\">\n\t\t\t\t<div class=\"elementor-widget-container\">\n\t\t\t\t\t\t\t\t\t\t\t\t\t\t\t<img loading=\"lazy\" decoding=\"async\" width=\"1080\" height=\"1080\" src=\"https:\/\/www.integra-fragrances.com\/site\/wp-content\/uploads\/2024\/12\/1-cover-eng.jpg\" class=\"attachment-full size-full wp-image-7651\" alt=\"\" srcset=\"https:\/\/www.integra-fragrances.com\/site\/wp-content\/uploads\/2024\/12\/1-cover-eng.jpg 1080w, https:\/\/www.integra-fragrances.com\/site\/wp-content\/uploads\/2024\/12\/1-cover-eng-300x300.jpg 300w, https:\/\/www.integra-fragrances.com\/site\/wp-content\/uploads\/2024\/12\/1-cover-eng-1024x1024.jpg 1024w, https:\/\/www.integra-fragrances.com\/site\/wp-content\/uploads\/2024\/12\/1-cover-eng-150x150.jpg 150w, https:\/\/www.integra-fragrances.com\/site\/wp-content\/uploads\/2024\/12\/1-cover-eng-768x768.jpg 768w\" sizes=\"(max-width: 1080px) 100vw, 1080px\" \/>\t\t\t\t\t\t\t\t\t\t\t\t\t\t\t<\/div>\n\t\t\t\t<\/div>\n\t\t<div class=\"elementor-element elementor-element-4e5df51 e-con-full e-flex e-con e-child\" data-id=\"4e5df51\" data-element_type=\"container\">\n\t\t\t\t<div class=\"elementor-element elementor-element-9601666 elementor-widget elementor-widget-heading\" data-id=\"9601666\" data-element_type=\"widget\" data-widget_type=\"heading.default\">\n\t\t\t\t<div class=\"elementor-widget-container\">\n\t\t\t\t\t<p class=\"elementor-heading-title elementor-size-default\">20.12.2024<\/p>\t\t\t\t<\/div>\n\t\t\t\t<\/div>\n\t\t\t\t<div class=\"elementor-element elementor-element-b6e8771 elementor-widget__width-auto elementor-widget elementor-widget-heading\" data-id=\"b6e8771\" data-element_type=\"widget\" data-widget_type=\"heading.default\">\n\t\t\t\t<div class=\"elementor-widget-container\">\n\t\t\t\t\t<p class=\"elementor-heading-title elementor-size-default\">Parfum de solidarit\u00e9 : Integra Fragrances et Emporio Dora ensemble pour le prochain 2025.<\/p>\t\t\t\t<\/div>\n\t\t\t\t<\/div>\n\t\t\t\t<\/div>\n\t\t<div class=\"elementor-element elementor-element-f40d466 e-con-full e-flex e-con e-child\" data-id=\"f40d466\" data-element_type=\"container\">\n\t\t\t\t<div class=\"elementor-element elementor-element-6f05395 elementor-align-left elementor-widget__width-inherit elementor-widget elementor-widget-button\" data-id=\"6f05395\" data-element_type=\"widget\" data-widget_type=\"button.default\">\n\t\t\t\t<div class=\"elementor-widget-container\">\n\t\t\t\t\t\t\t\t\t<div class=\"elementor-button-wrapper\">\n\t\t\t\t\t<a class=\"elementor-button elementor-button-link elementor-size-sm\" href=\"https:\/\/www.integra-fragrances.com\/fr\/parfum-de-solidarite-integra-fragrances-et-emporio-dora-ensemble-pour-2025\/\">\n\t\t\t\t\t\t<span class=\"elementor-button-content-wrapper\">\n\t\t\t\t\t\t<span class=\"elementor-button-icon\">\n\t\t\t\t<i aria-hidden=\"true\" class=\"fas fa-angle-right\"><\/i>\t\t\t<\/span>\n\t\t\t\t\t\t\t\t\t<span class=\"elementor-button-text\">D\u00e9couvrir<\/span>\n\t\t\t\t\t<\/span>\n\t\t\t\t\t<\/a>\n\t\t\t\t<\/div>\n\t\t\t\t\t\t\t\t<\/div>\n\t\t\t\t<\/div>\n\t\t\t\t<\/div>\n\t\t\t\t<\/div>\n\t\t\t\t<\/div>\n\t\t<\/div>\t\t<\/article>\n\t\t\t\t<article id=\"post-7822\" class=\"elementor-post elementor-grid-item ecs-post-loop swiper-slide post-7822 post type-post status-publish format-standard has-post-thumbnail hentry category-non-classifiee\">\n\t\t<div class=\"ecs-link-wrapper\" data-href=\"https:\/\/www.integra-fragrances.com\/fr\/un-parfum-signature-qui-incarne-avec-elegance-lame-authentique-et-italienne-de-phi-hotels\/\"   >\t\t<div data-elementor-type=\"loop\" data-elementor-id=\"4793\" class=\"elementor elementor-4793 elementor-215 post-7822 post type-post status-publish format-standard has-post-thumbnail hentry category-non-classifiee\" data-elementor-post-type=\"elementor_library\">\n\t\t\t<div class=\"elementor-element elementor-element-bfe1998 e-con-full e-flex e-con e-parent\" data-id=\"bfe1998\" data-element_type=\"container\">\n\t\t\t\t<div class=\"elementor-element elementor-element-6aed3ef elementor-widget__width-inherit elementor-widget elementor-widget-image\" data-id=\"6aed3ef\" data-element_type=\"widget\" data-widget_type=\"image.default\">\n\t\t\t\t<div class=\"elementor-widget-container\">\n\t\t\t\t\t\t\t\t\t\t\t\t\t\t\t<img loading=\"lazy\" decoding=\"async\" width=\"1953\" height=\"1953\" src=\"https:\/\/www.integra-fragrances.com\/site\/wp-content\/uploads\/2025\/01\/Phi-Hotels.jpg\" class=\"attachment-full size-full wp-image-7819\" alt=\"\" srcset=\"https:\/\/www.integra-fragrances.com\/site\/wp-content\/uploads\/2025\/01\/Phi-Hotels.jpg 1953w, https:\/\/www.integra-fragrances.com\/site\/wp-content\/uploads\/2025\/01\/Phi-Hotels-300x300.jpg 300w, https:\/\/www.integra-fragrances.com\/site\/wp-content\/uploads\/2025\/01\/Phi-Hotels-1024x1024.jpg 1024w, https:\/\/www.integra-fragrances.com\/site\/wp-content\/uploads\/2025\/01\/Phi-Hotels-150x150.jpg 150w, https:\/\/www.integra-fragrances.com\/site\/wp-content\/uploads\/2025\/01\/Phi-Hotels-768x768.jpg 768w, https:\/\/www.integra-fragrances.com\/site\/wp-content\/uploads\/2025\/01\/Phi-Hotels-1536x1536.jpg 1536w\" sizes=\"(max-width: 1953px) 100vw, 1953px\" \/>\t\t\t\t\t\t\t\t\t\t\t\t\t\t\t<\/div>\n\t\t\t\t<\/div>\n\t\t<div class=\"elementor-element elementor-element-4e5df51 e-con-full e-flex e-con e-child\" data-id=\"4e5df51\" data-element_type=\"container\">\n\t\t\t\t<div class=\"elementor-element elementor-element-9601666 elementor-widget elementor-widget-heading\" data-id=\"9601666\" data-element_type=\"widget\" data-widget_type=\"heading.default\">\n\t\t\t\t<div class=\"elementor-widget-container\">\n\t\t\t\t\t<p class=\"elementor-heading-title elementor-size-default\">16.12.2024<\/p>\t\t\t\t<\/div>\n\t\t\t\t<\/div>\n\t\t\t\t<div class=\"elementor-element elementor-element-b6e8771 elementor-widget__width-auto elementor-widget elementor-widget-heading\" data-id=\"b6e8771\" data-element_type=\"widget\" data-widget_type=\"heading.default\">\n\t\t\t\t<div class=\"elementor-widget-container\">\n\t\t\t\t\t<p class=\"elementor-heading-title elementor-size-default\">Un parfum signature qui incarne avec \u00e9l\u00e9gance l\u2019\u00e2me authentique et italienne de Phi Hotels.<\/p>\t\t\t\t<\/div>\n\t\t\t\t<\/div>\n\t\t\t\t<\/div>\n\t\t<div class=\"elementor-element elementor-element-f40d466 e-con-full e-flex e-con e-child\" data-id=\"f40d466\" data-element_type=\"container\">\n\t\t\t\t<div class=\"elementor-element elementor-element-6f05395 elementor-align-left elementor-widget__width-inherit elementor-widget elementor-widget-button\" data-id=\"6f05395\" data-element_type=\"widget\" data-widget_type=\"button.default\">\n\t\t\t\t<div class=\"elementor-widget-container\">\n\t\t\t\t\t\t\t\t\t<div class=\"elementor-button-wrapper\">\n\t\t\t\t\t<a class=\"elementor-button elementor-button-link elementor-size-sm\" href=\"https:\/\/www.integra-fragrances.com\/fr\/un-parfum-signature-qui-incarne-avec-elegance-lame-authentique-et-italienne-de-phi-hotels\/\">\n\t\t\t\t\t\t<span class=\"elementor-button-content-wrapper\">\n\t\t\t\t\t\t<span class=\"elementor-button-icon\">\n\t\t\t\t<i aria-hidden=\"true\" class=\"fas fa-angle-right\"><\/i>\t\t\t<\/span>\n\t\t\t\t\t\t\t\t\t<span class=\"elementor-button-text\">D\u00e9couvrir<\/span>\n\t\t\t\t\t<\/span>\n\t\t\t\t\t<\/a>\n\t\t\t\t<\/div>\n\t\t\t\t\t\t\t\t<\/div>\n\t\t\t\t<\/div>\n\t\t\t\t<\/div>\n\t\t\t\t<\/div>\n\t\t\t\t<\/div>\n\t\t<\/div>\t\t<\/article>\n\t\t\t\t<article id=\"post-7467\" class=\"elementor-post elementor-grid-item ecs-post-loop swiper-slide post-7467 post type-post status-publish format-standard has-post-thumbnail hentry category-non-classifiee\">\n\t\t<div class=\"ecs-link-wrapper\" data-href=\"https:\/\/www.integra-fragrances.com\/fr\/parfum-de-theatre-integra-fragrances-est-partenaire-du-teatro-nazionale-di-genova\/\"   >\t\t<div data-elementor-type=\"loop\" data-elementor-id=\"4793\" class=\"elementor elementor-4793 elementor-215 post-7467 post type-post status-publish format-standard has-post-thumbnail hentry category-non-classifiee\" data-elementor-post-type=\"elementor_library\">\n\t\t\t<div class=\"elementor-element elementor-element-bfe1998 e-con-full e-flex e-con e-parent\" data-id=\"bfe1998\" data-element_type=\"container\">\n\t\t\t\t<div class=\"elementor-element elementor-element-6aed3ef elementor-widget__width-inherit elementor-widget elementor-widget-image\" data-id=\"6aed3ef\" data-element_type=\"widget\" data-widget_type=\"image.default\">\n\t\t\t\t<div class=\"elementor-widget-container\">\n\t\t\t\t\t\t\t\t\t\t\t\t\t\t\t<img loading=\"lazy\" decoding=\"async\" width=\"3338\" height=\"3338\" src=\"https:\/\/www.integra-fragrances.com\/site\/wp-content\/uploads\/2024\/12\/INAUGURAZIONE-stagione-2425-7578.jpg\" class=\"attachment-full size-full wp-image-7456\" alt=\"\" srcset=\"https:\/\/www.integra-fragrances.com\/site\/wp-content\/uploads\/2024\/12\/INAUGURAZIONE-stagione-2425-7578.jpg 3338w, https:\/\/www.integra-fragrances.com\/site\/wp-content\/uploads\/2024\/12\/INAUGURAZIONE-stagione-2425-7578-300x300.jpg 300w, https:\/\/www.integra-fragrances.com\/site\/wp-content\/uploads\/2024\/12\/INAUGURAZIONE-stagione-2425-7578-1024x1024.jpg 1024w, https:\/\/www.integra-fragrances.com\/site\/wp-content\/uploads\/2024\/12\/INAUGURAZIONE-stagione-2425-7578-150x150.jpg 150w, https:\/\/www.integra-fragrances.com\/site\/wp-content\/uploads\/2024\/12\/INAUGURAZIONE-stagione-2425-7578-768x768.jpg 768w, https:\/\/www.integra-fragrances.com\/site\/wp-content\/uploads\/2024\/12\/INAUGURAZIONE-stagione-2425-7578-1536x1536.jpg 1536w, https:\/\/www.integra-fragrances.com\/site\/wp-content\/uploads\/2024\/12\/INAUGURAZIONE-stagione-2425-7578-2048x2048.jpg 2048w\" sizes=\"(max-width: 3338px) 100vw, 3338px\" \/>\t\t\t\t\t\t\t\t\t\t\t\t\t\t\t<\/div>\n\t\t\t\t<\/div>\n\t\t<div class=\"elementor-element elementor-element-4e5df51 e-con-full e-flex e-con e-child\" data-id=\"4e5df51\" data-element_type=\"container\">\n\t\t\t\t<div class=\"elementor-element elementor-element-9601666 elementor-widget elementor-widget-heading\" data-id=\"9601666\" data-element_type=\"widget\" data-widget_type=\"heading.default\">\n\t\t\t\t<div class=\"elementor-widget-container\">\n\t\t\t\t\t<p class=\"elementor-heading-title elementor-size-default\">12.10.2024<\/p>\t\t\t\t<\/div>\n\t\t\t\t<\/div>\n\t\t\t\t<div class=\"elementor-element elementor-element-b6e8771 elementor-widget__width-auto elementor-widget elementor-widget-heading\" data-id=\"b6e8771\" data-element_type=\"widget\" data-widget_type=\"heading.default\">\n\t\t\t\t<div class=\"elementor-widget-container\">\n\t\t\t\t\t<p class=\"elementor-heading-title elementor-size-default\">Parfum de th\u00e9\u00e2tre : Integra Fragrances devient partenaire du Teatro Nazionale di Genova.<\/p>\t\t\t\t<\/div>\n\t\t\t\t<\/div>\n\t\t\t\t<\/div>\n\t\t<div class=\"elementor-element elementor-element-f40d466 e-con-full e-flex e-con e-child\" data-id=\"f40d466\" data-element_type=\"container\">\n\t\t\t\t<div class=\"elementor-element elementor-element-6f05395 elementor-align-left elementor-widget__width-inherit elementor-widget elementor-widget-button\" data-id=\"6f05395\" data-element_type=\"widget\" data-widget_type=\"button.default\">\n\t\t\t\t<div class=\"elementor-widget-container\">\n\t\t\t\t\t\t\t\t\t<div class=\"elementor-button-wrapper\">\n\t\t\t\t\t<a class=\"elementor-button elementor-button-link elementor-size-sm\" href=\"https:\/\/www.integra-fragrances.com\/fr\/parfum-de-theatre-integra-fragrances-est-partenaire-du-teatro-nazionale-di-genova\/\">\n\t\t\t\t\t\t<span class=\"elementor-button-content-wrapper\">\n\t\t\t\t\t\t<span class=\"elementor-button-icon\">\n\t\t\t\t<i aria-hidden=\"true\" class=\"fas fa-angle-right\"><\/i>\t\t\t<\/span>\n\t\t\t\t\t\t\t\t\t<span class=\"elementor-button-text\">D\u00e9couvrir<\/span>\n\t\t\t\t\t<\/span>\n\t\t\t\t\t<\/a>\n\t\t\t\t<\/div>\n\t\t\t\t\t\t\t\t<\/div>\n\t\t\t\t<\/div>\n\t\t\t\t<\/div>\n\t\t\t\t<\/div>\n\t\t\t\t<\/div>\n\t\t<\/div>\t\t<\/article>\n\t\t\t\t<article id=\"post-7117\" class=\"elementor-post elementor-grid-item ecs-post-loop swiper-slide post-7117 post type-post status-publish format-standard has-post-thumbnail hentry category-non-classifiee\">\n\t\t<div class=\"ecs-link-wrapper\" data-href=\"https:\/\/www.integra-fragrances.com\/fr\/villa-serapian-ginza-leather-wood-lidentite-olfactive-de-serapian-parfume-le-nouveau-flagship-store-de-tokyo\/\"   >\t\t<div data-elementor-type=\"loop\" data-elementor-id=\"4793\" class=\"elementor elementor-4793 elementor-215 post-7117 post type-post status-publish format-standard has-post-thumbnail hentry category-non-classifiee\" data-elementor-post-type=\"elementor_library\">\n\t\t\t<div class=\"elementor-element elementor-element-bfe1998 e-con-full e-flex e-con e-parent\" data-id=\"bfe1998\" data-element_type=\"container\">\n\t\t\t\t<div class=\"elementor-element elementor-element-6aed3ef elementor-widget__width-inherit elementor-widget elementor-widget-image\" data-id=\"6aed3ef\" data-element_type=\"widget\" data-widget_type=\"image.default\">\n\t\t\t\t<div class=\"elementor-widget-container\">\n\t\t\t\t\t\t\t\t\t\t\t\t\t\t\t<img loading=\"lazy\" decoding=\"async\" width=\"944\" height=\"944\" src=\"https:\/\/www.integra-fragrances.com\/site\/wp-content\/uploads\/2024\/08\/srgi_001_rev2-1.jpg\" class=\"attachment-full size-full wp-image-7112\" alt=\"\" srcset=\"https:\/\/www.integra-fragrances.com\/site\/wp-content\/uploads\/2024\/08\/srgi_001_rev2-1.jpg 944w, https:\/\/www.integra-fragrances.com\/site\/wp-content\/uploads\/2024\/08\/srgi_001_rev2-1-300x300.jpg 300w, https:\/\/www.integra-fragrances.com\/site\/wp-content\/uploads\/2024\/08\/srgi_001_rev2-1-150x150.jpg 150w, https:\/\/www.integra-fragrances.com\/site\/wp-content\/uploads\/2024\/08\/srgi_001_rev2-1-768x768.jpg 768w\" sizes=\"(max-width: 944px) 100vw, 944px\" \/>\t\t\t\t\t\t\t\t\t\t\t\t\t\t\t<\/div>\n\t\t\t\t<\/div>\n\t\t<div class=\"elementor-element elementor-element-4e5df51 e-con-full e-flex e-con e-child\" data-id=\"4e5df51\" data-element_type=\"container\">\n\t\t\t\t<div class=\"elementor-element elementor-element-9601666 elementor-widget elementor-widget-heading\" data-id=\"9601666\" data-element_type=\"widget\" data-widget_type=\"heading.default\">\n\t\t\t\t<div class=\"elementor-widget-container\">\n\t\t\t\t\t<p class=\"elementor-heading-title elementor-size-default\">09.07.2024<\/p>\t\t\t\t<\/div>\n\t\t\t\t<\/div>\n\t\t\t\t<div class=\"elementor-element elementor-element-b6e8771 elementor-widget__width-auto elementor-widget elementor-widget-heading\" data-id=\"b6e8771\" data-element_type=\"widget\" data-widget_type=\"heading.default\">\n\t\t\t\t<div class=\"elementor-widget-container\">\n\t\t\t\t\t<p class=\"elementor-heading-title elementor-size-default\">Villa Serapian Ginza : \u00ab Leather Wood \u00bb, l&#8217;identit\u00e9 olfactive de Serapian, parfume le nouveau flagship store de Tokyo.<\/p>\t\t\t\t<\/div>\n\t\t\t\t<\/div>\n\t\t\t\t<\/div>\n\t\t<div class=\"elementor-element elementor-element-f40d466 e-con-full e-flex e-con e-child\" data-id=\"f40d466\" data-element_type=\"container\">\n\t\t\t\t<div class=\"elementor-element elementor-element-6f05395 elementor-align-left elementor-widget__width-inherit elementor-widget elementor-widget-button\" data-id=\"6f05395\" data-element_type=\"widget\" data-widget_type=\"button.default\">\n\t\t\t\t<div class=\"elementor-widget-container\">\n\t\t\t\t\t\t\t\t\t<div class=\"elementor-button-wrapper\">\n\t\t\t\t\t<a class=\"elementor-button elementor-button-link elementor-size-sm\" href=\"https:\/\/www.integra-fragrances.com\/fr\/villa-serapian-ginza-leather-wood-lidentite-olfactive-de-serapian-parfume-le-nouveau-flagship-store-de-tokyo\/\">\n\t\t\t\t\t\t<span class=\"elementor-button-content-wrapper\">\n\t\t\t\t\t\t<span class=\"elementor-button-icon\">\n\t\t\t\t<i aria-hidden=\"true\" class=\"fas fa-angle-right\"><\/i>\t\t\t<\/span>\n\t\t\t\t\t\t\t\t\t<span class=\"elementor-button-text\">D\u00e9couvrir<\/span>\n\t\t\t\t\t<\/span>\n\t\t\t\t\t<\/a>\n\t\t\t\t<\/div>\n\t\t\t\t\t\t\t\t<\/div>\n\t\t\t\t<\/div>\n\t\t\t\t<\/div>\n\t\t\t\t<\/div>\n\t\t\t\t<\/div>\n\t\t<\/div>\t\t<\/article>\n\t\t\t\t<article id=\"post-7131\" class=\"elementor-post elementor-grid-item ecs-post-loop swiper-slide post-7131 post type-post status-publish format-standard has-post-thumbnail hentry category-non-classifiee\">\n\t\t<div class=\"ecs-link-wrapper\" data-href=\"https:\/\/www.integra-fragrances.com\/fr\/lazuli-la-signature-olfactive-de-ledition-2024-du-business-of-luxury-summit-organise-par-le-financial-times\/\"   >\t\t<div data-elementor-type=\"loop\" data-elementor-id=\"4793\" class=\"elementor elementor-4793 elementor-215 post-7131 post type-post status-publish format-standard has-post-thumbnail hentry category-non-classifiee\" data-elementor-post-type=\"elementor_library\">\n\t\t\t<div class=\"elementor-element elementor-element-bfe1998 e-con-full e-flex e-con e-parent\" data-id=\"bfe1998\" data-element_type=\"container\">\n\t\t\t\t<div class=\"elementor-element elementor-element-6aed3ef elementor-widget__width-inherit elementor-widget elementor-widget-image\" data-id=\"6aed3ef\" data-element_type=\"widget\" data-widget_type=\"image.default\">\n\t\t\t\t<div class=\"elementor-widget-container\">\n\t\t\t\t\t\t\t\t\t\t\t\t\t\t\t<img loading=\"lazy\" decoding=\"async\" width=\"803\" height=\"803\" src=\"https:\/\/www.integra-fragrances.com\/site\/wp-content\/uploads\/2024\/08\/Molino_Stucky_Venice.jpg\" class=\"attachment-full size-full wp-image-7126\" alt=\"\" srcset=\"https:\/\/www.integra-fragrances.com\/site\/wp-content\/uploads\/2024\/08\/Molino_Stucky_Venice.jpg 803w, https:\/\/www.integra-fragrances.com\/site\/wp-content\/uploads\/2024\/08\/Molino_Stucky_Venice-300x300.jpg 300w, https:\/\/www.integra-fragrances.com\/site\/wp-content\/uploads\/2024\/08\/Molino_Stucky_Venice-150x150.jpg 150w, https:\/\/www.integra-fragrances.com\/site\/wp-content\/uploads\/2024\/08\/Molino_Stucky_Venice-768x768.jpg 768w\" sizes=\"(max-width: 803px) 100vw, 803px\" \/>\t\t\t\t\t\t\t\t\t\t\t\t\t\t\t<\/div>\n\t\t\t\t<\/div>\n\t\t<div class=\"elementor-element elementor-element-4e5df51 e-con-full e-flex e-con e-child\" data-id=\"4e5df51\" data-element_type=\"container\">\n\t\t\t\t<div class=\"elementor-element elementor-element-9601666 elementor-widget elementor-widget-heading\" data-id=\"9601666\" data-element_type=\"widget\" data-widget_type=\"heading.default\">\n\t\t\t\t<div class=\"elementor-widget-container\">\n\t\t\t\t\t<p class=\"elementor-heading-title elementor-size-default\">19.05.2024<\/p>\t\t\t\t<\/div>\n\t\t\t\t<\/div>\n\t\t\t\t<div class=\"elementor-element elementor-element-b6e8771 elementor-widget__width-auto elementor-widget elementor-widget-heading\" data-id=\"b6e8771\" data-element_type=\"widget\" data-widget_type=\"heading.default\">\n\t\t\t\t<div class=\"elementor-widget-container\">\n\t\t\t\t\t<p class=\"elementor-heading-title elementor-size-default\">\u00ab Lazuli\u00a0\u00bb: la signature olfactive de l&#8217;\u00e9dition 2024 du Business of Luxury Summit organis\u00e9 par le Financial Times.<\/p>\t\t\t\t<\/div>\n\t\t\t\t<\/div>\n\t\t\t\t<\/div>\n\t\t<div class=\"elementor-element elementor-element-f40d466 e-con-full e-flex e-con e-child\" data-id=\"f40d466\" data-element_type=\"container\">\n\t\t\t\t<div class=\"elementor-element elementor-element-6f05395 elementor-align-left elementor-widget__width-inherit elementor-widget elementor-widget-button\" data-id=\"6f05395\" data-element_type=\"widget\" data-widget_type=\"button.default\">\n\t\t\t\t<div class=\"elementor-widget-container\">\n\t\t\t\t\t\t\t\t\t<div class=\"elementor-button-wrapper\">\n\t\t\t\t\t<a class=\"elementor-button elementor-button-link elementor-size-sm\" href=\"https:\/\/www.integra-fragrances.com\/fr\/lazuli-la-signature-olfactive-de-ledition-2024-du-business-of-luxury-summit-organise-par-le-financial-times\/\">\n\t\t\t\t\t\t<span class=\"elementor-button-content-wrapper\">\n\t\t\t\t\t\t<span class=\"elementor-button-icon\">\n\t\t\t\t<i aria-hidden=\"true\" class=\"fas fa-angle-right\"><\/i>\t\t\t<\/span>\n\t\t\t\t\t\t\t\t\t<span class=\"elementor-button-text\">D\u00e9couvrir<\/span>\n\t\t\t\t\t<\/span>\n\t\t\t\t\t<\/a>\n\t\t\t\t<\/div>\n\t\t\t\t\t\t\t\t<\/div>\n\t\t\t\t<\/div>\n\t\t\t\t<\/div>\n\t\t\t\t<\/div>\n\t\t\t\t<\/div>\n\t\t<\/div>\t\t<\/article>\n\t\t\t\t<article id=\"post-7143\" class=\"elementor-post elementor-grid-item ecs-post-loop swiper-slide post-7143 post type-post status-publish format-standard has-post-thumbnail hentry category-non-classifiee\">\n\t\t<div class=\"ecs-link-wrapper\" data-href=\"https:\/\/www.integra-fragrances.com\/fr\/integra-fragrances-est-partenaire-du-world-retail-congress-pour-la-troisieme-edition-consecutive\/\"   >\t\t<div data-elementor-type=\"loop\" data-elementor-id=\"4793\" class=\"elementor elementor-4793 elementor-215 post-7143 post type-post status-publish format-standard has-post-thumbnail hentry category-non-classifiee\" data-elementor-post-type=\"elementor_library\">\n\t\t\t<div class=\"elementor-element elementor-element-bfe1998 e-con-full e-flex e-con e-parent\" data-id=\"bfe1998\" data-element_type=\"container\">\n\t\t\t\t<div class=\"elementor-element elementor-element-6aed3ef elementor-widget__width-inherit elementor-widget elementor-widget-image\" data-id=\"6aed3ef\" data-element_type=\"widget\" data-widget_type=\"image.default\">\n\t\t\t\t<div class=\"elementor-widget-container\">\n\t\t\t\t\t\t\t\t\t\t\t\t\t\t\t<img loading=\"lazy\" decoding=\"async\" width=\"1600\" height=\"1600\" src=\"https:\/\/www.integra-fragrances.com\/site\/wp-content\/uploads\/2024\/08\/Parigi.jpg\" class=\"attachment-full size-full wp-image-7139\" alt=\"\" srcset=\"https:\/\/www.integra-fragrances.com\/site\/wp-content\/uploads\/2024\/08\/Parigi.jpg 1600w, https:\/\/www.integra-fragrances.com\/site\/wp-content\/uploads\/2024\/08\/Parigi-300x300.jpg 300w, https:\/\/www.integra-fragrances.com\/site\/wp-content\/uploads\/2024\/08\/Parigi-1024x1024.jpg 1024w, https:\/\/www.integra-fragrances.com\/site\/wp-content\/uploads\/2024\/08\/Parigi-150x150.jpg 150w, https:\/\/www.integra-fragrances.com\/site\/wp-content\/uploads\/2024\/08\/Parigi-768x768.jpg 768w, https:\/\/www.integra-fragrances.com\/site\/wp-content\/uploads\/2024\/08\/Parigi-1536x1536.jpg 1536w\" sizes=\"(max-width: 1600px) 100vw, 1600px\" \/>\t\t\t\t\t\t\t\t\t\t\t\t\t\t\t<\/div>\n\t\t\t\t<\/div>\n\t\t<div class=\"elementor-element elementor-element-4e5df51 e-con-full e-flex e-con e-child\" data-id=\"4e5df51\" data-element_type=\"container\">\n\t\t\t\t<div class=\"elementor-element elementor-element-9601666 elementor-widget elementor-widget-heading\" data-id=\"9601666\" data-element_type=\"widget\" data-widget_type=\"heading.default\">\n\t\t\t\t<div class=\"elementor-widget-container\">\n\t\t\t\t\t<p class=\"elementor-heading-title elementor-size-default\">16.04.2024<\/p>\t\t\t\t<\/div>\n\t\t\t\t<\/div>\n\t\t\t\t<div class=\"elementor-element elementor-element-b6e8771 elementor-widget__width-auto elementor-widget elementor-widget-heading\" data-id=\"b6e8771\" data-element_type=\"widget\" data-widget_type=\"heading.default\">\n\t\t\t\t<div class=\"elementor-widget-container\">\n\t\t\t\t\t<p class=\"elementor-heading-title elementor-size-default\">Integra Fragrances est partenaire du World Retail Congress pour la troisi\u00e8me \u00e9dition cons\u00e9cutive.<\/p>\t\t\t\t<\/div>\n\t\t\t\t<\/div>\n\t\t\t\t<\/div>\n\t\t<div class=\"elementor-element elementor-element-f40d466 e-con-full e-flex e-con e-child\" data-id=\"f40d466\" data-element_type=\"container\">\n\t\t\t\t<div class=\"elementor-element elementor-element-6f05395 elementor-align-left elementor-widget__width-inherit elementor-widget elementor-widget-button\" data-id=\"6f05395\" data-element_type=\"widget\" data-widget_type=\"button.default\">\n\t\t\t\t<div class=\"elementor-widget-container\">\n\t\t\t\t\t\t\t\t\t<div class=\"elementor-button-wrapper\">\n\t\t\t\t\t<a class=\"elementor-button elementor-button-link elementor-size-sm\" href=\"https:\/\/www.integra-fragrances.com\/fr\/integra-fragrances-est-partenaire-du-world-retail-congress-pour-la-troisieme-edition-consecutive\/\">\n\t\t\t\t\t\t<span class=\"elementor-button-content-wrapper\">\n\t\t\t\t\t\t<span class=\"elementor-button-icon\">\n\t\t\t\t<i aria-hidden=\"true\" class=\"fas fa-angle-right\"><\/i>\t\t\t<\/span>\n\t\t\t\t\t\t\t\t\t<span class=\"elementor-button-text\">D\u00e9couvrir<\/span>\n\t\t\t\t\t<\/span>\n\t\t\t\t\t<\/a>\n\t\t\t\t<\/div>\n\t\t\t\t\t\t\t\t<\/div>\n\t\t\t\t<\/div>\n\t\t\t\t<\/div>\n\t\t\t\t<\/div>\n\t\t\t\t<\/div>\n\t\t<\/div>\t\t<\/article>\n\t\t\t\t<article id=\"post-6120\" class=\"elementor-post elementor-grid-item ecs-post-loop swiper-slide post-6120 post type-post status-publish format-standard has-post-thumbnail hentry category-non-classifiee\">\n\t\t<div class=\"ecs-link-wrapper\" data-href=\"https:\/\/www.integra-fragrances.com\/fr\/integra-fragrances-est-le-sponsor-du-premier-festival-des-parfums\/\"   >\t\t<div data-elementor-type=\"loop\" data-elementor-id=\"4793\" class=\"elementor elementor-4793 elementor-215 post-6120 post type-post status-publish format-standard has-post-thumbnail hentry category-non-classifiee\" data-elementor-post-type=\"elementor_library\">\n\t\t\t<div class=\"elementor-element elementor-element-bfe1998 e-con-full e-flex e-con e-parent\" data-id=\"bfe1998\" data-element_type=\"container\">\n\t\t\t\t<div class=\"elementor-element elementor-element-6aed3ef elementor-widget__width-inherit elementor-widget elementor-widget-image\" data-id=\"6aed3ef\" data-element_type=\"widget\" data-widget_type=\"image.default\">\n\t\t\t\t<div class=\"elementor-widget-container\">\n\t\t\t\t\t\t\t\t\t\t\t\t\t\t\t<img loading=\"lazy\" decoding=\"async\" width=\"1000\" height=\"1000\" src=\"https:\/\/www.integra-fragrances.com\/site\/wp-content\/uploads\/2023\/10\/festival-profumi.jpg\" class=\"attachment-full size-full wp-image-4493\" alt=\"\" srcset=\"https:\/\/www.integra-fragrances.com\/site\/wp-content\/uploads\/2023\/10\/festival-profumi.jpg 1000w, https:\/\/www.integra-fragrances.com\/site\/wp-content\/uploads\/2023\/10\/festival-profumi-300x300.jpg 300w, https:\/\/www.integra-fragrances.com\/site\/wp-content\/uploads\/2023\/10\/festival-profumi-150x150.jpg 150w, https:\/\/www.integra-fragrances.com\/site\/wp-content\/uploads\/2023\/10\/festival-profumi-768x768.jpg 768w\" sizes=\"(max-width: 1000px) 100vw, 1000px\" \/>\t\t\t\t\t\t\t\t\t\t\t\t\t\t\t<\/div>\n\t\t\t\t<\/div>\n\t\t<div class=\"elementor-element elementor-element-4e5df51 e-con-full e-flex e-con e-child\" data-id=\"4e5df51\" data-element_type=\"container\">\n\t\t\t\t<div class=\"elementor-element elementor-element-9601666 elementor-widget elementor-widget-heading\" data-id=\"9601666\" data-element_type=\"widget\" data-widget_type=\"heading.default\">\n\t\t\t\t<div class=\"elementor-widget-container\">\n\t\t\t\t\t<p class=\"elementor-heading-title elementor-size-default\">26.09.2023<\/p>\t\t\t\t<\/div>\n\t\t\t\t<\/div>\n\t\t\t\t<div class=\"elementor-element elementor-element-b6e8771 elementor-widget__width-auto elementor-widget elementor-widget-heading\" data-id=\"b6e8771\" data-element_type=\"widget\" data-widget_type=\"heading.default\">\n\t\t\t\t<div class=\"elementor-widget-container\">\n\t\t\t\t\t<p class=\"elementor-heading-title elementor-size-default\">Integra Fragrances est le sponsor du premier Festival des Parfums.<\/p>\t\t\t\t<\/div>\n\t\t\t\t<\/div>\n\t\t\t\t<\/div>\n\t\t<div class=\"elementor-element elementor-element-f40d466 e-con-full e-flex e-con e-child\" data-id=\"f40d466\" data-element_type=\"container\">\n\t\t\t\t<div class=\"elementor-element elementor-element-6f05395 elementor-align-left elementor-widget__width-inherit elementor-widget elementor-widget-button\" data-id=\"6f05395\" data-element_type=\"widget\" data-widget_type=\"button.default\">\n\t\t\t\t<div class=\"elementor-widget-container\">\n\t\t\t\t\t\t\t\t\t<div class=\"elementor-button-wrapper\">\n\t\t\t\t\t<a class=\"elementor-button elementor-button-link elementor-size-sm\" href=\"https:\/\/www.integra-fragrances.com\/fr\/integra-fragrances-est-le-sponsor-du-premier-festival-des-parfums\/\">\n\t\t\t\t\t\t<span class=\"elementor-button-content-wrapper\">\n\t\t\t\t\t\t<span class=\"elementor-button-icon\">\n\t\t\t\t<i aria-hidden=\"true\" class=\"fas fa-angle-right\"><\/i>\t\t\t<\/span>\n\t\t\t\t\t\t\t\t\t<span class=\"elementor-button-text\">D\u00e9couvrir<\/span>\n\t\t\t\t\t<\/span>\n\t\t\t\t\t<\/a>\n\t\t\t\t<\/div>\n\t\t\t\t\t\t\t\t<\/div>\n\t\t\t\t<\/div>\n\t\t\t\t<\/div>\n\t\t\t\t<\/div>\n\t\t\t\t<\/div>\n\t\t<\/div>\t\t<\/article>\n\t\t\t\t<article id=\"post-4237\" class=\"elementor-post elementor-grid-item ecs-post-loop swiper-slide post-4237 post type-post status-publish format-standard has-post-thumbnail hentry category-non-classifiee\">\n\t\t<div class=\"ecs-link-wrapper\" data-href=\"https:\/\/www.integra-fragrances.com\/fr\/gucci-visions-la-mostra-di-gucci-garden-profumata-da-integra-fragrances\/\"   >\t\t<div data-elementor-type=\"loop\" data-elementor-id=\"4793\" class=\"elementor elementor-4793 elementor-215 post-4237 post type-post status-publish format-standard has-post-thumbnail hentry category-non-classifiee\" data-elementor-post-type=\"elementor_library\">\n\t\t\t<div class=\"elementor-element elementor-element-bfe1998 e-con-full e-flex e-con e-parent\" data-id=\"bfe1998\" data-element_type=\"container\">\n\t\t\t\t<div class=\"elementor-element elementor-element-6aed3ef elementor-widget__width-inherit elementor-widget elementor-widget-image\" data-id=\"6aed3ef\" data-element_type=\"widget\" data-widget_type=\"image.default\">\n\t\t\t\t<div class=\"elementor-widget-container\">\n\t\t\t\t\t\t\t\t\t\t\t\t\t\t\t<img loading=\"lazy\" decoding=\"async\" width=\"980\" height=\"980\" src=\"https:\/\/www.integra-fragrances.com\/site\/wp-content\/uploads\/2023\/09\/4.jpg\" class=\"attachment-full size-full wp-image-4238\" alt=\"\" srcset=\"https:\/\/www.integra-fragrances.com\/site\/wp-content\/uploads\/2023\/09\/4.jpg 980w, https:\/\/www.integra-fragrances.com\/site\/wp-content\/uploads\/2023\/09\/4-300x300.jpg 300w, https:\/\/www.integra-fragrances.com\/site\/wp-content\/uploads\/2023\/09\/4-150x150.jpg 150w, https:\/\/www.integra-fragrances.com\/site\/wp-content\/uploads\/2023\/09\/4-768x768.jpg 768w\" sizes=\"(max-width: 980px) 100vw, 980px\" \/>\t\t\t\t\t\t\t\t\t\t\t\t\t\t\t<\/div>\n\t\t\t\t<\/div>\n\t\t<div class=\"elementor-element elementor-element-4e5df51 e-con-full e-flex e-con e-child\" data-id=\"4e5df51\" data-element_type=\"container\">\n\t\t\t\t<div class=\"elementor-element elementor-element-9601666 elementor-widget elementor-widget-heading\" data-id=\"9601666\" data-element_type=\"widget\" data-widget_type=\"heading.default\">\n\t\t\t\t<div class=\"elementor-widget-container\">\n\t\t\t\t\t<p class=\"elementor-heading-title elementor-size-default\">16.06.2023<\/p>\t\t\t\t<\/div>\n\t\t\t\t<\/div>\n\t\t\t\t<div class=\"elementor-element elementor-element-b6e8771 elementor-widget__width-auto elementor-widget elementor-widget-heading\" data-id=\"b6e8771\" data-element_type=\"widget\" data-widget_type=\"heading.default\">\n\t\t\t\t<div class=\"elementor-widget-container\">\n\t\t\t\t\t<p class=\"elementor-heading-title elementor-size-default\">Gucci Visions\u00a0: l\u2019exposition du Gucci Garden parfum\u00e9e par Integra Fragrances.<\/p>\t\t\t\t<\/div>\n\t\t\t\t<\/div>\n\t\t\t\t<\/div>\n\t\t<div class=\"elementor-element elementor-element-f40d466 e-con-full e-flex e-con e-child\" data-id=\"f40d466\" data-element_type=\"container\">\n\t\t\t\t<div class=\"elementor-element elementor-element-6f05395 elementor-align-left elementor-widget__width-inherit elementor-widget elementor-widget-button\" data-id=\"6f05395\" data-element_type=\"widget\" data-widget_type=\"button.default\">\n\t\t\t\t<div class=\"elementor-widget-container\">\n\t\t\t\t\t\t\t\t\t<div class=\"elementor-button-wrapper\">\n\t\t\t\t\t<a class=\"elementor-button elementor-button-link elementor-size-sm\" href=\"https:\/\/www.integra-fragrances.com\/fr\/gucci-visions-la-mostra-di-gucci-garden-profumata-da-integra-fragrances\/\">\n\t\t\t\t\t\t<span class=\"elementor-button-content-wrapper\">\n\t\t\t\t\t\t<span class=\"elementor-button-icon\">\n\t\t\t\t<i aria-hidden=\"true\" class=\"fas fa-angle-right\"><\/i>\t\t\t<\/span>\n\t\t\t\t\t\t\t\t\t<span class=\"elementor-button-text\">D\u00e9couvrir<\/span>\n\t\t\t\t\t<\/span>\n\t\t\t\t\t<\/a>\n\t\t\t\t<\/div>\n\t\t\t\t\t\t\t\t<\/div>\n\t\t\t\t<\/div>\n\t\t\t\t<\/div>\n\t\t\t\t<\/div>\n\t\t\t\t<\/div>\n\t\t<\/div>\t\t<\/article>\n\t\t\t\t<article id=\"post-4244\" class=\"elementor-post elementor-grid-item ecs-post-loop swiper-slide post-4244 post type-post status-publish format-standard has-post-thumbnail hentry category-non-classifiee\">\n\t\t<div class=\"ecs-link-wrapper\" data-href=\"https:\/\/www.integra-fragrances.com\/fr\/le-nouveau-siege-milanais-dintesa-sanpaolo-sent-flower-amber\/\"   >\t\t<div data-elementor-type=\"loop\" data-elementor-id=\"4793\" class=\"elementor elementor-4793 elementor-215 post-4244 post type-post status-publish format-standard has-post-thumbnail hentry category-non-classifiee\" data-elementor-post-type=\"elementor_library\">\n\t\t\t<div class=\"elementor-element elementor-element-bfe1998 e-con-full e-flex e-con e-parent\" data-id=\"bfe1998\" data-element_type=\"container\">\n\t\t\t\t<div class=\"elementor-element elementor-element-6aed3ef elementor-widget__width-inherit elementor-widget elementor-widget-image\" data-id=\"6aed3ef\" data-element_type=\"widget\" data-widget_type=\"image.default\">\n\t\t\t\t<div class=\"elementor-widget-container\">\n\t\t\t\t\t\t\t\t\t\t\t\t\t\t\t<img loading=\"lazy\" decoding=\"async\" width=\"2268\" height=\"2268\" src=\"https:\/\/www.integra-fragrances.com\/site\/wp-content\/uploads\/2023\/09\/2.jpg\" class=\"attachment-full size-full wp-image-4245\" alt=\"\" srcset=\"https:\/\/www.integra-fragrances.com\/site\/wp-content\/uploads\/2023\/09\/2.jpg 2268w, https:\/\/www.integra-fragrances.com\/site\/wp-content\/uploads\/2023\/09\/2-300x300.jpg 300w, https:\/\/www.integra-fragrances.com\/site\/wp-content\/uploads\/2023\/09\/2-1024x1024.jpg 1024w, https:\/\/www.integra-fragrances.com\/site\/wp-content\/uploads\/2023\/09\/2-150x150.jpg 150w, https:\/\/www.integra-fragrances.com\/site\/wp-content\/uploads\/2023\/09\/2-768x768.jpg 768w, https:\/\/www.integra-fragrances.com\/site\/wp-content\/uploads\/2023\/09\/2-1536x1536.jpg 1536w, https:\/\/www.integra-fragrances.com\/site\/wp-content\/uploads\/2023\/09\/2-2048x2048.jpg 2048w\" sizes=\"(max-width: 2268px) 100vw, 2268px\" \/>\t\t\t\t\t\t\t\t\t\t\t\t\t\t\t<\/div>\n\t\t\t\t<\/div>\n\t\t<div class=\"elementor-element elementor-element-4e5df51 e-con-full e-flex e-con e-child\" data-id=\"4e5df51\" data-element_type=\"container\">\n\t\t\t\t<div class=\"elementor-element elementor-element-9601666 elementor-widget elementor-widget-heading\" data-id=\"9601666\" data-element_type=\"widget\" data-widget_type=\"heading.default\">\n\t\t\t\t<div class=\"elementor-widget-container\">\n\t\t\t\t\t<p class=\"elementor-heading-title elementor-size-default\">15.06.2023<\/p>\t\t\t\t<\/div>\n\t\t\t\t<\/div>\n\t\t\t\t<div class=\"elementor-element elementor-element-b6e8771 elementor-widget__width-auto elementor-widget elementor-widget-heading\" data-id=\"b6e8771\" data-element_type=\"widget\" data-widget_type=\"heading.default\">\n\t\t\t\t<div class=\"elementor-widget-container\">\n\t\t\t\t\t<p class=\"elementor-heading-title elementor-size-default\">Le nouveau si\u00e8ge milanais d\u2019Intesa Sanpaolo sent \u201cFlower Amber\u201d.<\/p>\t\t\t\t<\/div>\n\t\t\t\t<\/div>\n\t\t\t\t<\/div>\n\t\t<div class=\"elementor-element elementor-element-f40d466 e-con-full e-flex e-con e-child\" data-id=\"f40d466\" data-element_type=\"container\">\n\t\t\t\t<div class=\"elementor-element elementor-element-6f05395 elementor-align-left elementor-widget__width-inherit elementor-widget elementor-widget-button\" data-id=\"6f05395\" data-element_type=\"widget\" data-widget_type=\"button.default\">\n\t\t\t\t<div class=\"elementor-widget-container\">\n\t\t\t\t\t\t\t\t\t<div class=\"elementor-button-wrapper\">\n\t\t\t\t\t<a class=\"elementor-button elementor-button-link elementor-size-sm\" href=\"https:\/\/www.integra-fragrances.com\/fr\/le-nouveau-siege-milanais-dintesa-sanpaolo-sent-flower-amber\/\">\n\t\t\t\t\t\t<span class=\"elementor-button-content-wrapper\">\n\t\t\t\t\t\t<span class=\"elementor-button-icon\">\n\t\t\t\t<i aria-hidden=\"true\" class=\"fas fa-angle-right\"><\/i>\t\t\t<\/span>\n\t\t\t\t\t\t\t\t\t<span class=\"elementor-button-text\">D\u00e9couvrir<\/span>\n\t\t\t\t\t<\/span>\n\t\t\t\t\t<\/a>\n\t\t\t\t<\/div>\n\t\t\t\t\t\t\t\t<\/div>\n\t\t\t\t<\/div>\n\t\t\t\t<\/div>\n\t\t\t\t<\/div>\n\t\t\t\t<\/div>\n\t\t<\/div>\t\t<\/article>\n\t\t\t\t<article id=\"post-4251\" class=\"elementor-post elementor-grid-item ecs-post-loop swiper-slide post-4251 post type-post status-publish format-standard has-post-thumbnail hentry category-non-classifiee\">\n\t\t<div class=\"ecs-link-wrapper\" data-href=\"https:\/\/www.integra-fragrances.com\/fr\/integra-fragrances-x-the-financial-times-business-of-luxury-summit\/\"   >\t\t<div data-elementor-type=\"loop\" data-elementor-id=\"4793\" class=\"elementor elementor-4793 elementor-215 post-4251 post type-post status-publish format-standard has-post-thumbnail hentry category-non-classifiee\" data-elementor-post-type=\"elementor_library\">\n\t\t\t<div class=\"elementor-element elementor-element-bfe1998 e-con-full e-flex e-con e-parent\" data-id=\"bfe1998\" data-element_type=\"container\">\n\t\t\t\t<div class=\"elementor-element elementor-element-6aed3ef elementor-widget__width-inherit elementor-widget elementor-widget-image\" data-id=\"6aed3ef\" data-element_type=\"widget\" data-widget_type=\"image.default\">\n\t\t\t\t<div class=\"elementor-widget-container\">\n\t\t\t\t\t\t\t\t\t\t\t\t\t\t\t<img loading=\"lazy\" decoding=\"async\" width=\"2000\" height=\"2000\" src=\"https:\/\/www.integra-fragrances.com\/site\/wp-content\/uploads\/2023\/09\/luxuri-summit.jpg\" class=\"attachment-full size-full wp-image-4252\" alt=\"\" srcset=\"https:\/\/www.integra-fragrances.com\/site\/wp-content\/uploads\/2023\/09\/luxuri-summit.jpg 2000w, https:\/\/www.integra-fragrances.com\/site\/wp-content\/uploads\/2023\/09\/luxuri-summit-300x300.jpg 300w, https:\/\/www.integra-fragrances.com\/site\/wp-content\/uploads\/2023\/09\/luxuri-summit-1024x1024.jpg 1024w, https:\/\/www.integra-fragrances.com\/site\/wp-content\/uploads\/2023\/09\/luxuri-summit-150x150.jpg 150w, https:\/\/www.integra-fragrances.com\/site\/wp-content\/uploads\/2023\/09\/luxuri-summit-768x768.jpg 768w, https:\/\/www.integra-fragrances.com\/site\/wp-content\/uploads\/2023\/09\/luxuri-summit-1536x1536.jpg 1536w\" sizes=\"(max-width: 2000px) 100vw, 2000px\" \/>\t\t\t\t\t\t\t\t\t\t\t\t\t\t\t<\/div>\n\t\t\t\t<\/div>\n\t\t<div class=\"elementor-element elementor-element-4e5df51 e-con-full e-flex e-con e-child\" data-id=\"4e5df51\" data-element_type=\"container\">\n\t\t\t\t<div class=\"elementor-element elementor-element-9601666 elementor-widget elementor-widget-heading\" data-id=\"9601666\" data-element_type=\"widget\" data-widget_type=\"heading.default\">\n\t\t\t\t<div class=\"elementor-widget-container\">\n\t\t\t\t\t<p class=\"elementor-heading-title elementor-size-default\">23.05.2023<\/p>\t\t\t\t<\/div>\n\t\t\t\t<\/div>\n\t\t\t\t<div class=\"elementor-element elementor-element-b6e8771 elementor-widget__width-auto elementor-widget elementor-widget-heading\" data-id=\"b6e8771\" data-element_type=\"widget\" data-widget_type=\"heading.default\">\n\t\t\t\t<div class=\"elementor-widget-container\">\n\t\t\t\t\t<p class=\"elementor-heading-title elementor-size-default\">Integra Fragrances pour The Financial Times Business of Luxury Summit.<\/p>\t\t\t\t<\/div>\n\t\t\t\t<\/div>\n\t\t\t\t<\/div>\n\t\t<div class=\"elementor-element elementor-element-f40d466 e-con-full e-flex e-con e-child\" data-id=\"f40d466\" data-element_type=\"container\">\n\t\t\t\t<div class=\"elementor-element elementor-element-6f05395 elementor-align-left elementor-widget__width-inherit elementor-widget elementor-widget-button\" data-id=\"6f05395\" data-element_type=\"widget\" data-widget_type=\"button.default\">\n\t\t\t\t<div class=\"elementor-widget-container\">\n\t\t\t\t\t\t\t\t\t<div class=\"elementor-button-wrapper\">\n\t\t\t\t\t<a class=\"elementor-button elementor-button-link elementor-size-sm\" href=\"https:\/\/www.integra-fragrances.com\/fr\/integra-fragrances-x-the-financial-times-business-of-luxury-summit\/\">\n\t\t\t\t\t\t<span class=\"elementor-button-content-wrapper\">\n\t\t\t\t\t\t<span class=\"elementor-button-icon\">\n\t\t\t\t<i aria-hidden=\"true\" class=\"fas fa-angle-right\"><\/i>\t\t\t<\/span>\n\t\t\t\t\t\t\t\t\t<span class=\"elementor-button-text\">D\u00e9couvrir<\/span>\n\t\t\t\t\t<\/span>\n\t\t\t\t\t<\/a>\n\t\t\t\t<\/div>\n\t\t\t\t\t\t\t\t<\/div>\n\t\t\t\t<\/div>\n\t\t\t\t<\/div>\n\t\t\t\t<\/div>\n\t\t\t\t<\/div>\n\t\t<\/div>\t\t<\/article>\n\t\t\t\t<article id=\"post-4258\" class=\"elementor-post elementor-grid-item ecs-post-loop swiper-slide post-4258 post type-post status-publish format-standard has-post-thumbnail hentry category-non-classifiee\">\n\t\t<div class=\"ecs-link-wrapper\" data-href=\"https:\/\/www.integra-fragrances.com\/fr\/integra-fragrances-profuma-levento-di-lancio-di-bulgari-metditerranea-a-venezia\/\"   >\t\t<div data-elementor-type=\"loop\" data-elementor-id=\"4793\" class=\"elementor elementor-4793 elementor-215 post-4258 post type-post status-publish format-standard has-post-thumbnail hentry category-non-classifiee\" data-elementor-post-type=\"elementor_library\">\n\t\t\t<div class=\"elementor-element elementor-element-bfe1998 e-con-full e-flex e-con e-parent\" data-id=\"bfe1998\" data-element_type=\"container\">\n\t\t\t\t<div class=\"elementor-element elementor-element-6aed3ef elementor-widget__width-inherit elementor-widget elementor-widget-image\" data-id=\"6aed3ef\" data-element_type=\"widget\" data-widget_type=\"image.default\">\n\t\t\t\t<div class=\"elementor-widget-container\">\n\t\t\t\t\t\t\t\t\t\t\t\t\t\t\t<img loading=\"lazy\" decoding=\"async\" width=\"1080\" height=\"1080\" src=\"https:\/\/www.integra-fragrances.com\/site\/wp-content\/uploads\/2023\/09\/3.jpg\" class=\"attachment-full size-full wp-image-4259\" alt=\"\" srcset=\"https:\/\/www.integra-fragrances.com\/site\/wp-content\/uploads\/2023\/09\/3.jpg 1080w, https:\/\/www.integra-fragrances.com\/site\/wp-content\/uploads\/2023\/09\/3-300x300.jpg 300w, https:\/\/www.integra-fragrances.com\/site\/wp-content\/uploads\/2023\/09\/3-1024x1024.jpg 1024w, https:\/\/www.integra-fragrances.com\/site\/wp-content\/uploads\/2023\/09\/3-150x150.jpg 150w, https:\/\/www.integra-fragrances.com\/site\/wp-content\/uploads\/2023\/09\/3-768x768.jpg 768w\" sizes=\"(max-width: 1080px) 100vw, 1080px\" \/>\t\t\t\t\t\t\t\t\t\t\t\t\t\t\t<\/div>\n\t\t\t\t<\/div>\n\t\t<div class=\"elementor-element elementor-element-4e5df51 e-con-full e-flex e-con e-child\" data-id=\"4e5df51\" data-element_type=\"container\">\n\t\t\t\t<div class=\"elementor-element elementor-element-9601666 elementor-widget elementor-widget-heading\" data-id=\"9601666\" data-element_type=\"widget\" data-widget_type=\"heading.default\">\n\t\t\t\t<div class=\"elementor-widget-container\">\n\t\t\t\t\t<p class=\"elementor-heading-title elementor-size-default\">15.05.2023<\/p>\t\t\t\t<\/div>\n\t\t\t\t<\/div>\n\t\t\t\t<div class=\"elementor-element elementor-element-b6e8771 elementor-widget__width-auto elementor-widget elementor-widget-heading\" data-id=\"b6e8771\" data-element_type=\"widget\" data-widget_type=\"heading.default\">\n\t\t\t\t<div class=\"elementor-widget-container\">\n\t\t\t\t\t<p class=\"elementor-heading-title elementor-size-default\">Integra Fragrances parfume l\u2019\u00e9venement de lancement de Bulgari Mediterranea \u00e0 Venise.<\/p>\t\t\t\t<\/div>\n\t\t\t\t<\/div>\n\t\t\t\t<\/div>\n\t\t<div class=\"elementor-element elementor-element-f40d466 e-con-full e-flex e-con e-child\" data-id=\"f40d466\" data-element_type=\"container\">\n\t\t\t\t<div class=\"elementor-element elementor-element-6f05395 elementor-align-left elementor-widget__width-inherit elementor-widget elementor-widget-button\" data-id=\"6f05395\" data-element_type=\"widget\" data-widget_type=\"button.default\">\n\t\t\t\t<div class=\"elementor-widget-container\">\n\t\t\t\t\t\t\t\t\t<div class=\"elementor-button-wrapper\">\n\t\t\t\t\t<a class=\"elementor-button elementor-button-link elementor-size-sm\" href=\"https:\/\/www.integra-fragrances.com\/fr\/integra-fragrances-profuma-levento-di-lancio-di-bulgari-metditerranea-a-venezia\/\">\n\t\t\t\t\t\t<span class=\"elementor-button-content-wrapper\">\n\t\t\t\t\t\t<span class=\"elementor-button-icon\">\n\t\t\t\t<i aria-hidden=\"true\" class=\"fas fa-angle-right\"><\/i>\t\t\t<\/span>\n\t\t\t\t\t\t\t\t\t<span class=\"elementor-button-text\">D\u00e9couvrir<\/span>\n\t\t\t\t\t<\/span>\n\t\t\t\t\t<\/a>\n\t\t\t\t<\/div>\n\t\t\t\t\t\t\t\t<\/div>\n\t\t\t\t<\/div>\n\t\t\t\t<\/div>\n\t\t\t\t<\/div>\n\t\t\t\t<\/div>\n\t\t<\/div>\t\t<\/article>\n\t\t\t\t<article id=\"post-4268\" class=\"elementor-post elementor-grid-item ecs-post-loop swiper-slide post-4268 post type-post status-publish format-standard has-post-thumbnail hentry category-non-classifiee\">\n\t\t<div class=\"ecs-link-wrapper\" data-href=\"https:\/\/www.integra-fragrances.com\/fr\/esperenza-e-lidentita-olfattiva-di-world-retail-congress-2023\/\"   >\t\t<div data-elementor-type=\"loop\" data-elementor-id=\"4793\" class=\"elementor elementor-4793 elementor-215 post-4268 post type-post status-publish format-standard has-post-thumbnail hentry category-non-classifiee\" data-elementor-post-type=\"elementor_library\">\n\t\t\t<div class=\"elementor-element elementor-element-bfe1998 e-con-full e-flex e-con e-parent\" data-id=\"bfe1998\" data-element_type=\"container\">\n\t\t\t\t<div class=\"elementor-element elementor-element-6aed3ef elementor-widget__width-inherit elementor-widget elementor-widget-image\" data-id=\"6aed3ef\" data-element_type=\"widget\" data-widget_type=\"image.default\">\n\t\t\t\t<div class=\"elementor-widget-container\">\n\t\t\t\t\t\t\t\t\t\t\t\t\t\t\t<img loading=\"lazy\" decoding=\"async\" width=\"2250\" height=\"2250\" src=\"https:\/\/www.integra-fragrances.com\/site\/wp-content\/uploads\/2023\/09\/1.jpg\" class=\"attachment-full size-full wp-image-4269\" alt=\"\" srcset=\"https:\/\/www.integra-fragrances.com\/site\/wp-content\/uploads\/2023\/09\/1.jpg 2250w, https:\/\/www.integra-fragrances.com\/site\/wp-content\/uploads\/2023\/09\/1-300x300.jpg 300w, https:\/\/www.integra-fragrances.com\/site\/wp-content\/uploads\/2023\/09\/1-1024x1024.jpg 1024w, https:\/\/www.integra-fragrances.com\/site\/wp-content\/uploads\/2023\/09\/1-150x150.jpg 150w, https:\/\/www.integra-fragrances.com\/site\/wp-content\/uploads\/2023\/09\/1-768x768.jpg 768w, https:\/\/www.integra-fragrances.com\/site\/wp-content\/uploads\/2023\/09\/1-1536x1536.jpg 1536w, https:\/\/www.integra-fragrances.com\/site\/wp-content\/uploads\/2023\/09\/1-2048x2048.jpg 2048w\" sizes=\"(max-width: 2250px) 100vw, 2250px\" \/>\t\t\t\t\t\t\t\t\t\t\t\t\t\t\t<\/div>\n\t\t\t\t<\/div>\n\t\t<div class=\"elementor-element elementor-element-4e5df51 e-con-full e-flex e-con e-child\" data-id=\"4e5df51\" data-element_type=\"container\">\n\t\t\t\t<div class=\"elementor-element elementor-element-9601666 elementor-widget elementor-widget-heading\" data-id=\"9601666\" data-element_type=\"widget\" data-widget_type=\"heading.default\">\n\t\t\t\t<div class=\"elementor-widget-container\">\n\t\t\t\t\t<p class=\"elementor-heading-title elementor-size-default\">25.04.2023<\/p>\t\t\t\t<\/div>\n\t\t\t\t<\/div>\n\t\t\t\t<div class=\"elementor-element elementor-element-b6e8771 elementor-widget__width-auto elementor-widget elementor-widget-heading\" data-id=\"b6e8771\" data-element_type=\"widget\" data-widget_type=\"heading.default\">\n\t\t\t\t<div class=\"elementor-widget-container\">\n\t\t\t\t\t<p class=\"elementor-heading-title elementor-size-default\">\u201cEsperanza\u201d est l\u2019identit\u00e9 olfactive du World Retail Congress 2023.<\/p>\t\t\t\t<\/div>\n\t\t\t\t<\/div>\n\t\t\t\t<\/div>\n\t\t<div class=\"elementor-element elementor-element-f40d466 e-con-full e-flex e-con e-child\" data-id=\"f40d466\" data-element_type=\"container\">\n\t\t\t\t<div class=\"elementor-element elementor-element-6f05395 elementor-align-left elementor-widget__width-inherit elementor-widget elementor-widget-button\" data-id=\"6f05395\" data-element_type=\"widget\" data-widget_type=\"button.default\">\n\t\t\t\t<div class=\"elementor-widget-container\">\n\t\t\t\t\t\t\t\t\t<div class=\"elementor-button-wrapper\">\n\t\t\t\t\t<a class=\"elementor-button elementor-button-link elementor-size-sm\" href=\"https:\/\/www.integra-fragrances.com\/fr\/esperenza-e-lidentita-olfattiva-di-world-retail-congress-2023\/\">\n\t\t\t\t\t\t<span class=\"elementor-button-content-wrapper\">\n\t\t\t\t\t\t<span class=\"elementor-button-icon\">\n\t\t\t\t<i aria-hidden=\"true\" class=\"fas fa-angle-right\"><\/i>\t\t\t<\/span>\n\t\t\t\t\t\t\t\t\t<span class=\"elementor-button-text\">D\u00e9couvrir<\/span>\n\t\t\t\t\t<\/span>\n\t\t\t\t\t<\/a>\n\t\t\t\t<\/div>\n\t\t\t\t\t\t\t\t<\/div>\n\t\t\t\t<\/div>\n\t\t\t\t<\/div>\n\t\t\t\t<\/div>\n\t\t\t\t<\/div>\n\t\t<\/div>\t\t<\/article>\n\t\t\t\t<article id=\"post-4275\" class=\"elementor-post elementor-grid-item ecs-post-loop swiper-slide post-4275 post type-post status-publish format-standard has-post-thumbnail hentry category-non-classifiee\">\n\t\t<div class=\"ecs-link-wrapper\" data-href=\"https:\/\/www.integra-fragrances.com\/fr\/fragranza-a-tema-per-il-pop-up-store-milanese-di-united-colors-of-benetton\/\"   >\t\t<div data-elementor-type=\"loop\" data-elementor-id=\"4793\" class=\"elementor elementor-4793 elementor-215 post-4275 post type-post status-publish format-standard has-post-thumbnail hentry category-non-classifiee\" data-elementor-post-type=\"elementor_library\">\n\t\t\t<div class=\"elementor-element elementor-element-bfe1998 e-con-full e-flex e-con e-parent\" data-id=\"bfe1998\" data-element_type=\"container\">\n\t\t\t\t<div class=\"elementor-element elementor-element-6aed3ef elementor-widget__width-inherit elementor-widget elementor-widget-image\" data-id=\"6aed3ef\" data-element_type=\"widget\" data-widget_type=\"image.default\">\n\t\t\t\t<div class=\"elementor-widget-container\">\n\t\t\t\t\t\t\t\t\t\t\t\t\t\t\t<img loading=\"lazy\" decoding=\"async\" width=\"1081\" height=\"1081\" src=\"https:\/\/www.integra-fragrances.com\/site\/wp-content\/uploads\/2023\/09\/1.png\" class=\"attachment-full size-full wp-image-4276\" alt=\"\" srcset=\"https:\/\/www.integra-fragrances.com\/site\/wp-content\/uploads\/2023\/09\/1.png 1081w, https:\/\/www.integra-fragrances.com\/site\/wp-content\/uploads\/2023\/09\/1-300x300.png 300w, https:\/\/www.integra-fragrances.com\/site\/wp-content\/uploads\/2023\/09\/1-1024x1024.png 1024w, https:\/\/www.integra-fragrances.com\/site\/wp-content\/uploads\/2023\/09\/1-150x150.png 150w, https:\/\/www.integra-fragrances.com\/site\/wp-content\/uploads\/2023\/09\/1-768x768.png 768w\" sizes=\"(max-width: 1081px) 100vw, 1081px\" \/>\t\t\t\t\t\t\t\t\t\t\t\t\t\t\t<\/div>\n\t\t\t\t<\/div>\n\t\t<div class=\"elementor-element elementor-element-4e5df51 e-con-full e-flex e-con e-child\" data-id=\"4e5df51\" data-element_type=\"container\">\n\t\t\t\t<div class=\"elementor-element elementor-element-9601666 elementor-widget elementor-widget-heading\" data-id=\"9601666\" data-element_type=\"widget\" data-widget_type=\"heading.default\">\n\t\t\t\t<div class=\"elementor-widget-container\">\n\t\t\t\t\t<p class=\"elementor-heading-title elementor-size-default\">18.04.2023<\/p>\t\t\t\t<\/div>\n\t\t\t\t<\/div>\n\t\t\t\t<div class=\"elementor-element elementor-element-b6e8771 elementor-widget__width-auto elementor-widget elementor-widget-heading\" data-id=\"b6e8771\" data-element_type=\"widget\" data-widget_type=\"heading.default\">\n\t\t\t\t<div class=\"elementor-widget-container\">\n\t\t\t\t\t<p class=\"elementor-heading-title elementor-size-default\">Parfum \u00e0 th\u00e9me pour le pop-up store Milanais de United Colors of Benetton.<\/p>\t\t\t\t<\/div>\n\t\t\t\t<\/div>\n\t\t\t\t<\/div>\n\t\t<div class=\"elementor-element elementor-element-f40d466 e-con-full e-flex e-con e-child\" data-id=\"f40d466\" data-element_type=\"container\">\n\t\t\t\t<div class=\"elementor-element elementor-element-6f05395 elementor-align-left elementor-widget__width-inherit elementor-widget elementor-widget-button\" data-id=\"6f05395\" data-element_type=\"widget\" data-widget_type=\"button.default\">\n\t\t\t\t<div class=\"elementor-widget-container\">\n\t\t\t\t\t\t\t\t\t<div class=\"elementor-button-wrapper\">\n\t\t\t\t\t<a class=\"elementor-button elementor-button-link elementor-size-sm\" href=\"https:\/\/www.integra-fragrances.com\/fr\/fragranza-a-tema-per-il-pop-up-store-milanese-di-united-colors-of-benetton\/\">\n\t\t\t\t\t\t<span class=\"elementor-button-content-wrapper\">\n\t\t\t\t\t\t<span class=\"elementor-button-icon\">\n\t\t\t\t<i aria-hidden=\"true\" class=\"fas fa-angle-right\"><\/i>\t\t\t<\/span>\n\t\t\t\t\t\t\t\t\t<span class=\"elementor-button-text\">D\u00e9couvrir<\/span>\n\t\t\t\t\t<\/span>\n\t\t\t\t\t<\/a>\n\t\t\t\t<\/div>\n\t\t\t\t\t\t\t\t<\/div>\n\t\t\t\t<\/div>\n\t\t\t\t<\/div>\n\t\t\t\t<\/div>\n\t\t\t\t<\/div>\n\t\t<\/div>\t\t<\/article>\n\t\t\t\t<article id=\"post-4282\" class=\"elementor-post elementor-grid-item ecs-post-loop swiper-slide post-4282 post type-post status-publish format-standard has-post-thumbnail hentry category-non-classifiee\">\n\t\t<div class=\"ecs-link-wrapper\" data-href=\"https:\/\/www.integra-fragrances.com\/fr\/milano-design-week-2023-fuoco-campo-base\/\"   >\t\t<div data-elementor-type=\"loop\" data-elementor-id=\"4793\" class=\"elementor elementor-4793 elementor-215 post-4282 post type-post status-publish format-standard has-post-thumbnail hentry category-non-classifiee\" data-elementor-post-type=\"elementor_library\">\n\t\t\t<div class=\"elementor-element elementor-element-bfe1998 e-con-full e-flex e-con e-parent\" data-id=\"bfe1998\" data-element_type=\"container\">\n\t\t\t\t<div class=\"elementor-element elementor-element-6aed3ef elementor-widget__width-inherit elementor-widget elementor-widget-image\" data-id=\"6aed3ef\" data-element_type=\"widget\" data-widget_type=\"image.default\">\n\t\t\t\t<div class=\"elementor-widget-container\">\n\t\t\t\t\t\t\t\t\t\t\t\t\t\t\t<img loading=\"lazy\" decoding=\"async\" width=\"1080\" height=\"1080\" src=\"https:\/\/www.integra-fragrances.com\/site\/wp-content\/uploads\/2023\/09\/0-COVER-.jpg\" class=\"attachment-full size-full wp-image-4283\" alt=\"\" srcset=\"https:\/\/www.integra-fragrances.com\/site\/wp-content\/uploads\/2023\/09\/0-COVER-.jpg 1080w, https:\/\/www.integra-fragrances.com\/site\/wp-content\/uploads\/2023\/09\/0-COVER--300x300.jpg 300w, https:\/\/www.integra-fragrances.com\/site\/wp-content\/uploads\/2023\/09\/0-COVER--1024x1024.jpg 1024w, https:\/\/www.integra-fragrances.com\/site\/wp-content\/uploads\/2023\/09\/0-COVER--150x150.jpg 150w, https:\/\/www.integra-fragrances.com\/site\/wp-content\/uploads\/2023\/09\/0-COVER--768x768.jpg 768w\" sizes=\"(max-width: 1080px) 100vw, 1080px\" \/>\t\t\t\t\t\t\t\t\t\t\t\t\t\t\t<\/div>\n\t\t\t\t<\/div>\n\t\t<div class=\"elementor-element elementor-element-4e5df51 e-con-full e-flex e-con e-child\" data-id=\"4e5df51\" data-element_type=\"container\">\n\t\t\t\t<div class=\"elementor-element elementor-element-9601666 elementor-widget elementor-widget-heading\" data-id=\"9601666\" data-element_type=\"widget\" data-widget_type=\"heading.default\">\n\t\t\t\t<div class=\"elementor-widget-container\">\n\t\t\t\t\t<p class=\"elementor-heading-title elementor-size-default\">17.04.2023<\/p>\t\t\t\t<\/div>\n\t\t\t\t<\/div>\n\t\t\t\t<div class=\"elementor-element elementor-element-b6e8771 elementor-widget__width-auto elementor-widget elementor-widget-heading\" data-id=\"b6e8771\" data-element_type=\"widget\" data-widget_type=\"heading.default\">\n\t\t\t\t<div class=\"elementor-widget-container\">\n\t\t\t\t\t<p class=\"elementor-heading-title elementor-size-default\">Milano Design Week 2023 &#8211; \u201cFuoco\u201d @Campo Base.<\/p>\t\t\t\t<\/div>\n\t\t\t\t<\/div>\n\t\t\t\t<\/div>\n\t\t<div class=\"elementor-element elementor-element-f40d466 e-con-full e-flex e-con e-child\" data-id=\"f40d466\" data-element_type=\"container\">\n\t\t\t\t<div class=\"elementor-element elementor-element-6f05395 elementor-align-left elementor-widget__width-inherit elementor-widget elementor-widget-button\" data-id=\"6f05395\" data-element_type=\"widget\" data-widget_type=\"button.default\">\n\t\t\t\t<div class=\"elementor-widget-container\">\n\t\t\t\t\t\t\t\t\t<div class=\"elementor-button-wrapper\">\n\t\t\t\t\t<a class=\"elementor-button elementor-button-link elementor-size-sm\" href=\"https:\/\/www.integra-fragrances.com\/fr\/milano-design-week-2023-fuoco-campo-base\/\">\n\t\t\t\t\t\t<span class=\"elementor-button-content-wrapper\">\n\t\t\t\t\t\t<span class=\"elementor-button-icon\">\n\t\t\t\t<i aria-hidden=\"true\" class=\"fas fa-angle-right\"><\/i>\t\t\t<\/span>\n\t\t\t\t\t\t\t\t\t<span class=\"elementor-button-text\">D\u00e9couvrir<\/span>\n\t\t\t\t\t<\/span>\n\t\t\t\t\t<\/a>\n\t\t\t\t<\/div>\n\t\t\t\t\t\t\t\t<\/div>\n\t\t\t\t<\/div>\n\t\t\t\t<\/div>\n\t\t\t\t<\/div>\n\t\t\t\t<\/div>\n\t\t<\/div>\t\t<\/article>\n\t\t\t\t<article id=\"post-4289\" class=\"elementor-post elementor-grid-item ecs-post-loop swiper-slide post-4289 post type-post status-publish format-standard has-post-thumbnail hentry category-non-classifiee\">\n\t\t<div class=\"ecs-link-wrapper\" data-href=\"https:\/\/www.integra-fragrances.com\/fr\/cest-la-milan-beauty-week\/\"   >\t\t<div data-elementor-type=\"loop\" data-elementor-id=\"4793\" class=\"elementor elementor-4793 elementor-215 post-4289 post type-post status-publish format-standard has-post-thumbnail hentry category-non-classifiee\" data-elementor-post-type=\"elementor_library\">\n\t\t\t<div class=\"elementor-element elementor-element-bfe1998 e-con-full e-flex e-con e-parent\" data-id=\"bfe1998\" data-element_type=\"container\">\n\t\t\t\t<div class=\"elementor-element elementor-element-6aed3ef elementor-widget__width-inherit elementor-widget elementor-widget-image\" data-id=\"6aed3ef\" data-element_type=\"widget\" data-widget_type=\"image.default\">\n\t\t\t\t<div class=\"elementor-widget-container\">\n\t\t\t\t\t\t\t\t\t\t\t\t\t\t\t<img loading=\"lazy\" decoding=\"async\" width=\"4500\" height=\"4500\" src=\"https:\/\/www.integra-fragrances.com\/site\/wp-content\/uploads\/2023\/09\/milan-beauty-week-std.jpg\" class=\"attachment-full size-full wp-image-4290\" alt=\"\" srcset=\"https:\/\/www.integra-fragrances.com\/site\/wp-content\/uploads\/2023\/09\/milan-beauty-week-std.jpg 4500w, https:\/\/www.integra-fragrances.com\/site\/wp-content\/uploads\/2023\/09\/milan-beauty-week-std-300x300.jpg 300w, https:\/\/www.integra-fragrances.com\/site\/wp-content\/uploads\/2023\/09\/milan-beauty-week-std-1024x1024.jpg 1024w, https:\/\/www.integra-fragrances.com\/site\/wp-content\/uploads\/2023\/09\/milan-beauty-week-std-150x150.jpg 150w, https:\/\/www.integra-fragrances.com\/site\/wp-content\/uploads\/2023\/09\/milan-beauty-week-std-768x768.jpg 768w, https:\/\/www.integra-fragrances.com\/site\/wp-content\/uploads\/2023\/09\/milan-beauty-week-std-1536x1536.jpg 1536w, https:\/\/www.integra-fragrances.com\/site\/wp-content\/uploads\/2023\/09\/milan-beauty-week-std-2048x2048.jpg 2048w\" sizes=\"(max-width: 4500px) 100vw, 4500px\" \/>\t\t\t\t\t\t\t\t\t\t\t\t\t\t\t<\/div>\n\t\t\t\t<\/div>\n\t\t<div class=\"elementor-element elementor-element-4e5df51 e-con-full e-flex e-con e-child\" data-id=\"4e5df51\" data-element_type=\"container\">\n\t\t\t\t<div class=\"elementor-element elementor-element-9601666 elementor-widget elementor-widget-heading\" data-id=\"9601666\" data-element_type=\"widget\" data-widget_type=\"heading.default\">\n\t\t\t\t<div class=\"elementor-widget-container\">\n\t\t\t\t\t<p class=\"elementor-heading-title elementor-size-default\">24.02.2023<\/p>\t\t\t\t<\/div>\n\t\t\t\t<\/div>\n\t\t\t\t<div class=\"elementor-element elementor-element-b6e8771 elementor-widget__width-auto elementor-widget elementor-widget-heading\" data-id=\"b6e8771\" data-element_type=\"widget\" data-widget_type=\"heading.default\">\n\t\t\t\t<div class=\"elementor-widget-container\">\n\t\t\t\t\t<p class=\"elementor-heading-title elementor-size-default\">C&#8217;est la Milan Beauty Week.<\/p>\t\t\t\t<\/div>\n\t\t\t\t<\/div>\n\t\t\t\t<\/div>\n\t\t<div class=\"elementor-element elementor-element-f40d466 e-con-full e-flex e-con e-child\" data-id=\"f40d466\" data-element_type=\"container\">\n\t\t\t\t<div class=\"elementor-element elementor-element-6f05395 elementor-align-left elementor-widget__width-inherit elementor-widget elementor-widget-button\" data-id=\"6f05395\" data-element_type=\"widget\" data-widget_type=\"button.default\">\n\t\t\t\t<div class=\"elementor-widget-container\">\n\t\t\t\t\t\t\t\t\t<div class=\"elementor-button-wrapper\">\n\t\t\t\t\t<a class=\"elementor-button elementor-button-link elementor-size-sm\" href=\"https:\/\/www.integra-fragrances.com\/fr\/cest-la-milan-beauty-week\/\">\n\t\t\t\t\t\t<span class=\"elementor-button-content-wrapper\">\n\t\t\t\t\t\t<span class=\"elementor-button-icon\">\n\t\t\t\t<i aria-hidden=\"true\" class=\"fas fa-angle-right\"><\/i>\t\t\t<\/span>\n\t\t\t\t\t\t\t\t\t<span class=\"elementor-button-text\">D\u00e9couvrir<\/span>\n\t\t\t\t\t<\/span>\n\t\t\t\t\t<\/a>\n\t\t\t\t<\/div>\n\t\t\t\t\t\t\t\t<\/div>\n\t\t\t\t<\/div>\n\t\t\t\t<\/div>\n\t\t\t\t<\/div>\n\t\t\t\t<\/div>\n\t\t<\/div>\t\t<\/article>\n\t\t\t\t<article id=\"post-4550\" class=\"elementor-post elementor-grid-item ecs-post-loop swiper-slide post-4550 post type-post status-publish format-standard has-post-thumbnail hentry category-non-classifiee\">\n\t\t<div class=\"ecs-link-wrapper\" data-href=\"https:\/\/www.integra-fragrances.com\/fr\/gucci-garden-arhetypes-exhibition-in-sydney-parfumed-by-integra-fragrances\/\"   >\t\t<div data-elementor-type=\"loop\" data-elementor-id=\"4793\" class=\"elementor elementor-4793 elementor-215 post-4550 post type-post status-publish format-standard has-post-thumbnail hentry category-non-classifiee\" data-elementor-post-type=\"elementor_library\">\n\t\t\t<div class=\"elementor-element elementor-element-bfe1998 e-con-full e-flex e-con e-parent\" data-id=\"bfe1998\" data-element_type=\"container\">\n\t\t\t\t<div class=\"elementor-element elementor-element-6aed3ef elementor-widget__width-inherit elementor-widget elementor-widget-image\" data-id=\"6aed3ef\" data-element_type=\"widget\" data-widget_type=\"image.default\">\n\t\t\t\t<div class=\"elementor-widget-container\">\n\t\t\t\t\t\t\t\t\t\t\t\t\t\t\t<img loading=\"lazy\" decoding=\"async\" width=\"960\" height=\"960\" src=\"https:\/\/www.integra-fragrances.com\/site\/wp-content\/uploads\/2023\/09\/3-Gucci_Garden_Archetypes_6-2-960x1280-1.jpg\" class=\"attachment-full size-full wp-image-4551\" alt=\"\" srcset=\"https:\/\/www.integra-fragrances.com\/site\/wp-content\/uploads\/2023\/09\/3-Gucci_Garden_Archetypes_6-2-960x1280-1.jpg 960w, https:\/\/www.integra-fragrances.com\/site\/wp-content\/uploads\/2023\/09\/3-Gucci_Garden_Archetypes_6-2-960x1280-1-300x300.jpg 300w, https:\/\/www.integra-fragrances.com\/site\/wp-content\/uploads\/2023\/09\/3-Gucci_Garden_Archetypes_6-2-960x1280-1-150x150.jpg 150w, https:\/\/www.integra-fragrances.com\/site\/wp-content\/uploads\/2023\/09\/3-Gucci_Garden_Archetypes_6-2-960x1280-1-768x768.jpg 768w\" sizes=\"(max-width: 960px) 100vw, 960px\" \/>\t\t\t\t\t\t\t\t\t\t\t\t\t\t\t<\/div>\n\t\t\t\t<\/div>\n\t\t<div class=\"elementor-element elementor-element-4e5df51 e-con-full e-flex e-con e-child\" data-id=\"4e5df51\" data-element_type=\"container\">\n\t\t\t\t<div class=\"elementor-element elementor-element-9601666 elementor-widget elementor-widget-heading\" data-id=\"9601666\" data-element_type=\"widget\" data-widget_type=\"heading.default\">\n\t\t\t\t<div class=\"elementor-widget-container\">\n\t\t\t\t\t<p class=\"elementor-heading-title elementor-size-default\">15.01.2023<\/p>\t\t\t\t<\/div>\n\t\t\t\t<\/div>\n\t\t\t\t<div class=\"elementor-element elementor-element-b6e8771 elementor-widget__width-auto elementor-widget elementor-widget-heading\" data-id=\"b6e8771\" data-element_type=\"widget\" data-widget_type=\"heading.default\">\n\t\t\t\t<div class=\"elementor-widget-container\">\n\t\t\t\t\t<p class=\"elementor-heading-title elementor-size-default\">Un parfum pour l\u2019exposition \u00ab\u00a0Gucci Garden Archetypes\u00a0\u00bb \u00e0 Sydney gr\u00e2ce \u00e0 Integra Fragrances.<\/p>\t\t\t\t<\/div>\n\t\t\t\t<\/div>\n\t\t\t\t<\/div>\n\t\t<div class=\"elementor-element elementor-element-f40d466 e-con-full e-flex e-con e-child\" data-id=\"f40d466\" data-element_type=\"container\">\n\t\t\t\t<div class=\"elementor-element elementor-element-6f05395 elementor-align-left elementor-widget__width-inherit elementor-widget elementor-widget-button\" data-id=\"6f05395\" data-element_type=\"widget\" data-widget_type=\"button.default\">\n\t\t\t\t<div class=\"elementor-widget-container\">\n\t\t\t\t\t\t\t\t\t<div class=\"elementor-button-wrapper\">\n\t\t\t\t\t<a class=\"elementor-button elementor-button-link elementor-size-sm\" href=\"https:\/\/www.integra-fragrances.com\/fr\/gucci-garden-arhetypes-exhibition-in-sydney-parfumed-by-integra-fragrances\/\">\n\t\t\t\t\t\t<span class=\"elementor-button-content-wrapper\">\n\t\t\t\t\t\t<span class=\"elementor-button-icon\">\n\t\t\t\t<i aria-hidden=\"true\" class=\"fas fa-angle-right\"><\/i>\t\t\t<\/span>\n\t\t\t\t\t\t\t\t\t<span class=\"elementor-button-text\">D\u00e9couvrir<\/span>\n\t\t\t\t\t<\/span>\n\t\t\t\t\t<\/a>\n\t\t\t\t<\/div>\n\t\t\t\t\t\t\t\t<\/div>\n\t\t\t\t<\/div>\n\t\t\t\t<\/div>\n\t\t\t\t<\/div>\n\t\t\t\t<\/div>\n\t\t<\/div>\t\t<\/article>\n\t\t\t\t<article id=\"post-4555\" class=\"elementor-post elementor-grid-item ecs-post-loop swiper-slide post-4555 post type-post status-publish format-standard has-post-thumbnail hentry category-non-classifiee\">\n\t\t<div class=\"ecs-link-wrapper\" data-href=\"https:\/\/www.integra-fragrances.com\/fr\/la-bougie-parfumee-amoenus-pour-the-mall-luxury-outlets\/\"   >\t\t<div data-elementor-type=\"loop\" data-elementor-id=\"4793\" class=\"elementor elementor-4793 elementor-215 post-4555 post type-post status-publish format-standard has-post-thumbnail hentry category-non-classifiee\" data-elementor-post-type=\"elementor_library\">\n\t\t\t<div class=\"elementor-element elementor-element-bfe1998 e-con-full e-flex e-con e-parent\" data-id=\"bfe1998\" data-element_type=\"container\">\n\t\t\t\t<div class=\"elementor-element elementor-element-6aed3ef elementor-widget__width-inherit elementor-widget elementor-widget-image\" data-id=\"6aed3ef\" data-element_type=\"widget\" data-widget_type=\"image.default\">\n\t\t\t\t<div class=\"elementor-widget-container\">\n\t\t\t\t\t\t\t\t\t\t\t\t\t\t\t<img loading=\"lazy\" decoding=\"async\" width=\"2000\" height=\"2000\" src=\"https:\/\/www.integra-fragrances.com\/site\/wp-content\/uploads\/2023\/09\/the-mall.jpg\" class=\"attachment-full size-full wp-image-4556\" alt=\"\" srcset=\"https:\/\/www.integra-fragrances.com\/site\/wp-content\/uploads\/2023\/09\/the-mall.jpg 2000w, https:\/\/www.integra-fragrances.com\/site\/wp-content\/uploads\/2023\/09\/the-mall-300x300.jpg 300w, https:\/\/www.integra-fragrances.com\/site\/wp-content\/uploads\/2023\/09\/the-mall-1024x1024.jpg 1024w, https:\/\/www.integra-fragrances.com\/site\/wp-content\/uploads\/2023\/09\/the-mall-150x150.jpg 150w, https:\/\/www.integra-fragrances.com\/site\/wp-content\/uploads\/2023\/09\/the-mall-768x768.jpg 768w, https:\/\/www.integra-fragrances.com\/site\/wp-content\/uploads\/2023\/09\/the-mall-1536x1536.jpg 1536w\" sizes=\"(max-width: 2000px) 100vw, 2000px\" \/>\t\t\t\t\t\t\t\t\t\t\t\t\t\t\t<\/div>\n\t\t\t\t<\/div>\n\t\t<div class=\"elementor-element elementor-element-4e5df51 e-con-full e-flex e-con e-child\" data-id=\"4e5df51\" data-element_type=\"container\">\n\t\t\t\t<div class=\"elementor-element elementor-element-9601666 elementor-widget elementor-widget-heading\" data-id=\"9601666\" data-element_type=\"widget\" data-widget_type=\"heading.default\">\n\t\t\t\t<div class=\"elementor-widget-container\">\n\t\t\t\t\t<p class=\"elementor-heading-title elementor-size-default\">07.12.2022<\/p>\t\t\t\t<\/div>\n\t\t\t\t<\/div>\n\t\t\t\t<div class=\"elementor-element elementor-element-b6e8771 elementor-widget__width-auto elementor-widget elementor-widget-heading\" data-id=\"b6e8771\" data-element_type=\"widget\" data-widget_type=\"heading.default\">\n\t\t\t\t<div class=\"elementor-widget-container\">\n\t\t\t\t\t<p class=\"elementor-heading-title elementor-size-default\">La bougie parfum\u00e9e \u201cAmoenus\u201d pour The Mall Luxury Outlets.<\/p>\t\t\t\t<\/div>\n\t\t\t\t<\/div>\n\t\t\t\t<\/div>\n\t\t<div class=\"elementor-element elementor-element-f40d466 e-con-full e-flex e-con e-child\" data-id=\"f40d466\" data-element_type=\"container\">\n\t\t\t\t<div class=\"elementor-element elementor-element-6f05395 elementor-align-left elementor-widget__width-inherit elementor-widget elementor-widget-button\" data-id=\"6f05395\" data-element_type=\"widget\" data-widget_type=\"button.default\">\n\t\t\t\t<div class=\"elementor-widget-container\">\n\t\t\t\t\t\t\t\t\t<div class=\"elementor-button-wrapper\">\n\t\t\t\t\t<a class=\"elementor-button elementor-button-link elementor-size-sm\" href=\"https:\/\/www.integra-fragrances.com\/fr\/la-bougie-parfumee-amoenus-pour-the-mall-luxury-outlets\/\">\n\t\t\t\t\t\t<span class=\"elementor-button-content-wrapper\">\n\t\t\t\t\t\t<span class=\"elementor-button-icon\">\n\t\t\t\t<i aria-hidden=\"true\" class=\"fas fa-angle-right\"><\/i>\t\t\t<\/span>\n\t\t\t\t\t\t\t\t\t<span class=\"elementor-button-text\">D\u00e9couvrir<\/span>\n\t\t\t\t\t<\/span>\n\t\t\t\t\t<\/a>\n\t\t\t\t<\/div>\n\t\t\t\t\t\t\t\t<\/div>\n\t\t\t\t<\/div>\n\t\t\t\t<\/div>\n\t\t\t\t<\/div>\n\t\t\t\t<\/div>\n\t\t<\/div>\t\t<\/article>\n\t\t\t\t<article id=\"post-4562\" class=\"elementor-post elementor-grid-item ecs-post-loop swiper-slide post-4562 post type-post status-publish format-standard has-post-thumbnail hentry category-non-classifiee\">\n\t\t<div class=\"ecs-link-wrapper\" data-href=\"https:\/\/www.integra-fragrances.com\/fr\/profumo-di-brand-the-first-integra-fragrances-podcast\/\"   >\t\t<div data-elementor-type=\"loop\" data-elementor-id=\"4793\" class=\"elementor elementor-4793 elementor-215 post-4562 post type-post status-publish format-standard has-post-thumbnail hentry category-non-classifiee\" data-elementor-post-type=\"elementor_library\">\n\t\t\t<div class=\"elementor-element elementor-element-bfe1998 e-con-full e-flex e-con e-parent\" data-id=\"bfe1998\" data-element_type=\"container\">\n\t\t\t\t<div class=\"elementor-element elementor-element-6aed3ef elementor-widget__width-inherit elementor-widget elementor-widget-image\" data-id=\"6aed3ef\" data-element_type=\"widget\" data-widget_type=\"image.default\">\n\t\t\t\t<div class=\"elementor-widget-container\">\n\t\t\t\t\t\t\t\t\t\t\t\t\t\t\t<img loading=\"lazy\" decoding=\"async\" width=\"2000\" height=\"2000\" src=\"https:\/\/www.integra-fragrances.com\/site\/wp-content\/uploads\/2023\/09\/podcast.jpg\" class=\"attachment-full size-full wp-image-4563\" alt=\"\" srcset=\"https:\/\/www.integra-fragrances.com\/site\/wp-content\/uploads\/2023\/09\/podcast.jpg 2000w, https:\/\/www.integra-fragrances.com\/site\/wp-content\/uploads\/2023\/09\/podcast-300x300.jpg 300w, https:\/\/www.integra-fragrances.com\/site\/wp-content\/uploads\/2023\/09\/podcast-1024x1024.jpg 1024w, https:\/\/www.integra-fragrances.com\/site\/wp-content\/uploads\/2023\/09\/podcast-150x150.jpg 150w, https:\/\/www.integra-fragrances.com\/site\/wp-content\/uploads\/2023\/09\/podcast-768x768.jpg 768w, https:\/\/www.integra-fragrances.com\/site\/wp-content\/uploads\/2023\/09\/podcast-1536x1536.jpg 1536w\" sizes=\"(max-width: 2000px) 100vw, 2000px\" \/>\t\t\t\t\t\t\t\t\t\t\t\t\t\t\t<\/div>\n\t\t\t\t<\/div>\n\t\t<div class=\"elementor-element elementor-element-4e5df51 e-con-full e-flex e-con e-child\" data-id=\"4e5df51\" data-element_type=\"container\">\n\t\t\t\t<div class=\"elementor-element elementor-element-9601666 elementor-widget elementor-widget-heading\" data-id=\"9601666\" data-element_type=\"widget\" data-widget_type=\"heading.default\">\n\t\t\t\t<div class=\"elementor-widget-container\">\n\t\t\t\t\t<p class=\"elementor-heading-title elementor-size-default\">29.11.2022<\/p>\t\t\t\t<\/div>\n\t\t\t\t<\/div>\n\t\t\t\t<div class=\"elementor-element elementor-element-b6e8771 elementor-widget__width-auto elementor-widget elementor-widget-heading\" data-id=\"b6e8771\" data-element_type=\"widget\" data-widget_type=\"heading.default\">\n\t\t\t\t<div class=\"elementor-widget-container\">\n\t\t\t\t\t<p class=\"elementor-heading-title elementor-size-default\">\u201cProfumo di Brand\u201d: le premier podcast d\u2019Integra Fragrances.<\/p>\t\t\t\t<\/div>\n\t\t\t\t<\/div>\n\t\t\t\t<\/div>\n\t\t<div class=\"elementor-element elementor-element-f40d466 e-con-full e-flex e-con e-child\" data-id=\"f40d466\" data-element_type=\"container\">\n\t\t\t\t<div class=\"elementor-element elementor-element-6f05395 elementor-align-left elementor-widget__width-inherit elementor-widget elementor-widget-button\" data-id=\"6f05395\" data-element_type=\"widget\" data-widget_type=\"button.default\">\n\t\t\t\t<div class=\"elementor-widget-container\">\n\t\t\t\t\t\t\t\t\t<div class=\"elementor-button-wrapper\">\n\t\t\t\t\t<a class=\"elementor-button elementor-button-link elementor-size-sm\" href=\"https:\/\/www.integra-fragrances.com\/fr\/profumo-di-brand-the-first-integra-fragrances-podcast\/\">\n\t\t\t\t\t\t<span class=\"elementor-button-content-wrapper\">\n\t\t\t\t\t\t<span class=\"elementor-button-icon\">\n\t\t\t\t<i aria-hidden=\"true\" class=\"fas fa-angle-right\"><\/i>\t\t\t<\/span>\n\t\t\t\t\t\t\t\t\t<span class=\"elementor-button-text\">D\u00e9couvrir<\/span>\n\t\t\t\t\t<\/span>\n\t\t\t\t\t<\/a>\n\t\t\t\t<\/div>\n\t\t\t\t\t\t\t\t<\/div>\n\t\t\t\t<\/div>\n\t\t\t\t<\/div>\n\t\t\t\t<\/div>\n\t\t\t\t<\/div>\n\t\t<\/div>\t\t<\/article>\n\t\t\t\t<article id=\"post-4568\" class=\"elementor-post elementor-grid-item ecs-post-loop swiper-slide post-4568 post type-post status-publish format-standard has-post-thumbnail hentry category-non-classifiee\">\n\t\t<div class=\"ecs-link-wrapper\" data-href=\"https:\/\/www.integra-fragrances.com\/fr\/discover-the-executive-roundtable-event-we-hosted-in-milan\/\"   >\t\t<div data-elementor-type=\"loop\" data-elementor-id=\"4793\" class=\"elementor elementor-4793 elementor-215 post-4568 post type-post status-publish format-standard has-post-thumbnail hentry category-non-classifiee\" data-elementor-post-type=\"elementor_library\">\n\t\t\t<div class=\"elementor-element elementor-element-bfe1998 e-con-full e-flex e-con e-parent\" data-id=\"bfe1998\" data-element_type=\"container\">\n\t\t\t\t<div class=\"elementor-element elementor-element-6aed3ef elementor-widget__width-inherit elementor-widget elementor-widget-image\" data-id=\"6aed3ef\" data-element_type=\"widget\" data-widget_type=\"image.default\">\n\t\t\t\t<div class=\"elementor-widget-container\">\n\t\t\t\t\t\t\t\t\t\t\t\t\t\t\t<img loading=\"lazy\" decoding=\"async\" width=\"2000\" height=\"2000\" src=\"https:\/\/www.integra-fragrances.com\/site\/wp-content\/uploads\/2023\/09\/bof.jpg\" class=\"attachment-full size-full wp-image-4569\" alt=\"\" srcset=\"https:\/\/www.integra-fragrances.com\/site\/wp-content\/uploads\/2023\/09\/bof.jpg 2000w, https:\/\/www.integra-fragrances.com\/site\/wp-content\/uploads\/2023\/09\/bof-300x300.jpg 300w, https:\/\/www.integra-fragrances.com\/site\/wp-content\/uploads\/2023\/09\/bof-1024x1024.jpg 1024w, https:\/\/www.integra-fragrances.com\/site\/wp-content\/uploads\/2023\/09\/bof-150x150.jpg 150w, https:\/\/www.integra-fragrances.com\/site\/wp-content\/uploads\/2023\/09\/bof-768x768.jpg 768w, https:\/\/www.integra-fragrances.com\/site\/wp-content\/uploads\/2023\/09\/bof-1536x1536.jpg 1536w\" sizes=\"(max-width: 2000px) 100vw, 2000px\" \/>\t\t\t\t\t\t\t\t\t\t\t\t\t\t\t<\/div>\n\t\t\t\t<\/div>\n\t\t<div class=\"elementor-element elementor-element-4e5df51 e-con-full e-flex e-con e-child\" data-id=\"4e5df51\" data-element_type=\"container\">\n\t\t\t\t<div class=\"elementor-element elementor-element-9601666 elementor-widget elementor-widget-heading\" data-id=\"9601666\" data-element_type=\"widget\" data-widget_type=\"heading.default\">\n\t\t\t\t<div class=\"elementor-widget-container\">\n\t\t\t\t\t<p class=\"elementor-heading-title elementor-size-default\">23.11.2022<\/p>\t\t\t\t<\/div>\n\t\t\t\t<\/div>\n\t\t\t\t<div class=\"elementor-element elementor-element-b6e8771 elementor-widget__width-auto elementor-widget elementor-widget-heading\" data-id=\"b6e8771\" data-element_type=\"widget\" data-widget_type=\"heading.default\">\n\t\t\t\t<div class=\"elementor-widget-container\">\n\t\t\t\t\t<p class=\"elementor-heading-title elementor-size-default\">D\u00e9couvrez la table ronde que nous avons organis\u00e9e \u00e0 Milan.<\/p>\t\t\t\t<\/div>\n\t\t\t\t<\/div>\n\t\t\t\t<\/div>\n\t\t<div class=\"elementor-element elementor-element-f40d466 e-con-full e-flex e-con e-child\" data-id=\"f40d466\" data-element_type=\"container\">\n\t\t\t\t<div class=\"elementor-element elementor-element-6f05395 elementor-align-left elementor-widget__width-inherit elementor-widget elementor-widget-button\" data-id=\"6f05395\" data-element_type=\"widget\" data-widget_type=\"button.default\">\n\t\t\t\t<div class=\"elementor-widget-container\">\n\t\t\t\t\t\t\t\t\t<div class=\"elementor-button-wrapper\">\n\t\t\t\t\t<a class=\"elementor-button elementor-button-link elementor-size-sm\" href=\"https:\/\/www.integra-fragrances.com\/fr\/discover-the-executive-roundtable-event-we-hosted-in-milan\/\">\n\t\t\t\t\t\t<span class=\"elementor-button-content-wrapper\">\n\t\t\t\t\t\t<span class=\"elementor-button-icon\">\n\t\t\t\t<i aria-hidden=\"true\" class=\"fas fa-angle-right\"><\/i>\t\t\t<\/span>\n\t\t\t\t\t\t\t\t\t<span class=\"elementor-button-text\">D\u00e9couvrir<\/span>\n\t\t\t\t\t<\/span>\n\t\t\t\t\t<\/a>\n\t\t\t\t<\/div>\n\t\t\t\t\t\t\t\t<\/div>\n\t\t\t\t<\/div>\n\t\t\t\t<\/div>\n\t\t\t\t<\/div>\n\t\t\t\t<\/div>\n\t\t<\/div>\t\t<\/article>\n\t\t\t\t<article id=\"post-4586\" class=\"elementor-post elementor-grid-item ecs-post-loop swiper-slide post-4586 post type-post status-publish format-standard has-post-thumbnail hentry category-non-classifiee\">\n\t\t<div class=\"ecs-link-wrapper\" data-href=\"https:\/\/www.integra-fragrances.com\/fr\/serra-san-marco-lidentite-olfactive-du-chef-daniel-canzian\/\"   >\t\t<div data-elementor-type=\"loop\" data-elementor-id=\"4793\" class=\"elementor elementor-4793 elementor-215 post-4586 post type-post status-publish format-standard has-post-thumbnail hentry category-non-classifiee\" data-elementor-post-type=\"elementor_library\">\n\t\t\t<div class=\"elementor-element elementor-element-bfe1998 e-con-full e-flex e-con e-parent\" data-id=\"bfe1998\" data-element_type=\"container\">\n\t\t\t\t<div class=\"elementor-element elementor-element-6aed3ef elementor-widget__width-inherit elementor-widget elementor-widget-image\" data-id=\"6aed3ef\" data-element_type=\"widget\" data-widget_type=\"image.default\">\n\t\t\t\t<div class=\"elementor-widget-container\">\n\t\t\t\t\t\t\t\t\t\t\t\t\t\t\t<img loading=\"lazy\" decoding=\"async\" width=\"675\" height=\"675\" src=\"https:\/\/www.integra-fragrances.com\/site\/wp-content\/uploads\/2023\/09\/danielcanzian-ristorante-copia.webp\" class=\"attachment-full size-full wp-image-4587\" alt=\"\" srcset=\"https:\/\/www.integra-fragrances.com\/site\/wp-content\/uploads\/2023\/09\/danielcanzian-ristorante-copia.webp 675w, https:\/\/www.integra-fragrances.com\/site\/wp-content\/uploads\/2023\/09\/danielcanzian-ristorante-copia-300x300.webp 300w, https:\/\/www.integra-fragrances.com\/site\/wp-content\/uploads\/2023\/09\/danielcanzian-ristorante-copia-150x150.webp 150w\" sizes=\"(max-width: 675px) 100vw, 675px\" \/>\t\t\t\t\t\t\t\t\t\t\t\t\t\t\t<\/div>\n\t\t\t\t<\/div>\n\t\t<div class=\"elementor-element elementor-element-4e5df51 e-con-full e-flex e-con e-child\" data-id=\"4e5df51\" data-element_type=\"container\">\n\t\t\t\t<div class=\"elementor-element elementor-element-9601666 elementor-widget elementor-widget-heading\" data-id=\"9601666\" data-element_type=\"widget\" data-widget_type=\"heading.default\">\n\t\t\t\t<div class=\"elementor-widget-container\">\n\t\t\t\t\t<p class=\"elementor-heading-title elementor-size-default\">07.06.2022<\/p>\t\t\t\t<\/div>\n\t\t\t\t<\/div>\n\t\t\t\t<div class=\"elementor-element elementor-element-b6e8771 elementor-widget__width-auto elementor-widget elementor-widget-heading\" data-id=\"b6e8771\" data-element_type=\"widget\" data-widget_type=\"heading.default\">\n\t\t\t\t<div class=\"elementor-widget-container\">\n\t\t\t\t\t<p class=\"elementor-heading-title elementor-size-default\">\u201cSerra San Marco\u201d, l&#8217;identit\u00e9 olfactive du chef Daniel Canzian.<\/p>\t\t\t\t<\/div>\n\t\t\t\t<\/div>\n\t\t\t\t<\/div>\n\t\t<div class=\"elementor-element elementor-element-f40d466 e-con-full e-flex e-con e-child\" data-id=\"f40d466\" data-element_type=\"container\">\n\t\t\t\t<div class=\"elementor-element elementor-element-6f05395 elementor-align-left elementor-widget__width-inherit elementor-widget elementor-widget-button\" data-id=\"6f05395\" data-element_type=\"widget\" data-widget_type=\"button.default\">\n\t\t\t\t<div class=\"elementor-widget-container\">\n\t\t\t\t\t\t\t\t\t<div class=\"elementor-button-wrapper\">\n\t\t\t\t\t<a class=\"elementor-button elementor-button-link elementor-size-sm\" href=\"https:\/\/www.integra-fragrances.com\/fr\/serra-san-marco-lidentite-olfactive-du-chef-daniel-canzian\/\">\n\t\t\t\t\t\t<span class=\"elementor-button-content-wrapper\">\n\t\t\t\t\t\t<span class=\"elementor-button-icon\">\n\t\t\t\t<i aria-hidden=\"true\" class=\"fas fa-angle-right\"><\/i>\t\t\t<\/span>\n\t\t\t\t\t\t\t\t\t<span class=\"elementor-button-text\">D\u00e9couvrir<\/span>\n\t\t\t\t\t<\/span>\n\t\t\t\t\t<\/a>\n\t\t\t\t<\/div>\n\t\t\t\t\t\t\t\t<\/div>\n\t\t\t\t<\/div>\n\t\t\t\t<\/div>\n\t\t\t\t<\/div>\n\t\t\t\t<\/div>\n\t\t<\/div>\t\t<\/article>\n\t\t\t\t<article id=\"post-4612\" class=\"elementor-post elementor-grid-item ecs-post-loop swiper-slide post-4612 post type-post status-publish format-standard has-post-thumbnail hentry category-non-classifiee\">\n\t\t<div class=\"ecs-link-wrapper\" data-href=\"https:\/\/www.integra-fragrances.com\/fr\/world-retail-congress-2022-et-son-message-olfactif\/\"   >\t\t<div data-elementor-type=\"loop\" data-elementor-id=\"4793\" class=\"elementor elementor-4793 elementor-215 post-4612 post type-post status-publish format-standard has-post-thumbnail hentry category-non-classifiee\" data-elementor-post-type=\"elementor_library\">\n\t\t\t<div class=\"elementor-element elementor-element-bfe1998 e-con-full e-flex e-con e-parent\" data-id=\"bfe1998\" data-element_type=\"container\">\n\t\t\t\t<div class=\"elementor-element elementor-element-6aed3ef elementor-widget__width-inherit elementor-widget elementor-widget-image\" data-id=\"6aed3ef\" data-element_type=\"widget\" data-widget_type=\"image.default\">\n\t\t\t\t<div class=\"elementor-widget-container\">\n\t\t\t\t\t\t\t\t\t\t\t\t\t\t\t<img loading=\"lazy\" decoding=\"async\" width=\"675\" height=\"675\" src=\"https:\/\/www.integra-fragrances.com\/site\/wp-content\/uploads\/2023\/09\/world-retail-congress-2022.webp\" class=\"attachment-full size-full wp-image-4613\" alt=\"\" srcset=\"https:\/\/www.integra-fragrances.com\/site\/wp-content\/uploads\/2023\/09\/world-retail-congress-2022.webp 675w, https:\/\/www.integra-fragrances.com\/site\/wp-content\/uploads\/2023\/09\/world-retail-congress-2022-300x300.webp 300w, https:\/\/www.integra-fragrances.com\/site\/wp-content\/uploads\/2023\/09\/world-retail-congress-2022-150x150.webp 150w\" sizes=\"(max-width: 675px) 100vw, 675px\" \/>\t\t\t\t\t\t\t\t\t\t\t\t\t\t\t<\/div>\n\t\t\t\t<\/div>\n\t\t<div class=\"elementor-element elementor-element-4e5df51 e-con-full e-flex e-con e-child\" data-id=\"4e5df51\" data-element_type=\"container\">\n\t\t\t\t<div class=\"elementor-element elementor-element-9601666 elementor-widget elementor-widget-heading\" data-id=\"9601666\" data-element_type=\"widget\" data-widget_type=\"heading.default\">\n\t\t\t\t<div class=\"elementor-widget-container\">\n\t\t\t\t\t<p class=\"elementor-heading-title elementor-size-default\">04.04.2022<\/p>\t\t\t\t<\/div>\n\t\t\t\t<\/div>\n\t\t\t\t<div class=\"elementor-element elementor-element-b6e8771 elementor-widget__width-auto elementor-widget elementor-widget-heading\" data-id=\"b6e8771\" data-element_type=\"widget\" data-widget_type=\"heading.default\">\n\t\t\t\t<div class=\"elementor-widget-container\">\n\t\t\t\t\t<p class=\"elementor-heading-title elementor-size-default\">World Retail Congress 2022 et son message olfactif.<\/p>\t\t\t\t<\/div>\n\t\t\t\t<\/div>\n\t\t\t\t<\/div>\n\t\t<div class=\"elementor-element elementor-element-f40d466 e-con-full e-flex e-con e-child\" data-id=\"f40d466\" data-element_type=\"container\">\n\t\t\t\t<div class=\"elementor-element elementor-element-6f05395 elementor-align-left elementor-widget__width-inherit elementor-widget elementor-widget-button\" data-id=\"6f05395\" data-element_type=\"widget\" data-widget_type=\"button.default\">\n\t\t\t\t<div class=\"elementor-widget-container\">\n\t\t\t\t\t\t\t\t\t<div class=\"elementor-button-wrapper\">\n\t\t\t\t\t<a class=\"elementor-button elementor-button-link elementor-size-sm\" href=\"https:\/\/www.integra-fragrances.com\/fr\/world-retail-congress-2022-et-son-message-olfactif\/\">\n\t\t\t\t\t\t<span class=\"elementor-button-content-wrapper\">\n\t\t\t\t\t\t<span class=\"elementor-button-icon\">\n\t\t\t\t<i aria-hidden=\"true\" class=\"fas fa-angle-right\"><\/i>\t\t\t<\/span>\n\t\t\t\t\t\t\t\t\t<span class=\"elementor-button-text\">D\u00e9couvrir<\/span>\n\t\t\t\t\t<\/span>\n\t\t\t\t\t<\/a>\n\t\t\t\t<\/div>\n\t\t\t\t\t\t\t\t<\/div>\n\t\t\t\t<\/div>\n\t\t\t\t<\/div>\n\t\t\t\t<\/div>\n\t\t\t\t<\/div>\n\t\t<\/div>\t\t<\/article>\n\t\t\t\t<article id=\"post-4631\" class=\"elementor-post elementor-grid-item ecs-post-loop swiper-slide post-4631 post type-post status-publish format-standard has-post-thumbnail hentry category-non-classifiee\">\n\t\t<div class=\"ecs-link-wrapper\" data-href=\"https:\/\/www.integra-fragrances.com\/fr\/bulgari-allegra-full-domination-parfumee-la-rinascente\/\"   >\t\t<div data-elementor-type=\"loop\" data-elementor-id=\"4793\" class=\"elementor elementor-4793 elementor-215 post-4631 post type-post status-publish format-standard has-post-thumbnail hentry category-non-classifiee\" data-elementor-post-type=\"elementor_library\">\n\t\t\t<div class=\"elementor-element elementor-element-bfe1998 e-con-full e-flex e-con e-parent\" data-id=\"bfe1998\" data-element_type=\"container\">\n\t\t\t\t<div class=\"elementor-element elementor-element-6aed3ef elementor-widget__width-inherit elementor-widget elementor-widget-image\" data-id=\"6aed3ef\" data-element_type=\"widget\" data-widget_type=\"image.default\">\n\t\t\t\t<div class=\"elementor-widget-container\">\n\t\t\t\t\t\t\t\t\t\t\t\t\t\t\t<img loading=\"lazy\" decoding=\"async\" width=\"675\" height=\"675\" src=\"https:\/\/www.integra-fragrances.com\/site\/wp-content\/uploads\/2023\/09\/bulgari-allegra-sitoweb.webp\" class=\"attachment-full size-full wp-image-4632\" alt=\"\" srcset=\"https:\/\/www.integra-fragrances.com\/site\/wp-content\/uploads\/2023\/09\/bulgari-allegra-sitoweb.webp 675w, https:\/\/www.integra-fragrances.com\/site\/wp-content\/uploads\/2023\/09\/bulgari-allegra-sitoweb-300x300.webp 300w, https:\/\/www.integra-fragrances.com\/site\/wp-content\/uploads\/2023\/09\/bulgari-allegra-sitoweb-150x150.webp 150w\" sizes=\"(max-width: 675px) 100vw, 675px\" \/>\t\t\t\t\t\t\t\t\t\t\t\t\t\t\t<\/div>\n\t\t\t\t<\/div>\n\t\t<div class=\"elementor-element elementor-element-4e5df51 e-con-full e-flex e-con e-child\" data-id=\"4e5df51\" data-element_type=\"container\">\n\t\t\t\t<div class=\"elementor-element elementor-element-9601666 elementor-widget elementor-widget-heading\" data-id=\"9601666\" data-element_type=\"widget\" data-widget_type=\"heading.default\">\n\t\t\t\t<div class=\"elementor-widget-container\">\n\t\t\t\t\t<p class=\"elementor-heading-title elementor-size-default\">19.10.2021<\/p>\t\t\t\t<\/div>\n\t\t\t\t<\/div>\n\t\t\t\t<div class=\"elementor-element elementor-element-b6e8771 elementor-widget__width-auto elementor-widget elementor-widget-heading\" data-id=\"b6e8771\" data-element_type=\"widget\" data-widget_type=\"heading.default\">\n\t\t\t\t<div class=\"elementor-widget-container\">\n\t\t\t\t\t<p class=\"elementor-heading-title elementor-size-default\">\u201cBulgari Allegra\u201d full domination (parfum\u00e9e) @La Rinascente.<\/p>\t\t\t\t<\/div>\n\t\t\t\t<\/div>\n\t\t\t\t<\/div>\n\t\t<div class=\"elementor-element elementor-element-f40d466 e-con-full e-flex e-con e-child\" data-id=\"f40d466\" data-element_type=\"container\">\n\t\t\t\t<div class=\"elementor-element elementor-element-6f05395 elementor-align-left elementor-widget__width-inherit elementor-widget elementor-widget-button\" data-id=\"6f05395\" data-element_type=\"widget\" data-widget_type=\"button.default\">\n\t\t\t\t<div class=\"elementor-widget-container\">\n\t\t\t\t\t\t\t\t\t<div class=\"elementor-button-wrapper\">\n\t\t\t\t\t<a class=\"elementor-button elementor-button-link elementor-size-sm\" href=\"https:\/\/www.integra-fragrances.com\/fr\/bulgari-allegra-full-domination-parfumee-la-rinascente\/\">\n\t\t\t\t\t\t<span class=\"elementor-button-content-wrapper\">\n\t\t\t\t\t\t<span class=\"elementor-button-icon\">\n\t\t\t\t<i aria-hidden=\"true\" class=\"fas fa-angle-right\"><\/i>\t\t\t<\/span>\n\t\t\t\t\t\t\t\t\t<span class=\"elementor-button-text\">D\u00e9couvrir<\/span>\n\t\t\t\t\t<\/span>\n\t\t\t\t\t<\/a>\n\t\t\t\t<\/div>\n\t\t\t\t\t\t\t\t<\/div>\n\t\t\t\t<\/div>\n\t\t\t\t<\/div>\n\t\t\t\t<\/div>\n\t\t\t\t<\/div>\n\t\t<\/div>\t\t<\/article>\n\t\t\t\t<article id=\"post-4644\" class=\"elementor-post elementor-grid-item ecs-post-loop swiper-slide post-4644 post type-post status-publish format-standard has-post-thumbnail hentry category-non-classifiee\">\n\t\t<div class=\"ecs-link-wrapper\" data-href=\"https:\/\/www.integra-fragrances.com\/fr\/le-parfum-elli-rini-est-magnetique-comme-son-pianeta\/\"   >\t\t<div data-elementor-type=\"loop\" data-elementor-id=\"4793\" class=\"elementor elementor-4793 elementor-215 post-4644 post type-post status-publish format-standard has-post-thumbnail hentry category-non-classifiee\" data-elementor-post-type=\"elementor_library\">\n\t\t\t<div class=\"elementor-element elementor-element-bfe1998 e-con-full e-flex e-con e-parent\" data-id=\"bfe1998\" data-element_type=\"container\">\n\t\t\t\t<div class=\"elementor-element elementor-element-6aed3ef elementor-widget__width-inherit elementor-widget elementor-widget-image\" data-id=\"6aed3ef\" data-element_type=\"widget\" data-widget_type=\"image.default\">\n\t\t\t\t<div class=\"elementor-widget-container\">\n\t\t\t\t\t\t\t\t\t\t\t\t\t\t\t<img loading=\"lazy\" decoding=\"async\" width=\"675\" height=\"675\" src=\"https:\/\/www.integra-fragrances.com\/site\/wp-content\/uploads\/2023\/09\/pianeta1.webp\" class=\"attachment-full size-full wp-image-4645\" alt=\"\" srcset=\"https:\/\/www.integra-fragrances.com\/site\/wp-content\/uploads\/2023\/09\/pianeta1.webp 675w, https:\/\/www.integra-fragrances.com\/site\/wp-content\/uploads\/2023\/09\/pianeta1-300x300.webp 300w, https:\/\/www.integra-fragrances.com\/site\/wp-content\/uploads\/2023\/09\/pianeta1-150x150.webp 150w\" sizes=\"(max-width: 675px) 100vw, 675px\" \/>\t\t\t\t\t\t\t\t\t\t\t\t\t\t\t<\/div>\n\t\t\t\t<\/div>\n\t\t<div class=\"elementor-element elementor-element-4e5df51 e-con-full e-flex e-con e-child\" data-id=\"4e5df51\" data-element_type=\"container\">\n\t\t\t\t<div class=\"elementor-element elementor-element-9601666 elementor-widget elementor-widget-heading\" data-id=\"9601666\" data-element_type=\"widget\" data-widget_type=\"heading.default\">\n\t\t\t\t<div class=\"elementor-widget-container\">\n\t\t\t\t\t<p class=\"elementor-heading-title elementor-size-default\">20.09.2021<\/p>\t\t\t\t<\/div>\n\t\t\t\t<\/div>\n\t\t\t\t<div class=\"elementor-element elementor-element-b6e8771 elementor-widget__width-auto elementor-widget elementor-widget-heading\" data-id=\"b6e8771\" data-element_type=\"widget\" data-widget_type=\"heading.default\">\n\t\t\t\t<div class=\"elementor-widget-container\">\n\t\t\t\t\t<p class=\"elementor-heading-title elementor-size-default\">Le parfum Elli &amp; Rini est magn\u00e9tique, comme son PIANETA.<\/p>\t\t\t\t<\/div>\n\t\t\t\t<\/div>\n\t\t\t\t<\/div>\n\t\t<div class=\"elementor-element elementor-element-f40d466 e-con-full e-flex e-con e-child\" data-id=\"f40d466\" data-element_type=\"container\">\n\t\t\t\t<div class=\"elementor-element elementor-element-6f05395 elementor-align-left elementor-widget__width-inherit elementor-widget elementor-widget-button\" data-id=\"6f05395\" data-element_type=\"widget\" data-widget_type=\"button.default\">\n\t\t\t\t<div class=\"elementor-widget-container\">\n\t\t\t\t\t\t\t\t\t<div class=\"elementor-button-wrapper\">\n\t\t\t\t\t<a class=\"elementor-button elementor-button-link elementor-size-sm\" href=\"https:\/\/www.integra-fragrances.com\/fr\/le-parfum-elli-rini-est-magnetique-comme-son-pianeta\/\">\n\t\t\t\t\t\t<span class=\"elementor-button-content-wrapper\">\n\t\t\t\t\t\t<span class=\"elementor-button-icon\">\n\t\t\t\t<i aria-hidden=\"true\" class=\"fas fa-angle-right\"><\/i>\t\t\t<\/span>\n\t\t\t\t\t\t\t\t\t<span class=\"elementor-button-text\">D\u00e9couvrir<\/span>\n\t\t\t\t\t<\/span>\n\t\t\t\t\t<\/a>\n\t\t\t\t<\/div>\n\t\t\t\t\t\t\t\t<\/div>\n\t\t\t\t<\/div>\n\t\t\t\t<\/div>\n\t\t\t\t<\/div>\n\t\t\t\t<\/div>\n\t\t<\/div>\t\t<\/article>\n\t\t\t\t<article id=\"post-4659\" class=\"elementor-post elementor-grid-item ecs-post-loop swiper-slide post-4659 post type-post status-publish format-standard has-post-thumbnail hentry category-non-classifiee\">\n\t\t<div class=\"ecs-link-wrapper\" data-href=\"https:\/\/www.integra-fragrances.com\/fr\/elixir-de-soie-lessence-de-genny\/\"   >\t\t<div data-elementor-type=\"loop\" data-elementor-id=\"4793\" class=\"elementor elementor-4793 elementor-215 post-4659 post type-post status-publish format-standard has-post-thumbnail hentry category-non-classifiee\" data-elementor-post-type=\"elementor_library\">\n\t\t\t<div class=\"elementor-element elementor-element-bfe1998 e-con-full e-flex e-con e-parent\" data-id=\"bfe1998\" data-element_type=\"container\">\n\t\t\t\t<div class=\"elementor-element elementor-element-6aed3ef elementor-widget__width-inherit elementor-widget elementor-widget-image\" data-id=\"6aed3ef\" data-element_type=\"widget\" data-widget_type=\"image.default\">\n\t\t\t\t<div class=\"elementor-widget-container\">\n\t\t\t\t\t\t\t\t\t\t\t\t\t\t\t<img loading=\"lazy\" decoding=\"async\" width=\"657\" height=\"657\" src=\"https:\/\/www.integra-fragrances.com\/site\/wp-content\/uploads\/2023\/09\/genny_elixir-de-soie.webp\" class=\"attachment-full size-full wp-image-4660\" alt=\"\" srcset=\"https:\/\/www.integra-fragrances.com\/site\/wp-content\/uploads\/2023\/09\/genny_elixir-de-soie.webp 657w, https:\/\/www.integra-fragrances.com\/site\/wp-content\/uploads\/2023\/09\/genny_elixir-de-soie-300x300.webp 300w, https:\/\/www.integra-fragrances.com\/site\/wp-content\/uploads\/2023\/09\/genny_elixir-de-soie-150x150.webp 150w\" sizes=\"(max-width: 657px) 100vw, 657px\" \/>\t\t\t\t\t\t\t\t\t\t\t\t\t\t\t<\/div>\n\t\t\t\t<\/div>\n\t\t<div class=\"elementor-element elementor-element-4e5df51 e-con-full e-flex e-con e-child\" data-id=\"4e5df51\" data-element_type=\"container\">\n\t\t\t\t<div class=\"elementor-element elementor-element-9601666 elementor-widget elementor-widget-heading\" data-id=\"9601666\" data-element_type=\"widget\" data-widget_type=\"heading.default\">\n\t\t\t\t<div class=\"elementor-widget-container\">\n\t\t\t\t\t<p class=\"elementor-heading-title elementor-size-default\">08.10.2020<\/p>\t\t\t\t<\/div>\n\t\t\t\t<\/div>\n\t\t\t\t<div class=\"elementor-element elementor-element-b6e8771 elementor-widget__width-auto elementor-widget elementor-widget-heading\" data-id=\"b6e8771\" data-element_type=\"widget\" data-widget_type=\"heading.default\">\n\t\t\t\t<div class=\"elementor-widget-container\">\n\t\t\t\t\t<p class=\"elementor-heading-title elementor-size-default\">\u201cElixir de Soie\u201d, l&#8217;essence de Genny.<\/p>\t\t\t\t<\/div>\n\t\t\t\t<\/div>\n\t\t\t\t<\/div>\n\t\t<div class=\"elementor-element elementor-element-f40d466 e-con-full e-flex e-con e-child\" data-id=\"f40d466\" data-element_type=\"container\">\n\t\t\t\t<div class=\"elementor-element elementor-element-6f05395 elementor-align-left elementor-widget__width-inherit elementor-widget elementor-widget-button\" data-id=\"6f05395\" data-element_type=\"widget\" data-widget_type=\"button.default\">\n\t\t\t\t<div class=\"elementor-widget-container\">\n\t\t\t\t\t\t\t\t\t<div class=\"elementor-button-wrapper\">\n\t\t\t\t\t<a class=\"elementor-button elementor-button-link elementor-size-sm\" href=\"https:\/\/www.integra-fragrances.com\/fr\/elixir-de-soie-lessence-de-genny\/\">\n\t\t\t\t\t\t<span class=\"elementor-button-content-wrapper\">\n\t\t\t\t\t\t<span class=\"elementor-button-icon\">\n\t\t\t\t<i aria-hidden=\"true\" class=\"fas fa-angle-right\"><\/i>\t\t\t<\/span>\n\t\t\t\t\t\t\t\t\t<span class=\"elementor-button-text\">D\u00e9couvrir<\/span>\n\t\t\t\t\t<\/span>\n\t\t\t\t\t<\/a>\n\t\t\t\t<\/div>\n\t\t\t\t\t\t\t\t<\/div>\n\t\t\t\t<\/div>\n\t\t\t\t<\/div>\n\t\t\t\t<\/div>\n\t\t\t\t<\/div>\n\t\t<\/div>\t\t<\/article>\n\t\t\t\t<article id=\"post-4686\" class=\"elementor-post elementor-grid-item ecs-post-loop swiper-slide post-4686 post type-post status-publish format-standard has-post-thumbnail hentry category-non-classifiee\">\n\t\t<div class=\"ecs-link-wrapper\" data-href=\"https:\/\/www.integra-fragrances.com\/fr\/un-don-spontane-contre-lurgence-covid-19\/\"   >\t\t<div data-elementor-type=\"loop\" data-elementor-id=\"4793\" class=\"elementor elementor-4793 elementor-215 post-4686 post type-post status-publish format-standard has-post-thumbnail hentry category-non-classifiee\" data-elementor-post-type=\"elementor_library\">\n\t\t\t<div class=\"elementor-element elementor-element-bfe1998 e-con-full e-flex e-con e-parent\" data-id=\"bfe1998\" data-element_type=\"container\">\n\t\t\t\t<div class=\"elementor-element elementor-element-6aed3ef elementor-widget__width-inherit elementor-widget elementor-widget-image\" data-id=\"6aed3ef\" data-element_type=\"widget\" data-widget_type=\"image.default\">\n\t\t\t\t<div class=\"elementor-widget-container\">\n\t\t\t\t\t\t\t\t\t\t\t\t\t\t\t<img loading=\"lazy\" decoding=\"async\" width=\"675\" height=\"675\" src=\"https:\/\/www.integra-fragrances.com\/site\/wp-content\/uploads\/2023\/09\/unindustria_uniti_contro_il_virus.webp\" class=\"attachment-full size-full wp-image-4687\" alt=\"\" srcset=\"https:\/\/www.integra-fragrances.com\/site\/wp-content\/uploads\/2023\/09\/unindustria_uniti_contro_il_virus.webp 675w, https:\/\/www.integra-fragrances.com\/site\/wp-content\/uploads\/2023\/09\/unindustria_uniti_contro_il_virus-300x300.webp 300w, https:\/\/www.integra-fragrances.com\/site\/wp-content\/uploads\/2023\/09\/unindustria_uniti_contro_il_virus-150x150.webp 150w\" sizes=\"(max-width: 675px) 100vw, 675px\" \/>\t\t\t\t\t\t\t\t\t\t\t\t\t\t\t<\/div>\n\t\t\t\t<\/div>\n\t\t<div class=\"elementor-element elementor-element-4e5df51 e-con-full e-flex e-con e-child\" data-id=\"4e5df51\" data-element_type=\"container\">\n\t\t\t\t<div class=\"elementor-element elementor-element-9601666 elementor-widget elementor-widget-heading\" data-id=\"9601666\" data-element_type=\"widget\" data-widget_type=\"heading.default\">\n\t\t\t\t<div class=\"elementor-widget-container\">\n\t\t\t\t\t<p class=\"elementor-heading-title elementor-size-default\">07.04.2020<\/p>\t\t\t\t<\/div>\n\t\t\t\t<\/div>\n\t\t\t\t<div class=\"elementor-element elementor-element-b6e8771 elementor-widget__width-auto elementor-widget elementor-widget-heading\" data-id=\"b6e8771\" data-element_type=\"widget\" data-widget_type=\"heading.default\">\n\t\t\t\t<div class=\"elementor-widget-container\">\n\t\t\t\t\t<p class=\"elementor-heading-title elementor-size-default\">Un don spontan\u00e9 contre l&#8217;urgence Covid-19.<\/p>\t\t\t\t<\/div>\n\t\t\t\t<\/div>\n\t\t\t\t<\/div>\n\t\t<div class=\"elementor-element elementor-element-f40d466 e-con-full e-flex e-con e-child\" data-id=\"f40d466\" data-element_type=\"container\">\n\t\t\t\t<div class=\"elementor-element elementor-element-6f05395 elementor-align-left elementor-widget__width-inherit elementor-widget elementor-widget-button\" data-id=\"6f05395\" data-element_type=\"widget\" data-widget_type=\"button.default\">\n\t\t\t\t<div class=\"elementor-widget-container\">\n\t\t\t\t\t\t\t\t\t<div class=\"elementor-button-wrapper\">\n\t\t\t\t\t<a class=\"elementor-button elementor-button-link elementor-size-sm\" href=\"https:\/\/www.integra-fragrances.com\/fr\/un-don-spontane-contre-lurgence-covid-19\/\">\n\t\t\t\t\t\t<span class=\"elementor-button-content-wrapper\">\n\t\t\t\t\t\t<span class=\"elementor-button-icon\">\n\t\t\t\t<i aria-hidden=\"true\" class=\"fas fa-angle-right\"><\/i>\t\t\t<\/span>\n\t\t\t\t\t\t\t\t\t<span class=\"elementor-button-text\">D\u00e9couvrir<\/span>\n\t\t\t\t\t<\/span>\n\t\t\t\t\t<\/a>\n\t\t\t\t<\/div>\n\t\t\t\t\t\t\t\t<\/div>\n\t\t\t\t<\/div>\n\t\t\t\t<\/div>\n\t\t\t\t<\/div>\n\t\t\t\t<\/div>\n\t\t<\/div>\t\t<\/article>\n\t\t\t\t<article id=\"post-4710\" class=\"elementor-post elementor-grid-item ecs-post-loop swiper-slide post-4710 post type-post status-publish format-standard has-post-thumbnail hentry category-non-classifiee\">\n\t\t<div class=\"ecs-link-wrapper\" data-href=\"https:\/\/www.integra-fragrances.com\/fr\/zuma-rome-une-vue-a-couper-le-souffle\/\"   >\t\t<div data-elementor-type=\"loop\" data-elementor-id=\"4793\" class=\"elementor elementor-4793 elementor-215 post-4710 post type-post status-publish format-standard has-post-thumbnail hentry category-non-classifiee\" data-elementor-post-type=\"elementor_library\">\n\t\t\t<div class=\"elementor-element elementor-element-bfe1998 e-con-full e-flex e-con e-parent\" data-id=\"bfe1998\" data-element_type=\"container\">\n\t\t\t\t<div class=\"elementor-element elementor-element-6aed3ef elementor-widget__width-inherit elementor-widget elementor-widget-image\" data-id=\"6aed3ef\" data-element_type=\"widget\" data-widget_type=\"image.default\">\n\t\t\t\t<div class=\"elementor-widget-container\">\n\t\t\t\t\t\t\t\t\t\t\t\t\t\t\t<img loading=\"lazy\" decoding=\"async\" width=\"675\" height=\"675\" src=\"https:\/\/www.integra-fragrances.com\/site\/wp-content\/uploads\/2020\/01\/zuma-rome-palazzo-fendi.webp\" class=\"attachment-full size-full wp-image-4712\" alt=\"\" srcset=\"https:\/\/www.integra-fragrances.com\/site\/wp-content\/uploads\/2020\/01\/zuma-rome-palazzo-fendi.webp 675w, https:\/\/www.integra-fragrances.com\/site\/wp-content\/uploads\/2020\/01\/zuma-rome-palazzo-fendi-300x300.webp 300w, https:\/\/www.integra-fragrances.com\/site\/wp-content\/uploads\/2020\/01\/zuma-rome-palazzo-fendi-150x150.webp 150w\" sizes=\"(max-width: 675px) 100vw, 675px\" \/>\t\t\t\t\t\t\t\t\t\t\t\t\t\t\t<\/div>\n\t\t\t\t<\/div>\n\t\t<div class=\"elementor-element elementor-element-4e5df51 e-con-full e-flex e-con e-child\" data-id=\"4e5df51\" data-element_type=\"container\">\n\t\t\t\t<div class=\"elementor-element elementor-element-9601666 elementor-widget elementor-widget-heading\" data-id=\"9601666\" data-element_type=\"widget\" data-widget_type=\"heading.default\">\n\t\t\t\t<div class=\"elementor-widget-container\">\n\t\t\t\t\t<p class=\"elementor-heading-title elementor-size-default\">20.01.2020<\/p>\t\t\t\t<\/div>\n\t\t\t\t<\/div>\n\t\t\t\t<div class=\"elementor-element elementor-element-b6e8771 elementor-widget__width-auto elementor-widget elementor-widget-heading\" data-id=\"b6e8771\" data-element_type=\"widget\" data-widget_type=\"heading.default\">\n\t\t\t\t<div class=\"elementor-widget-container\">\n\t\t\t\t\t<p class=\"elementor-heading-title elementor-size-default\">Zuma Rome: une vue \u00e0 couper le souffle.<\/p>\t\t\t\t<\/div>\n\t\t\t\t<\/div>\n\t\t\t\t<\/div>\n\t\t<div class=\"elementor-element elementor-element-f40d466 e-con-full e-flex e-con e-child\" data-id=\"f40d466\" data-element_type=\"container\">\n\t\t\t\t<div class=\"elementor-element elementor-element-6f05395 elementor-align-left elementor-widget__width-inherit elementor-widget elementor-widget-button\" data-id=\"6f05395\" data-element_type=\"widget\" data-widget_type=\"button.default\">\n\t\t\t\t<div class=\"elementor-widget-container\">\n\t\t\t\t\t\t\t\t\t<div class=\"elementor-button-wrapper\">\n\t\t\t\t\t<a class=\"elementor-button elementor-button-link elementor-size-sm\" href=\"https:\/\/www.integra-fragrances.com\/fr\/zuma-rome-une-vue-a-couper-le-souffle\/\">\n\t\t\t\t\t\t<span class=\"elementor-button-content-wrapper\">\n\t\t\t\t\t\t<span class=\"elementor-button-icon\">\n\t\t\t\t<i aria-hidden=\"true\" class=\"fas fa-angle-right\"><\/i>\t\t\t<\/span>\n\t\t\t\t\t\t\t\t\t<span class=\"elementor-button-text\">D\u00e9couvrir<\/span>\n\t\t\t\t\t<\/span>\n\t\t\t\t\t<\/a>\n\t\t\t\t<\/div>\n\t\t\t\t\t\t\t\t<\/div>\n\t\t\t\t<\/div>\n\t\t\t\t<\/div>\n\t\t\t\t<\/div>\n\t\t\t\t<\/div>\n\t\t<\/div>\t\t<\/article>\n\t\t\t\t<article id=\"post-4737\" class=\"elementor-post elementor-grid-item ecs-post-loop swiper-slide post-4737 post type-post status-publish format-standard has-post-thumbnail hentry category-non-classifiee\">\n\t\t<div class=\"ecs-link-wrapper\" data-href=\"https:\/\/www.integra-fragrances.com\/fr\/here-by-aw-lab\/\"   >\t\t<div data-elementor-type=\"loop\" data-elementor-id=\"4793\" class=\"elementor elementor-4793 elementor-215 post-4737 post type-post status-publish format-standard has-post-thumbnail hentry category-non-classifiee\" data-elementor-post-type=\"elementor_library\">\n\t\t\t<div class=\"elementor-element elementor-element-bfe1998 e-con-full e-flex e-con e-parent\" data-id=\"bfe1998\" data-element_type=\"container\">\n\t\t\t\t<div class=\"elementor-element elementor-element-6aed3ef elementor-widget__width-inherit elementor-widget elementor-widget-image\" data-id=\"6aed3ef\" data-element_type=\"widget\" data-widget_type=\"image.default\">\n\t\t\t\t<div class=\"elementor-widget-container\">\n\t\t\t\t\t\t\t\t\t\t\t\t\t\t\t<img loading=\"lazy\" decoding=\"async\" width=\"675\" height=\"675\" src=\"https:\/\/www.integra-fragrances.com\/site\/wp-content\/uploads\/2023\/09\/here-aw-lab-milano.webp\" class=\"attachment-full size-full wp-image-4738\" alt=\"\" srcset=\"https:\/\/www.integra-fragrances.com\/site\/wp-content\/uploads\/2023\/09\/here-aw-lab-milano.webp 675w, https:\/\/www.integra-fragrances.com\/site\/wp-content\/uploads\/2023\/09\/here-aw-lab-milano-300x300.webp 300w, https:\/\/www.integra-fragrances.com\/site\/wp-content\/uploads\/2023\/09\/here-aw-lab-milano-150x150.webp 150w\" sizes=\"(max-width: 675px) 100vw, 675px\" \/>\t\t\t\t\t\t\t\t\t\t\t\t\t\t\t<\/div>\n\t\t\t\t<\/div>\n\t\t<div class=\"elementor-element elementor-element-4e5df51 e-con-full e-flex e-con e-child\" data-id=\"4e5df51\" data-element_type=\"container\">\n\t\t\t\t<div class=\"elementor-element elementor-element-9601666 elementor-widget elementor-widget-heading\" data-id=\"9601666\" data-element_type=\"widget\" data-widget_type=\"heading.default\">\n\t\t\t\t<div class=\"elementor-widget-container\">\n\t\t\t\t\t<p class=\"elementor-heading-title elementor-size-default\">20.12.2019<\/p>\t\t\t\t<\/div>\n\t\t\t\t<\/div>\n\t\t\t\t<div class=\"elementor-element elementor-element-b6e8771 elementor-widget__width-auto elementor-widget elementor-widget-heading\" data-id=\"b6e8771\" data-element_type=\"widget\" data-widget_type=\"heading.default\">\n\t\t\t\t<div class=\"elementor-widget-container\">\n\t\t\t\t\t<p class=\"elementor-heading-title elementor-size-default\">HERE by AW-LAB.<\/p>\t\t\t\t<\/div>\n\t\t\t\t<\/div>\n\t\t\t\t<\/div>\n\t\t<div class=\"elementor-element elementor-element-f40d466 e-con-full e-flex e-con e-child\" data-id=\"f40d466\" data-element_type=\"container\">\n\t\t\t\t<div class=\"elementor-element elementor-element-6f05395 elementor-align-left elementor-widget__width-inherit elementor-widget elementor-widget-button\" data-id=\"6f05395\" data-element_type=\"widget\" data-widget_type=\"button.default\">\n\t\t\t\t<div class=\"elementor-widget-container\">\n\t\t\t\t\t\t\t\t\t<div class=\"elementor-button-wrapper\">\n\t\t\t\t\t<a class=\"elementor-button elementor-button-link elementor-size-sm\" href=\"https:\/\/www.integra-fragrances.com\/fr\/here-by-aw-lab\/\">\n\t\t\t\t\t\t<span class=\"elementor-button-content-wrapper\">\n\t\t\t\t\t\t<span class=\"elementor-button-icon\">\n\t\t\t\t<i aria-hidden=\"true\" class=\"fas fa-angle-right\"><\/i>\t\t\t<\/span>\n\t\t\t\t\t\t\t\t\t<span class=\"elementor-button-text\">D\u00e9couvrir<\/span>\n\t\t\t\t\t<\/span>\n\t\t\t\t\t<\/a>\n\t\t\t\t<\/div>\n\t\t\t\t\t\t\t\t<\/div>\n\t\t\t\t<\/div>\n\t\t\t\t<\/div>\n\t\t\t\t<\/div>\n\t\t\t\t<\/div>\n\t\t<\/div>\t\t<\/article>\n\t\t\t\t<article id=\"post-4764\" class=\"elementor-post elementor-grid-item ecs-post-loop swiper-slide post-4764 post type-post status-publish format-standard has-post-thumbnail hentry category-non-classifiee\">\n\t\t<div class=\"ecs-link-wrapper\" data-href=\"https:\/\/www.integra-fragrances.com\/fr\/lhistoire-le-reve-bvlgari\/\"   >\t\t<div data-elementor-type=\"loop\" data-elementor-id=\"4793\" class=\"elementor elementor-4793 elementor-215 post-4764 post type-post status-publish format-standard has-post-thumbnail hentry category-non-classifiee\" data-elementor-post-type=\"elementor_library\">\n\t\t\t<div class=\"elementor-element elementor-element-bfe1998 e-con-full e-flex e-con e-parent\" data-id=\"bfe1998\" data-element_type=\"container\">\n\t\t\t\t<div class=\"elementor-element elementor-element-6aed3ef elementor-widget__width-inherit elementor-widget elementor-widget-image\" data-id=\"6aed3ef\" data-element_type=\"widget\" data-widget_type=\"image.default\">\n\t\t\t\t<div class=\"elementor-widget-container\">\n\t\t\t\t\t\t\t\t\t\t\t\t\t\t\t<img loading=\"lazy\" decoding=\"async\" width=\"657\" height=\"657\" src=\"https:\/\/www.integra-fragrances.com\/site\/wp-content\/uploads\/2023\/09\/bulgari-la-storia-il-sogno-2.webp\" class=\"attachment-full size-full wp-image-4765\" alt=\"\" srcset=\"https:\/\/www.integra-fragrances.com\/site\/wp-content\/uploads\/2023\/09\/bulgari-la-storia-il-sogno-2.webp 657w, https:\/\/www.integra-fragrances.com\/site\/wp-content\/uploads\/2023\/09\/bulgari-la-storia-il-sogno-2-300x300.webp 300w, https:\/\/www.integra-fragrances.com\/site\/wp-content\/uploads\/2023\/09\/bulgari-la-storia-il-sogno-2-150x150.webp 150w\" sizes=\"(max-width: 657px) 100vw, 657px\" \/>\t\t\t\t\t\t\t\t\t\t\t\t\t\t\t<\/div>\n\t\t\t\t<\/div>\n\t\t<div class=\"elementor-element elementor-element-4e5df51 e-con-full e-flex e-con e-child\" data-id=\"4e5df51\" data-element_type=\"container\">\n\t\t\t\t<div class=\"elementor-element elementor-element-9601666 elementor-widget elementor-widget-heading\" data-id=\"9601666\" data-element_type=\"widget\" data-widget_type=\"heading.default\">\n\t\t\t\t<div class=\"elementor-widget-container\">\n\t\t\t\t\t<p class=\"elementor-heading-title elementor-size-default\">25.06.2019<\/p>\t\t\t\t<\/div>\n\t\t\t\t<\/div>\n\t\t\t\t<div class=\"elementor-element elementor-element-b6e8771 elementor-widget__width-auto elementor-widget elementor-widget-heading\" data-id=\"b6e8771\" data-element_type=\"widget\" data-widget_type=\"heading.default\">\n\t\t\t\t<div class=\"elementor-widget-container\">\n\t\t\t\t\t<p class=\"elementor-heading-title elementor-size-default\">L&#8217;Histoire, Le R\u00eave. #bvlgari.<\/p>\t\t\t\t<\/div>\n\t\t\t\t<\/div>\n\t\t\t\t<\/div>\n\t\t<div class=\"elementor-element elementor-element-f40d466 e-con-full e-flex e-con e-child\" data-id=\"f40d466\" data-element_type=\"container\">\n\t\t\t\t<div class=\"elementor-element elementor-element-6f05395 elementor-align-left elementor-widget__width-inherit elementor-widget elementor-widget-button\" data-id=\"6f05395\" data-element_type=\"widget\" data-widget_type=\"button.default\">\n\t\t\t\t<div class=\"elementor-widget-container\">\n\t\t\t\t\t\t\t\t\t<div class=\"elementor-button-wrapper\">\n\t\t\t\t\t<a class=\"elementor-button elementor-button-link elementor-size-sm\" href=\"https:\/\/www.integra-fragrances.com\/fr\/lhistoire-le-reve-bvlgari\/\">\n\t\t\t\t\t\t<span class=\"elementor-button-content-wrapper\">\n\t\t\t\t\t\t<span class=\"elementor-button-icon\">\n\t\t\t\t<i aria-hidden=\"true\" class=\"fas fa-angle-right\"><\/i>\t\t\t<\/span>\n\t\t\t\t\t\t\t\t\t<span class=\"elementor-button-text\">D\u00e9couvrir<\/span>\n\t\t\t\t\t<\/span>\n\t\t\t\t\t<\/a>\n\t\t\t\t<\/div>\n\t\t\t\t\t\t\t\t<\/div>\n\t\t\t\t<\/div>\n\t\t\t\t<\/div>\n\t\t\t\t<\/div>\n\t\t\t\t<\/div>\n\t\t<\/div>\t\t<\/article>\n\t\t\t\t<article id=\"post-4777\" class=\"elementor-post elementor-grid-item ecs-post-loop swiper-slide post-4777 post type-post status-publish format-standard has-post-thumbnail hentry category-non-classifiee\">\n\t\t<div class=\"ecs-link-wrapper\" data-href=\"https:\/\/www.integra-fragrances.com\/fr\/bvlgari-cinemagia-capri\/\"   >\t\t<div data-elementor-type=\"loop\" data-elementor-id=\"4793\" class=\"elementor elementor-4793 elementor-215 post-4777 post type-post status-publish format-standard has-post-thumbnail hentry category-non-classifiee\" data-elementor-post-type=\"elementor_library\">\n\t\t\t<div class=\"elementor-element elementor-element-bfe1998 e-con-full e-flex e-con e-parent\" data-id=\"bfe1998\" data-element_type=\"container\">\n\t\t\t\t<div class=\"elementor-element elementor-element-6aed3ef elementor-widget__width-inherit elementor-widget elementor-widget-image\" data-id=\"6aed3ef\" data-element_type=\"widget\" data-widget_type=\"image.default\">\n\t\t\t\t<div class=\"elementor-widget-container\">\n\t\t\t\t\t\t\t\t\t\t\t\t\t\t\t<img loading=\"lazy\" decoding=\"async\" width=\"675\" height=\"675\" src=\"https:\/\/www.integra-fragrances.com\/site\/wp-content\/uploads\/2019\/06\/bulgari-cinemagia-capri-june-2019-copia.webp\" class=\"attachment-full size-full wp-image-4778\" alt=\"\" srcset=\"https:\/\/www.integra-fragrances.com\/site\/wp-content\/uploads\/2019\/06\/bulgari-cinemagia-capri-june-2019-copia.webp 675w, https:\/\/www.integra-fragrances.com\/site\/wp-content\/uploads\/2019\/06\/bulgari-cinemagia-capri-june-2019-copia-300x300.webp 300w, https:\/\/www.integra-fragrances.com\/site\/wp-content\/uploads\/2019\/06\/bulgari-cinemagia-capri-june-2019-copia-150x150.webp 150w\" sizes=\"(max-width: 675px) 100vw, 675px\" \/>\t\t\t\t\t\t\t\t\t\t\t\t\t\t\t<\/div>\n\t\t\t\t<\/div>\n\t\t<div class=\"elementor-element elementor-element-4e5df51 e-con-full e-flex e-con e-child\" data-id=\"4e5df51\" data-element_type=\"container\">\n\t\t\t\t<div class=\"elementor-element elementor-element-9601666 elementor-widget elementor-widget-heading\" data-id=\"9601666\" data-element_type=\"widget\" data-widget_type=\"heading.default\">\n\t\t\t\t<div class=\"elementor-widget-container\">\n\t\t\t\t\t<p class=\"elementor-heading-title elementor-size-default\">11.06.2019<\/p>\t\t\t\t<\/div>\n\t\t\t\t<\/div>\n\t\t\t\t<div class=\"elementor-element elementor-element-b6e8771 elementor-widget__width-auto elementor-widget elementor-widget-heading\" data-id=\"b6e8771\" data-element_type=\"widget\" data-widget_type=\"heading.default\">\n\t\t\t\t<div class=\"elementor-widget-container\">\n\t\t\t\t\t<p class=\"elementor-heading-title elementor-size-default\">BVLGARI Cinemagia Capri.<\/p>\t\t\t\t<\/div>\n\t\t\t\t<\/div>\n\t\t\t\t<\/div>\n\t\t<div class=\"elementor-element elementor-element-f40d466 e-con-full e-flex e-con e-child\" data-id=\"f40d466\" data-element_type=\"container\">\n\t\t\t\t<div class=\"elementor-element elementor-element-6f05395 elementor-align-left elementor-widget__width-inherit elementor-widget elementor-widget-button\" data-id=\"6f05395\" data-element_type=\"widget\" data-widget_type=\"button.default\">\n\t\t\t\t<div class=\"elementor-widget-container\">\n\t\t\t\t\t\t\t\t\t<div class=\"elementor-button-wrapper\">\n\t\t\t\t\t<a class=\"elementor-button elementor-button-link elementor-size-sm\" href=\"https:\/\/www.integra-fragrances.com\/fr\/bvlgari-cinemagia-capri\/\">\n\t\t\t\t\t\t<span class=\"elementor-button-content-wrapper\">\n\t\t\t\t\t\t<span class=\"elementor-button-icon\">\n\t\t\t\t<i aria-hidden=\"true\" class=\"fas fa-angle-right\"><\/i>\t\t\t<\/span>\n\t\t\t\t\t\t\t\t\t<span class=\"elementor-button-text\">D\u00e9couvrir<\/span>\n\t\t\t\t\t<\/span>\n\t\t\t\t\t<\/a>\n\t\t\t\t<\/div>\n\t\t\t\t\t\t\t\t<\/div>\n\t\t\t\t<\/div>\n\t\t\t\t<\/div>\n\t\t\t\t<\/div>\n\t\t\t\t<\/div>\n\t\t<\/div>\t\t<\/article>\n\t\t\t\t<article id=\"post-4809\" class=\"elementor-post elementor-grid-item ecs-post-loop swiper-slide post-4809 post type-post status-publish format-standard has-post-thumbnail hentry category-non-classifiee\">\n\t\t<div class=\"ecs-link-wrapper\" data-href=\"https:\/\/www.integra-fragrances.com\/fr\/bulgari-serpentiform-revient-a-chengdu\/\"   >\t\t<div data-elementor-type=\"loop\" data-elementor-id=\"4793\" class=\"elementor elementor-4793 elementor-215 post-4809 post type-post status-publish format-standard has-post-thumbnail hentry category-non-classifiee\" data-elementor-post-type=\"elementor_library\">\n\t\t\t<div class=\"elementor-element elementor-element-bfe1998 e-con-full e-flex e-con e-parent\" data-id=\"bfe1998\" data-element_type=\"container\">\n\t\t\t\t<div class=\"elementor-element elementor-element-6aed3ef elementor-widget__width-inherit elementor-widget elementor-widget-image\" data-id=\"6aed3ef\" data-element_type=\"widget\" data-widget_type=\"image.default\">\n\t\t\t\t<div class=\"elementor-widget-container\">\n\t\t\t\t\t\t\t\t\t\t\t\t\t\t\t<img loading=\"lazy\" decoding=\"async\" width=\"675\" height=\"675\" src=\"https:\/\/www.integra-fragrances.com\/site\/wp-content\/uploads\/2023\/09\/chengdu-museum-serpentiform-exhibition-bulgari-copia.webp\" class=\"attachment-full size-full wp-image-4810\" alt=\"\" srcset=\"https:\/\/www.integra-fragrances.com\/site\/wp-content\/uploads\/2023\/09\/chengdu-museum-serpentiform-exhibition-bulgari-copia.webp 675w, https:\/\/www.integra-fragrances.com\/site\/wp-content\/uploads\/2023\/09\/chengdu-museum-serpentiform-exhibition-bulgari-copia-300x300.webp 300w, https:\/\/www.integra-fragrances.com\/site\/wp-content\/uploads\/2023\/09\/chengdu-museum-serpentiform-exhibition-bulgari-copia-150x150.webp 150w\" sizes=\"(max-width: 675px) 100vw, 675px\" \/>\t\t\t\t\t\t\t\t\t\t\t\t\t\t\t<\/div>\n\t\t\t\t<\/div>\n\t\t<div class=\"elementor-element elementor-element-4e5df51 e-con-full e-flex e-con e-child\" data-id=\"4e5df51\" data-element_type=\"container\">\n\t\t\t\t<div class=\"elementor-element elementor-element-9601666 elementor-widget elementor-widget-heading\" data-id=\"9601666\" data-element_type=\"widget\" data-widget_type=\"heading.default\">\n\t\t\t\t<div class=\"elementor-widget-container\">\n\t\t\t\t\t<p class=\"elementor-heading-title elementor-size-default\">30.04.2019<\/p>\t\t\t\t<\/div>\n\t\t\t\t<\/div>\n\t\t\t\t<div class=\"elementor-element elementor-element-b6e8771 elementor-widget__width-auto elementor-widget elementor-widget-heading\" data-id=\"b6e8771\" data-element_type=\"widget\" data-widget_type=\"heading.default\">\n\t\t\t\t<div class=\"elementor-widget-container\">\n\t\t\t\t\t<p class=\"elementor-heading-title elementor-size-default\">Bulgari SerpentiForm revient \u00e0 Chengdu!<\/p>\t\t\t\t<\/div>\n\t\t\t\t<\/div>\n\t\t\t\t<\/div>\n\t\t<div class=\"elementor-element elementor-element-f40d466 e-con-full e-flex e-con e-child\" data-id=\"f40d466\" data-element_type=\"container\">\n\t\t\t\t<div class=\"elementor-element elementor-element-6f05395 elementor-align-left elementor-widget__width-inherit elementor-widget elementor-widget-button\" data-id=\"6f05395\" data-element_type=\"widget\" data-widget_type=\"button.default\">\n\t\t\t\t<div class=\"elementor-widget-container\">\n\t\t\t\t\t\t\t\t\t<div class=\"elementor-button-wrapper\">\n\t\t\t\t\t<a class=\"elementor-button elementor-button-link elementor-size-sm\" href=\"https:\/\/www.integra-fragrances.com\/fr\/bulgari-serpentiform-revient-a-chengdu\/\">\n\t\t\t\t\t\t<span class=\"elementor-button-content-wrapper\">\n\t\t\t\t\t\t<span class=\"elementor-button-icon\">\n\t\t\t\t<i aria-hidden=\"true\" class=\"fas fa-angle-right\"><\/i>\t\t\t<\/span>\n\t\t\t\t\t\t\t\t\t<span class=\"elementor-button-text\">D\u00e9couvrir<\/span>\n\t\t\t\t\t<\/span>\n\t\t\t\t\t<\/a>\n\t\t\t\t<\/div>\n\t\t\t\t\t\t\t\t<\/div>\n\t\t\t\t<\/div>\n\t\t\t\t<\/div>\n\t\t\t\t<\/div>\n\t\t\t\t<\/div>\n\t\t<\/div>\t\t<\/article>\n\t\t\t\t<article id=\"post-4827\" class=\"elementor-post elementor-grid-item ecs-post-loop swiper-slide post-4827 post type-post status-publish format-standard has-post-thumbnail hentry category-non-classifiee\">\n\t\t<div class=\"ecs-link-wrapper\" data-href=\"https:\/\/www.integra-fragrances.com\/fr\/mclaren-luxe-et-vitesse-dans-un-parfum\/\"   >\t\t<div data-elementor-type=\"loop\" data-elementor-id=\"4793\" class=\"elementor elementor-4793 elementor-215 post-4827 post type-post status-publish format-standard has-post-thumbnail hentry category-non-classifiee\" data-elementor-post-type=\"elementor_library\">\n\t\t\t<div class=\"elementor-element elementor-element-bfe1998 e-con-full e-flex e-con e-parent\" data-id=\"bfe1998\" data-element_type=\"container\">\n\t\t\t\t<div class=\"elementor-element elementor-element-6aed3ef elementor-widget__width-inherit elementor-widget elementor-widget-image\" data-id=\"6aed3ef\" data-element_type=\"widget\" data-widget_type=\"image.default\">\n\t\t\t\t<div class=\"elementor-widget-container\">\n\t\t\t\t\t\t\t\t\t\t\t\t\t\t\t<img loading=\"lazy\" decoding=\"async\" width=\"675\" height=\"675\" src=\"https:\/\/www.integra-fragrances.com\/site\/wp-content\/uploads\/2023\/09\/mclaren-hk.webp\" class=\"attachment-full size-full wp-image-4828\" alt=\"\" srcset=\"https:\/\/www.integra-fragrances.com\/site\/wp-content\/uploads\/2023\/09\/mclaren-hk.webp 675w, https:\/\/www.integra-fragrances.com\/site\/wp-content\/uploads\/2023\/09\/mclaren-hk-300x300.webp 300w, https:\/\/www.integra-fragrances.com\/site\/wp-content\/uploads\/2023\/09\/mclaren-hk-150x150.webp 150w\" sizes=\"(max-width: 675px) 100vw, 675px\" \/>\t\t\t\t\t\t\t\t\t\t\t\t\t\t\t<\/div>\n\t\t\t\t<\/div>\n\t\t<div class=\"elementor-element elementor-element-4e5df51 e-con-full e-flex e-con e-child\" data-id=\"4e5df51\" data-element_type=\"container\">\n\t\t\t\t<div class=\"elementor-element elementor-element-9601666 elementor-widget elementor-widget-heading\" data-id=\"9601666\" data-element_type=\"widget\" data-widget_type=\"heading.default\">\n\t\t\t\t<div class=\"elementor-widget-container\">\n\t\t\t\t\t<p class=\"elementor-heading-title elementor-size-default\">28.02.2019<\/p>\t\t\t\t<\/div>\n\t\t\t\t<\/div>\n\t\t\t\t<div class=\"elementor-element elementor-element-b6e8771 elementor-widget__width-auto elementor-widget elementor-widget-heading\" data-id=\"b6e8771\" data-element_type=\"widget\" data-widget_type=\"heading.default\">\n\t\t\t\t<div class=\"elementor-widget-container\">\n\t\t\t\t\t<p class=\"elementor-heading-title elementor-size-default\">Mclaren. Luxe et vitesse dans un parfum.<\/p>\t\t\t\t<\/div>\n\t\t\t\t<\/div>\n\t\t\t\t<\/div>\n\t\t<div class=\"elementor-element elementor-element-f40d466 e-con-full e-flex e-con e-child\" data-id=\"f40d466\" data-element_type=\"container\">\n\t\t\t\t<div class=\"elementor-element elementor-element-6f05395 elementor-align-left elementor-widget__width-inherit elementor-widget elementor-widget-button\" data-id=\"6f05395\" data-element_type=\"widget\" data-widget_type=\"button.default\">\n\t\t\t\t<div class=\"elementor-widget-container\">\n\t\t\t\t\t\t\t\t\t<div class=\"elementor-button-wrapper\">\n\t\t\t\t\t<a class=\"elementor-button elementor-button-link elementor-size-sm\" href=\"https:\/\/www.integra-fragrances.com\/fr\/mclaren-luxe-et-vitesse-dans-un-parfum\/\">\n\t\t\t\t\t\t<span class=\"elementor-button-content-wrapper\">\n\t\t\t\t\t\t<span class=\"elementor-button-icon\">\n\t\t\t\t<i aria-hidden=\"true\" class=\"fas fa-angle-right\"><\/i>\t\t\t<\/span>\n\t\t\t\t\t\t\t\t\t<span class=\"elementor-button-text\">D\u00e9couvrir<\/span>\n\t\t\t\t\t<\/span>\n\t\t\t\t\t<\/a>\n\t\t\t\t<\/div>\n\t\t\t\t\t\t\t\t<\/div>\n\t\t\t\t<\/div>\n\t\t\t\t<\/div>\n\t\t\t\t<\/div>\n\t\t\t\t<\/div>\n\t\t<\/div>\t\t<\/article>\n\t\t\t\t<article id=\"post-4835\" class=\"elementor-post elementor-grid-item ecs-post-loop swiper-slide post-4835 post type-post status-publish format-standard has-post-thumbnail hentry category-non-classifiee\">\n\t\t<div class=\"ecs-link-wrapper\" data-href=\"https:\/\/www.integra-fragrances.com\/fr\/pro-fumo-di-londra-entre-mode-et-art-de-lady-diana-a-kate-moss\/\"   >\t\t<div data-elementor-type=\"loop\" data-elementor-id=\"4793\" class=\"elementor elementor-4793 elementor-215 post-4835 post type-post status-publish format-standard has-post-thumbnail hentry category-non-classifiee\" data-elementor-post-type=\"elementor_library\">\n\t\t\t<div class=\"elementor-element elementor-element-bfe1998 e-con-full e-flex e-con e-parent\" data-id=\"bfe1998\" data-element_type=\"container\">\n\t\t\t\t<div class=\"elementor-element elementor-element-6aed3ef elementor-widget__width-inherit elementor-widget elementor-widget-image\" data-id=\"6aed3ef\" data-element_type=\"widget\" data-widget_type=\"image.default\">\n\t\t\t\t<div class=\"elementor-widget-container\">\n\t\t\t\t\t\t\t\t\t\t\t\t\t\t\t<img loading=\"lazy\" decoding=\"async\" width=\"675\" height=\"675\" src=\"https:\/\/www.integra-fragrances.com\/site\/wp-content\/uploads\/2023\/09\/gallerie-d-italia-napoli.webp\" class=\"attachment-full size-full wp-image-4836\" alt=\"\" srcset=\"https:\/\/www.integra-fragrances.com\/site\/wp-content\/uploads\/2023\/09\/gallerie-d-italia-napoli.webp 675w, https:\/\/www.integra-fragrances.com\/site\/wp-content\/uploads\/2023\/09\/gallerie-d-italia-napoli-300x300.webp 300w, https:\/\/www.integra-fragrances.com\/site\/wp-content\/uploads\/2023\/09\/gallerie-d-italia-napoli-150x150.webp 150w\" sizes=\"(max-width: 675px) 100vw, 675px\" \/>\t\t\t\t\t\t\t\t\t\t\t\t\t\t\t<\/div>\n\t\t\t\t<\/div>\n\t\t<div class=\"elementor-element elementor-element-4e5df51 e-con-full e-flex e-con e-child\" data-id=\"4e5df51\" data-element_type=\"container\">\n\t\t\t\t<div class=\"elementor-element elementor-element-9601666 elementor-widget elementor-widget-heading\" data-id=\"9601666\" data-element_type=\"widget\" data-widget_type=\"heading.default\">\n\t\t\t\t<div class=\"elementor-widget-container\">\n\t\t\t\t\t<p class=\"elementor-heading-title elementor-size-default\">16.01.2019<\/p>\t\t\t\t<\/div>\n\t\t\t\t<\/div>\n\t\t\t\t<div class=\"elementor-element elementor-element-b6e8771 elementor-widget__width-auto elementor-widget elementor-widget-heading\" data-id=\"b6e8771\" data-element_type=\"widget\" data-widget_type=\"heading.default\">\n\t\t\t\t<div class=\"elementor-widget-container\">\n\t\t\t\t\t<p class=\"elementor-heading-title elementor-size-default\">Pro-fumo di Londra &#8211; Entre mode et art, de Lady Diana \u00e0 Kate Moss.<\/p>\t\t\t\t<\/div>\n\t\t\t\t<\/div>\n\t\t\t\t<\/div>\n\t\t<div class=\"elementor-element elementor-element-f40d466 e-con-full e-flex e-con e-child\" data-id=\"f40d466\" data-element_type=\"container\">\n\t\t\t\t<div class=\"elementor-element elementor-element-6f05395 elementor-align-left elementor-widget__width-inherit elementor-widget elementor-widget-button\" data-id=\"6f05395\" data-element_type=\"widget\" data-widget_type=\"button.default\">\n\t\t\t\t<div class=\"elementor-widget-container\">\n\t\t\t\t\t\t\t\t\t<div class=\"elementor-button-wrapper\">\n\t\t\t\t\t<a class=\"elementor-button elementor-button-link elementor-size-sm\" href=\"https:\/\/www.integra-fragrances.com\/fr\/pro-fumo-di-londra-entre-mode-et-art-de-lady-diana-a-kate-moss\/\">\n\t\t\t\t\t\t<span class=\"elementor-button-content-wrapper\">\n\t\t\t\t\t\t<span class=\"elementor-button-icon\">\n\t\t\t\t<i aria-hidden=\"true\" class=\"fas fa-angle-right\"><\/i>\t\t\t<\/span>\n\t\t\t\t\t\t\t\t\t<span class=\"elementor-button-text\">D\u00e9couvrir<\/span>\n\t\t\t\t\t<\/span>\n\t\t\t\t\t<\/a>\n\t\t\t\t<\/div>\n\t\t\t\t\t\t\t\t<\/div>\n\t\t\t\t<\/div>\n\t\t\t\t<\/div>\n\t\t\t\t<\/div>\n\t\t\t\t<\/div>\n\t\t<\/div>\t\t<\/article>\n\t\t\t\t<article id=\"post-5149\" class=\"elementor-post elementor-grid-item ecs-post-loop swiper-slide post-5149 post type-post status-publish format-standard has-post-thumbnail hentry category-non-classifiee\">\n\t\t<div class=\"ecs-link-wrapper\" data-href=\"https:\/\/www.integra-fragrances.com\/fr\/furla-a-gift-for-our-most-loyal-customers\/\"   >\t\t<div data-elementor-type=\"loop\" data-elementor-id=\"4793\" class=\"elementor elementor-4793 elementor-215 post-5149 post type-post status-publish format-standard has-post-thumbnail hentry category-non-classifiee\" data-elementor-post-type=\"elementor_library\">\n\t\t\t<div class=\"elementor-element elementor-element-bfe1998 e-con-full e-flex e-con e-parent\" data-id=\"bfe1998\" data-element_type=\"container\">\n\t\t\t\t<div class=\"elementor-element elementor-element-6aed3ef elementor-widget__width-inherit elementor-widget elementor-widget-image\" data-id=\"6aed3ef\" data-element_type=\"widget\" data-widget_type=\"image.default\">\n\t\t\t\t<div class=\"elementor-widget-container\">\n\t\t\t\t\t\t\t\t\t\t\t\t\t\t\t<img loading=\"lazy\" decoding=\"async\" width=\"972\" height=\"971\" src=\"https:\/\/www.integra-fragrances.com\/site\/wp-content\/uploads\/2023\/09\/6X9A1302.webp\" class=\"attachment-full size-full wp-image-5150\" alt=\"\" srcset=\"https:\/\/www.integra-fragrances.com\/site\/wp-content\/uploads\/2023\/09\/6X9A1302.webp 972w, https:\/\/www.integra-fragrances.com\/site\/wp-content\/uploads\/2023\/09\/6X9A1302-300x300.webp 300w, https:\/\/www.integra-fragrances.com\/site\/wp-content\/uploads\/2023\/09\/6X9A1302-150x150.webp 150w, https:\/\/www.integra-fragrances.com\/site\/wp-content\/uploads\/2023\/09\/6X9A1302-768x767.webp 768w\" sizes=\"(max-width: 972px) 100vw, 972px\" \/>\t\t\t\t\t\t\t\t\t\t\t\t\t\t\t<\/div>\n\t\t\t\t<\/div>\n\t\t<div class=\"elementor-element elementor-element-4e5df51 e-con-full e-flex e-con e-child\" data-id=\"4e5df51\" data-element_type=\"container\">\n\t\t\t\t<div class=\"elementor-element elementor-element-9601666 elementor-widget elementor-widget-heading\" data-id=\"9601666\" data-element_type=\"widget\" data-widget_type=\"heading.default\">\n\t\t\t\t<div class=\"elementor-widget-container\">\n\t\t\t\t\t<p class=\"elementor-heading-title elementor-size-default\">27.10.2018<\/p>\t\t\t\t<\/div>\n\t\t\t\t<\/div>\n\t\t\t\t<div class=\"elementor-element elementor-element-b6e8771 elementor-widget__width-auto elementor-widget elementor-widget-heading\" data-id=\"b6e8771\" data-element_type=\"widget\" data-widget_type=\"heading.default\">\n\t\t\t\t<div class=\"elementor-widget-container\">\n\t\t\t\t\t<p class=\"elementor-heading-title elementor-size-default\">Furla. Rendre hommage \u00e0 ses meilleures clientes.<\/p>\t\t\t\t<\/div>\n\t\t\t\t<\/div>\n\t\t\t\t<\/div>\n\t\t<div class=\"elementor-element elementor-element-f40d466 e-con-full e-flex e-con e-child\" data-id=\"f40d466\" data-element_type=\"container\">\n\t\t\t\t<div class=\"elementor-element elementor-element-6f05395 elementor-align-left elementor-widget__width-inherit elementor-widget elementor-widget-button\" data-id=\"6f05395\" data-element_type=\"widget\" data-widget_type=\"button.default\">\n\t\t\t\t<div class=\"elementor-widget-container\">\n\t\t\t\t\t\t\t\t\t<div class=\"elementor-button-wrapper\">\n\t\t\t\t\t<a class=\"elementor-button elementor-button-link elementor-size-sm\" href=\"https:\/\/www.integra-fragrances.com\/fr\/furla-a-gift-for-our-most-loyal-customers\/\">\n\t\t\t\t\t\t<span class=\"elementor-button-content-wrapper\">\n\t\t\t\t\t\t<span class=\"elementor-button-icon\">\n\t\t\t\t<i aria-hidden=\"true\" class=\"fas fa-angle-right\"><\/i>\t\t\t<\/span>\n\t\t\t\t\t\t\t\t\t<span class=\"elementor-button-text\">D\u00e9couvrir<\/span>\n\t\t\t\t\t<\/span>\n\t\t\t\t\t<\/a>\n\t\t\t\t<\/div>\n\t\t\t\t\t\t\t\t<\/div>\n\t\t\t\t<\/div>\n\t\t\t\t<\/div>\n\t\t\t\t<\/div>\n\t\t\t\t<\/div>\n\t\t<\/div>\t\t<\/article>\n\t\t\t\t<article id=\"post-4894\" class=\"elementor-post elementor-grid-item ecs-post-loop swiper-slide post-4894 post type-post status-publish format-standard has-post-thumbnail hentry category-non-classifiee\">\n\t\t<div class=\"ecs-link-wrapper\" data-href=\"https:\/\/www.integra-fragrances.com\/fr\/evenement-douverture-de-bulgari-a-la-milan-design-week-2018\/\"   >\t\t<div data-elementor-type=\"loop\" data-elementor-id=\"4793\" class=\"elementor elementor-4793 elementor-215 post-4894 post type-post status-publish format-standard has-post-thumbnail hentry category-non-classifiee\" data-elementor-post-type=\"elementor_library\">\n\t\t\t<div class=\"elementor-element elementor-element-bfe1998 e-con-full e-flex e-con e-parent\" data-id=\"bfe1998\" data-element_type=\"container\">\n\t\t\t\t<div class=\"elementor-element elementor-element-6aed3ef elementor-widget__width-inherit elementor-widget elementor-widget-image\" data-id=\"6aed3ef\" data-element_type=\"widget\" data-widget_type=\"image.default\">\n\t\t\t\t<div class=\"elementor-widget-container\">\n\t\t\t\t\t\t\t\t\t\t\t\t\t\t\t<img loading=\"lazy\" decoding=\"async\" width=\"675\" height=\"675\" src=\"https:\/\/www.integra-fragrances.com\/site\/wp-content\/uploads\/2023\/09\/5_mg_1049-bulgari-milano-design-week_2.webp\" class=\"attachment-full size-full wp-image-4895\" alt=\"\" srcset=\"https:\/\/www.integra-fragrances.com\/site\/wp-content\/uploads\/2023\/09\/5_mg_1049-bulgari-milano-design-week_2.webp 675w, https:\/\/www.integra-fragrances.com\/site\/wp-content\/uploads\/2023\/09\/5_mg_1049-bulgari-milano-design-week_2-300x300.webp 300w, https:\/\/www.integra-fragrances.com\/site\/wp-content\/uploads\/2023\/09\/5_mg_1049-bulgari-milano-design-week_2-150x150.webp 150w\" sizes=\"(max-width: 675px) 100vw, 675px\" \/>\t\t\t\t\t\t\t\t\t\t\t\t\t\t\t<\/div>\n\t\t\t\t<\/div>\n\t\t<div class=\"elementor-element elementor-element-4e5df51 e-con-full e-flex e-con e-child\" data-id=\"4e5df51\" data-element_type=\"container\">\n\t\t\t\t<div class=\"elementor-element elementor-element-9601666 elementor-widget elementor-widget-heading\" data-id=\"9601666\" data-element_type=\"widget\" data-widget_type=\"heading.default\">\n\t\t\t\t<div class=\"elementor-widget-container\">\n\t\t\t\t\t<p class=\"elementor-heading-title elementor-size-default\">17.04.2018<\/p>\t\t\t\t<\/div>\n\t\t\t\t<\/div>\n\t\t\t\t<div class=\"elementor-element elementor-element-b6e8771 elementor-widget__width-auto elementor-widget elementor-widget-heading\" data-id=\"b6e8771\" data-element_type=\"widget\" data-widget_type=\"heading.default\">\n\t\t\t\t<div class=\"elementor-widget-container\">\n\t\t\t\t\t<p class=\"elementor-heading-title elementor-size-default\">\u00c9v\u00e9nement d&#8217;ouverture de Bulgari \u00e0 la Milan Design Week 2018.<\/p>\t\t\t\t<\/div>\n\t\t\t\t<\/div>\n\t\t\t\t<\/div>\n\t\t<div class=\"elementor-element elementor-element-f40d466 e-con-full e-flex e-con e-child\" data-id=\"f40d466\" data-element_type=\"container\">\n\t\t\t\t<div class=\"elementor-element elementor-element-6f05395 elementor-align-left elementor-widget__width-inherit elementor-widget elementor-widget-button\" data-id=\"6f05395\" data-element_type=\"widget\" data-widget_type=\"button.default\">\n\t\t\t\t<div class=\"elementor-widget-container\">\n\t\t\t\t\t\t\t\t\t<div class=\"elementor-button-wrapper\">\n\t\t\t\t\t<a class=\"elementor-button elementor-button-link elementor-size-sm\" href=\"https:\/\/www.integra-fragrances.com\/fr\/evenement-douverture-de-bulgari-a-la-milan-design-week-2018\/\">\n\t\t\t\t\t\t<span class=\"elementor-button-content-wrapper\">\n\t\t\t\t\t\t<span class=\"elementor-button-icon\">\n\t\t\t\t<i aria-hidden=\"true\" class=\"fas fa-angle-right\"><\/i>\t\t\t<\/span>\n\t\t\t\t\t\t\t\t\t<span class=\"elementor-button-text\">D\u00e9couvrir<\/span>\n\t\t\t\t\t<\/span>\n\t\t\t\t\t<\/a>\n\t\t\t\t<\/div>\n\t\t\t\t\t\t\t\t<\/div>\n\t\t\t\t<\/div>\n\t\t\t\t<\/div>\n\t\t\t\t<\/div>\n\t\t\t\t<\/div>\n\t\t<\/div>\t\t<\/article>\n\t\t\t\t<article id=\"post-4927\" class=\"elementor-post elementor-grid-item ecs-post-loop swiper-slide post-4927 post type-post status-publish format-standard has-post-thumbnail hentry category-non-classifiee\">\n\t\t<div class=\"ecs-link-wrapper\" data-href=\"https:\/\/www.integra-fragrances.com\/fr\/hm-submergez-vous-denergie\/\"   >\t\t<div data-elementor-type=\"loop\" data-elementor-id=\"4793\" class=\"elementor elementor-4793 elementor-215 post-4927 post type-post status-publish format-standard has-post-thumbnail hentry category-non-classifiee\" data-elementor-post-type=\"elementor_library\">\n\t\t\t<div class=\"elementor-element elementor-element-bfe1998 e-con-full e-flex e-con e-parent\" data-id=\"bfe1998\" data-element_type=\"container\">\n\t\t\t\t<div class=\"elementor-element elementor-element-6aed3ef elementor-widget__width-inherit elementor-widget elementor-widget-image\" data-id=\"6aed3ef\" data-element_type=\"widget\" data-widget_type=\"image.default\">\n\t\t\t\t<div class=\"elementor-widget-container\">\n\t\t\t\t\t\t\t\t\t\t\t\t\t\t\t<img loading=\"lazy\" decoding=\"async\" width=\"675\" height=\"675\" src=\"https:\/\/www.integra-fragrances.com\/site\/wp-content\/uploads\/2023\/09\/HM.webp\" class=\"attachment-full size-full wp-image-4928\" alt=\"\" srcset=\"https:\/\/www.integra-fragrances.com\/site\/wp-content\/uploads\/2023\/09\/HM.webp 675w, https:\/\/www.integra-fragrances.com\/site\/wp-content\/uploads\/2023\/09\/HM-300x300.webp 300w, https:\/\/www.integra-fragrances.com\/site\/wp-content\/uploads\/2023\/09\/HM-150x150.webp 150w\" sizes=\"(max-width: 675px) 100vw, 675px\" \/>\t\t\t\t\t\t\t\t\t\t\t\t\t\t\t<\/div>\n\t\t\t\t<\/div>\n\t\t<div class=\"elementor-element elementor-element-4e5df51 e-con-full e-flex e-con e-child\" data-id=\"4e5df51\" data-element_type=\"container\">\n\t\t\t\t<div class=\"elementor-element elementor-element-9601666 elementor-widget elementor-widget-heading\" data-id=\"9601666\" data-element_type=\"widget\" data-widget_type=\"heading.default\">\n\t\t\t\t<div class=\"elementor-widget-container\">\n\t\t\t\t\t<p class=\"elementor-heading-title elementor-size-default\">30.01.2018<\/p>\t\t\t\t<\/div>\n\t\t\t\t<\/div>\n\t\t\t\t<div class=\"elementor-element elementor-element-b6e8771 elementor-widget__width-auto elementor-widget elementor-widget-heading\" data-id=\"b6e8771\" data-element_type=\"widget\" data-widget_type=\"heading.default\">\n\t\t\t\t<div class=\"elementor-widget-container\">\n\t\t\t\t\t<p class=\"elementor-heading-title elementor-size-default\">H&#038;M. Submergez-vous d&#8217;\u00e9nergie.<\/p>\t\t\t\t<\/div>\n\t\t\t\t<\/div>\n\t\t\t\t<\/div>\n\t\t<div class=\"elementor-element elementor-element-f40d466 e-con-full e-flex e-con e-child\" data-id=\"f40d466\" data-element_type=\"container\">\n\t\t\t\t<div class=\"elementor-element elementor-element-6f05395 elementor-align-left elementor-widget__width-inherit elementor-widget elementor-widget-button\" data-id=\"6f05395\" data-element_type=\"widget\" data-widget_type=\"button.default\">\n\t\t\t\t<div class=\"elementor-widget-container\">\n\t\t\t\t\t\t\t\t\t<div class=\"elementor-button-wrapper\">\n\t\t\t\t\t<a class=\"elementor-button elementor-button-link elementor-size-sm\" href=\"https:\/\/www.integra-fragrances.com\/fr\/hm-submergez-vous-denergie\/\">\n\t\t\t\t\t\t<span class=\"elementor-button-content-wrapper\">\n\t\t\t\t\t\t<span class=\"elementor-button-icon\">\n\t\t\t\t<i aria-hidden=\"true\" class=\"fas fa-angle-right\"><\/i>\t\t\t<\/span>\n\t\t\t\t\t\t\t\t\t<span class=\"elementor-button-text\">D\u00e9couvrir<\/span>\n\t\t\t\t\t<\/span>\n\t\t\t\t\t<\/a>\n\t\t\t\t<\/div>\n\t\t\t\t\t\t\t\t<\/div>\n\t\t\t\t<\/div>\n\t\t\t\t<\/div>\n\t\t\t\t<\/div>\n\t\t\t\t<\/div>\n\t\t<\/div>\t\t<\/article>\n\t\t\t\t<article id=\"post-4946\" class=\"elementor-post elementor-grid-item ecs-post-loop swiper-slide post-4946 post type-post status-publish format-standard has-post-thumbnail hentry category-non-classifiee\">\n\t\t<div class=\"ecs-link-wrapper\" data-href=\"https:\/\/www.integra-fragrances.com\/fr\/borgo-egnazia-le-souffle-authentique-des-pouilles\/\"   >\t\t<div data-elementor-type=\"loop\" data-elementor-id=\"4793\" class=\"elementor elementor-4793 elementor-215 post-4946 post type-post status-publish format-standard has-post-thumbnail hentry category-non-classifiee\" data-elementor-post-type=\"elementor_library\">\n\t\t\t<div class=\"elementor-element elementor-element-bfe1998 e-con-full e-flex e-con e-parent\" data-id=\"bfe1998\" data-element_type=\"container\">\n\t\t\t\t<div class=\"elementor-element elementor-element-6aed3ef elementor-widget__width-inherit elementor-widget elementor-widget-image\" data-id=\"6aed3ef\" data-element_type=\"widget\" data-widget_type=\"image.default\">\n\t\t\t\t<div class=\"elementor-widget-container\">\n\t\t\t\t\t\t\t\t\t\t\t\t\t\t\t<img loading=\"lazy\" decoding=\"async\" width=\"675\" height=\"675\" src=\"https:\/\/www.integra-fragrances.com\/site\/wp-content\/uploads\/2023\/09\/11-borgo-egnazia-puglia.webp\" class=\"attachment-full size-full wp-image-4947\" alt=\"\" srcset=\"https:\/\/www.integra-fragrances.com\/site\/wp-content\/uploads\/2023\/09\/11-borgo-egnazia-puglia.webp 675w, https:\/\/www.integra-fragrances.com\/site\/wp-content\/uploads\/2023\/09\/11-borgo-egnazia-puglia-300x300.webp 300w, https:\/\/www.integra-fragrances.com\/site\/wp-content\/uploads\/2023\/09\/11-borgo-egnazia-puglia-150x150.webp 150w\" sizes=\"(max-width: 675px) 100vw, 675px\" \/>\t\t\t\t\t\t\t\t\t\t\t\t\t\t\t<\/div>\n\t\t\t\t<\/div>\n\t\t<div class=\"elementor-element elementor-element-4e5df51 e-con-full e-flex e-con e-child\" data-id=\"4e5df51\" data-element_type=\"container\">\n\t\t\t\t<div class=\"elementor-element elementor-element-9601666 elementor-widget elementor-widget-heading\" data-id=\"9601666\" data-element_type=\"widget\" data-widget_type=\"heading.default\">\n\t\t\t\t<div class=\"elementor-widget-container\">\n\t\t\t\t\t<p class=\"elementor-heading-title elementor-size-default\">15.10.2017<\/p>\t\t\t\t<\/div>\n\t\t\t\t<\/div>\n\t\t\t\t<div class=\"elementor-element elementor-element-b6e8771 elementor-widget__width-auto elementor-widget elementor-widget-heading\" data-id=\"b6e8771\" data-element_type=\"widget\" data-widget_type=\"heading.default\">\n\t\t\t\t<div class=\"elementor-widget-container\">\n\t\t\t\t\t<p class=\"elementor-heading-title elementor-size-default\">Borgo Egnazia. Le souffle authentique des Pouilles.<\/p>\t\t\t\t<\/div>\n\t\t\t\t<\/div>\n\t\t\t\t<\/div>\n\t\t<div class=\"elementor-element elementor-element-f40d466 e-con-full e-flex e-con e-child\" data-id=\"f40d466\" data-element_type=\"container\">\n\t\t\t\t<div class=\"elementor-element elementor-element-6f05395 elementor-align-left elementor-widget__width-inherit elementor-widget elementor-widget-button\" data-id=\"6f05395\" data-element_type=\"widget\" data-widget_type=\"button.default\">\n\t\t\t\t<div class=\"elementor-widget-container\">\n\t\t\t\t\t\t\t\t\t<div class=\"elementor-button-wrapper\">\n\t\t\t\t\t<a class=\"elementor-button elementor-button-link elementor-size-sm\" href=\"https:\/\/www.integra-fragrances.com\/fr\/borgo-egnazia-le-souffle-authentique-des-pouilles\/\">\n\t\t\t\t\t\t<span class=\"elementor-button-content-wrapper\">\n\t\t\t\t\t\t<span class=\"elementor-button-icon\">\n\t\t\t\t<i aria-hidden=\"true\" class=\"fas fa-angle-right\"><\/i>\t\t\t<\/span>\n\t\t\t\t\t\t\t\t\t<span class=\"elementor-button-text\">D\u00e9couvrir<\/span>\n\t\t\t\t\t<\/span>\n\t\t\t\t\t<\/a>\n\t\t\t\t<\/div>\n\t\t\t\t\t\t\t\t<\/div>\n\t\t\t\t<\/div>\n\t\t\t\t<\/div>\n\t\t\t\t<\/div>\n\t\t\t\t<\/div>\n\t\t<\/div>\t\t<\/article>\n\t\t\t\t<article id=\"post-4965\" class=\"elementor-post elementor-grid-item ecs-post-loop swiper-slide post-4965 post type-post status-publish format-standard has-post-thumbnail hentry category-non-classifiee\">\n\t\t<div class=\"ecs-link-wrapper\" data-href=\"https:\/\/www.integra-fragrances.com\/fr\/bulgari-festa-secoue-venise\/\"   >\t\t<div data-elementor-type=\"loop\" data-elementor-id=\"4793\" class=\"elementor elementor-4793 elementor-215 post-4965 post type-post status-publish format-standard has-post-thumbnail hentry category-non-classifiee\" data-elementor-post-type=\"elementor_library\">\n\t\t\t<div class=\"elementor-element elementor-element-bfe1998 e-con-full e-flex e-con e-parent\" data-id=\"bfe1998\" data-element_type=\"container\">\n\t\t\t\t<div class=\"elementor-element elementor-element-6aed3ef elementor-widget__width-inherit elementor-widget elementor-widget-image\" data-id=\"6aed3ef\" data-element_type=\"widget\" data-widget_type=\"image.default\">\n\t\t\t\t<div class=\"elementor-widget-container\">\n\t\t\t\t\t\t\t\t\t\t\t\t\t\t\t<img loading=\"lazy\" decoding=\"async\" width=\"675\" height=\"675\" src=\"https:\/\/www.integra-fragrances.com\/site\/wp-content\/uploads\/2023\/09\/bulgari-festa-jewellery-collection-exclusive-party-venice.webp\" class=\"attachment-full size-full wp-image-4966\" alt=\"\" srcset=\"https:\/\/www.integra-fragrances.com\/site\/wp-content\/uploads\/2023\/09\/bulgari-festa-jewellery-collection-exclusive-party-venice.webp 675w, https:\/\/www.integra-fragrances.com\/site\/wp-content\/uploads\/2023\/09\/bulgari-festa-jewellery-collection-exclusive-party-venice-300x300.webp 300w, https:\/\/www.integra-fragrances.com\/site\/wp-content\/uploads\/2023\/09\/bulgari-festa-jewellery-collection-exclusive-party-venice-150x150.webp 150w\" sizes=\"(max-width: 675px) 100vw, 675px\" \/>\t\t\t\t\t\t\t\t\t\t\t\t\t\t\t<\/div>\n\t\t\t\t<\/div>\n\t\t<div class=\"elementor-element elementor-element-4e5df51 e-con-full e-flex e-con e-child\" data-id=\"4e5df51\" data-element_type=\"container\">\n\t\t\t\t<div class=\"elementor-element elementor-element-9601666 elementor-widget elementor-widget-heading\" data-id=\"9601666\" data-element_type=\"widget\" data-widget_type=\"heading.default\">\n\t\t\t\t<div class=\"elementor-widget-container\">\n\t\t\t\t\t<p class=\"elementor-heading-title elementor-size-default\">30.06.2017<\/p>\t\t\t\t<\/div>\n\t\t\t\t<\/div>\n\t\t\t\t<div class=\"elementor-element elementor-element-b6e8771 elementor-widget__width-auto elementor-widget elementor-widget-heading\" data-id=\"b6e8771\" data-element_type=\"widget\" data-widget_type=\"heading.default\">\n\t\t\t\t<div class=\"elementor-widget-container\">\n\t\t\t\t\t<p class=\"elementor-heading-title elementor-size-default\">Bulgari FESTA secoue Venise.<\/p>\t\t\t\t<\/div>\n\t\t\t\t<\/div>\n\t\t\t\t<\/div>\n\t\t<div class=\"elementor-element elementor-element-f40d466 e-con-full e-flex e-con e-child\" data-id=\"f40d466\" data-element_type=\"container\">\n\t\t\t\t<div class=\"elementor-element elementor-element-6f05395 elementor-align-left elementor-widget__width-inherit elementor-widget elementor-widget-button\" data-id=\"6f05395\" data-element_type=\"widget\" data-widget_type=\"button.default\">\n\t\t\t\t<div class=\"elementor-widget-container\">\n\t\t\t\t\t\t\t\t\t<div class=\"elementor-button-wrapper\">\n\t\t\t\t\t<a class=\"elementor-button elementor-button-link elementor-size-sm\" href=\"https:\/\/www.integra-fragrances.com\/fr\/bulgari-festa-secoue-venise\/\">\n\t\t\t\t\t\t<span class=\"elementor-button-content-wrapper\">\n\t\t\t\t\t\t<span class=\"elementor-button-icon\">\n\t\t\t\t<i aria-hidden=\"true\" class=\"fas fa-angle-right\"><\/i>\t\t\t<\/span>\n\t\t\t\t\t\t\t\t\t<span class=\"elementor-button-text\">D\u00e9couvrir<\/span>\n\t\t\t\t\t<\/span>\n\t\t\t\t\t<\/a>\n\t\t\t\t<\/div>\n\t\t\t\t\t\t\t\t<\/div>\n\t\t\t\t<\/div>\n\t\t\t\t<\/div>\n\t\t\t\t<\/div>\n\t\t\t\t<\/div>\n\t\t<\/div>\t\t<\/article>\n\t\t\t\t<article id=\"post-5001\" class=\"elementor-post elementor-grid-item ecs-post-loop swiper-slide post-5001 post type-post status-publish format-standard has-post-thumbnail hentry category-non-classifiee\">\n\t\t<div class=\"ecs-link-wrapper\" data-href=\"https:\/\/www.integra-fragrances.com\/fr\/diesel-quand-le-defi-sadresse-aux-plus-courageux\/\"   >\t\t<div data-elementor-type=\"loop\" data-elementor-id=\"4793\" class=\"elementor elementor-4793 elementor-215 post-5001 post type-post status-publish format-standard has-post-thumbnail hentry category-non-classifiee\" data-elementor-post-type=\"elementor_library\">\n\t\t\t<div class=\"elementor-element elementor-element-bfe1998 e-con-full e-flex e-con e-parent\" data-id=\"bfe1998\" data-element_type=\"container\">\n\t\t\t\t<div class=\"elementor-element elementor-element-6aed3ef elementor-widget__width-inherit elementor-widget elementor-widget-image\" data-id=\"6aed3ef\" data-element_type=\"widget\" data-widget_type=\"image.default\">\n\t\t\t\t<div class=\"elementor-widget-container\">\n\t\t\t\t\t\t\t\t\t\t\t\t\t\t\t<img loading=\"lazy\" decoding=\"async\" width=\"1092\" height=\"1092\" src=\"https:\/\/www.integra-fragrances.com\/site\/wp-content\/uploads\/2023\/09\/Web_1510_03_CF058409.webp\" class=\"attachment-full size-full wp-image-5002\" alt=\"\" srcset=\"https:\/\/www.integra-fragrances.com\/site\/wp-content\/uploads\/2023\/09\/Web_1510_03_CF058409.webp 1092w, https:\/\/www.integra-fragrances.com\/site\/wp-content\/uploads\/2023\/09\/Web_1510_03_CF058409-300x300.webp 300w, https:\/\/www.integra-fragrances.com\/site\/wp-content\/uploads\/2023\/09\/Web_1510_03_CF058409-1024x1024.webp 1024w, https:\/\/www.integra-fragrances.com\/site\/wp-content\/uploads\/2023\/09\/Web_1510_03_CF058409-150x150.webp 150w, https:\/\/www.integra-fragrances.com\/site\/wp-content\/uploads\/2023\/09\/Web_1510_03_CF058409-768x768.webp 768w\" sizes=\"(max-width: 1092px) 100vw, 1092px\" \/>\t\t\t\t\t\t\t\t\t\t\t\t\t\t\t<\/div>\n\t\t\t\t<\/div>\n\t\t<div class=\"elementor-element elementor-element-4e5df51 e-con-full e-flex e-con e-child\" data-id=\"4e5df51\" data-element_type=\"container\">\n\t\t\t\t<div class=\"elementor-element elementor-element-9601666 elementor-widget elementor-widget-heading\" data-id=\"9601666\" data-element_type=\"widget\" data-widget_type=\"heading.default\">\n\t\t\t\t<div class=\"elementor-widget-container\">\n\t\t\t\t\t<p class=\"elementor-heading-title elementor-size-default\">19.05.2017<\/p>\t\t\t\t<\/div>\n\t\t\t\t<\/div>\n\t\t\t\t<div class=\"elementor-element elementor-element-b6e8771 elementor-widget__width-auto elementor-widget elementor-widget-heading\" data-id=\"b6e8771\" data-element_type=\"widget\" data-widget_type=\"heading.default\">\n\t\t\t\t<div class=\"elementor-widget-container\">\n\t\t\t\t\t<p class=\"elementor-heading-title elementor-size-default\">Diesel. Quand le d\u00e9fi s&#8217;adresse aux plus courageux.<\/p>\t\t\t\t<\/div>\n\t\t\t\t<\/div>\n\t\t\t\t<\/div>\n\t\t<div class=\"elementor-element elementor-element-f40d466 e-con-full e-flex e-con e-child\" data-id=\"f40d466\" data-element_type=\"container\">\n\t\t\t\t<div class=\"elementor-element elementor-element-6f05395 elementor-align-left elementor-widget__width-inherit elementor-widget elementor-widget-button\" data-id=\"6f05395\" data-element_type=\"widget\" data-widget_type=\"button.default\">\n\t\t\t\t<div class=\"elementor-widget-container\">\n\t\t\t\t\t\t\t\t\t<div class=\"elementor-button-wrapper\">\n\t\t\t\t\t<a class=\"elementor-button elementor-button-link elementor-size-sm\" href=\"https:\/\/www.integra-fragrances.com\/fr\/diesel-quand-le-defi-sadresse-aux-plus-courageux\/\">\n\t\t\t\t\t\t<span class=\"elementor-button-content-wrapper\">\n\t\t\t\t\t\t<span class=\"elementor-button-icon\">\n\t\t\t\t<i aria-hidden=\"true\" class=\"fas fa-angle-right\"><\/i>\t\t\t<\/span>\n\t\t\t\t\t\t\t\t\t<span class=\"elementor-button-text\">D\u00e9couvrir<\/span>\n\t\t\t\t\t<\/span>\n\t\t\t\t\t<\/a>\n\t\t\t\t<\/div>\n\t\t\t\t\t\t\t\t<\/div>\n\t\t\t\t<\/div>\n\t\t\t\t<\/div>\n\t\t\t\t<\/div>\n\t\t\t\t<\/div>\n\t\t<\/div>\t\t<\/article>\n\t\t\t\t<article id=\"post-5009\" class=\"elementor-post elementor-grid-item ecs-post-loop swiper-slide post-5009 post type-post status-publish format-standard has-post-thumbnail hentry category-non-classifiee\">\n\t\t<div class=\"ecs-link-wrapper\" data-href=\"https:\/\/www.integra-fragrances.com\/fr\/la-perla-dentelle-ou-velours\/\"   >\t\t<div data-elementor-type=\"loop\" data-elementor-id=\"4793\" class=\"elementor elementor-4793 elementor-215 post-5009 post type-post status-publish format-standard has-post-thumbnail hentry category-non-classifiee\" data-elementor-post-type=\"elementor_library\">\n\t\t\t<div class=\"elementor-element elementor-element-bfe1998 e-con-full e-flex e-con e-parent\" data-id=\"bfe1998\" data-element_type=\"container\">\n\t\t\t\t<div class=\"elementor-element elementor-element-6aed3ef elementor-widget__width-inherit elementor-widget elementor-widget-image\" data-id=\"6aed3ef\" data-element_type=\"widget\" data-widget_type=\"image.default\">\n\t\t\t\t<div class=\"elementor-widget-container\">\n\t\t\t\t\t\t\t\t\t\t\t\t\t\t\t<img loading=\"lazy\" decoding=\"async\" width=\"675\" height=\"675\" src=\"https:\/\/www.integra-fragrances.com\/site\/wp-content\/uploads\/2023\/09\/6937.webp\" class=\"attachment-full size-full wp-image-5010\" alt=\"\" srcset=\"https:\/\/www.integra-fragrances.com\/site\/wp-content\/uploads\/2023\/09\/6937.webp 675w, https:\/\/www.integra-fragrances.com\/site\/wp-content\/uploads\/2023\/09\/6937-300x300.webp 300w, https:\/\/www.integra-fragrances.com\/site\/wp-content\/uploads\/2023\/09\/6937-150x150.webp 150w\" sizes=\"(max-width: 675px) 100vw, 675px\" \/>\t\t\t\t\t\t\t\t\t\t\t\t\t\t\t<\/div>\n\t\t\t\t<\/div>\n\t\t<div class=\"elementor-element elementor-element-4e5df51 e-con-full e-flex e-con e-child\" data-id=\"4e5df51\" data-element_type=\"container\">\n\t\t\t\t<div class=\"elementor-element elementor-element-9601666 elementor-widget elementor-widget-heading\" data-id=\"9601666\" data-element_type=\"widget\" data-widget_type=\"heading.default\">\n\t\t\t\t<div class=\"elementor-widget-container\">\n\t\t\t\t\t<p class=\"elementor-heading-title elementor-size-default\">23.03.2017<\/p>\t\t\t\t<\/div>\n\t\t\t\t<\/div>\n\t\t\t\t<div class=\"elementor-element elementor-element-b6e8771 elementor-widget__width-auto elementor-widget elementor-widget-heading\" data-id=\"b6e8771\" data-element_type=\"widget\" data-widget_type=\"heading.default\">\n\t\t\t\t<div class=\"elementor-widget-container\">\n\t\t\t\t\t<p class=\"elementor-heading-title elementor-size-default\">La Perla. Dentelle ou velours?<\/p>\t\t\t\t<\/div>\n\t\t\t\t<\/div>\n\t\t\t\t<\/div>\n\t\t<div class=\"elementor-element elementor-element-f40d466 e-con-full e-flex e-con e-child\" data-id=\"f40d466\" data-element_type=\"container\">\n\t\t\t\t<div class=\"elementor-element elementor-element-6f05395 elementor-align-left elementor-widget__width-inherit elementor-widget elementor-widget-button\" data-id=\"6f05395\" data-element_type=\"widget\" data-widget_type=\"button.default\">\n\t\t\t\t<div class=\"elementor-widget-container\">\n\t\t\t\t\t\t\t\t\t<div class=\"elementor-button-wrapper\">\n\t\t\t\t\t<a class=\"elementor-button elementor-button-link elementor-size-sm\" href=\"https:\/\/www.integra-fragrances.com\/fr\/la-perla-dentelle-ou-velours\/\">\n\t\t\t\t\t\t<span class=\"elementor-button-content-wrapper\">\n\t\t\t\t\t\t<span class=\"elementor-button-icon\">\n\t\t\t\t<i aria-hidden=\"true\" class=\"fas fa-angle-right\"><\/i>\t\t\t<\/span>\n\t\t\t\t\t\t\t\t\t<span class=\"elementor-button-text\">D\u00e9couvrir<\/span>\n\t\t\t\t\t<\/span>\n\t\t\t\t\t<\/a>\n\t\t\t\t<\/div>\n\t\t\t\t\t\t\t\t<\/div>\n\t\t\t\t<\/div>\n\t\t\t\t<\/div>\n\t\t\t\t<\/div>\n\t\t\t\t<\/div>\n\t\t<\/div>\t\t<\/article>\n\t\t\t\t<article id=\"post-5030\" class=\"elementor-post elementor-grid-item ecs-post-loop swiper-slide post-5030 post type-post status-publish format-standard has-post-thumbnail hentry category-non-classifiee\">\n\t\t<div class=\"ecs-link-wrapper\" data-href=\"https:\/\/www.integra-fragrances.com\/fr\/twinset-72-nuances-de-feminite\/\"   >\t\t<div data-elementor-type=\"loop\" data-elementor-id=\"4793\" class=\"elementor elementor-4793 elementor-215 post-5030 post type-post status-publish format-standard has-post-thumbnail hentry category-non-classifiee\" data-elementor-post-type=\"elementor_library\">\n\t\t\t<div class=\"elementor-element elementor-element-bfe1998 e-con-full e-flex e-con e-parent\" data-id=\"bfe1998\" data-element_type=\"container\">\n\t\t\t\t<div class=\"elementor-element elementor-element-6aed3ef elementor-widget__width-inherit elementor-widget elementor-widget-image\" data-id=\"6aed3ef\" data-element_type=\"widget\" data-widget_type=\"image.default\">\n\t\t\t\t<div class=\"elementor-widget-container\">\n\t\t\t\t\t\t\t\t\t\t\t\t\t\t\t<img loading=\"lazy\" decoding=\"async\" width=\"675\" height=\"675\" src=\"https:\/\/www.integra-fragrances.com\/site\/wp-content\/uploads\/2023\/09\/ts-kiev_1.webp\" class=\"attachment-full size-full wp-image-5031\" alt=\"\" srcset=\"https:\/\/www.integra-fragrances.com\/site\/wp-content\/uploads\/2023\/09\/ts-kiev_1.webp 675w, https:\/\/www.integra-fragrances.com\/site\/wp-content\/uploads\/2023\/09\/ts-kiev_1-300x300.webp 300w, https:\/\/www.integra-fragrances.com\/site\/wp-content\/uploads\/2023\/09\/ts-kiev_1-150x150.webp 150w\" sizes=\"(max-width: 675px) 100vw, 675px\" \/>\t\t\t\t\t\t\t\t\t\t\t\t\t\t\t<\/div>\n\t\t\t\t<\/div>\n\t\t<div class=\"elementor-element elementor-element-4e5df51 e-con-full e-flex e-con e-child\" data-id=\"4e5df51\" data-element_type=\"container\">\n\t\t\t\t<div class=\"elementor-element elementor-element-9601666 elementor-widget elementor-widget-heading\" data-id=\"9601666\" data-element_type=\"widget\" data-widget_type=\"heading.default\">\n\t\t\t\t<div class=\"elementor-widget-container\">\n\t\t\t\t\t<p class=\"elementor-heading-title elementor-size-default\">20.12.2016<\/p>\t\t\t\t<\/div>\n\t\t\t\t<\/div>\n\t\t\t\t<div class=\"elementor-element elementor-element-b6e8771 elementor-widget__width-auto elementor-widget elementor-widget-heading\" data-id=\"b6e8771\" data-element_type=\"widget\" data-widget_type=\"heading.default\">\n\t\t\t\t<div class=\"elementor-widget-container\">\n\t\t\t\t\t<p class=\"elementor-heading-title elementor-size-default\">Twinset. 72 nuances de f\u00e9minit\u00e9.<\/p>\t\t\t\t<\/div>\n\t\t\t\t<\/div>\n\t\t\t\t<\/div>\n\t\t<div class=\"elementor-element elementor-element-f40d466 e-con-full e-flex e-con e-child\" data-id=\"f40d466\" data-element_type=\"container\">\n\t\t\t\t<div class=\"elementor-element elementor-element-6f05395 elementor-align-left elementor-widget__width-inherit elementor-widget elementor-widget-button\" data-id=\"6f05395\" data-element_type=\"widget\" data-widget_type=\"button.default\">\n\t\t\t\t<div class=\"elementor-widget-container\">\n\t\t\t\t\t\t\t\t\t<div class=\"elementor-button-wrapper\">\n\t\t\t\t\t<a class=\"elementor-button elementor-button-link elementor-size-sm\" href=\"https:\/\/www.integra-fragrances.com\/fr\/twinset-72-nuances-de-feminite\/\">\n\t\t\t\t\t\t<span class=\"elementor-button-content-wrapper\">\n\t\t\t\t\t\t<span class=\"elementor-button-icon\">\n\t\t\t\t<i aria-hidden=\"true\" class=\"fas fa-angle-right\"><\/i>\t\t\t<\/span>\n\t\t\t\t\t\t\t\t\t<span class=\"elementor-button-text\">D\u00e9couvrir<\/span>\n\t\t\t\t\t<\/span>\n\t\t\t\t\t<\/a>\n\t\t\t\t<\/div>\n\t\t\t\t\t\t\t\t<\/div>\n\t\t\t\t<\/div>\n\t\t\t\t<\/div>\n\t\t\t\t<\/div>\n\t\t\t\t<\/div>\n\t\t<\/div>\t\t<\/article>\n\t\t\t\t<article id=\"post-5053\" class=\"elementor-post elementor-grid-item ecs-post-loop swiper-slide post-5053 post type-post status-publish format-standard has-post-thumbnail hentry category-non-classifiee\">\n\t\t<div class=\"ecs-link-wrapper\" data-href=\"https:\/\/www.integra-fragrances.com\/fr\/principe-di-savoia-le-parfum-de-laccueil-de-luxe\/\"   >\t\t<div data-elementor-type=\"loop\" data-elementor-id=\"4793\" class=\"elementor elementor-4793 elementor-215 post-5053 post type-post status-publish format-standard has-post-thumbnail hentry category-non-classifiee\" data-elementor-post-type=\"elementor_library\">\n\t\t\t<div class=\"elementor-element elementor-element-bfe1998 e-con-full e-flex e-con e-parent\" data-id=\"bfe1998\" data-element_type=\"container\">\n\t\t\t\t<div class=\"elementor-element elementor-element-6aed3ef elementor-widget__width-inherit elementor-widget elementor-widget-image\" data-id=\"6aed3ef\" data-element_type=\"widget\" data-widget_type=\"image.default\">\n\t\t\t\t<div class=\"elementor-widget-container\">\n\t\t\t\t\t\t\t\t\t\t\t\t\t\t\t<img loading=\"lazy\" decoding=\"async\" width=\"1088\" height=\"1088\" src=\"https:\/\/www.integra-fragrances.com\/site\/wp-content\/uploads\/2023\/09\/14189943.webp\" class=\"attachment-full size-full wp-image-5054\" alt=\"\" srcset=\"https:\/\/www.integra-fragrances.com\/site\/wp-content\/uploads\/2023\/09\/14189943.webp 1088w, https:\/\/www.integra-fragrances.com\/site\/wp-content\/uploads\/2023\/09\/14189943-300x300.webp 300w, https:\/\/www.integra-fragrances.com\/site\/wp-content\/uploads\/2023\/09\/14189943-1024x1024.webp 1024w, https:\/\/www.integra-fragrances.com\/site\/wp-content\/uploads\/2023\/09\/14189943-150x150.webp 150w, https:\/\/www.integra-fragrances.com\/site\/wp-content\/uploads\/2023\/09\/14189943-768x768.webp 768w\" sizes=\"(max-width: 1088px) 100vw, 1088px\" \/>\t\t\t\t\t\t\t\t\t\t\t\t\t\t\t<\/div>\n\t\t\t\t<\/div>\n\t\t<div class=\"elementor-element elementor-element-4e5df51 e-con-full e-flex e-con e-child\" data-id=\"4e5df51\" data-element_type=\"container\">\n\t\t\t\t<div class=\"elementor-element elementor-element-9601666 elementor-widget elementor-widget-heading\" data-id=\"9601666\" data-element_type=\"widget\" data-widget_type=\"heading.default\">\n\t\t\t\t<div class=\"elementor-widget-container\">\n\t\t\t\t\t<p class=\"elementor-heading-title elementor-size-default\">30.06.2016<\/p>\t\t\t\t<\/div>\n\t\t\t\t<\/div>\n\t\t\t\t<div class=\"elementor-element elementor-element-b6e8771 elementor-widget__width-auto elementor-widget elementor-widget-heading\" data-id=\"b6e8771\" data-element_type=\"widget\" data-widget_type=\"heading.default\">\n\t\t\t\t<div class=\"elementor-widget-container\">\n\t\t\t\t\t<p class=\"elementor-heading-title elementor-size-default\">Principe di Savoia. Le parfum de l\u2019accueil de luxe.<\/p>\t\t\t\t<\/div>\n\t\t\t\t<\/div>\n\t\t\t\t<\/div>\n\t\t<div class=\"elementor-element elementor-element-f40d466 e-con-full e-flex e-con e-child\" data-id=\"f40d466\" data-element_type=\"container\">\n\t\t\t\t<div class=\"elementor-element elementor-element-6f05395 elementor-align-left elementor-widget__width-inherit elementor-widget elementor-widget-button\" data-id=\"6f05395\" data-element_type=\"widget\" data-widget_type=\"button.default\">\n\t\t\t\t<div class=\"elementor-widget-container\">\n\t\t\t\t\t\t\t\t\t<div class=\"elementor-button-wrapper\">\n\t\t\t\t\t<a class=\"elementor-button elementor-button-link elementor-size-sm\" href=\"https:\/\/www.integra-fragrances.com\/fr\/principe-di-savoia-le-parfum-de-laccueil-de-luxe\/\">\n\t\t\t\t\t\t<span class=\"elementor-button-content-wrapper\">\n\t\t\t\t\t\t<span class=\"elementor-button-icon\">\n\t\t\t\t<i aria-hidden=\"true\" class=\"fas fa-angle-right\"><\/i>\t\t\t<\/span>\n\t\t\t\t\t\t\t\t\t<span class=\"elementor-button-text\">D\u00e9couvrir<\/span>\n\t\t\t\t\t<\/span>\n\t\t\t\t\t<\/a>\n\t\t\t\t<\/div>\n\t\t\t\t\t\t\t\t<\/div>\n\t\t\t\t<\/div>\n\t\t\t\t<\/div>\n\t\t\t\t<\/div>\n\t\t\t\t<\/div>\n\t\t<\/div>\t\t<\/article>\n\t\t\t\t<article id=\"post-5127\" class=\"elementor-post elementor-grid-item ecs-post-loop swiper-slide post-5127 post type-post status-publish format-standard has-post-thumbnail hentry category-non-classifiee\">\n\t\t<div class=\"ecs-link-wrapper\" data-href=\"https:\/\/www.integra-fragrances.com\/fr\/herno-warm-patchouli-meuble-via-della-spiga\/\"   >\t\t<div data-elementor-type=\"loop\" data-elementor-id=\"4793\" class=\"elementor elementor-4793 elementor-215 post-5127 post type-post status-publish format-standard has-post-thumbnail hentry category-non-classifiee\" data-elementor-post-type=\"elementor_library\">\n\t\t\t<div class=\"elementor-element elementor-element-bfe1998 e-con-full e-flex e-con e-parent\" data-id=\"bfe1998\" data-element_type=\"container\">\n\t\t\t\t<div class=\"elementor-element elementor-element-6aed3ef elementor-widget__width-inherit elementor-widget elementor-widget-image\" data-id=\"6aed3ef\" data-element_type=\"widget\" data-widget_type=\"image.default\">\n\t\t\t\t<div class=\"elementor-widget-container\">\n\t\t\t\t\t\t\t\t\t\t\t\t\t\t\t<img loading=\"lazy\" decoding=\"async\" width=\"675\" height=\"675\" src=\"https:\/\/www.integra-fragrances.com\/site\/wp-content\/uploads\/2023\/09\/herno-milano-via-della-spiga.webp\" class=\"attachment-full size-full wp-image-5128\" alt=\"\" srcset=\"https:\/\/www.integra-fragrances.com\/site\/wp-content\/uploads\/2023\/09\/herno-milano-via-della-spiga.webp 675w, https:\/\/www.integra-fragrances.com\/site\/wp-content\/uploads\/2023\/09\/herno-milano-via-della-spiga-300x300.webp 300w, https:\/\/www.integra-fragrances.com\/site\/wp-content\/uploads\/2023\/09\/herno-milano-via-della-spiga-150x150.webp 150w\" sizes=\"(max-width: 675px) 100vw, 675px\" \/>\t\t\t\t\t\t\t\t\t\t\t\t\t\t\t<\/div>\n\t\t\t\t<\/div>\n\t\t<div class=\"elementor-element elementor-element-4e5df51 e-con-full e-flex e-con e-child\" data-id=\"4e5df51\" data-element_type=\"container\">\n\t\t\t\t<div class=\"elementor-element elementor-element-9601666 elementor-widget elementor-widget-heading\" data-id=\"9601666\" data-element_type=\"widget\" data-widget_type=\"heading.default\">\n\t\t\t\t<div class=\"elementor-widget-container\">\n\t\t\t\t\t<p class=\"elementor-heading-title elementor-size-default\">22.09.2014<\/p>\t\t\t\t<\/div>\n\t\t\t\t<\/div>\n\t\t\t\t<div class=\"elementor-element elementor-element-b6e8771 elementor-widget__width-auto elementor-widget elementor-widget-heading\" data-id=\"b6e8771\" data-element_type=\"widget\" data-widget_type=\"heading.default\">\n\t\t\t\t<div class=\"elementor-widget-container\">\n\t\t\t\t\t<p class=\"elementor-heading-title elementor-size-default\">Herno : \u201cWarm Patchouli\u201d meuble Via della Spiga.<\/p>\t\t\t\t<\/div>\n\t\t\t\t<\/div>\n\t\t\t\t<\/div>\n\t\t<div class=\"elementor-element elementor-element-f40d466 e-con-full e-flex e-con e-child\" data-id=\"f40d466\" data-element_type=\"container\">\n\t\t\t\t<div class=\"elementor-element elementor-element-6f05395 elementor-align-left elementor-widget__width-inherit elementor-widget elementor-widget-button\" data-id=\"6f05395\" data-element_type=\"widget\" data-widget_type=\"button.default\">\n\t\t\t\t<div class=\"elementor-widget-container\">\n\t\t\t\t\t\t\t\t\t<div class=\"elementor-button-wrapper\">\n\t\t\t\t\t<a class=\"elementor-button elementor-button-link elementor-size-sm\" href=\"https:\/\/www.integra-fragrances.com\/fr\/herno-warm-patchouli-meuble-via-della-spiga\/\">\n\t\t\t\t\t\t<span class=\"elementor-button-content-wrapper\">\n\t\t\t\t\t\t<span class=\"elementor-button-icon\">\n\t\t\t\t<i aria-hidden=\"true\" class=\"fas fa-angle-right\"><\/i>\t\t\t<\/span>\n\t\t\t\t\t\t\t\t\t<span class=\"elementor-button-text\">D\u00e9couvrir<\/span>\n\t\t\t\t\t<\/span>\n\t\t\t\t\t<\/a>\n\t\t\t\t<\/div>\n\t\t\t\t\t\t\t\t<\/div>\n\t\t\t\t<\/div>\n\t\t\t\t<\/div>\n\t\t\t\t<\/div>\n\t\t\t\t<\/div>\n\t\t<\/div>\t\t<\/article>\n\t\t\t\t<article id=\"post-5135\" class=\"elementor-post elementor-grid-item ecs-post-loop swiper-slide post-5135 post type-post status-publish format-standard has-post-thumbnail hentry category-non-classifiee\">\n\t\t<div class=\"ecs-link-wrapper\" data-href=\"https:\/\/www.integra-fragrances.com\/fr\/maxco-parfume-omotesando\/\"   >\t\t<div data-elementor-type=\"loop\" data-elementor-id=\"4793\" class=\"elementor elementor-4793 elementor-215 post-5135 post type-post status-publish format-standard has-post-thumbnail hentry category-non-classifiee\" data-elementor-post-type=\"elementor_library\">\n\t\t\t<div class=\"elementor-element elementor-element-bfe1998 e-con-full e-flex e-con e-parent\" data-id=\"bfe1998\" data-element_type=\"container\">\n\t\t\t\t<div class=\"elementor-element elementor-element-6aed3ef elementor-widget__width-inherit elementor-widget elementor-widget-image\" data-id=\"6aed3ef\" data-element_type=\"widget\" data-widget_type=\"image.default\">\n\t\t\t\t<div class=\"elementor-widget-container\">\n\t\t\t\t\t\t\t\t\t\t\t\t\t\t\t<img loading=\"lazy\" decoding=\"async\" width=\"675\" height=\"675\" src=\"https:\/\/www.integra-fragrances.com\/site\/wp-content\/uploads\/2023\/09\/max-co-omotesando-tokyo-japan.webp\" class=\"attachment-full size-full wp-image-5136\" alt=\"\" srcset=\"https:\/\/www.integra-fragrances.com\/site\/wp-content\/uploads\/2023\/09\/max-co-omotesando-tokyo-japan.webp 675w, https:\/\/www.integra-fragrances.com\/site\/wp-content\/uploads\/2023\/09\/max-co-omotesando-tokyo-japan-300x300.webp 300w, https:\/\/www.integra-fragrances.com\/site\/wp-content\/uploads\/2023\/09\/max-co-omotesando-tokyo-japan-150x150.webp 150w\" sizes=\"(max-width: 675px) 100vw, 675px\" \/>\t\t\t\t\t\t\t\t\t\t\t\t\t\t\t<\/div>\n\t\t\t\t<\/div>\n\t\t<div class=\"elementor-element elementor-element-4e5df51 e-con-full e-flex e-con e-child\" data-id=\"4e5df51\" data-element_type=\"container\">\n\t\t\t\t<div class=\"elementor-element elementor-element-9601666 elementor-widget elementor-widget-heading\" data-id=\"9601666\" data-element_type=\"widget\" data-widget_type=\"heading.default\">\n\t\t\t\t<div class=\"elementor-widget-container\">\n\t\t\t\t\t<p class=\"elementor-heading-title elementor-size-default\">18.09.2013<\/p>\t\t\t\t<\/div>\n\t\t\t\t<\/div>\n\t\t\t\t<div class=\"elementor-element elementor-element-b6e8771 elementor-widget__width-auto elementor-widget elementor-widget-heading\" data-id=\"b6e8771\" data-element_type=\"widget\" data-widget_type=\"heading.default\">\n\t\t\t\t<div class=\"elementor-widget-container\">\n\t\t\t\t\t<p class=\"elementor-heading-title elementor-size-default\">Max&amp;Co. parfume Omotesando.<\/p>\t\t\t\t<\/div>\n\t\t\t\t<\/div>\n\t\t\t\t<\/div>\n\t\t<div class=\"elementor-element elementor-element-f40d466 e-con-full e-flex e-con e-child\" data-id=\"f40d466\" data-element_type=\"container\">\n\t\t\t\t<div class=\"elementor-element elementor-element-6f05395 elementor-align-left elementor-widget__width-inherit elementor-widget elementor-widget-button\" data-id=\"6f05395\" data-element_type=\"widget\" data-widget_type=\"button.default\">\n\t\t\t\t<div class=\"elementor-widget-container\">\n\t\t\t\t\t\t\t\t\t<div class=\"elementor-button-wrapper\">\n\t\t\t\t\t<a class=\"elementor-button elementor-button-link elementor-size-sm\" href=\"https:\/\/www.integra-fragrances.com\/fr\/maxco-parfume-omotesando\/\">\n\t\t\t\t\t\t<span class=\"elementor-button-content-wrapper\">\n\t\t\t\t\t\t<span class=\"elementor-button-icon\">\n\t\t\t\t<i aria-hidden=\"true\" class=\"fas fa-angle-right\"><\/i>\t\t\t<\/span>\n\t\t\t\t\t\t\t\t\t<span class=\"elementor-button-text\">D\u00e9couvrir<\/span>\n\t\t\t\t\t<\/span>\n\t\t\t\t\t<\/a>\n\t\t\t\t<\/div>\n\t\t\t\t\t\t\t\t<\/div>\n\t\t\t\t<\/div>\n\t\t\t\t<\/div>\n\t\t\t\t<\/div>\n\t\t\t\t<\/div>\n\t\t<\/div>\t\t<\/article>\n\t\t\t\t<\/div>\n\t\t\t\t\t\t\t\t\t\t\t\t\t\t\t<div class=\"elementor-swiper-button elementor-swiper-button-prev\">\n\t\t\t\t\t\t<i class=\"eicon-chevron-left\" aria-hidden=\"true\"><\/i>\n\t\t\t\t\t\t<span class=\"elementor-screen-only\">Previous<\/span>\n\t\t\t\t\t<\/div>\n\t\t\t\t\t<div class=\"elementor-swiper-button elementor-swiper-button-next\">\n\t\t\t\t\t\t<i class=\"eicon-chevron-right\" aria-hidden=\"true\"><\/i>\n\t\t\t\t\t\t<span class=\"elementor-screen-only\">Next<\/span>\n\t\t\t\t\t<\/div>\n\t\t\t\t\t\t\t<\/div>\t\t\t\t<\/div>\n\t\t\t\t<\/div>\n\t\t\t\t<\/div>\n\t\t\t\t\t<\/div>\n\t\t\t\t<\/div>\n\t\t<div class=\"elementor-element elementor-element-1c89eb6 e-flex e-con-boxed e-con e-parent\" data-id=\"1c89eb6\" data-element_type=\"container\" data-settings=\"{&quot;background_background&quot;:&quot;classic&quot;}\">\n\t\t\t\t\t<div class=\"e-con-inner\">\n\t\t<div class=\"elementor-element elementor-element-16e69d5 e-con-full e-flex e-con e-child\" data-id=\"16e69d5\" data-element_type=\"container\">\n\t\t\t\t<div class=\"elementor-element elementor-element-988a3f2 elementor-widget__width-auto elementor-widget elementor-widget-heading\" data-id=\"988a3f2\" data-element_type=\"widget\" data-widget_type=\"heading.default\">\n\t\t\t\t<div class=\"elementor-widget-container\">\n\t\t\t\t\t<h3 class=\"elementor-heading-title elementor-size-default\">Notre univers<\/h3>\t\t\t\t<\/div>\n\t\t\t\t<\/div>\n\t\t\t\t<\/div>\n\t\t<div class=\"elementor-element elementor-element-700823f e-flex e-con-boxed e-con e-child\" data-id=\"700823f\" data-element_type=\"container\">\n\t\t\t\t\t<div class=\"e-con-inner\">\n\t\t\t\t<div class=\"elementor-element elementor-element-0ce07a7 elementor-widget elementor-widget-video\" data-id=\"0ce07a7\" data-element_type=\"widget\" data-settings=\"{&quot;video_type&quot;:&quot;hosted&quot;,&quot;controls&quot;:&quot;yes&quot;}\" data-widget_type=\"video.default\">\n\t\t\t\t<div class=\"elementor-widget-container\">\n\t\t\t\t\t\t\t<div class=\"e-hosted-video elementor-wrapper elementor-open-inline\">\n\t\t\t\t\t<video class=\"elementor-video\" src=\"https:\/\/www.integra-fragrances.com\/site\/wp-content\/uploads\/2023\/09\/IF-Our-world.mp4\" controls=\"\" preload=\"metadata\" controlsList=\"nodownload\" poster=\"https:\/\/www.integra-fragrances.com\/site\/wp-content\/uploads\/2023\/07\/Schermata-2023-07-12-alle-16.18.52.png\"><\/video>\n\t\t\t\t<\/div>\n\t\t\t\t\t\t<\/div>\n\t\t\t\t<\/div>\n\t\t\t\t\t<\/div>\n\t\t\t\t<\/div>\n\t\t\t\t\t<\/div>\n\t\t\t\t<\/div>\n\t\t<div class=\"elementor-element elementor-element-6ed77bf e-flex e-con-boxed e-con e-parent\" data-id=\"6ed77bf\" data-element_type=\"container\" data-settings=\"{&quot;background_background&quot;:&quot;classic&quot;}\">\n\t\t\t\t\t<div class=\"e-con-inner\">\n\t\t<div class=\"elementor-element elementor-element-b4bf9bf e-con-full e-flex e-con e-child\" data-id=\"b4bf9bf\" data-element_type=\"container\">\n\t\t\t\t<div class=\"elementor-element elementor-element-3fc2e3c elementor-widget elementor-widget-heading\" data-id=\"3fc2e3c\" data-element_type=\"widget\" data-widget_type=\"heading.default\">\n\t\t\t\t<div class=\"elementor-widget-container\">\n\t\t\t\t\t<h4 class=\"elementor-heading-title elementor-size-default\">D\u00e9couvrez nos projets et plongez dans un univers raffin\u00e9, riche en \u00e9motions.<\/h4>\t\t\t\t<\/div>\n\t\t\t\t<\/div>\n\t\t\t\t<div class=\"elementor-element elementor-element-a433907 elementor-align-left elementor-widget elementor-widget-button\" data-id=\"a433907\" data-element_type=\"widget\" data-widget_type=\"button.default\">\n\t\t\t\t<div class=\"elementor-widget-container\">\n\t\t\t\t\t\t\t\t\t<div class=\"elementor-button-wrapper\">\n\t\t\t\t\t<a class=\"elementor-button elementor-button-link elementor-size-sm\" href=\"https:\/\/www.integra-fragrances.com\/fr\/histoires-de-succes\/\">\n\t\t\t\t\t\t<span class=\"elementor-button-content-wrapper\">\n\t\t\t\t\t\t<span class=\"elementor-button-icon\">\n\t\t\t\t<i aria-hidden=\"true\" class=\"fas fa-angle-right\"><\/i>\t\t\t<\/span>\n\t\t\t\t\t\t\t\t\t<span class=\"elementor-button-text\">D\u00e9couvrir<\/span>\n\t\t\t\t\t<\/span>\n\t\t\t\t\t<\/a>\n\t\t\t\t<\/div>\n\t\t\t\t\t\t\t\t<\/div>\n\t\t\t\t<\/div>\n\t\t\t\t<\/div>\n\t\t\t\t\t<\/div>\n\t\t\t\t<\/div>\n\t\t<div class=\"elementor-element elementor-element-f8cc6f0 e-flex e-con-boxed e-con e-parent\" data-id=\"f8cc6f0\" data-element_type=\"container\" data-settings=\"{&quot;background_background&quot;:&quot;classic&quot;}\">\n\t\t\t\t\t<div class=\"e-con-inner\">\n\t\t<div class=\"elementor-element elementor-element-c7f2aa4 e-con-full e-flex e-con e-child\" data-id=\"c7f2aa4\" data-element_type=\"container\">\n\t\t\t\t<div class=\"elementor-element elementor-element-2c4b62d elementor-widget elementor-widget-heading\" data-id=\"2c4b62d\" data-element_type=\"widget\" data-widget_type=\"heading.default\">\n\t\t\t\t<div class=\"elementor-widget-container\">\n\t\t\t\t\t<p class=\"elementor-heading-title elementor-size-default\">Chaque marque a une histoire \u00e0 raconter. Nous la transformons en une exp\u00e9rience olfactive.<br>D\u00e9couvrez comment parfumer votre histoire, contactez-nous:<\/p>\t\t\t\t<\/div>\n\t\t\t\t<\/div>\n\t\t\t\t<\/div>\n\t\t<div class=\"elementor-element elementor-element-4b55009 e-con-full e-flex e-con e-child\" data-id=\"4b55009\" data-element_type=\"container\">\n\t\t\t\t<div class=\"elementor-element elementor-element-6ea8559 elementor-widget__width-initial GA4_click_form elementor-button-align-stretch elementor-widget elementor-widget-form\" data-id=\"6ea8559\" data-element_type=\"widget\" data-settings=\"{&quot;step_next_label&quot;:&quot;Successivo&quot;,&quot;step_previous_label&quot;:&quot;Precedente&quot;,&quot;step_icon_shape&quot;:&quot;square&quot;,&quot;button_width&quot;:&quot;100&quot;,&quot;step_type&quot;:&quot;number_text&quot;}\" data-widget_type=\"form.default\">\n\t\t\t\t<div class=\"elementor-widget-container\">\n\t\t\t\t\t\t\t<form class=\"elementor-form\" method=\"post\" name=\"Integra Fragrances - Proposta per Integra Fragrances da Home Page\" aria-label=\"Integra Fragrances - Proposta per Integra Fragrances da Home Page\">\n\t\t\t<input type=\"hidden\" name=\"post_id\" value=\"4225\"\/>\n\t\t\t<input type=\"hidden\" name=\"form_id\" value=\"6ea8559\"\/>\n\t\t\t<input type=\"hidden\" name=\"referer_title\" value=\"Integra Fragrances\" \/>\n\n\t\t\t\n\t\t\t<div class=\"elementor-form-fields-wrapper elementor-labels-\">\n\t\t\t\t\t\t\t\t<div class=\"elementor-field-type-html elementor-field-group elementor-column elementor-field-group-field_c29b23e elementor-col-100\">\n\t\t\t\t\t<p class='txt-form-cookie'>Activez les cookies dans la fen\u00eatre contextuelle g\u00e9n\u00e9rale pour terminer l\u2019envoi du formulaire.<\/p>\t\t\t\t<\/div>\n\t\t\t\t\t\t\t\t<div class=\"elementor-field-type-text elementor-field-group elementor-column elementor-field-group-field_22b0af1 elementor-col-50 elementor-field-required\">\n\t\t\t\t\t\t\t\t\t\t\t\t<label for=\"form-field-field_22b0af1\" class=\"elementor-field-label elementor-screen-only\">\n\t\t\t\t\t\t\t\tNom et Pr\u00e9nom\t\t\t\t\t\t\t<\/label>\n\t\t\t\t\t\t\t\t\t\t\t\t\t\t<input size=\"1\" type=\"text\" name=\"form_fields[field_22b0af1]\" id=\"form-field-field_22b0af1\" class=\"elementor-field elementor-size-sm  elementor-field-textual\" placeholder=\"Nom et Pr\u00e9nom*\" required=\"required\">\n\t\t\t\t\t\t\t\t\t\t\t<\/div>\n\t\t\t\t\t\t\t\t<div class=\"elementor-field-type-email elementor-field-group elementor-column elementor-field-group-field_803bfdb elementor-col-50 elementor-field-required\">\n\t\t\t\t\t\t\t\t\t\t\t\t<label for=\"form-field-field_803bfdb\" class=\"elementor-field-label elementor-screen-only\">\n\t\t\t\t\t\t\t\tEmail\t\t\t\t\t\t\t<\/label>\n\t\t\t\t\t\t\t\t\t\t\t\t\t\t<input size=\"1\" type=\"email\" name=\"form_fields[field_803bfdb]\" id=\"form-field-field_803bfdb\" class=\"elementor-field elementor-size-sm  elementor-field-textual\" placeholder=\"Email*\" required=\"required\">\n\t\t\t\t\t\t\t\t\t\t\t<\/div>\n\t\t\t\t\t\t\t\t<div class=\"elementor-field-type-tel elementor-field-group elementor-column elementor-field-group-field_f750a0a elementor-col-33 elementor-field-required\">\n\t\t\t\t\t\t\t\t\t\t\t\t<label for=\"form-field-field_f750a0a\" class=\"elementor-field-label elementor-screen-only\">\n\t\t\t\t\t\t\t\tT\u00e9l\u00e9phone\t\t\t\t\t\t\t<\/label>\n\t\t\t\t\t\t\t\t<input size=\"1\" type=\"tel\" name=\"form_fields[field_f750a0a]\" id=\"form-field-field_f750a0a\" class=\"elementor-field elementor-size-sm  elementor-field-textual\" placeholder=\"T\u00e9l\u00e9phone*\" required=\"required\" pattern=\"[0-9()#&amp;+*-=.]+\" title=\"Only numbers and phone characters (#, -, *, etc) are accepted.\">\n\n\t\t\t\t\t\t<\/div>\n\t\t\t\t\t\t\t\t<div class=\"elementor-field-type-text elementor-field-group elementor-column elementor-field-group-field_83a865e elementor-col-33 elementor-field-required\">\n\t\t\t\t\t\t\t\t\t\t\t\t<label for=\"form-field-field_83a865e\" class=\"elementor-field-label elementor-screen-only\">\n\t\t\t\t\t\t\t\tEntreprise\t\t\t\t\t\t\t<\/label>\n\t\t\t\t\t\t\t\t\t\t\t\t\t\t<input size=\"1\" type=\"text\" name=\"form_fields[field_83a865e]\" id=\"form-field-field_83a865e\" class=\"elementor-field elementor-size-sm  elementor-field-textual\" placeholder=\"Entreprise*\" required=\"required\">\n\t\t\t\t\t\t\t\t\t\t\t<\/div>\n\t\t\t\t\t\t\t\t<div class=\"elementor-field-type-text elementor-field-group elementor-column elementor-field-group-field_791e941 elementor-col-33\">\n\t\t\t\t\t\t\t\t\t\t\t\t<label for=\"form-field-field_791e941\" class=\"elementor-field-label elementor-screen-only\">\n\t\t\t\t\t\t\t\tAdresse\t\t\t\t\t\t\t<\/label>\n\t\t\t\t\t\t\t\t\t\t\t\t\t\t<input size=\"1\" type=\"text\" name=\"form_fields[field_791e941]\" id=\"form-field-field_791e941\" class=\"elementor-field elementor-size-sm  elementor-field-textual\" placeholder=\"Adresse\">\n\t\t\t\t\t\t\t\t\t\t\t<\/div>\n\t\t\t\t\t\t\t\t<div class=\"elementor-field-type-textarea elementor-field-group elementor-column elementor-field-group-field_35475b9 elementor-col-100 elementor-field-required\">\n\t\t\t\t\t\t\t\t\t\t\t\t<label for=\"form-field-field_35475b9\" class=\"elementor-field-label elementor-screen-only\">\n\t\t\t\t\t\t\t\tMessage\t\t\t\t\t\t\t<\/label>\n\t\t\t\t\t\t<textarea class=\"elementor-field-textual elementor-field  elementor-size-sm\" name=\"form_fields[field_35475b9]\" id=\"form-field-field_35475b9\" rows=\"8\" placeholder=\"Message*\" required=\"required\"><\/textarea>\t\t\t\t<\/div>\n\t\t\t\t\t\t\t\t<div class=\"elementor-field-type-acceptance elementor-field-group elementor-column elementor-field-group-field_80cd179 elementor-col-100 elementor-field-required\">\n\t\t\t\t\t\t\t\t\t\t\t\t<label for=\"form-field-field_80cd179\" class=\"elementor-field-label elementor-screen-only\">\n\t\t\t\t\t\t\t\tPrivacy Policy\t\t\t\t\t\t\t<\/label>\n\t\t\t\t\t\t\t\t<div class=\"elementor-field-subgroup\">\n\t\t\t<span class=\"elementor-field-option\">\n\t\t\t\t<input type=\"checkbox\" name=\"form_fields[field_80cd179]\" id=\"form-field-field_80cd179\" class=\"elementor-field elementor-size-sm  elementor-acceptance-field\" required=\"required\">\n\t\t\t\t<label for=\"form-field-field_80cd179\">Je d\u00e9clare avoir lu et accept\u00e9 la d\u00e9claration de confidentialit\u00e9 et la notification dans toutes ses clauses <a href=\"https:\/\/www.integra-fragrances.com\/site\/wp-content\/uploads\/2023\/10\/IF_PrivacyPolicy_FRA.pdf\" target=\"_blank\" style=\"text-decoration: underline;\">privacy policy<\/a>.<\/label>\t\t\t<\/span>\n\t\t<\/div>\n\t\t\t\t\t\t<\/div>\n\t\t\t\t\t\t\t\t<div class=\"elementor-field-type-recaptcha_v3 elementor-field-group elementor-column elementor-field-group-field_49a8e5f elementor-col-100 recaptcha_v3-bottomright\">\n\t\t\t\t\t<div class=\"elementor-field\" id=\"form-field-field_49a8e5f\"><div class=\"elementor-g-recaptcha\" data-sitekey=\"6Lex20wqAAAAAO0xE9kUISib7uK5V-A54ZNMIkrM\" data-type=\"v3\" data-action=\"Form\" data-badge=\"bottomright\" data-size=\"invisible\"><\/div><\/div>\t\t\t\t<\/div>\n\t\t\t\t\t\t\t\t<div class=\"elementor-field-group elementor-column elementor-field-type-submit elementor-col-100 e-form__buttons\">\n\t\t\t\t\t<button class=\"elementor-button elementor-size-sm\" type=\"submit\">\n\t\t\t\t\t\t<span class=\"elementor-button-content-wrapper\">\n\t\t\t\t\t\t\t\t\t\t\t\t\t\t\t\t\t\t\t\t\t\t<span class=\"elementor-button-text\">Envoyer<\/span>\n\t\t\t\t\t\t\t\t\t\t\t\t\t<\/span>\n\t\t\t\t\t<\/button>\n\t\t\t\t<\/div>\n\t\t\t<\/div>\n\t\t<\/form>\n\t\t\t\t\t\t<\/div>\n\t\t\t\t<\/div>\n\t\t\t\t<\/div>\n\t\t\t\t\t<\/div>\n\t\t\t\t<\/div>\n\t\t<div class=\"elementor-element elementor-element-66723a2 e-flex e-con-boxed e-con e-parent\" data-id=\"66723a2\" data-element_type=\"container\" data-settings=\"{&quot;background_background&quot;:&quot;classic&quot;}\">\n\t\t\t\t\t<div class=\"e-con-inner\">\n\t\t<div class=\"elementor-element elementor-element-2f94a70 e-con-full e-flex e-con e-child\" data-id=\"2f94a70\" data-element_type=\"container\">\n\t\t\t\t<div class=\"elementor-element elementor-element-a37e6dd elementor-widget__width-auto elementor-widget elementor-widget-heading\" data-id=\"a37e6dd\" data-element_type=\"widget\" data-widget_type=\"heading.default\">\n\t\t\t\t<div class=\"elementor-widget-container\">\n\t\t\t\t\t<h3 class=\"elementor-heading-title elementor-size-default\">Follow us:<\/h3>\t\t\t\t<\/div>\n\t\t\t\t<\/div>\n\t\t\t\t<div class=\"elementor-element elementor-element-a9b7de4 elementor-widget__width-inherit elementor-widget elementor-widget-text-editor\" data-id=\"a9b7de4\" data-element_type=\"widget\" data-widget_type=\"text-editor.default\">\n\t\t\t\t<div class=\"elementor-widget-container\">\n\t\t\t\t\t\t\t\t\t<p><a href=\"https:\/\/www.instagram.com\/integrafragrances\/\" target=\"_blank\" rel=\"noopener\">&gt;\u00a0 \u00a0Instagram<\/a><br \/><a href=\"https:\/\/www.facebook.com\/IntegraFragrances\/\" target=\"_blank\" rel=\"noopener\">&gt;\u00a0 \u00a0Facebook<\/a><br \/><a href=\"https:\/\/www.linkedin.com\/company\/integra-fragrances\/\" target=\"_blank\" rel=\"noopener\">&gt;\u00a0 \u00a0Linkedin<\/a><br \/><a href=\"https:\/\/www.youtube.com\/channel\/UCttsJdhn26KVTLyXFOiat6Q\" target=\"_blank\" rel=\"noopener\">&gt;\u00a0 \u00a0YouTube<\/a><br \/><a href=\"https:\/\/vimeo.com\/user83026927\" target=\"_blank\" rel=\"noopener\">&gt;\u00a0 \u00a0Vimeo<\/a><\/p>\t\t\t\t\t\t\t\t<\/div>\n\t\t\t\t<\/div>\n\t\t\t\t<\/div>\n\t\t<div class=\"elementor-element elementor-element-c6fe3f9 e-con-full e-grid e-con e-child\" data-id=\"c6fe3f9\" data-element_type=\"container\">\n\t\t\t\t<div class=\"elementor-element elementor-element-85a91bd elementor-widget elementor-widget-shortcode\" data-id=\"85a91bd\" data-element_type=\"widget\" data-widget_type=\"shortcode.default\">\n\t\t\t\t<div class=\"elementor-widget-container\">\n\t\t\t\t\t\t\t<div class=\"elementor-shortcode\">\n<div id=\"sb_instagram\"  class=\"sbi sbi_mob_col_2 sbi_tab_col_3 sbi_col_6 sbi_width_resp\" style=\"padding-bottom: 10px;\"\t data-feedid=\"*4\"  data-res=\"auto\" data-cols=\"6\" data-colsmobile=\"2\" data-colstablet=\"3\" data-num=\"6\" data-nummobile=\"6\" data-item-padding=\"5\"\t data-shortcode-atts=\"{&quot;feed&quot;:&quot;4&quot;}\"  data-postid=\"5135\" data-locatornonce=\"ca0dcd795b\" data-imageaspectratio=\"1:1\" data-sbi-flags=\"favorLocal\">\n\t\n\t<div id=\"sbi_images\"  style=\"gap: 10px;\">\n\t\t<div class=\"sbi_item sbi_type_carousel sbi_new sbi_transition\"\n\tid=\"sbi_17957767854188989\" data-date=\"1777726817\">\n\t<div class=\"sbi_photo_wrap\">\n\t\t<a class=\"sbi_photo\" href=\"https:\/\/www.instagram.com\/p\/DX1lDWsDacn\/\" target=\"_blank\" rel=\"noopener nofollow\"\n\t\t\tdata-full-res=\"https:\/\/scontent-fra5-1.cdninstagram.com\/v\/t51.82787-15\/684151607_18354542014241272_4000070882340701588_n.jpg?stp=dst-jpg_e35_tt6&#038;_nc_cat=100&#038;ccb=7-5&#038;_nc_sid=18de74&#038;efg=eyJlZmdfdGFnIjoiQ0FST1VTRUxfSVRFTS5iZXN0X2ltYWdlX3VybGdlbi5DMyJ9&#038;_nc_ohc=lORMpc-nhtoQ7kNvwEFWW2X&#038;_nc_oc=AdpIkq5eR7XZ5HqaiC4diidrtCYRrfG6Kn2huspn3H1vqXpBYF445qzgq9BV0dVacaQ&#038;_nc_zt=23&#038;_nc_ht=scontent-fra5-1.cdninstagram.com&#038;edm=ANo9K5cEAAAA&#038;_nc_gid=Bgz83kCypGBdPut75rmqUQ&#038;_nc_tpa=Q5bMBQFMXwZsdrKIw4hIljrDDQaQ_eM3GVUsQxGC40VwWo3NIjGBiexvtrB9OQ8zrdeOLwmazkLEaweSfg&#038;oh=00_Af4HD0mf-FsuCbSUE4h-6AY3c8JtKP_x2iEqOu3KdyTSzQ&#038;oe=69FC9AEC\"\n\t\t\tdata-img-src-set=\"{&quot;d&quot;:&quot;https:\\\/\\\/scontent-fra5-1.cdninstagram.com\\\/v\\\/t51.82787-15\\\/684151607_18354542014241272_4000070882340701588_n.jpg?stp=dst-jpg_e35_tt6&amp;_nc_cat=100&amp;ccb=7-5&amp;_nc_sid=18de74&amp;efg=eyJlZmdfdGFnIjoiQ0FST1VTRUxfSVRFTS5iZXN0X2ltYWdlX3VybGdlbi5DMyJ9&amp;_nc_ohc=lORMpc-nhtoQ7kNvwEFWW2X&amp;_nc_oc=AdpIkq5eR7XZ5HqaiC4diidrtCYRrfG6Kn2huspn3H1vqXpBYF445qzgq9BV0dVacaQ&amp;_nc_zt=23&amp;_nc_ht=scontent-fra5-1.cdninstagram.com&amp;edm=ANo9K5cEAAAA&amp;_nc_gid=Bgz83kCypGBdPut75rmqUQ&amp;_nc_tpa=Q5bMBQFMXwZsdrKIw4hIljrDDQaQ_eM3GVUsQxGC40VwWo3NIjGBiexvtrB9OQ8zrdeOLwmazkLEaweSfg&amp;oh=00_Af4HD0mf-FsuCbSUE4h-6AY3c8JtKP_x2iEqOu3KdyTSzQ&amp;oe=69FC9AEC&quot;,&quot;150&quot;:&quot;https:\\\/\\\/scontent-fra5-1.cdninstagram.com\\\/v\\\/t51.82787-15\\\/684151607_18354542014241272_4000070882340701588_n.jpg?stp=dst-jpg_e35_tt6&amp;_nc_cat=100&amp;ccb=7-5&amp;_nc_sid=18de74&amp;efg=eyJlZmdfdGFnIjoiQ0FST1VTRUxfSVRFTS5iZXN0X2ltYWdlX3VybGdlbi5DMyJ9&amp;_nc_ohc=lORMpc-nhtoQ7kNvwEFWW2X&amp;_nc_oc=AdpIkq5eR7XZ5HqaiC4diidrtCYRrfG6Kn2huspn3H1vqXpBYF445qzgq9BV0dVacaQ&amp;_nc_zt=23&amp;_nc_ht=scontent-fra5-1.cdninstagram.com&amp;edm=ANo9K5cEAAAA&amp;_nc_gid=Bgz83kCypGBdPut75rmqUQ&amp;_nc_tpa=Q5bMBQFMXwZsdrKIw4hIljrDDQaQ_eM3GVUsQxGC40VwWo3NIjGBiexvtrB9OQ8zrdeOLwmazkLEaweSfg&amp;oh=00_Af4HD0mf-FsuCbSUE4h-6AY3c8JtKP_x2iEqOu3KdyTSzQ&amp;oe=69FC9AEC&quot;,&quot;320&quot;:&quot;https:\\\/\\\/scontent-fra5-1.cdninstagram.com\\\/v\\\/t51.82787-15\\\/684151607_18354542014241272_4000070882340701588_n.jpg?stp=dst-jpg_e35_tt6&amp;_nc_cat=100&amp;ccb=7-5&amp;_nc_sid=18de74&amp;efg=eyJlZmdfdGFnIjoiQ0FST1VTRUxfSVRFTS5iZXN0X2ltYWdlX3VybGdlbi5DMyJ9&amp;_nc_ohc=lORMpc-nhtoQ7kNvwEFWW2X&amp;_nc_oc=AdpIkq5eR7XZ5HqaiC4diidrtCYRrfG6Kn2huspn3H1vqXpBYF445qzgq9BV0dVacaQ&amp;_nc_zt=23&amp;_nc_ht=scontent-fra5-1.cdninstagram.com&amp;edm=ANo9K5cEAAAA&amp;_nc_gid=Bgz83kCypGBdPut75rmqUQ&amp;_nc_tpa=Q5bMBQFMXwZsdrKIw4hIljrDDQaQ_eM3GVUsQxGC40VwWo3NIjGBiexvtrB9OQ8zrdeOLwmazkLEaweSfg&amp;oh=00_Af4HD0mf-FsuCbSUE4h-6AY3c8JtKP_x2iEqOu3KdyTSzQ&amp;oe=69FC9AEC&quot;,&quot;640&quot;:&quot;https:\\\/\\\/scontent-fra5-1.cdninstagram.com\\\/v\\\/t51.82787-15\\\/684151607_18354542014241272_4000070882340701588_n.jpg?stp=dst-jpg_e35_tt6&amp;_nc_cat=100&amp;ccb=7-5&amp;_nc_sid=18de74&amp;efg=eyJlZmdfdGFnIjoiQ0FST1VTRUxfSVRFTS5iZXN0X2ltYWdlX3VybGdlbi5DMyJ9&amp;_nc_ohc=lORMpc-nhtoQ7kNvwEFWW2X&amp;_nc_oc=AdpIkq5eR7XZ5HqaiC4diidrtCYRrfG6Kn2huspn3H1vqXpBYF445qzgq9BV0dVacaQ&amp;_nc_zt=23&amp;_nc_ht=scontent-fra5-1.cdninstagram.com&amp;edm=ANo9K5cEAAAA&amp;_nc_gid=Bgz83kCypGBdPut75rmqUQ&amp;_nc_tpa=Q5bMBQFMXwZsdrKIw4hIljrDDQaQ_eM3GVUsQxGC40VwWo3NIjGBiexvtrB9OQ8zrdeOLwmazkLEaweSfg&amp;oh=00_Af4HD0mf-FsuCbSUE4h-6AY3c8JtKP_x2iEqOu3KdyTSzQ&amp;oe=69FC9AEC&quot;}\">\n\t\t\t<span class=\"sbi-screenreader\">In hospitality, true comfort goes beyond what gues<\/span>\n\t\t\t<svg class=\"svg-inline--fa fa-clone fa-w-16 sbi_lightbox_carousel_icon\" aria-hidden=\"true\" aria-label=\"Clone\" data-fa-pro\u0192cessed=\"\" data-prefix=\"far\" data-icon=\"clone\" role=\"img\" xmlns=\"http:\/\/www.w3.org\/2000\/svg\" viewBox=\"0 0 512 512\">\n                    <path fill=\"currentColor\" d=\"M464 0H144c-26.51 0-48 21.49-48 48v48H48c-26.51 0-48 21.49-48 48v320c0 26.51 21.49 48 48 48h320c26.51 0 48-21.49 48-48v-48h48c26.51 0 48-21.49 48-48V48c0-26.51-21.49-48-48-48zM362 464H54a6 6 0 0 1-6-6V150a6 6 0 0 1 6-6h42v224c0 26.51 21.49 48 48 48h224v42a6 6 0 0 1-6 6zm96-96H150a6 6 0 0 1-6-6V54a6 6 0 0 1 6-6h308a6 6 0 0 1 6 6v308a6 6 0 0 1-6 6z\"><\/path>\n                <\/svg>\t\t\t\t\t\t<img decoding=\"async\" src=\"https:\/\/www.integra-fragrances.com\/site\/wp-content\/plugins\/instagram-feed\/img\/placeholder.png\" alt=\"In hospitality, true comfort goes beyond what guests can see. \n\nSleep-enhancing fragrances transform the night into a restorative experience, helping guests relax, recharge and wake up at their best. A subtle yet powerful way to elevate wellbeing and make every stay more memorable. \n\nScroll to discover more. \n\u2014 \n#IntegraFragrances \n\n. \n. \n. \n\n#scentdesign #scentbranding #scentmarketing #scentexperience\" aria-hidden=\"true\">\n\t\t<\/a>\n\t<\/div>\n<\/div><div class=\"sbi_item sbi_type_carousel sbi_new sbi_transition\"\n\tid=\"sbi_17887946481366633\" data-date=\"1777564813\">\n\t<div class=\"sbi_photo_wrap\">\n\t\t<a class=\"sbi_photo\" href=\"https:\/\/www.instagram.com\/p\/DXwwDjjCOAn\/\" target=\"_blank\" rel=\"noopener nofollow\"\n\t\t\tdata-full-res=\"https:\/\/scontent-fra5-2.cdninstagram.com\/v\/t39.30808-6\/660084713_1620510018989936_7964128361932775178_n.jpg?stp=dst-jpg_e35_tt6&#038;_nc_cat=107&#038;ccb=7-5&#038;_nc_sid=18de74&#038;efg=eyJlZmdfdGFnIjoiQ0FST1VTRUxfSVRFTS5iZXN0X2ltYWdlX3VybGdlbi5DMyJ9&#038;_nc_ohc=NqECRKOU29QQ7kNvwHx9Uyx&#038;_nc_oc=Adr1vAryseDbfZ5ho3auUVsy6NfuaCoSeKaPLcmFIksPgP9jQsXmuidT8THf74Xyxyo&#038;_nc_zt=23&#038;_nc_ht=scontent-fra5-2.cdninstagram.com&#038;edm=ANo9K5cEAAAA&#038;_nc_gid=Bgz83kCypGBdPut75rmqUQ&#038;_nc_tpa=Q5bMBQH2DQ8IwMozoVK9-wl9wPRjBsatUlmjnEpbhNVJwIupFabpX4-Miz3vMMRaU1293ApxusYv9o9C7Q&#038;oh=00_Af5dM7nGI2cutukzdLcbBtf7mchbIEMsYSOrotGqT1PsaQ&#038;oe=69FCB30C\"\n\t\t\tdata-img-src-set=\"{&quot;d&quot;:&quot;https:\\\/\\\/scontent-fra5-2.cdninstagram.com\\\/v\\\/t39.30808-6\\\/660084713_1620510018989936_7964128361932775178_n.jpg?stp=dst-jpg_e35_tt6&amp;_nc_cat=107&amp;ccb=7-5&amp;_nc_sid=18de74&amp;efg=eyJlZmdfdGFnIjoiQ0FST1VTRUxfSVRFTS5iZXN0X2ltYWdlX3VybGdlbi5DMyJ9&amp;_nc_ohc=NqECRKOU29QQ7kNvwHx9Uyx&amp;_nc_oc=Adr1vAryseDbfZ5ho3auUVsy6NfuaCoSeKaPLcmFIksPgP9jQsXmuidT8THf74Xyxyo&amp;_nc_zt=23&amp;_nc_ht=scontent-fra5-2.cdninstagram.com&amp;edm=ANo9K5cEAAAA&amp;_nc_gid=Bgz83kCypGBdPut75rmqUQ&amp;_nc_tpa=Q5bMBQH2DQ8IwMozoVK9-wl9wPRjBsatUlmjnEpbhNVJwIupFabpX4-Miz3vMMRaU1293ApxusYv9o9C7Q&amp;oh=00_Af5dM7nGI2cutukzdLcbBtf7mchbIEMsYSOrotGqT1PsaQ&amp;oe=69FCB30C&quot;,&quot;150&quot;:&quot;https:\\\/\\\/scontent-fra5-2.cdninstagram.com\\\/v\\\/t39.30808-6\\\/660084713_1620510018989936_7964128361932775178_n.jpg?stp=dst-jpg_e35_tt6&amp;_nc_cat=107&amp;ccb=7-5&amp;_nc_sid=18de74&amp;efg=eyJlZmdfdGFnIjoiQ0FST1VTRUxfSVRFTS5iZXN0X2ltYWdlX3VybGdlbi5DMyJ9&amp;_nc_ohc=NqECRKOU29QQ7kNvwHx9Uyx&amp;_nc_oc=Adr1vAryseDbfZ5ho3auUVsy6NfuaCoSeKaPLcmFIksPgP9jQsXmuidT8THf74Xyxyo&amp;_nc_zt=23&amp;_nc_ht=scontent-fra5-2.cdninstagram.com&amp;edm=ANo9K5cEAAAA&amp;_nc_gid=Bgz83kCypGBdPut75rmqUQ&amp;_nc_tpa=Q5bMBQH2DQ8IwMozoVK9-wl9wPRjBsatUlmjnEpbhNVJwIupFabpX4-Miz3vMMRaU1293ApxusYv9o9C7Q&amp;oh=00_Af5dM7nGI2cutukzdLcbBtf7mchbIEMsYSOrotGqT1PsaQ&amp;oe=69FCB30C&quot;,&quot;320&quot;:&quot;https:\\\/\\\/scontent-fra5-2.cdninstagram.com\\\/v\\\/t39.30808-6\\\/660084713_1620510018989936_7964128361932775178_n.jpg?stp=dst-jpg_e35_tt6&amp;_nc_cat=107&amp;ccb=7-5&amp;_nc_sid=18de74&amp;efg=eyJlZmdfdGFnIjoiQ0FST1VTRUxfSVRFTS5iZXN0X2ltYWdlX3VybGdlbi5DMyJ9&amp;_nc_ohc=NqECRKOU29QQ7kNvwHx9Uyx&amp;_nc_oc=Adr1vAryseDbfZ5ho3auUVsy6NfuaCoSeKaPLcmFIksPgP9jQsXmuidT8THf74Xyxyo&amp;_nc_zt=23&amp;_nc_ht=scontent-fra5-2.cdninstagram.com&amp;edm=ANo9K5cEAAAA&amp;_nc_gid=Bgz83kCypGBdPut75rmqUQ&amp;_nc_tpa=Q5bMBQH2DQ8IwMozoVK9-wl9wPRjBsatUlmjnEpbhNVJwIupFabpX4-Miz3vMMRaU1293ApxusYv9o9C7Q&amp;oh=00_Af5dM7nGI2cutukzdLcbBtf7mchbIEMsYSOrotGqT1PsaQ&amp;oe=69FCB30C&quot;,&quot;640&quot;:&quot;https:\\\/\\\/scontent-fra5-2.cdninstagram.com\\\/v\\\/t39.30808-6\\\/660084713_1620510018989936_7964128361932775178_n.jpg?stp=dst-jpg_e35_tt6&amp;_nc_cat=107&amp;ccb=7-5&amp;_nc_sid=18de74&amp;efg=eyJlZmdfdGFnIjoiQ0FST1VTRUxfSVRFTS5iZXN0X2ltYWdlX3VybGdlbi5DMyJ9&amp;_nc_ohc=NqECRKOU29QQ7kNvwHx9Uyx&amp;_nc_oc=Adr1vAryseDbfZ5ho3auUVsy6NfuaCoSeKaPLcmFIksPgP9jQsXmuidT8THf74Xyxyo&amp;_nc_zt=23&amp;_nc_ht=scontent-fra5-2.cdninstagram.com&amp;edm=ANo9K5cEAAAA&amp;_nc_gid=Bgz83kCypGBdPut75rmqUQ&amp;_nc_tpa=Q5bMBQH2DQ8IwMozoVK9-wl9wPRjBsatUlmjnEpbhNVJwIupFabpX4-Miz3vMMRaU1293ApxusYv9o9C7Q&amp;oh=00_Af5dM7nGI2cutukzdLcbBtf7mchbIEMsYSOrotGqT1PsaQ&amp;oe=69FCB30C&quot;}\">\n\t\t\t<span class=\"sbi-screenreader\">From the roots of vetiver comes a perfumery raw ma<\/span>\n\t\t\t<svg class=\"svg-inline--fa fa-clone fa-w-16 sbi_lightbox_carousel_icon\" aria-hidden=\"true\" aria-label=\"Clone\" data-fa-pro\u0192cessed=\"\" data-prefix=\"far\" data-icon=\"clone\" role=\"img\" xmlns=\"http:\/\/www.w3.org\/2000\/svg\" viewBox=\"0 0 512 512\">\n                    <path fill=\"currentColor\" d=\"M464 0H144c-26.51 0-48 21.49-48 48v48H48c-26.51 0-48 21.49-48 48v320c0 26.51 21.49 48 48 48h320c26.51 0 48-21.49 48-48v-48h48c26.51 0 48-21.49 48-48V48c0-26.51-21.49-48-48-48zM362 464H54a6 6 0 0 1-6-6V150a6 6 0 0 1 6-6h42v224c0 26.51 21.49 48 48 48h224v42a6 6 0 0 1-6 6zm96-96H150a6 6 0 0 1-6-6V54a6 6 0 0 1 6-6h308a6 6 0 0 1 6 6v308a6 6 0 0 1-6 6z\"><\/path>\n                <\/svg>\t\t\t\t\t\t<img decoding=\"async\" src=\"https:\/\/www.integra-fragrances.com\/site\/wp-content\/plugins\/instagram-feed\/img\/placeholder.png\" alt=\"From the roots of vetiver comes a perfumery raw material with a deep and unmistakable allure.\nWoody, earthy, and intense, its olfactory profile brings structure and refinement to fragrances, becoming a precious ally in woody, chypre and ambery accords.\nScroll through the post to discover what makes it so special.\n\n#IntegraFragrances\n.\n.\n.\n#fragrance #vetiver #perfumery #scentexperience\" aria-hidden=\"true\">\n\t\t<\/a>\n\t<\/div>\n<\/div><div class=\"sbi_item sbi_type_carousel sbi_new sbi_transition\"\n\tid=\"sbi_18061950791438269\" data-date=\"1777392004\">\n\t<div class=\"sbi_photo_wrap\">\n\t\t<a class=\"sbi_photo\" href=\"https:\/\/www.instagram.com\/p\/DXrmcq4Doji\/\" target=\"_blank\" rel=\"noopener nofollow\"\n\t\t\tdata-full-res=\"https:\/\/scontent-fra5-1.cdninstagram.com\/v\/t39.30808-6\/659697429_1620501925657412_2013599562651443192_n.jpg?stp=dst-jpg_e35_tt6&#038;_nc_cat=100&#038;ccb=7-5&#038;_nc_sid=18de74&#038;efg=eyJlZmdfdGFnIjoiQ0FST1VTRUxfSVRFTS5iZXN0X2ltYWdlX3VybGdlbi5DMyJ9&#038;_nc_ohc=9_QZRj7WlbYQ7kNvwFw8iX8&#038;_nc_oc=AdoBHNIbX3g94jsaBZ8-iclgRylpJHNiRboiEghuZy6KzGurRX5mCgtvREykrukIugk&#038;_nc_zt=23&#038;_nc_ht=scontent-fra5-1.cdninstagram.com&#038;edm=ANo9K5cEAAAA&#038;_nc_gid=Bgz83kCypGBdPut75rmqUQ&#038;_nc_tpa=Q5bMBQHj7sULn1mWjF5cdqAY0QN9te_1vb4-wRMStsbgHL9dmuqS1uWoBjGmaTUoknqNl7S7cJT-QtrqvA&#038;oh=00_Af5Wdma0lKfrIrrZS3uS0Dn-8erXx5ngAdujjN9IIjytHg&#038;oe=69FC8C52\"\n\t\t\tdata-img-src-set=\"{&quot;d&quot;:&quot;https:\\\/\\\/scontent-fra5-1.cdninstagram.com\\\/v\\\/t39.30808-6\\\/659697429_1620501925657412_2013599562651443192_n.jpg?stp=dst-jpg_e35_tt6&amp;_nc_cat=100&amp;ccb=7-5&amp;_nc_sid=18de74&amp;efg=eyJlZmdfdGFnIjoiQ0FST1VTRUxfSVRFTS5iZXN0X2ltYWdlX3VybGdlbi5DMyJ9&amp;_nc_ohc=9_QZRj7WlbYQ7kNvwFw8iX8&amp;_nc_oc=AdoBHNIbX3g94jsaBZ8-iclgRylpJHNiRboiEghuZy6KzGurRX5mCgtvREykrukIugk&amp;_nc_zt=23&amp;_nc_ht=scontent-fra5-1.cdninstagram.com&amp;edm=ANo9K5cEAAAA&amp;_nc_gid=Bgz83kCypGBdPut75rmqUQ&amp;_nc_tpa=Q5bMBQHj7sULn1mWjF5cdqAY0QN9te_1vb4-wRMStsbgHL9dmuqS1uWoBjGmaTUoknqNl7S7cJT-QtrqvA&amp;oh=00_Af5Wdma0lKfrIrrZS3uS0Dn-8erXx5ngAdujjN9IIjytHg&amp;oe=69FC8C52&quot;,&quot;150&quot;:&quot;https:\\\/\\\/scontent-fra5-1.cdninstagram.com\\\/v\\\/t39.30808-6\\\/659697429_1620501925657412_2013599562651443192_n.jpg?stp=dst-jpg_e35_tt6&amp;_nc_cat=100&amp;ccb=7-5&amp;_nc_sid=18de74&amp;efg=eyJlZmdfdGFnIjoiQ0FST1VTRUxfSVRFTS5iZXN0X2ltYWdlX3VybGdlbi5DMyJ9&amp;_nc_ohc=9_QZRj7WlbYQ7kNvwFw8iX8&amp;_nc_oc=AdoBHNIbX3g94jsaBZ8-iclgRylpJHNiRboiEghuZy6KzGurRX5mCgtvREykrukIugk&amp;_nc_zt=23&amp;_nc_ht=scontent-fra5-1.cdninstagram.com&amp;edm=ANo9K5cEAAAA&amp;_nc_gid=Bgz83kCypGBdPut75rmqUQ&amp;_nc_tpa=Q5bMBQHj7sULn1mWjF5cdqAY0QN9te_1vb4-wRMStsbgHL9dmuqS1uWoBjGmaTUoknqNl7S7cJT-QtrqvA&amp;oh=00_Af5Wdma0lKfrIrrZS3uS0Dn-8erXx5ngAdujjN9IIjytHg&amp;oe=69FC8C52&quot;,&quot;320&quot;:&quot;https:\\\/\\\/scontent-fra5-1.cdninstagram.com\\\/v\\\/t39.30808-6\\\/659697429_1620501925657412_2013599562651443192_n.jpg?stp=dst-jpg_e35_tt6&amp;_nc_cat=100&amp;ccb=7-5&amp;_nc_sid=18de74&amp;efg=eyJlZmdfdGFnIjoiQ0FST1VTRUxfSVRFTS5iZXN0X2ltYWdlX3VybGdlbi5DMyJ9&amp;_nc_ohc=9_QZRj7WlbYQ7kNvwFw8iX8&amp;_nc_oc=AdoBHNIbX3g94jsaBZ8-iclgRylpJHNiRboiEghuZy6KzGurRX5mCgtvREykrukIugk&amp;_nc_zt=23&amp;_nc_ht=scontent-fra5-1.cdninstagram.com&amp;edm=ANo9K5cEAAAA&amp;_nc_gid=Bgz83kCypGBdPut75rmqUQ&amp;_nc_tpa=Q5bMBQHj7sULn1mWjF5cdqAY0QN9te_1vb4-wRMStsbgHL9dmuqS1uWoBjGmaTUoknqNl7S7cJT-QtrqvA&amp;oh=00_Af5Wdma0lKfrIrrZS3uS0Dn-8erXx5ngAdujjN9IIjytHg&amp;oe=69FC8C52&quot;,&quot;640&quot;:&quot;https:\\\/\\\/scontent-fra5-1.cdninstagram.com\\\/v\\\/t39.30808-6\\\/659697429_1620501925657412_2013599562651443192_n.jpg?stp=dst-jpg_e35_tt6&amp;_nc_cat=100&amp;ccb=7-5&amp;_nc_sid=18de74&amp;efg=eyJlZmdfdGFnIjoiQ0FST1VTRUxfSVRFTS5iZXN0X2ltYWdlX3VybGdlbi5DMyJ9&amp;_nc_ohc=9_QZRj7WlbYQ7kNvwFw8iX8&amp;_nc_oc=AdoBHNIbX3g94jsaBZ8-iclgRylpJHNiRboiEghuZy6KzGurRX5mCgtvREykrukIugk&amp;_nc_zt=23&amp;_nc_ht=scontent-fra5-1.cdninstagram.com&amp;edm=ANo9K5cEAAAA&amp;_nc_gid=Bgz83kCypGBdPut75rmqUQ&amp;_nc_tpa=Q5bMBQHj7sULn1mWjF5cdqAY0QN9te_1vb4-wRMStsbgHL9dmuqS1uWoBjGmaTUoknqNl7S7cJT-QtrqvA&amp;oh=00_Af5Wdma0lKfrIrrZS3uS0Dn-8erXx5ngAdujjN9IIjytHg&amp;oe=69FC8C52&quot;}\">\n\t\t\t<span class=\"sbi-screenreader\">Among the pantheon of fragrances built around the <\/span>\n\t\t\t<svg class=\"svg-inline--fa fa-clone fa-w-16 sbi_lightbox_carousel_icon\" aria-hidden=\"true\" aria-label=\"Clone\" data-fa-pro\u0192cessed=\"\" data-prefix=\"far\" data-icon=\"clone\" role=\"img\" xmlns=\"http:\/\/www.w3.org\/2000\/svg\" viewBox=\"0 0 512 512\">\n                    <path fill=\"currentColor\" d=\"M464 0H144c-26.51 0-48 21.49-48 48v48H48c-26.51 0-48 21.49-48 48v320c0 26.51 21.49 48 48 48h320c26.51 0 48-21.49 48-48v-48h48c26.51 0 48-21.49 48-48V48c0-26.51-21.49-48-48-48zM362 464H54a6 6 0 0 1-6-6V150a6 6 0 0 1 6-6h42v224c0 26.51 21.49 48 48 48h224v42a6 6 0 0 1-6 6zm96-96H150a6 6 0 0 1-6-6V54a6 6 0 0 1 6-6h308a6 6 0 0 1 6 6v308a6 6 0 0 1-6 6z\"><\/path>\n                <\/svg>\t\t\t\t\t\t<img decoding=\"async\" src=\"https:\/\/www.integra-fragrances.com\/site\/wp-content\/plugins\/instagram-feed\/img\/placeholder.png\" alt=\"Among the pantheon of fragrances built around the foug\u00e8re accord, some creations have become true legends. \n\nFoug\u00e8re Royale, considered one of the most revolutionary creations in perfumery, helped shape modern olfactory culture by introducing an entirely new fragrance family: the foug\u00e8re. With its innovative spirit and lasting influence, it moved perfumery beyond a purely naturalistic approach toward a more imaginative and daring concept, earning its place among the bravest of fragrance history.\n-\n#IntegraFragrances\n.\n.\n.\n#scentdesign #scentbranding #scentmarketing #scentexperience\" aria-hidden=\"true\">\n\t\t<\/a>\n\t<\/div>\n<\/div><div class=\"sbi_item sbi_type_carousel sbi_new sbi_transition\"\n\tid=\"sbi_18093916030951482\" data-date=\"1777122050\">\n\t<div class=\"sbi_photo_wrap\">\n\t\t<a class=\"sbi_photo\" href=\"https:\/\/www.instagram.com\/p\/DXjjjWZj-ud\/\" target=\"_blank\" rel=\"noopener nofollow\"\n\t\t\tdata-full-res=\"https:\/\/scontent-fra5-2.cdninstagram.com\/v\/t39.30808-6\/677202128_1636170457423892_1499884504615053684_n.jpg?stp=dst-jpg_e35_tt6&#038;_nc_cat=107&#038;ccb=7-5&#038;_nc_sid=18de74&#038;efg=eyJlZmdfdGFnIjoiQ0FST1VTRUxfSVRFTS5iZXN0X2ltYWdlX3VybGdlbi5DMyJ9&#038;_nc_ohc=EfM786ZlZn4Q7kNvwF8upF9&#038;_nc_oc=AdoXbckJz6S5tL108lsf1Qw3q2ZcIhW--eOtATJWdmJa2QVLccQ9o7ME_4UyqFkGtCQ&#038;_nc_zt=23&#038;_nc_ht=scontent-fra5-2.cdninstagram.com&#038;edm=ANo9K5cEAAAA&#038;_nc_gid=Bgz83kCypGBdPut75rmqUQ&#038;_nc_tpa=Q5bMBQEISUrsr3O8MGdv2bGah-r7wkMJFORL9Y78PGcd36ftmvVJiEiZuaE2N08Etg2Rlxkm42CI21AXiA&#038;oh=00_Af7nYL1YwZoa98urBdPi45-dER4103A0JM55VH607tU7Fg&#038;oe=69FCACB3\"\n\t\t\tdata-img-src-set=\"{&quot;d&quot;:&quot;https:\\\/\\\/scontent-fra5-2.cdninstagram.com\\\/v\\\/t39.30808-6\\\/677202128_1636170457423892_1499884504615053684_n.jpg?stp=dst-jpg_e35_tt6&amp;_nc_cat=107&amp;ccb=7-5&amp;_nc_sid=18de74&amp;efg=eyJlZmdfdGFnIjoiQ0FST1VTRUxfSVRFTS5iZXN0X2ltYWdlX3VybGdlbi5DMyJ9&amp;_nc_ohc=EfM786ZlZn4Q7kNvwF8upF9&amp;_nc_oc=AdoXbckJz6S5tL108lsf1Qw3q2ZcIhW--eOtATJWdmJa2QVLccQ9o7ME_4UyqFkGtCQ&amp;_nc_zt=23&amp;_nc_ht=scontent-fra5-2.cdninstagram.com&amp;edm=ANo9K5cEAAAA&amp;_nc_gid=Bgz83kCypGBdPut75rmqUQ&amp;_nc_tpa=Q5bMBQEISUrsr3O8MGdv2bGah-r7wkMJFORL9Y78PGcd36ftmvVJiEiZuaE2N08Etg2Rlxkm42CI21AXiA&amp;oh=00_Af7nYL1YwZoa98urBdPi45-dER4103A0JM55VH607tU7Fg&amp;oe=69FCACB3&quot;,&quot;150&quot;:&quot;https:\\\/\\\/scontent-fra5-2.cdninstagram.com\\\/v\\\/t39.30808-6\\\/677202128_1636170457423892_1499884504615053684_n.jpg?stp=dst-jpg_e35_tt6&amp;_nc_cat=107&amp;ccb=7-5&amp;_nc_sid=18de74&amp;efg=eyJlZmdfdGFnIjoiQ0FST1VTRUxfSVRFTS5iZXN0X2ltYWdlX3VybGdlbi5DMyJ9&amp;_nc_ohc=EfM786ZlZn4Q7kNvwF8upF9&amp;_nc_oc=AdoXbckJz6S5tL108lsf1Qw3q2ZcIhW--eOtATJWdmJa2QVLccQ9o7ME_4UyqFkGtCQ&amp;_nc_zt=23&amp;_nc_ht=scontent-fra5-2.cdninstagram.com&amp;edm=ANo9K5cEAAAA&amp;_nc_gid=Bgz83kCypGBdPut75rmqUQ&amp;_nc_tpa=Q5bMBQEISUrsr3O8MGdv2bGah-r7wkMJFORL9Y78PGcd36ftmvVJiEiZuaE2N08Etg2Rlxkm42CI21AXiA&amp;oh=00_Af7nYL1YwZoa98urBdPi45-dER4103A0JM55VH607tU7Fg&amp;oe=69FCACB3&quot;,&quot;320&quot;:&quot;https:\\\/\\\/scontent-fra5-2.cdninstagram.com\\\/v\\\/t39.30808-6\\\/677202128_1636170457423892_1499884504615053684_n.jpg?stp=dst-jpg_e35_tt6&amp;_nc_cat=107&amp;ccb=7-5&amp;_nc_sid=18de74&amp;efg=eyJlZmdfdGFnIjoiQ0FST1VTRUxfSVRFTS5iZXN0X2ltYWdlX3VybGdlbi5DMyJ9&amp;_nc_ohc=EfM786ZlZn4Q7kNvwF8upF9&amp;_nc_oc=AdoXbckJz6S5tL108lsf1Qw3q2ZcIhW--eOtATJWdmJa2QVLccQ9o7ME_4UyqFkGtCQ&amp;_nc_zt=23&amp;_nc_ht=scontent-fra5-2.cdninstagram.com&amp;edm=ANo9K5cEAAAA&amp;_nc_gid=Bgz83kCypGBdPut75rmqUQ&amp;_nc_tpa=Q5bMBQEISUrsr3O8MGdv2bGah-r7wkMJFORL9Y78PGcd36ftmvVJiEiZuaE2N08Etg2Rlxkm42CI21AXiA&amp;oh=00_Af7nYL1YwZoa98urBdPi45-dER4103A0JM55VH607tU7Fg&amp;oe=69FCACB3&quot;,&quot;640&quot;:&quot;https:\\\/\\\/scontent-fra5-2.cdninstagram.com\\\/v\\\/t39.30808-6\\\/677202128_1636170457423892_1499884504615053684_n.jpg?stp=dst-jpg_e35_tt6&amp;_nc_cat=107&amp;ccb=7-5&amp;_nc_sid=18de74&amp;efg=eyJlZmdfdGFnIjoiQ0FST1VTRUxfSVRFTS5iZXN0X2ltYWdlX3VybGdlbi5DMyJ9&amp;_nc_ohc=EfM786ZlZn4Q7kNvwF8upF9&amp;_nc_oc=AdoXbckJz6S5tL108lsf1Qw3q2ZcIhW--eOtATJWdmJa2QVLccQ9o7ME_4UyqFkGtCQ&amp;_nc_zt=23&amp;_nc_ht=scontent-fra5-2.cdninstagram.com&amp;edm=ANo9K5cEAAAA&amp;_nc_gid=Bgz83kCypGBdPut75rmqUQ&amp;_nc_tpa=Q5bMBQEISUrsr3O8MGdv2bGah-r7wkMJFORL9Y78PGcd36ftmvVJiEiZuaE2N08Etg2Rlxkm42CI21AXiA&amp;oh=00_Af7nYL1YwZoa98urBdPi45-dER4103A0JM55VH607tU7Fg&amp;oe=69FCACB3&quot;}\">\n\t\t\t<span class=\"sbi-screenreader\">@integrafragrances, in collaboration with leading <\/span>\n\t\t\t<svg class=\"svg-inline--fa fa-clone fa-w-16 sbi_lightbox_carousel_icon\" aria-hidden=\"true\" aria-label=\"Clone\" data-fa-pro\u0192cessed=\"\" data-prefix=\"far\" data-icon=\"clone\" role=\"img\" xmlns=\"http:\/\/www.w3.org\/2000\/svg\" viewBox=\"0 0 512 512\">\n                    <path fill=\"currentColor\" d=\"M464 0H144c-26.51 0-48 21.49-48 48v48H48c-26.51 0-48 21.49-48 48v320c0 26.51 21.49 48 48 48h320c26.51 0 48-21.49 48-48v-48h48c26.51 0 48-21.49 48-48V48c0-26.51-21.49-48-48-48zM362 464H54a6 6 0 0 1-6-6V150a6 6 0 0 1 6-6h42v224c0 26.51 21.49 48 48 48h224v42a6 6 0 0 1-6 6zm96-96H150a6 6 0 0 1-6-6V54a6 6 0 0 1 6-6h308a6 6 0 0 1 6 6v308a6 6 0 0 1-6 6z\"><\/path>\n                <\/svg>\t\t\t\t\t\t<img decoding=\"async\" src=\"https:\/\/www.integra-fragrances.com\/site\/wp-content\/plugins\/instagram-feed\/img\/placeholder.png\" alt=\"@integrafragrances, in collaboration with leading fragrance house partners, develops and releases signature scents that enhance ambiance, shape environments, drive customer engagement, increase brand equity and promote both psychological and physiological wellbeing.\n\nToday, fragrance can become a design tool capable of supporting people\u2019s emotional wellbeing. In this evolving landscape, mood-boosting fragrances open new possibilities across hospitality, wellness, workspaces, and beyond, helping to encourage feelings of relaxation, energy, positivity, and serenity.\n\nScroll through the post to discover more.\n-\n#IntegraFragrances \n.\n.\n.\n#scentdesign #scentbranding #scentmarketing #scentexperience\" aria-hidden=\"true\">\n\t\t<\/a>\n\t<\/div>\n<\/div><div class=\"sbi_item sbi_type_carousel sbi_new sbi_transition\"\n\tid=\"sbi_18065654825676236\" data-date=\"1776949392\">\n\t<div class=\"sbi_photo_wrap\">\n\t\t<a class=\"sbi_photo\" href=\"https:\/\/www.instagram.com\/p\/DXeaO4wFmr6\/\" target=\"_blank\" rel=\"noopener nofollow\"\n\t\t\tdata-full-res=\"https:\/\/scontent-fra5-1.cdninstagram.com\/v\/t39.30808-6\/678673805_1638619157179022_2088641083059315479_n.jpg?stp=dst-jpg_e35_tt6&#038;_nc_cat=100&#038;ccb=7-5&#038;_nc_sid=18de74&#038;efg=eyJlZmdfdGFnIjoiQ0FST1VTRUxfSVRFTS5iZXN0X2ltYWdlX3VybGdlbi5DMyJ9&#038;_nc_ohc=D5pI-ijZe0YQ7kNvwF7gIyG&#038;_nc_oc=AdoHk4a2iCAPB0SAT9hRDx9jIiJXDlhTc0ZSsEHMo75Zgj3RuSKv5gdUbUFQfzT8lvE&#038;_nc_zt=23&#038;_nc_ht=scontent-fra5-1.cdninstagram.com&#038;edm=ANo9K5cEAAAA&#038;_nc_gid=Bgz83kCypGBdPut75rmqUQ&#038;_nc_tpa=Q5bMBQF4L1kuGYy1I92XUZQV6Agty8fU4GdW_31PWVG3-zTGlc4Av5BvwN23juoAhpmXswOCSYNwc5sfDA&#038;oh=00_Af53YQd4v64ESoCRlie3YGSN_sVk0JXrSjb0c1U8PaYYrA&#038;oe=69FCAC2D\"\n\t\t\tdata-img-src-set=\"{&quot;d&quot;:&quot;https:\\\/\\\/scontent-fra5-1.cdninstagram.com\\\/v\\\/t39.30808-6\\\/678673805_1638619157179022_2088641083059315479_n.jpg?stp=dst-jpg_e35_tt6&amp;_nc_cat=100&amp;ccb=7-5&amp;_nc_sid=18de74&amp;efg=eyJlZmdfdGFnIjoiQ0FST1VTRUxfSVRFTS5iZXN0X2ltYWdlX3VybGdlbi5DMyJ9&amp;_nc_ohc=D5pI-ijZe0YQ7kNvwF7gIyG&amp;_nc_oc=AdoHk4a2iCAPB0SAT9hRDx9jIiJXDlhTc0ZSsEHMo75Zgj3RuSKv5gdUbUFQfzT8lvE&amp;_nc_zt=23&amp;_nc_ht=scontent-fra5-1.cdninstagram.com&amp;edm=ANo9K5cEAAAA&amp;_nc_gid=Bgz83kCypGBdPut75rmqUQ&amp;_nc_tpa=Q5bMBQF4L1kuGYy1I92XUZQV6Agty8fU4GdW_31PWVG3-zTGlc4Av5BvwN23juoAhpmXswOCSYNwc5sfDA&amp;oh=00_Af53YQd4v64ESoCRlie3YGSN_sVk0JXrSjb0c1U8PaYYrA&amp;oe=69FCAC2D&quot;,&quot;150&quot;:&quot;https:\\\/\\\/scontent-fra5-1.cdninstagram.com\\\/v\\\/t39.30808-6\\\/678673805_1638619157179022_2088641083059315479_n.jpg?stp=dst-jpg_e35_tt6&amp;_nc_cat=100&amp;ccb=7-5&amp;_nc_sid=18de74&amp;efg=eyJlZmdfdGFnIjoiQ0FST1VTRUxfSVRFTS5iZXN0X2ltYWdlX3VybGdlbi5DMyJ9&amp;_nc_ohc=D5pI-ijZe0YQ7kNvwF7gIyG&amp;_nc_oc=AdoHk4a2iCAPB0SAT9hRDx9jIiJXDlhTc0ZSsEHMo75Zgj3RuSKv5gdUbUFQfzT8lvE&amp;_nc_zt=23&amp;_nc_ht=scontent-fra5-1.cdninstagram.com&amp;edm=ANo9K5cEAAAA&amp;_nc_gid=Bgz83kCypGBdPut75rmqUQ&amp;_nc_tpa=Q5bMBQF4L1kuGYy1I92XUZQV6Agty8fU4GdW_31PWVG3-zTGlc4Av5BvwN23juoAhpmXswOCSYNwc5sfDA&amp;oh=00_Af53YQd4v64ESoCRlie3YGSN_sVk0JXrSjb0c1U8PaYYrA&amp;oe=69FCAC2D&quot;,&quot;320&quot;:&quot;https:\\\/\\\/scontent-fra5-1.cdninstagram.com\\\/v\\\/t39.30808-6\\\/678673805_1638619157179022_2088641083059315479_n.jpg?stp=dst-jpg_e35_tt6&amp;_nc_cat=100&amp;ccb=7-5&amp;_nc_sid=18de74&amp;efg=eyJlZmdfdGFnIjoiQ0FST1VTRUxfSVRFTS5iZXN0X2ltYWdlX3VybGdlbi5DMyJ9&amp;_nc_ohc=D5pI-ijZe0YQ7kNvwF7gIyG&amp;_nc_oc=AdoHk4a2iCAPB0SAT9hRDx9jIiJXDlhTc0ZSsEHMo75Zgj3RuSKv5gdUbUFQfzT8lvE&amp;_nc_zt=23&amp;_nc_ht=scontent-fra5-1.cdninstagram.com&amp;edm=ANo9K5cEAAAA&amp;_nc_gid=Bgz83kCypGBdPut75rmqUQ&amp;_nc_tpa=Q5bMBQF4L1kuGYy1I92XUZQV6Agty8fU4GdW_31PWVG3-zTGlc4Av5BvwN23juoAhpmXswOCSYNwc5sfDA&amp;oh=00_Af53YQd4v64ESoCRlie3YGSN_sVk0JXrSjb0c1U8PaYYrA&amp;oe=69FCAC2D&quot;,&quot;640&quot;:&quot;https:\\\/\\\/scontent-fra5-1.cdninstagram.com\\\/v\\\/t39.30808-6\\\/678673805_1638619157179022_2088641083059315479_n.jpg?stp=dst-jpg_e35_tt6&amp;_nc_cat=100&amp;ccb=7-5&amp;_nc_sid=18de74&amp;efg=eyJlZmdfdGFnIjoiQ0FST1VTRUxfSVRFTS5iZXN0X2ltYWdlX3VybGdlbi5DMyJ9&amp;_nc_ohc=D5pI-ijZe0YQ7kNvwF7gIyG&amp;_nc_oc=AdoHk4a2iCAPB0SAT9hRDx9jIiJXDlhTc0ZSsEHMo75Zgj3RuSKv5gdUbUFQfzT8lvE&amp;_nc_zt=23&amp;_nc_ht=scontent-fra5-1.cdninstagram.com&amp;edm=ANo9K5cEAAAA&amp;_nc_gid=Bgz83kCypGBdPut75rmqUQ&amp;_nc_tpa=Q5bMBQF4L1kuGYy1I92XUZQV6Agty8fU4GdW_31PWVG3-zTGlc4Av5BvwN23juoAhpmXswOCSYNwc5sfDA&amp;oh=00_Af53YQd4v64ESoCRlie3YGSN_sVk0JXrSjb0c1U8PaYYrA&amp;oe=69FCAC2D&quot;}\">\n\t\t\t<span class=\"sbi-screenreader\">During #MDW2026, @neutra.design presents a sensory<\/span>\n\t\t\t<svg class=\"svg-inline--fa fa-clone fa-w-16 sbi_lightbox_carousel_icon\" aria-hidden=\"true\" aria-label=\"Clone\" data-fa-pro\u0192cessed=\"\" data-prefix=\"far\" data-icon=\"clone\" role=\"img\" xmlns=\"http:\/\/www.w3.org\/2000\/svg\" viewBox=\"0 0 512 512\">\n                    <path fill=\"currentColor\" d=\"M464 0H144c-26.51 0-48 21.49-48 48v48H48c-26.51 0-48 21.49-48 48v320c0 26.51 21.49 48 48 48h320c26.51 0 48-21.49 48-48v-48h48c26.51 0 48-21.49 48-48V48c0-26.51-21.49-48-48-48zM362 464H54a6 6 0 0 1-6-6V150a6 6 0 0 1 6-6h42v224c0 26.51 21.49 48 48 48h224v42a6 6 0 0 1-6 6zm96-96H150a6 6 0 0 1-6-6V54a6 6 0 0 1 6-6h308a6 6 0 0 1 6 6v308a6 6 0 0 1-6 6z\"><\/path>\n                <\/svg>\t\t\t\t\t\t<img decoding=\"async\" src=\"https:\/\/www.integra-fragrances.com\/site\/wp-content\/plugins\/instagram-feed\/img\/placeholder.png\" alt=\"During #MDW2026, @neutra.design presents a sensory immersion in marble, unfolding through shifting spatial atmospheres at Palazzo Visconti.\nWithin the piano nobile (noble floor), the installation curated by Migliore+Servetto, NEUTRA\u2019s Creative Director Studio, reinterprets \u201cMonochrome Affinity \u2013 Chapter 2\u201d, evolving last year\u2019s concept into an immersive journey where the brand\u2019s works enter into dialogue with the architecture.\n\u201cMOSS &amp; STONE\u201d is the olfactory identity crafted by @integrafragrances, completing the experience where architecture meets nature.\nThe fragrance opens with mineral, metallic notes, evoking wet stone and diffused light before deepening into earthy oakmoss, grounded by the warm persistence of ambroxan.\nA dialogue between raw and refined, light and shadow, where scent becomes an extension of space and design.\n-\n#IntegraFragrances x\n#NeutraDesign\n.\n.\n.\n#scentdesign #scentbranding #scentmarketing\" aria-hidden=\"true\">\n\t\t<\/a>\n\t<\/div>\n<\/div><div class=\"sbi_item sbi_type_carousel sbi_new sbi_transition\"\n\tid=\"sbi_18091216523587047\" data-date=\"1776690072\">\n\t<div class=\"sbi_photo_wrap\">\n\t\t<a class=\"sbi_photo\" href=\"https:\/\/www.instagram.com\/p\/DXWrnqgjQFg\/\" target=\"_blank\" rel=\"noopener nofollow\"\n\t\t\tdata-full-res=\"https:\/\/scontent-fra3-1.cdninstagram.com\/v\/t39.30808-6\/673200468_1632219914485613_6454343471199902321_n.jpg?stp=dst-jpg_e35_tt6&#038;_nc_cat=103&#038;ccb=7-5&#038;_nc_sid=18de74&#038;efg=eyJlZmdfdGFnIjoiQ0FST1VTRUxfSVRFTS5iZXN0X2ltYWdlX3VybGdlbi5DMyJ9&#038;_nc_ohc=KG8KP7kVccQQ7kNvwFySELt&#038;_nc_oc=AdqHqX7wmtz2Mfk5cyp18ITQLZjz1zFu1X3S4lXdmXNWIPFQcfNGEh3K_oUDcvIHMkY&#038;_nc_zt=23&#038;_nc_ht=scontent-fra3-1.cdninstagram.com&#038;edm=ANo9K5cEAAAA&#038;_nc_gid=Bgz83kCypGBdPut75rmqUQ&#038;_nc_tpa=Q5bMBQEDb0IqciRFycuQGPy7S9NAt29zggBKMYiQ6ONOAAwcjDUWsD-a7K8HwWxAiY-GtPuJadSgPWyUTw&#038;oh=00_Af4e5IrsrXPIKGue0bw94uj3p0IbqGvsdVo4E4T1-10BKg&#038;oe=69FC9D90\"\n\t\t\tdata-img-src-set=\"{&quot;d&quot;:&quot;https:\\\/\\\/scontent-fra3-1.cdninstagram.com\\\/v\\\/t39.30808-6\\\/673200468_1632219914485613_6454343471199902321_n.jpg?stp=dst-jpg_e35_tt6&amp;_nc_cat=103&amp;ccb=7-5&amp;_nc_sid=18de74&amp;efg=eyJlZmdfdGFnIjoiQ0FST1VTRUxfSVRFTS5iZXN0X2ltYWdlX3VybGdlbi5DMyJ9&amp;_nc_ohc=KG8KP7kVccQQ7kNvwFySELt&amp;_nc_oc=AdqHqX7wmtz2Mfk5cyp18ITQLZjz1zFu1X3S4lXdmXNWIPFQcfNGEh3K_oUDcvIHMkY&amp;_nc_zt=23&amp;_nc_ht=scontent-fra3-1.cdninstagram.com&amp;edm=ANo9K5cEAAAA&amp;_nc_gid=Bgz83kCypGBdPut75rmqUQ&amp;_nc_tpa=Q5bMBQEDb0IqciRFycuQGPy7S9NAt29zggBKMYiQ6ONOAAwcjDUWsD-a7K8HwWxAiY-GtPuJadSgPWyUTw&amp;oh=00_Af4e5IrsrXPIKGue0bw94uj3p0IbqGvsdVo4E4T1-10BKg&amp;oe=69FC9D90&quot;,&quot;150&quot;:&quot;https:\\\/\\\/scontent-fra3-1.cdninstagram.com\\\/v\\\/t39.30808-6\\\/673200468_1632219914485613_6454343471199902321_n.jpg?stp=dst-jpg_e35_tt6&amp;_nc_cat=103&amp;ccb=7-5&amp;_nc_sid=18de74&amp;efg=eyJlZmdfdGFnIjoiQ0FST1VTRUxfSVRFTS5iZXN0X2ltYWdlX3VybGdlbi5DMyJ9&amp;_nc_ohc=KG8KP7kVccQQ7kNvwFySELt&amp;_nc_oc=AdqHqX7wmtz2Mfk5cyp18ITQLZjz1zFu1X3S4lXdmXNWIPFQcfNGEh3K_oUDcvIHMkY&amp;_nc_zt=23&amp;_nc_ht=scontent-fra3-1.cdninstagram.com&amp;edm=ANo9K5cEAAAA&amp;_nc_gid=Bgz83kCypGBdPut75rmqUQ&amp;_nc_tpa=Q5bMBQEDb0IqciRFycuQGPy7S9NAt29zggBKMYiQ6ONOAAwcjDUWsD-a7K8HwWxAiY-GtPuJadSgPWyUTw&amp;oh=00_Af4e5IrsrXPIKGue0bw94uj3p0IbqGvsdVo4E4T1-10BKg&amp;oe=69FC9D90&quot;,&quot;320&quot;:&quot;https:\\\/\\\/scontent-fra3-1.cdninstagram.com\\\/v\\\/t39.30808-6\\\/673200468_1632219914485613_6454343471199902321_n.jpg?stp=dst-jpg_e35_tt6&amp;_nc_cat=103&amp;ccb=7-5&amp;_nc_sid=18de74&amp;efg=eyJlZmdfdGFnIjoiQ0FST1VTRUxfSVRFTS5iZXN0X2ltYWdlX3VybGdlbi5DMyJ9&amp;_nc_ohc=KG8KP7kVccQQ7kNvwFySELt&amp;_nc_oc=AdqHqX7wmtz2Mfk5cyp18ITQLZjz1zFu1X3S4lXdmXNWIPFQcfNGEh3K_oUDcvIHMkY&amp;_nc_zt=23&amp;_nc_ht=scontent-fra3-1.cdninstagram.com&amp;edm=ANo9K5cEAAAA&amp;_nc_gid=Bgz83kCypGBdPut75rmqUQ&amp;_nc_tpa=Q5bMBQEDb0IqciRFycuQGPy7S9NAt29zggBKMYiQ6ONOAAwcjDUWsD-a7K8HwWxAiY-GtPuJadSgPWyUTw&amp;oh=00_Af4e5IrsrXPIKGue0bw94uj3p0IbqGvsdVo4E4T1-10BKg&amp;oe=69FC9D90&quot;,&quot;640&quot;:&quot;https:\\\/\\\/scontent-fra3-1.cdninstagram.com\\\/v\\\/t39.30808-6\\\/673200468_1632219914485613_6454343471199902321_n.jpg?stp=dst-jpg_e35_tt6&amp;_nc_cat=103&amp;ccb=7-5&amp;_nc_sid=18de74&amp;efg=eyJlZmdfdGFnIjoiQ0FST1VTRUxfSVRFTS5iZXN0X2ltYWdlX3VybGdlbi5DMyJ9&amp;_nc_ohc=KG8KP7kVccQQ7kNvwFySELt&amp;_nc_oc=AdqHqX7wmtz2Mfk5cyp18ITQLZjz1zFu1X3S4lXdmXNWIPFQcfNGEh3K_oUDcvIHMkY&amp;_nc_zt=23&amp;_nc_ht=scontent-fra3-1.cdninstagram.com&amp;edm=ANo9K5cEAAAA&amp;_nc_gid=Bgz83kCypGBdPut75rmqUQ&amp;_nc_tpa=Q5bMBQEDb0IqciRFycuQGPy7S9NAt29zggBKMYiQ6ONOAAwcjDUWsD-a7K8HwWxAiY-GtPuJadSgPWyUTw&amp;oh=00_Af4e5IrsrXPIKGue0bw94uj3p0IbqGvsdVo4E4T1-10BKg&amp;oe=69FC9D90&quot;}\">\n\t\t\t<span class=\"sbi-screenreader\">During Milano Design Week, @integrafragrances cele<\/span>\n\t\t\t<svg class=\"svg-inline--fa fa-clone fa-w-16 sbi_lightbox_carousel_icon\" aria-hidden=\"true\" aria-label=\"Clone\" data-fa-pro\u0192cessed=\"\" data-prefix=\"far\" data-icon=\"clone\" role=\"img\" xmlns=\"http:\/\/www.w3.org\/2000\/svg\" viewBox=\"0 0 512 512\">\n                    <path fill=\"currentColor\" d=\"M464 0H144c-26.51 0-48 21.49-48 48v48H48c-26.51 0-48 21.49-48 48v320c0 26.51 21.49 48 48 48h320c26.51 0 48-21.49 48-48v-48h48c26.51 0 48-21.49 48-48V48c0-26.51-21.49-48-48-48zM362 464H54a6 6 0 0 1-6-6V150a6 6 0 0 1 6-6h42v224c0 26.51 21.49 48 48 48h224v42a6 6 0 0 1-6 6zm96-96H150a6 6 0 0 1-6-6V54a6 6 0 0 1 6-6h308a6 6 0 0 1 6 6v308a6 6 0 0 1-6 6z\"><\/path>\n                <\/svg>\t\t\t\t\t\t<img decoding=\"async\" src=\"https:\/\/www.integra-fragrances.com\/site\/wp-content\/plugins\/instagram-feed\/img\/placeholder.png\" alt=\"During Milano Design Week, @integrafragrances celebrates 20 years of @studiopepe_official  with an olfactory identity that translates intimacy into a sensory language.\n\nA fragrance where comforting notes intertwine with unexpected nuances, expressing a deep awareness of the self at the core of the creative process. The scent of paper, the hand behind the sketches, the unseen gesture that lingers, etched into the folds of time.\n\n\u201cPapier d\u2019Intimit\u00e9\u201d is a composition of quiet intensity, where papyrus, cashmeran, vetiver and white musk unfold into a narrative of introspection, memory and presence.\n\nAn intimate dialogue between space, objects and perception, transforming fragrance into a quiet yet powerful narrative layer.\n\n\u2014\n#IntegraFragrances\n.\n.\n.\n#scentdesign #scentbranding #scentmarketing #scentexperience\" aria-hidden=\"true\">\n\t\t<\/a>\n\t<\/div>\n<\/div>\t<\/div>\n\n\t<div id=\"sbi_load\" >\n\n\t\n\t\n<\/div>\n\t\t<span class=\"sbi_resized_image_data\" data-feed-id=\"*4\"\n\t\t  data-resized=\"{&quot;18091216523587047&quot;:{&quot;id&quot;:&quot;673200468_1632219914485613_6454343471199902321_n&quot;,&quot;ratio&quot;:&quot;0.80&quot;,&quot;sizes&quot;:{&quot;full&quot;:640,&quot;low&quot;:320,&quot;thumb&quot;:150},&quot;extension&quot;:&quot;.webp&quot;},&quot;18065654825676236&quot;:{&quot;id&quot;:&quot;678673805_1638619157179022_2088641083059315479_n&quot;,&quot;ratio&quot;:&quot;0.80&quot;,&quot;sizes&quot;:{&quot;full&quot;:640,&quot;low&quot;:320,&quot;thumb&quot;:150},&quot;extension&quot;:&quot;.webp&quot;},&quot;18093916030951482&quot;:{&quot;id&quot;:&quot;677202128_1636170457423892_1499884504615053684_n&quot;,&quot;ratio&quot;:&quot;0.80&quot;,&quot;sizes&quot;:{&quot;full&quot;:640,&quot;low&quot;:320,&quot;thumb&quot;:150},&quot;extension&quot;:&quot;.webp&quot;},&quot;18061950791438269&quot;:{&quot;id&quot;:&quot;659697429_1620501925657412_2013599562651443192_n&quot;,&quot;ratio&quot;:&quot;0.80&quot;,&quot;sizes&quot;:{&quot;full&quot;:640,&quot;low&quot;:320,&quot;thumb&quot;:150},&quot;extension&quot;:&quot;.webp&quot;},&quot;17887946481366633&quot;:{&quot;id&quot;:&quot;660084713_1620510018989936_7964128361932775178_n&quot;,&quot;ratio&quot;:&quot;0.80&quot;,&quot;sizes&quot;:{&quot;full&quot;:640,&quot;low&quot;:320,&quot;thumb&quot;:150},&quot;extension&quot;:&quot;.webp&quot;},&quot;17957767854188989&quot;:{&quot;id&quot;:&quot;684151607_18354542014241272_4000070882340701588_n&quot;,&quot;ratio&quot;:&quot;0.80&quot;,&quot;sizes&quot;:{&quot;full&quot;:640,&quot;low&quot;:320,&quot;thumb&quot;:150},&quot;extension&quot;:&quot;.webp&quot;}}\">\n\t<\/span>\n\t<\/div>\n\n<\/div>\n\t\t\t\t\t\t<\/div>\n\t\t\t\t<\/div>\n\t\t\t\t<\/div>\n\t\t\t\t\t<\/div>\n\t\t\t\t<\/div>\n\t\t<div class=\"elementor-element elementor-element-40ef11f e-flex e-con-boxed e-con e-parent\" data-id=\"40ef11f\" data-element_type=\"container\">\n\t\t\t\t\t<div class=\"e-con-inner\">\n\t\t\t\t\t<\/div>\n\t\t\t\t<\/div>\n\t\t\t\t<\/div>\n\t\t","protected":false},"excerpt":{"rendered":"<p>https:\/\/www.integra-fragrances.com\/site\/wp-content\/uploads\/2023\/12\/if-video-fr.mp4 Un parfum raconte des histoires magiques. Donnez \u00e0 votre marque ce pouvoir unique. Nous cr\u00e9ons des exp\u00e9riences m\u00e9morables \u00e0 travers le plus \u00e9vocateur des cinq sens. We Are Masters of Scent Branding. Integra Fragrances allie chimie et cr\u00e9ativit\u00e9, technologie et innovation pour offrir aux entreprises une solution sur mesure pour leur brand asset le [&hellip;]<\/p>\n","protected":false},"author":1,"featured_media":6163,"parent":0,"menu_order":10,"comment_status":"closed","ping_status":"closed","template":"elementor_header_footer","meta":{"_acf_changed":false,"footnotes":""},"class_list":["post-4225","page","type-page","status-publish","has-post-thumbnail","hentry"],"acf":[],"yoast_head":"<!-- This site is optimized with the Yoast SEO plugin v26.5 - https:\/\/yoast.com\/wordpress\/plugins\/seo\/ -->\n<title>Home - Integra Fragrances<\/title>\n<meta name=\"description\" content=\"Integra Fragrances allie chimie et cr\u00e9ativit\u00e9, technologie et innovation pour offrir aux entreprises une solution sur mesure pour leur brand asset le plus \u00e9motionnel et le plus m\u00e9morable : le parfum.\" \/>\n<meta name=\"robots\" content=\"index, follow, max-snippet:-1, max-image-preview:large, max-video-preview:-1\" \/>\n<link rel=\"canonical\" href=\"https:\/\/www.integra-fragrances.com\/fr\/\" \/>\n<meta property=\"og:locale\" content=\"fr_FR\" \/>\n<meta property=\"og:type\" content=\"article\" \/>\n<meta property=\"og:title\" content=\"Home - Integra Fragrances\" \/>\n<meta property=\"og:description\" content=\"Integra Fragrances allie chimie et cr\u00e9ativit\u00e9, technologie et innovation pour offrir aux entreprises une solution sur mesure pour leur brand asset le plus \u00e9motionnel et le plus m\u00e9morable : le parfum.\" \/>\n<meta property=\"og:url\" content=\"https:\/\/www.integra-fragrances.com\/fr\/\" \/>\n<meta property=\"og:site_name\" content=\"Integra Fragrances\" \/>\n<meta property=\"article:modified_time\" content=\"2025-11-25T16:28:37+00:00\" \/>\n<meta property=\"og:image\" content=\"https:\/\/www.integra-fragrances.com\/site\/wp-content\/uploads\/2023\/07\/cropped-if-icon-1.png\" \/>\n\t<meta property=\"og:image:width\" content=\"512\" \/>\n\t<meta property=\"og:image:height\" content=\"512\" \/>\n\t<meta property=\"og:image:type\" content=\"image\/png\" \/>\n<meta name=\"twitter:card\" content=\"summary_large_image\" \/>\n<meta name=\"twitter:label1\" content=\"Est. reading time\" \/>\n\t<meta name=\"twitter:data1\" content=\"28 minutes\" \/>\n<script type=\"application\/ld+json\" class=\"yoast-schema-graph\">{\"@context\":\"https:\/\/schema.org\",\"@graph\":[{\"@type\":\"WebPage\",\"@id\":\"https:\/\/www.integra-fragrances.com\/fr\/\",\"url\":\"https:\/\/www.integra-fragrances.com\/fr\/\",\"name\":\"Home - Integra Fragrances\",\"isPartOf\":{\"@id\":\"https:\/\/www.integra-fragrances.com\/#website\"},\"primaryImageOfPage\":{\"@id\":\"https:\/\/www.integra-fragrances.com\/fr\/#primaryimage\"},\"image\":{\"@id\":\"https:\/\/www.integra-fragrances.com\/fr\/#primaryimage\"},\"thumbnailUrl\":\"https:\/\/www.integra-fragrances.com\/site\/wp-content\/uploads\/2023\/07\/cropped-if-icon-1.png\",\"datePublished\":\"2023-07-12T08:29:41+00:00\",\"dateModified\":\"2025-11-25T16:28:37+00:00\",\"description\":\"Integra Fragrances allie chimie et cr\u00e9ativit\u00e9, technologie et innovation pour offrir aux entreprises une solution sur mesure pour leur brand asset le plus \u00e9motionnel et le plus m\u00e9morable : le parfum.\",\"inLanguage\":\"fr-FR\",\"potentialAction\":[{\"@type\":\"ReadAction\",\"target\":[\"https:\/\/www.integra-fragrances.com\/fr\/\"]}]},{\"@type\":\"ImageObject\",\"inLanguage\":\"fr-FR\",\"@id\":\"https:\/\/www.integra-fragrances.com\/fr\/#primaryimage\",\"url\":\"https:\/\/www.integra-fragrances.com\/site\/wp-content\/uploads\/2023\/07\/cropped-if-icon-1.png\",\"contentUrl\":\"https:\/\/www.integra-fragrances.com\/site\/wp-content\/uploads\/2023\/07\/cropped-if-icon-1.png\",\"width\":512,\"height\":512},{\"@type\":\"WebSite\",\"@id\":\"https:\/\/www.integra-fragrances.com\/#website\",\"url\":\"https:\/\/www.integra-fragrances.com\/\",\"name\":\"Integra Fragrances\",\"description\":\"Scent Marketing, the art and science of brand olfactory stories\",\"publisher\":{\"@id\":\"https:\/\/www.integra-fragrances.com\/#organization\"},\"potentialAction\":[{\"@type\":\"SearchAction\",\"target\":{\"@type\":\"EntryPoint\",\"urlTemplate\":\"https:\/\/www.integra-fragrances.com\/?s={search_term_string}\"},\"query-input\":{\"@type\":\"PropertyValueSpecification\",\"valueRequired\":true,\"valueName\":\"search_term_string\"}}],\"inLanguage\":\"fr-FR\"},{\"@type\":\"Organization\",\"@id\":\"https:\/\/www.integra-fragrances.com\/#organization\",\"name\":\"Integra Fragrances\",\"url\":\"https:\/\/www.integra-fragrances.com\/\",\"logo\":{\"@type\":\"ImageObject\",\"inLanguage\":\"fr-FR\",\"@id\":\"https:\/\/www.integra-fragrances.com\/#\/schema\/logo\/image\/\",\"url\":\"https:\/\/www.integra-fragrances.com\/site\/wp-content\/uploads\/2023\/07\/integra-fragrances.svg\",\"contentUrl\":\"https:\/\/www.integra-fragrances.com\/site\/wp-content\/uploads\/2023\/07\/integra-fragrances.svg\",\"caption\":\"Integra Fragrances\"},\"image\":{\"@id\":\"https:\/\/www.integra-fragrances.com\/#\/schema\/logo\/image\/\"}}]}<\/script>\n<!-- \/ Yoast SEO plugin. -->","yoast_head_json":{"title":"Home - Integra Fragrances","description":"Integra Fragrances allie chimie et cr\u00e9ativit\u00e9, technologie et innovation pour offrir aux entreprises une solution sur mesure pour leur brand asset le plus \u00e9motionnel et le plus m\u00e9morable : le parfum.","robots":{"index":"index","follow":"follow","max-snippet":"max-snippet:-1","max-image-preview":"max-image-preview:large","max-video-preview":"max-video-preview:-1"},"canonical":"https:\/\/www.integra-fragrances.com\/fr\/","og_locale":"fr_FR","og_type":"article","og_title":"Home - Integra Fragrances","og_description":"Integra Fragrances allie chimie et cr\u00e9ativit\u00e9, technologie et innovation pour offrir aux entreprises une solution sur mesure pour leur brand asset le plus \u00e9motionnel et le plus m\u00e9morable : le parfum.","og_url":"https:\/\/www.integra-fragrances.com\/fr\/","og_site_name":"Integra Fragrances","article_modified_time":"2025-11-25T16:28:37+00:00","og_image":[{"width":512,"height":512,"url":"https:\/\/www.integra-fragrances.com\/site\/wp-content\/uploads\/2023\/07\/cropped-if-icon-1.png","type":"image\/png"}],"twitter_card":"summary_large_image","twitter_misc":{"Est. reading time":"28 minutes"},"schema":{"@context":"https:\/\/schema.org","@graph":[{"@type":"WebPage","@id":"https:\/\/www.integra-fragrances.com\/fr\/","url":"https:\/\/www.integra-fragrances.com\/fr\/","name":"Home - Integra Fragrances","isPartOf":{"@id":"https:\/\/www.integra-fragrances.com\/#website"},"primaryImageOfPage":{"@id":"https:\/\/www.integra-fragrances.com\/fr\/#primaryimage"},"image":{"@id":"https:\/\/www.integra-fragrances.com\/fr\/#primaryimage"},"thumbnailUrl":"https:\/\/www.integra-fragrances.com\/site\/wp-content\/uploads\/2023\/07\/cropped-if-icon-1.png","datePublished":"2023-07-12T08:29:41+00:00","dateModified":"2025-11-25T16:28:37+00:00","description":"Integra Fragrances allie chimie et cr\u00e9ativit\u00e9, technologie et innovation pour offrir aux entreprises une solution sur mesure pour leur brand asset le plus \u00e9motionnel et le plus m\u00e9morable : le parfum.","inLanguage":"fr-FR","potentialAction":[{"@type":"ReadAction","target":["https:\/\/www.integra-fragrances.com\/fr\/"]}]},{"@type":"ImageObject","inLanguage":"fr-FR","@id":"https:\/\/www.integra-fragrances.com\/fr\/#primaryimage","url":"https:\/\/www.integra-fragrances.com\/site\/wp-content\/uploads\/2023\/07\/cropped-if-icon-1.png","contentUrl":"https:\/\/www.integra-fragrances.com\/site\/wp-content\/uploads\/2023\/07\/cropped-if-icon-1.png","width":512,"height":512},{"@type":"WebSite","@id":"https:\/\/www.integra-fragrances.com\/#website","url":"https:\/\/www.integra-fragrances.com\/","name":"Integra Fragrances","description":"Scent Marketing, the art and science of brand olfactory stories","publisher":{"@id":"https:\/\/www.integra-fragrances.com\/#organization"},"potentialAction":[{"@type":"SearchAction","target":{"@type":"EntryPoint","urlTemplate":"https:\/\/www.integra-fragrances.com\/?s={search_term_string}"},"query-input":{"@type":"PropertyValueSpecification","valueRequired":true,"valueName":"search_term_string"}}],"inLanguage":"fr-FR"},{"@type":"Organization","@id":"https:\/\/www.integra-fragrances.com\/#organization","name":"Integra Fragrances","url":"https:\/\/www.integra-fragrances.com\/","logo":{"@type":"ImageObject","inLanguage":"fr-FR","@id":"https:\/\/www.integra-fragrances.com\/#\/schema\/logo\/image\/","url":"https:\/\/www.integra-fragrances.com\/site\/wp-content\/uploads\/2023\/07\/integra-fragrances.svg","contentUrl":"https:\/\/www.integra-fragrances.com\/site\/wp-content\/uploads\/2023\/07\/integra-fragrances.svg","caption":"Integra Fragrances"},"image":{"@id":"https:\/\/www.integra-fragrances.com\/#\/schema\/logo\/image\/"}}]}},"_links":{"self":[{"href":"https:\/\/www.integra-fragrances.com\/fr\/wp-json\/wp\/v2\/pages\/4225","targetHints":{"allow":["GET"]}}],"collection":[{"href":"https:\/\/www.integra-fragrances.com\/fr\/wp-json\/wp\/v2\/pages"}],"about":[{"href":"https:\/\/www.integra-fragrances.com\/fr\/wp-json\/wp\/v2\/types\/page"}],"author":[{"embeddable":true,"href":"https:\/\/www.integra-fragrances.com\/fr\/wp-json\/wp\/v2\/users\/1"}],"replies":[{"embeddable":true,"href":"https:\/\/www.integra-fragrances.com\/fr\/wp-json\/wp\/v2\/comments?post=4225"}],"version-history":[{"count":10,"href":"https:\/\/www.integra-fragrances.com\/fr\/wp-json\/wp\/v2\/pages\/4225\/revisions"}],"predecessor-version":[{"id":8734,"href":"https:\/\/www.integra-fragrances.com\/fr\/wp-json\/wp\/v2\/pages\/4225\/revisions\/8734"}],"wp:featuredmedia":[{"embeddable":true,"href":"https:\/\/www.integra-fragrances.com\/fr\/wp-json\/wp\/v2\/media\/6163"}],"wp:attachment":[{"href":"https:\/\/www.integra-fragrances.com\/fr\/wp-json\/wp\/v2\/media?parent=4225"}],"curies":[{"name":"wp","href":"https:\/\/api.w.org\/{rel}","templated":true}]}}